{"id":3,"date":"2026-02-23T17:03:54","date_gmt":"2026-02-23T16:03:54","guid":{"rendered":"https:\/\/techy44.okdiario.com\/?page_id=3"},"modified":"2026-03-03T12:32:43","modified_gmt":"2026-03-03T11:32:43","slug":"politica-privacidad","status":"publish","type":"page","link":"https:\/\/okdiario.com\/techy\/politica-privacidad\/","title":{"rendered":"Pol\u00edtica de privacidad"},"content":{"rendered":"\n<p>La presente Pol\u00edtica de Privacidad ser\u00e1 aplicable a los usuarios de\u00a0OKDIARIO. Asimismo, tambi\u00e9n podr\u00e1 ser aplicable a los tratamientos de datos personales realizados por la entidad a trav\u00e9s de otros medios, soportes o tecnolog\u00edas.Identidad del Responsable del TratamientoTitular:\u00a0DOS MIL PALABRAS S.L.N.I.F.:\u00a0E-SB87277455Domicilio social:\u00a0C\/ Caleruega, 102-104 Anexo 28033 (Madrid)Delegado de Protecci\u00f3n de Datos:\u00a0\u00a0<a href=\"mailto:rgpd@okdiario.com\">rgpd@okdiario.com<\/a>\u00a0Informaci\u00f3n acerca del tratamiento de datos personales<\/p>\n\n\n\n<h5 class=\"wp-block-heading\">2.1 Datos objeto de tratamiento<\/h5>\n\n\n\n<p>Los datos personales tratados ser\u00e1n aquellos recabados y aportados por parte de los usuarios y clientes a trav\u00e9s de esta p\u00e1gina web o aplicaci\u00f3n, as\u00ed como durante la relaci\u00f3n mantenida con usted. Adem\u00e1s, por el hecho de navegar y mediante el uso de cookies,&nbsp;OKDIARIO&nbsp;recaba datos de los usuarios con el objeto de mejorar su navegaci\u00f3n y gestionar de manera efectiva el portal.<\/p>\n\n\n\n<p>El usuario se compromete a proporcionar datos exactos y veraces. Si usted facilita datos personales de terceros, se obliga a recabar el consentimiento expreso e informado de los titulares de los mismos para facilitar sus datos, conforme a lo recogido en la presente&nbsp;Pol\u00edtica de Privacidad.<\/p>\n\n\n\n<p>Se informa a los usuarios de la necesidad de facilitar todos los datos de car\u00e1cter obligatorio para poder garantizar el correcto funcionamiento de la p\u00e1gina web o aplicaci\u00f3n, as\u00ed como para la correcta ejecuci\u00f3n de la relaci\u00f3n entre las partes. Estos campos constan identificados mediante un asterisco (*). En caso de que no nos facilite dichos datos, ello podr\u00e1 dar lugar a la imposibilidad por parte de&nbsp;OKDIARIO&nbsp;de cumplir con tales finalidades.<\/p>\n\n\n\n<p>Por \u00faltimo, se informa a los usuarios que se podr\u00e1 proceder a la elaboraci\u00f3n de perfiles, as\u00ed como inferir gustos o intereses, en base a la informaci\u00f3n obtenida a ra\u00edz del uso y navegaci\u00f3n del usuario. Ello, siempre y cuando el usuario haya proporcionado su consentimiento mediante la previa aceptaci\u00f3n de las cookies, tal y como se recoge en nuestra&nbsp;<a href=\"https:\/\/www.google.com\/url?q=https:\/\/okdiario.com\/politica-cookies\/&amp;sa=D&amp;source=editors&amp;ust=1703861507698939&amp;usg=AOvVaw2Gz6PymsbmWy4YXU7lwFN1\">Pol\u00edtica de Cookies<\/a>. &nbsp;<\/p>\n\n\n\n<h5 class=\"wp-block-heading\">2.2 Datos obtenidos de terceras partes<\/h5>\n\n\n\n<p>OKDIARIO&nbsp;podr\u00e1 obtener datos a trav\u00e9s de sus socios y de Redes Sociales, siempre y cuando el usuario otorgue previamente su consentimiento, con la finalidad de proceder a su registro o a la publicaci\u00f3n de comentarios.<\/p>\n\n\n\n<p>OKDIARIO&nbsp;recabar\u00e1 \u00fanicamente aquella informaci\u00f3n necesaria para alcanzar las finalidades identificadas, en base a la Pol\u00edtica de Privacidad de nuestros socios:<\/p>\n\n\n\n<ul class=\"wp-block-list\">\n<li><a href=\"https:\/\/www.google.com\/url?q=https:\/\/support.google.com\/accounts\/answer\/12849458?hl%3Des&amp;sa=D&amp;source=editors&amp;ust=1703861507699535&amp;usg=AOvVaw12mClo9HAFfFFgs1NvEV8I\" target=\"_blank\" rel=\"noopener\">Google<\/a>.<\/li>\n\n\n\n<li><a href=\"https:\/\/www.google.com\/url?q=https:\/\/www.facebook.com\/privacy\/policy\/?entry_point%3Dfacebook_page_footer&amp;sa=D&amp;source=editors&amp;ust=1703861507699963&amp;usg=AOvVaw3qsQM0EnQoTp4hyOm2Yiba\" target=\"_blank\" rel=\"noopener\">Facebook<\/a>.<\/li>\n\n\n\n<li><a href=\"https:\/\/www.google.com\/url?q=https:\/\/help.disqus.com\/en\/articles\/1717103-disqus-privacy-policy&amp;sa=D&amp;source=editors&amp;ust=1703861507700342&amp;usg=AOvVaw1FfVXFhcyc-3e1SZ2G98DX\" target=\"_blank\" rel=\"noopener\">Disqus<\/a>.<\/li>\n\n\n\n<li><a href=\"https:\/\/www.google.com\/url?q=https:\/\/twitter.com\/es\/privacy&amp;sa=D&amp;source=editors&amp;ust=1703861507700652&amp;usg=AOvVaw2Mx8P7z49fcRTdnHMx0zjk\" target=\"_blank\" rel=\"noopener\">X<\/a>.<\/li>\n<\/ul>\n\n\n\n<p>Tal y como se ha recogido,&nbsp;OKDIARIO&nbsp;\u00fanicamente recabar\u00e1 datos personales a trav\u00e9s de estos medios cuando el usuario haya dado su consentimiento previo y expreso, mediante la aceptaci\u00f3n de una ventana emergente que aparecer\u00e1 a tales efectos.<\/p>\n\n\n\n<p>Los datos recabados ser\u00e1n tratados con las mencionadas finalidades y \u00fanicamente durante el plazo necesario para alcanzarlas.<\/p>\n\n\n\n<h5 class=\"wp-block-heading\">2.3 Finalidades y legitimaci\u00f3n del tratamiento<\/h5>\n\n\n\n<p>OKDIARIO&nbsp;tratar\u00e1 sus datos personales para las finalidades indicadas a continuaci\u00f3n:<\/p>\n\n\n\n<ul class=\"wp-block-list\">\n<li>Atender las\u00a0solicitudes de informaci\u00f3n y peticiones\u00a0planteadas por los propios interesados a trav\u00e9s de los canales de contacto habilitados. Este tratamiento se legitima mediante el consentimiento otorgado por el interesado mediante su remisi\u00f3n.<\/li>\n\n\n\n<li>Gestionar el alta, registro, suscripci\u00f3n y actividad de los usuarios en el Diario. Este tratamiento se encuentra legitimado en la necesidad para la correcta prestaci\u00f3n de los servicios y ejecuci\u00f3n de la relaci\u00f3n con usuarios y clientes.<\/li>\n\n\n\n<li>Gestionar las donaciones realizadas por los Usuarios, en base a la correcta ejecuci\u00f3n de la relaci\u00f3n formalizada mediante la aceptaci\u00f3n de nuestras Condiciones Generales de Donaciones, as\u00ed como en las obligaciones legales derivadas de las mismas.<\/li>\n\n\n\n<li>Remitirle nuestra Newsletter y mantenerle informado sobre nuestros productos y servicios, as\u00ed como notificaciones relativas a eventos, concursos, sorteos o promociones\u00a0. El tratamiento de los datos se encuentra legitimado en el consentimiento otorgado mediante la suscripci\u00f3n la Newsletter o la aceptaci\u00f3n de la recepci\u00f3n de comunicaciones comerciales. No obstante, si usted se ha registrado previamente en\u00a0OKDIARIO, podremos enviarle estas comunicaciones en base al inter\u00e9s leg\u00edtimo que la normativa vigente reconoce a tal efecto.<\/li>\n\n\n\n<li>Gestionar su participaci\u00f3n en sorteos, concursos o eventos\u00a0organizados por\u00a0OKDIARIO\u00a0o nuestros socios, en base al consentimiento otorgado mediante su inscripci\u00f3n o aceptaci\u00f3n de las bases legales.<\/li>\n\n\n\n<li>Valorar su candidatura en los procesos de selecci\u00f3n\u00a0de la empresa. Este tratamiento se legitima en el consentimiento del interesado mediante la remisi\u00f3n del formulario.<\/li>\n\n\n\n<li>Cumplir con las obligaciones fiscales, administrativas, y de cualquier otra \u00edndole exigibles a OKDIARIO\u00a0en el marco de la relaci\u00f3n con sus clientes y dem\u00e1s personas o entidades vinculadas. Este tratamiento se basa en la necesidad de cumplir con las obligaciones legales aplicables a nuestra compa\u00f1\u00eda.<\/li>\n\n\n\n<li>Publicar, gestionar y moderar los comentarios\u00a0realizados por los usuarios en la propia web, aplicaci\u00f3n o a trav\u00e9s de las redes sociales de\u00a0OKDIARIO. Este tratamiento se legitima en el consentimiento otorgado por el interesado al realizar los comentarios, as\u00ed como el inter\u00e9s leg\u00edtimo de la entidad de garantizar el cumplimiento de nuestra\u00a0<a href=\"https:\/\/www.google.com\/url?q=https:\/\/okdiario.com\/politica-comentarios\/&amp;sa=D&amp;source=editors&amp;ust=1703861507702987&amp;usg=AOvVaw1cr1bvaOWdkhm1_9lr0wVn\">Pol\u00edtica de Comentarios y Redes Sociales<\/a>.<\/li>\n\n\n\n<li>Elaborar perfiles, tipolog\u00edas y segmentaciones de los usuarios en base a sus gustos y preferencias, legitimado en el consentimiento proporcionado mediante la aceptaci\u00f3n de las cookies.<\/li>\n\n\n\n<li>Permitir el efectivo funcionamiento de la p\u00e1gina web y aplicaci\u00f3n\u00a0a trav\u00e9s de las cookies instaladas, basado en el inter\u00e9s leg\u00edtimo de la compa\u00f1\u00eda y en el consentimiento del usuario mostrado con la aceptaci\u00f3n de las mismas.\u00a0<\/li>\n<\/ul>\n\n\n\n<h5 class=\"wp-block-heading\">2.4 Conservaci\u00f3n de los datos<\/h5>\n\n\n\n<p>Los datos personales proporcionados por los usuarios, as\u00ed como cualquier otro dato tratado por&nbsp;OKDIARIO, ser\u00e1n conservados durante el tiempo necesario para cumplir de manera efectiva con las finalidades anteriormente indicadas.<\/p>\n\n\n\n<p>En particular,&nbsp;OKDIARIO&nbsp;conservar\u00e1 los datos personales durante los plazos identificados a continuaci\u00f3n:<\/p>\n\n\n\n<ul class=\"wp-block-list\">\n<li>Datos relativos a las\u00a0solicitudes de informaci\u00f3n y peticiones:\u00a0Mientras resulten necesarios para la gesti\u00f3n de la solicitud y, posteriormente, por el plazo durante el cual puedan surgir reclamaciones derivadas de la misma.<\/li>\n\n\n\n<li>Datos relativos al alta, registro y actividad en el Diario:\u00a0mientras el usuario mantenga su cuenta activa y, posteriormente, hasta un m\u00e1ximo de cinco a\u00f1os.<\/li>\n\n\n\n<li>Datos relativos a nuestra Newsletter o comunicaciones comerciales:\u00a0mientras el usuario no muestre su oposici\u00f3n a la recepci\u00f3n de las comunicaciones comerciales o, en caso de que el env\u00edo est\u00e9 legitimado en el consentimiento del usuario, mientras no retire su consentimiento.<\/li>\n\n\n\n<li>Datos relativos a la gesti\u00f3n de sorteos, concursos o eventos:\u00a0mientras resulte necesario para llevar a cabo la gesti\u00f3n de sorteos, concursos o eventos. Posteriormente, podr\u00e1n ser conservados durante el plazo por el cual puedan surgir reclamaciones derivadas de los mismos.<\/li>\n\n\n\n<li>Datos relativos al cumplimiento de obligaciones fiscales, administrativas, y de cualquier otra \u00edndole exigibles a OKDIARIO:\u00a0los datos ser\u00e1n conservados durante el plazo por el cual puedan surgir reclamaciones derivadas del cumplimiento de las obligaciones. Normalmente, el plazo ser\u00e1 de 6 a\u00f1os, de acuerdo con el plazo de prescripci\u00f3n de la obligaci\u00f3n de conservar documentaci\u00f3n mercantil y contable<\/li>\n\n\n\n<li>Datos relativos a los comentarios\u00a0realizados por los usuarios:\u00a0los comentarios ser\u00e1n publicados de forma indefinida, a excepci\u00f3n de que se proceda a su retirada en base a nuestra\u00a0<a href=\"https:\/\/www.google.com\/url?q=https:\/\/okdiario.com\/politica-comentarios\/&amp;sa=D&amp;source=editors&amp;ust=1703861507704798&amp;usg=AOvVaw0hq-nuLkmHrG9eA4dW-YtH\">Pol\u00edtica de Comentarios y Redes Sociales<\/a>\u00a0o que el propio usuario proceda a su eliminaci\u00f3n.<\/li>\n\n\n\n<li>Datos relativos a la elaboraci\u00f3n de perfiles, tipolog\u00edas y segmentaciones de usuarios en base a sus gustos y preferencias:\u00a0los datos se mantendr\u00e1n mientras el usuario no retire su consentimiento a trav\u00e9s de la modificaci\u00f3n de la configuraci\u00f3n de las cookies.<\/li>\n<\/ul>\n\n\n\n<p>Para obtener m\u00e1s informaci\u00f3n acerca de los plazos de conservaci\u00f3n de la informaci\u00f3n relativa a los datos de navegaci\u00f3n y cookies, puede visitar nuestra&nbsp;<a href=\"https:\/\/www.google.com\/url?q=https:\/\/okdiario.com\/politica-cookies\/%23close&amp;sa=D&amp;source=editors&amp;ust=1703861507705249&amp;usg=AOvVaw10V9CQdsw7m0sF3iKsD-jj\">Pol\u00edtica de Cookies<\/a>.<\/p>\n\n\n\n<h5 class=\"wp-block-heading\">2.5 Destinatarios y transferencias internacionales de datos<\/h5>\n\n\n\n<p>Sus datos \u00fanicamente ser\u00e1n comunicados en la medida en que dicha comunicaci\u00f3n sea necesaria u obligatoria de acuerdo con la legislaci\u00f3n vigente. As\u00ed, es posible la comunicaci\u00f3n de sus datos para atender posibles responsabilidades legales, as\u00ed como atender a solicitudes de Autoridades P\u00fablicas competentes y en particular de la Autoridad de Control competente en materia de protecci\u00f3n de datos, Jueces, Tribunales o el Ministerio Fiscal conforme al Derecho de la Uni\u00f3n Europa y\/o r\u00e9gimen jur\u00eddico interno.<\/p>\n\n\n\n<p>En aquellas ocasiones en que resultara necesaria la comunicaci\u00f3n de sus datos, como por ejemplo para la gesti\u00f3n de sorteos, concursos o eventos, &nbsp;OKDIARIO&nbsp;se compromete al cumplimiento de la normativa aplicable de protecci\u00f3n de datos, as\u00ed como a hacer uso de proveedores y colaboradores que garanticen la seguridad de los datos.<\/p>\n\n\n\n<p>No est\u00e1n previstas transferencias internacionales de datos, si bien la informaci\u00f3n recabada por cookies de terceros puede ser objeto de este tipo de operaciones. Puede obtener m\u00e1s informaci\u00f3n acerca de estas transferencias en nuestra&nbsp;Pol\u00edtica de Cookies.<\/p>\n\n\n\n<p>En el caso de que fuese necesario realizar una transferencia internacional de datos,&nbsp;OKDIARIO&nbsp;se compromete al cumplimiento de las medidas t\u00e9cnicas y organizativas necesarias, sin perjuicio de las obligaciones derivadas de la normativa vigente en materia de protecci\u00f3n de datos.<\/p>\n\n\n\n<ol start=\"3\" class=\"wp-block-list\">\n<li>Publicaci\u00f3n de noticias<\/li>\n<\/ol>\n\n\n\n<p>Las noticias publicadas por&nbsp;OKDIARIO&nbsp;podr\u00e1n contener datos personales de personas noticiables por ser de relevancia p\u00fablica:<\/p>\n\n\n\n<ul class=\"wp-block-list\">\n<li>Por su notoriedad p\u00fablica.<\/li>\n\n\n\n<li>Por circunstancias sobrevenidas en hechos de inter\u00e9s p\u00fablico de los que son protagonistas.<\/li>\n<\/ul>\n\n\n\n<p>Este tratamiento de datos est\u00e1 legitimado en el ejercicio de una misi\u00f3n de inter\u00e9s p\u00fablico plasmada en la actuaci\u00f3n informativa y period\u00edstica, en virtud del derecho a la libertad de opini\u00f3n e informaci\u00f3n reconocido por el art\u00edculo 20 de la Constituci\u00f3n Espa\u00f1ola.<\/p>\n\n\n\n<p>Los datos personales publicados pueden ser obtenidos a trav\u00e9s de la investigaci\u00f3n y los recursos period\u00edsticos a disposici\u00f3n de este Diario.&nbsp;OKDIARIO&nbsp;se reserva el derecho constitucionalmente reconocido a proteger la identidad de sus fuentes.<\/p>\n\n\n\n<p>Los datos personales se tratar\u00e1n mientras resulten pertinentes, adecuados y necesarios para alcanzar la finalidad informativa de su publicaci\u00f3n.<\/p>\n\n\n\n<p>Asimismo,&nbsp;OKDIARIO&nbsp;no se har\u00e1 responsable del uso de los datos publicados por el Diario por parte de terceros, en tanto que la publicaci\u00f3n de los mismos no constituye ning\u00fan tipo de comunicaci\u00f3n o cesi\u00f3n de los datos.<\/p>\n\n\n\n<ol start=\"4\" class=\"wp-block-list\">\n<li>Menores de edad<\/li>\n<\/ol>\n\n\n\n<p>Queda prohibido el uso y la contrataci\u00f3n de servicios a trav\u00e9s del Sitio Web por menores de edad sin la supervisi\u00f3n de un adulto.&nbsp;OKDIARIO&nbsp;no ser\u00e1 responsable de la utilizaci\u00f3n indebida del Sitio Web por un menor de edad.<\/p>\n\n\n\n<p>Para el uso de los servicios, los menores de catorce a\u00f1os deber\u00e1n contar con el consentimiento de los padres, tutores o representantes legales, responsables \u00faltimos de todos los actos realizados por los menores a su cargo; sin que le pueda ser exigido a&nbsp;OKDIARIO&nbsp;ninguna responsabilidad al respecto.<\/p>\n\n\n\n<p>En caso de que&nbsp;OKDIARIO&nbsp;detecte usuarios que pudieran ser menores de catorce a\u00f1os, se reserva el derecho a solicitar la autorizaci\u00f3n de sus tutores legales.<\/p>\n\n\n\n<ol start=\"5\" class=\"wp-block-list\">\n<li>Derechos de los interesados<\/li>\n<\/ol>\n\n\n\n<p>En cualquier momento, los usuarios podr\u00e1n ejercer los siguientes derechos reconocidos por la normativa vigente de protecci\u00f3n de datos:&nbsp;<\/p>\n\n\n\n<ul class=\"wp-block-list\">\n<li>Derecho de Acceso: permite al usuario conocer qu\u00e9 informaci\u00f3n tiene\u00a0OKDIARIO, de d\u00f3nde se ha obtenido, a qui\u00e9n se ha facilitado y con qu\u00e9 finalidades se ha tratado.<\/li>\n\n\n\n<li>Derecho de Rectificaci\u00f3n: permite al usuario rectificar alg\u00fan dato incorrecto o desactualizado.\u00a0<\/li>\n\n\n\n<li>Derecho de Supresi\u00f3n:\u00a0permite al usuario solicitar que se deje de hacer uso de sus datos.\u00a0<\/li>\n\n\n\n<li>Derecho de Limitaci\u00f3n:\u00a0permite al usuario restringir el tratamiento de sus datos, pero de forma que sean conservados para alguna finalidad posterior (una reclamaci\u00f3n judicial, por ejemplo).<\/li>\n\n\n\n<li>Derecho de Portabilidad:\u00a0permite al usuario obtener una copia de sus datos en forma electr\u00f3nica y, en determinadas circunstancias, solicitar que sean comunicados a otro prestador de servicios.<\/li>\n\n\n\n<li>Derecho de Oposici\u00f3n:\u00a0permite al usuario oponerse al inter\u00e9s leg\u00edtimo de\u00a0OKDIARIO\u00a0y as\u00ed solicitar el cese del tratamiento de sus datos.\u00a0<\/li>\n\n\n\n<li>Derecho a retirar el consentimiento,\u00a0en cualquier momento, respecto de tratamiento de sus datos personales. La retirada del consentimiento no afectar\u00e1 a la licitud\u00a0de los tratamientos de datos realizados con anterioridad a la misma.\u00a0\u00a0\u00a0<\/li>\n<\/ul>\n\n\n\n<p>Podr\u00e1 ejercer estos derechos a trav\u00e9s de la direcci\u00f3n de correo electr\u00f3nico&nbsp;<a href=\"mailto:rgpd@okdiario.com\">rgpd@okdiario.com<\/a>, indicando qu\u00e9 derecho desea ejercitar y acreditando debidamente su identidad.&nbsp;&nbsp;Asimismo, podr\u00e1 contactar con nuestro el&nbsp;Delegado de Protecci\u00f3n de Datos&nbsp;de&nbsp;OKDIARIO&nbsp;a trav\u00e9s de&nbsp;<a href=\"mailto:rgpd@okdiario.com\">rgpd@okdiario.com<\/a>.<\/p>\n\n\n\n<p>Por \u00faltimo, le informamos que podr\u00e1 presentar una reclamaci\u00f3n ante la Agencia Espa\u00f1ola de Protecci\u00f3n de Datos, a trav\u00e9s de su&nbsp;<a href=\"https:\/\/www.google.com\/url?q=https:\/\/www.aepd.es\/&amp;sa=D&amp;source=editors&amp;ust=1703861507709700&amp;usg=AOvVaw08tGbO_1FV2v4aHKFdr0tF\" target=\"_blank\" rel=\"noopener\">p\u00e1gina web.<\/a><\/p>\n\n\n\n<ol start=\"6\" class=\"wp-block-list\">\n<li>Medidas de seguridad<\/li>\n<\/ol>\n\n\n\n<p>OKDIARIO&nbsp;ha adoptado las medidas t\u00e9cnicas y organizativas apropiadas para garantizar un nivel de seguridad adecuado a los datos personales que trata y ha implantado otros medios y medidas t\u00e9cnicas adicionales a su alcance para evitar su p\u00e9rdida, alteraci\u00f3n, tratamiento o acceso no autorizado a los datos de sus usuarios.<\/p>\n\n\n\n<ol start=\"7\" class=\"wp-block-list\">\n<li>Modificaci\u00f3n de la Pol\u00edtica de Privacidad<\/li>\n<\/ol>\n\n\n\n<p>OKDIARIO&nbsp;se reserva el derecho a modificar la presente Pol\u00edtica de Privacidad, siempre de acuerdo con los t\u00e9rminos permitidos por la legislaci\u00f3n espa\u00f1ola vigente y con la correspondiente comunicaci\u00f3n a los usuarios, mediante la publicaci\u00f3n en este apartado o por cualquier otro medio de comunicaci\u00f3n o difusi\u00f3n que se considere oportuno.&nbsp;<\/p>\n\n\n\n<p>Pol\u00edtica de Privacidad&nbsp;actualizada a 8 de enero de 2024<\/p>\n","protected":false},"excerpt":{"rendered":"<p>La presente Pol\u00edtica de Privacidad ser\u00e1 aplicable a los usuarios de\u00a0OKDIARIO. Asimismo, tambi\u00e9n podr\u00e1 ser aplicable a los tratamientos de &#8230; <\/p>\n<p class=\"read-more-container\"><a title=\"Pol\u00edtica de privacidad\" class=\"read-more button\" href=\"https:\/\/okdiario.com\/techy\/politica-privacidad\/#more-3\" aria-label=\"Leer m\u00e1s sobre Pol\u00edtica de privacidad\">Read more<\/a><\/p>\n","protected":false},"author":1,"featured_media":0,"parent":0,"menu_order":0,"comment_status":"closed","ping_status":"open","template":"","meta":{"footnotes":""},"class_list":["post-3","page","type-page","status-publish"],"_links":{"self":[{"href":"https:\/\/okdiario.com\/techy\/wp-json\/wp\/v2\/pages\/3","targetHints":{"allow":["GET"]}}],"collection":[{"href":"https:\/\/okdiario.com\/techy\/wp-json\/wp\/v2\/pages"}],"about":[{"href":"https:\/\/okdiario.com\/techy\/wp-json\/wp\/v2\/types\/page"}],"author":[{"embeddable":true,"href":"https:\/\/okdiario.com\/techy\/wp-json\/wp\/v2\/users\/1"}],"replies":[{"embeddable":true,"href":"https:\/\/okdiario.com\/techy\/wp-json\/wp\/v2\/comments?post=3"}],"version-history":[{"count":3,"href":"https:\/\/okdiario.com\/techy\/wp-json\/wp\/v2\/pages\/3\/revisions"}],"predecessor-version":[{"id":2048,"href":"https:\/\/okdiario.com\/techy\/wp-json\/wp\/v2\/pages\/3\/revisions\/2048"}],"wp:attachment":[{"href":"https:\/\/okdiario.com\/techy\/wp-json\/wp\/v2\/media?parent=3"}],"curies":[{"name":"wp","href":"https:\/\/api.w.org\/{rel}","templated":true}]}}