{"id":1775,"date":"2026-02-25T10:34:20","date_gmt":"2026-02-25T09:34:20","guid":{"rendered":"https:\/\/techy44.okdiario.com\/?page_id=1775"},"modified":"2026-04-01T11:49:38","modified_gmt":"2026-04-01T09:49:38","slug":"portada","status":"publish","type":"page","link":"https:\/\/okdiario.com\/techy\/","title":{"rendered":"Techy44"},"content":{"rendered":"\n<div class=\"gb-element-66ddaab7\">\n<div class=\"gb-element-c65341e1\">\n<div class=\"gb-element-37468aca\">\n<div class=\"gb-element-d1aa88b0\">\n<div class=\"gb-query-bc5d26c3\"><div class=\"gb-looper-01697000\">\n<div class=\"gb-loop-item post-3278 post type-post status-publish format-standard has-post-thumbnail hentry category-dispositivos resize-featured-image\">\n<div class=\"gb-element-2eb0751f\">\n<div>\n<a href=\"https:\/\/okdiario.com\/techy\/cientificos-alemanes-revelan-la-lista-de-los-moviles-que-emiten-mas-radiacion-todos-modelos-los-afectados\/3278\/\"><img loading=\"lazy\" decoding=\"async\" width=\"1800\" height=\"1013\" data-media-id=\"3279\" class=\"gb-media-de7c231a\" alt=\"Hombre usando un m\u00f3vil junto a la cabeza con representaci\u00f3n de radiaci\u00f3n SAR en estudio cient\u00edfico.\" src=\"https:\/\/okdiario.com\/techy\/wp-content\/uploads\/2026\/04\/moviles-mas-radiacion-sar-lista-alemania-bfs.jpg\" srcset=\"https:\/\/okdiario.com\/techy\/wp-content\/uploads\/2026\/04\/moviles-mas-radiacion-sar-lista-alemania-bfs.jpg 1800w, https:\/\/okdiario.com\/techy\/wp-content\/uploads\/2026\/04\/moviles-mas-radiacion-sar-lista-alemania-bfs-300x169.jpg 300w, https:\/\/okdiario.com\/techy\/wp-content\/uploads\/2026\/04\/moviles-mas-radiacion-sar-lista-alemania-bfs-768x432.jpg 768w, https:\/\/okdiario.com\/techy\/wp-content\/uploads\/2026\/04\/moviles-mas-radiacion-sar-lista-alemania-bfs-1536x864.jpg 1536w, https:\/\/okdiario.com\/techy\/wp-content\/uploads\/2026\/04\/moviles-mas-radiacion-sar-lista-alemania-bfs-150x84.jpg 150w\" sizes=\"auto, (max-width: 1800px) 100vw, 1800px\" title=\"\"><\/a>\n<\/div>\n\n\n\n<div>\n<h2 class=\"gb-text gb-text-ac65a22c\"><a href=\"https:\/\/okdiario.com\/techy\/cientificos-alemanes-revelan-la-lista-de-los-moviles-que-emiten-mas-radiacion-todos-modelos-los-afectados\/3278\/\">Cient\u00edficos alemanes revelan la lista de los m\u00f3viles que emiten m\u00e1s radiaci\u00f3n: todos modelos los afectados<\/a><\/h2>\n\n\n\n<div class=\"gb-element-be44d9ed\">\n<div class=\"gb-text-064c65ed\"><span class=\"gb-text\">Adrian Villellas<\/span><span class=\"gb-shape\"><svg viewBox=\"0 0 24 24\"><path d=\"M23,12L20.56,9.22L20.9,5.54L17.29,4.72L15.4,1.54L12,3L8.6,1.54L6.71,4.72L3.1,5.53L3.44,9.21L1,12L3.44,14.78L3.1,18.47L6.71,19.29L8.6,22.47L12,21L15.4,22.46L17.29,19.28L20.9,18.46L20.56,14.78L23,12M10,17L6,13L7.41,11.59L10,14.17L16.59,7.58L18,9L10,17Z\"><\/path><\/svg><\/span><\/div>\n\n\n\n<div class=\"gb-text gb-text-909a27ed\">|<\/div>\n\n\n\n<div class=\"gb-text-e5da1983\"><span class=\"gb-shape\"><svg aria-hidden=\"true\" role=\"img\" height=\"1em\" width=\"1em\" viewBox=\"0 0 512 512\" xmlns=\"http:\/\/www.w3.org\/2000\/svg\"><path fill=\"currentColor\" d=\"M256 8C119 8 8 119 8 256s111 248 248 248 248-111 248-248S393 8 256 8zm0 448c-110.5 0-200-89.5-200-200S145.5 56 256 56s200 89.5 200 200-89.5 200-200 200zm61.8-104.4l-84.9-61.7c-3.1-2.3-4.9-5.9-4.9-9.7V116c0-6.6 5.4-12 12-12h32c6.6 0 12 5.4 12 12v141.7l66.8 48.6c5.4 3.9 6.5 11.4 2.6 16.8L334.6 349c-3.9 5.3-11.4 6.5-16.8 2.6z\"><\/path><\/svg><\/span><span class=\"gb-text\">28 de abril de 2026 a las 20:08<\/span><\/div>\n<\/div>\n\n\n\n<p class=\"gb-text gb-text-b0583e78\">Cada cierto tiempo vuelve el mismo titular: \u201cestos m\u00f3viles emiten m\u00e1s radiaci\u00f3n\u201d. La lista cambia poco, el susto s\u00ed. Y casi siempre la fuente&#8230;..<\/p>\n<\/div>\n<\/div>\n<\/div>\n<\/div><\/div>\n\n\n\n<div><div class=\"gb-looper-e2ffc533\">\n<div class=\"gb-loop-item post-3275 post type-post status-publish format-standard has-post-thumbnail hentry category-militar resize-featured-image\">\n<a href=\"https:\/\/okdiario.com\/techy\/cartagena-es-uno-de-los-puntos-sensibles-para-la-defensa-de-espana-y-empieza-su-blindaje-despliega-el-sistema-nasams-y-se-convierte-en-zona-estrategica\/3275\/\"><img loading=\"lazy\" decoding=\"async\" width=\"1800\" height=\"1013\" data-media-id=\"3276\" class=\"gb-media-2fe57265\" alt=\"Sistema NASAMS lanzando un misil en un despliegue de defensa a\u00e9rea similar al previsto en Cartagena, Espa\u00f1a.\" src=\"https:\/\/okdiario.com\/techy\/wp-content\/uploads\/2026\/04\/cartagena-defensa-nasams-despliegue-misil-espana.jpg\" srcset=\"https:\/\/okdiario.com\/techy\/wp-content\/uploads\/2026\/04\/cartagena-defensa-nasams-despliegue-misil-espana.jpg 1800w, https:\/\/okdiario.com\/techy\/wp-content\/uploads\/2026\/04\/cartagena-defensa-nasams-despliegue-misil-espana-300x169.jpg 300w, https:\/\/okdiario.com\/techy\/wp-content\/uploads\/2026\/04\/cartagena-defensa-nasams-despliegue-misil-espana-768x432.jpg 768w, https:\/\/okdiario.com\/techy\/wp-content\/uploads\/2026\/04\/cartagena-defensa-nasams-despliegue-misil-espana-1536x864.jpg 1536w, https:\/\/okdiario.com\/techy\/wp-content\/uploads\/2026\/04\/cartagena-defensa-nasams-despliegue-misil-espana-150x84.jpg 150w\" sizes=\"auto, (max-width: 1800px) 100vw, 1800px\" title=\"\"><\/a>\n\n\n\n<h2 class=\"gb-text gb-text-310ba97f\"><a href=\"https:\/\/okdiario.com\/techy\/cartagena-es-uno-de-los-puntos-sensibles-para-la-defensa-de-espana-y-empieza-su-blindaje-despliega-el-sistema-nasams-y-se-convierte-en-zona-estrategica\/3275\/\">Cartagena es uno de los puntos sensibles para la defensa de Espa\u00f1a y empieza su blindaje: despliega el sistema Nasams y se convierte en zona estrat\u00e9gica<\/a><\/h2>\n<\/div>\n\n<div class=\"gb-loop-item post-3272 post type-post status-publish format-standard has-post-thumbnail hentry category-militar resize-featured-image\">\n<a href=\"https:\/\/okdiario.com\/techy\/eeuu-recula-y-confirma-que-la-retirada-de-los-aviones-de-ataque-a-10c-thunderbolt-ii-tendra-que-esperar-hasta-2030\/3272\/\"><img loading=\"lazy\" decoding=\"async\" width=\"1800\" height=\"1013\" data-media-id=\"3273\" class=\"gb-media-2fe57265\" alt=\"Avi\u00f3n A-10C Thunderbolt II de la Fuerza A\u00e9rea de EEUU en vuelo durante operaci\u00f3n militar.\" src=\"https:\/\/okdiario.com\/techy\/wp-content\/uploads\/2026\/04\/a-10c-thunderbolt-ii-eeuu-retrasa-retirada-2030.jpg\" srcset=\"https:\/\/okdiario.com\/techy\/wp-content\/uploads\/2026\/04\/a-10c-thunderbolt-ii-eeuu-retrasa-retirada-2030.jpg 1800w, https:\/\/okdiario.com\/techy\/wp-content\/uploads\/2026\/04\/a-10c-thunderbolt-ii-eeuu-retrasa-retirada-2030-300x169.jpg 300w, https:\/\/okdiario.com\/techy\/wp-content\/uploads\/2026\/04\/a-10c-thunderbolt-ii-eeuu-retrasa-retirada-2030-768x432.jpg 768w, https:\/\/okdiario.com\/techy\/wp-content\/uploads\/2026\/04\/a-10c-thunderbolt-ii-eeuu-retrasa-retirada-2030-1536x864.jpg 1536w, https:\/\/okdiario.com\/techy\/wp-content\/uploads\/2026\/04\/a-10c-thunderbolt-ii-eeuu-retrasa-retirada-2030-150x84.jpg 150w\" sizes=\"auto, (max-width: 1800px) 100vw, 1800px\" title=\"\"><\/a>\n\n\n\n<h2 class=\"gb-text gb-text-310ba97f\"><a href=\"https:\/\/okdiario.com\/techy\/eeuu-recula-y-confirma-que-la-retirada-de-los-aviones-de-ataque-a-10c-thunderbolt-ii-tendra-que-esperar-hasta-2030\/3272\/\">EEUU recula y confirma que la retirada de los aviones de ataque A-10C Thunderbolt II tendr\u00e1 que esperar hasta 2030<\/a><\/h2>\n<\/div>\n\n<div class=\"gb-loop-item post-3268 post type-post status-publish format-standard has-post-thumbnail hentry category-actualidad resize-featured-image\">\n<a href=\"https:\/\/okdiario.com\/techy\/los-telefonos-y-los-gps-pueden-dejar-de-funcionar-en-cualquier-momento-la-ciencia-confirma-que-el-polo-magnetico-de-la-tierra-se-ha-desplazado-y-las-consecuencias-son-peligrosas\/3268\/\"><img loading=\"lazy\" decoding=\"async\" width=\"1800\" height=\"1013\" data-media-id=\"3269\" class=\"gb-media-2fe57265\" alt=\"El polo magn\u00e9tico de la Tierra desplaz\u00e1ndose hacia Siberia con m\u00f3vil mostrando br\u00fajula y campo magn\u00e9tico.\" src=\"https:\/\/okdiario.com\/techy\/wp-content\/uploads\/2026\/04\/polo-magnetico-tierra-desplazamiento-movil-gps-brujula.jpg\" srcset=\"https:\/\/okdiario.com\/techy\/wp-content\/uploads\/2026\/04\/polo-magnetico-tierra-desplazamiento-movil-gps-brujula.jpg 1800w, https:\/\/okdiario.com\/techy\/wp-content\/uploads\/2026\/04\/polo-magnetico-tierra-desplazamiento-movil-gps-brujula-300x169.jpg 300w, https:\/\/okdiario.com\/techy\/wp-content\/uploads\/2026\/04\/polo-magnetico-tierra-desplazamiento-movil-gps-brujula-768x432.jpg 768w, https:\/\/okdiario.com\/techy\/wp-content\/uploads\/2026\/04\/polo-magnetico-tierra-desplazamiento-movil-gps-brujula-1536x864.jpg 1536w, https:\/\/okdiario.com\/techy\/wp-content\/uploads\/2026\/04\/polo-magnetico-tierra-desplazamiento-movil-gps-brujula-150x84.jpg 150w\" sizes=\"auto, (max-width: 1800px) 100vw, 1800px\" title=\"\"><\/a>\n\n\n\n<h2 class=\"gb-text gb-text-310ba97f\"><a href=\"https:\/\/okdiario.com\/techy\/los-telefonos-y-los-gps-pueden-dejar-de-funcionar-en-cualquier-momento-la-ciencia-confirma-que-el-polo-magnetico-de-la-tierra-se-ha-desplazado-y-las-consecuencias-son-peligrosas\/3268\/\">Los tel\u00e9fonos y los GPS pueden dejar de funcionar en cualquier momento: la Ciencia confirma que el polo magn\u00e9tico de la Tierra se ha desplazado y las consecuencias son peligrosas<\/a><\/h2>\n<\/div>\n\n<div class=\"gb-loop-item post-3265 post type-post status-publish format-standard has-post-thumbnail hentry category-inteligencia-artificial resize-featured-image\">\n<a href=\"https:\/\/okdiario.com\/techy\/openai-llevaba-anos-fallando-en-el-mismo-proceso-pero-la-actualizacion-de-chatgpt-images-2-0-confirma-que-el-futuro-ya-esta-aqui\/3265\/\"><img loading=\"lazy\" decoding=\"async\" width=\"1800\" height=\"1013\" data-media-id=\"3266\" class=\"gb-media-2fe57265\" alt=\"ChatGPT Images 2.0 de OpenAI mostrando generaci\u00f3n de im\u00e1genes con texto preciso y dise\u00f1o mejorado.\" src=\"https:\/\/okdiario.com\/techy\/wp-content\/uploads\/2026\/04\/chatgpt-images-2-0-openai-generacion-imagenes-texto.jpg\" srcset=\"https:\/\/okdiario.com\/techy\/wp-content\/uploads\/2026\/04\/chatgpt-images-2-0-openai-generacion-imagenes-texto.jpg 1800w, https:\/\/okdiario.com\/techy\/wp-content\/uploads\/2026\/04\/chatgpt-images-2-0-openai-generacion-imagenes-texto-300x169.jpg 300w, https:\/\/okdiario.com\/techy\/wp-content\/uploads\/2026\/04\/chatgpt-images-2-0-openai-generacion-imagenes-texto-768x432.jpg 768w, https:\/\/okdiario.com\/techy\/wp-content\/uploads\/2026\/04\/chatgpt-images-2-0-openai-generacion-imagenes-texto-1536x864.jpg 1536w, https:\/\/okdiario.com\/techy\/wp-content\/uploads\/2026\/04\/chatgpt-images-2-0-openai-generacion-imagenes-texto-150x84.jpg 150w\" sizes=\"auto, (max-width: 1800px) 100vw, 1800px\" title=\"\"><\/a>\n\n\n\n<h2 class=\"gb-text gb-text-310ba97f\"><a href=\"https:\/\/okdiario.com\/techy\/openai-llevaba-anos-fallando-en-el-mismo-proceso-pero-la-actualizacion-de-chatgpt-images-2-0-confirma-que-el-futuro-ya-esta-aqui\/3265\/\">OpenAI llevaba a\u00f1os fallando en el mismo proceso pero la actualizaci\u00f3n de ChatGPT Images 2.0 confirma que el futuro ya est\u00e1 aqu\u00ed<\/a><\/h2>\n<\/div>\n\n<div class=\"gb-loop-item post-3260 post type-post status-publish format-standard has-post-thumbnail hentry category-actualidad resize-featured-image\">\n<a href=\"https:\/\/okdiario.com\/techy\/la-reflexion-de-steve-jobs-que-repiten-cada-dia-las-personas-de-exito-no-se-pueden-conectar-los-puntos-mirando-hacia-delante-solo-puedes-hacerlo-hacia-atras\/3260\/\"><img loading=\"lazy\" decoding=\"async\" width=\"1800\" height=\"1013\" data-media-id=\"3261\" class=\"gb-media-2fe57265\" alt=\"Steve Jobs durante su discurso en la graduaci\u00f3n de Stanford 2005 donde pronunci\u00f3 su famosa reflexi\u00f3n sobre conectar los puntos.\" src=\"https:\/\/okdiario.com\/techy\/wp-content\/uploads\/2026\/04\/steve-jobs-stanford-2005-discurso-conectar-puntos.jpg\" srcset=\"https:\/\/okdiario.com\/techy\/wp-content\/uploads\/2026\/04\/steve-jobs-stanford-2005-discurso-conectar-puntos.jpg 1800w, https:\/\/okdiario.com\/techy\/wp-content\/uploads\/2026\/04\/steve-jobs-stanford-2005-discurso-conectar-puntos-300x169.jpg 300w, https:\/\/okdiario.com\/techy\/wp-content\/uploads\/2026\/04\/steve-jobs-stanford-2005-discurso-conectar-puntos-768x432.jpg 768w, https:\/\/okdiario.com\/techy\/wp-content\/uploads\/2026\/04\/steve-jobs-stanford-2005-discurso-conectar-puntos-1536x864.jpg 1536w, https:\/\/okdiario.com\/techy\/wp-content\/uploads\/2026\/04\/steve-jobs-stanford-2005-discurso-conectar-puntos-150x84.jpg 150w\" sizes=\"auto, (max-width: 1800px) 100vw, 1800px\" title=\"\"><\/a>\n\n\n\n<h2 class=\"gb-text gb-text-310ba97f\"><a href=\"https:\/\/okdiario.com\/techy\/la-reflexion-de-steve-jobs-que-repiten-cada-dia-las-personas-de-exito-no-se-pueden-conectar-los-puntos-mirando-hacia-delante-solo-puedes-hacerlo-hacia-atras\/3260\/\">La reflexi\u00f3n de Steve Jobs que repiten cada d\u00eda las personas de \u00e9xito: \u00abNo se pueden conectar los puntos mirando hacia delante, s\u00f3lo puedes hacerlo hacia atr\u00e1s\u00bb<\/a><\/h2>\n<\/div>\n\n<div class=\"gb-loop-item post-3255 post type-post status-publish format-standard has-post-thumbnail hentry category-militar resize-featured-image\">\n<a href=\"https:\/\/okdiario.com\/techy\/preocupacion-en-el-gobierno-de-espana-su-buque-insignia-el-submarino-s-81-isaac-peral-tiene-un-fallo-critico-que-afecta-al-sistema-de-soplado-de-lastre\/3255\/\"><img loading=\"lazy\" decoding=\"async\" width=\"1800\" height=\"1013\" data-media-id=\"3263\" class=\"gb-media-2fe57265\" alt=\"El submarino S-81 Isaac Peral afronta un fallo cr\u00edtico en su sistema de emergencia que genera inquietud en Defensa.\" src=\"https:\/\/okdiario.com\/techy\/wp-content\/uploads\/2026\/04\/patrullero-tabarca-p28-armada-galicia-portugal-vigilancia.jpg\" srcset=\"https:\/\/okdiario.com\/techy\/wp-content\/uploads\/2026\/04\/patrullero-tabarca-p28-armada-galicia-portugal-vigilancia.jpg 1800w, https:\/\/okdiario.com\/techy\/wp-content\/uploads\/2026\/04\/patrullero-tabarca-p28-armada-galicia-portugal-vigilancia-300x169.jpg 300w, https:\/\/okdiario.com\/techy\/wp-content\/uploads\/2026\/04\/patrullero-tabarca-p28-armada-galicia-portugal-vigilancia-768x432.jpg 768w, https:\/\/okdiario.com\/techy\/wp-content\/uploads\/2026\/04\/patrullero-tabarca-p28-armada-galicia-portugal-vigilancia-1536x864.jpg 1536w, https:\/\/okdiario.com\/techy\/wp-content\/uploads\/2026\/04\/patrullero-tabarca-p28-armada-galicia-portugal-vigilancia-150x84.jpg 150w\" sizes=\"auto, (max-width: 1800px) 100vw, 1800px\" title=\"\"><\/a>\n\n\n\n<h2 class=\"gb-text gb-text-310ba97f\"><a href=\"https:\/\/okdiario.com\/techy\/preocupacion-en-el-gobierno-de-espana-su-buque-insignia-el-submarino-s-81-isaac-peral-tiene-un-fallo-critico-que-afecta-al-sistema-de-soplado-de-lastre\/3255\/\">Preocupaci\u00f3n en el Gobierno de Espa\u00f1a: su buque insignia, el submarino S-81 Isaac Peral tiene un fallo cr\u00edtico que afecta al sistema de soplado de lastre<\/a><\/h2>\n<\/div>\n\n<div class=\"gb-loop-item post-3252 post type-post status-publish format-standard has-post-thumbnail hentry category-militar resize-featured-image\">\n<a href=\"https:\/\/okdiario.com\/techy\/el-ejercito-de-espana-despliega-su-gran-patrullero-tabarca-con-armado-con-ametralladoras-y-un-canon-semiautomatico-a-la-costa-de-galicia-y-portugal\/3252\/\"><img loading=\"lazy\" decoding=\"async\" width=\"1800\" height=\"1013\" data-media-id=\"3253\" class=\"gb-media-2fe57265\" alt=\"Patrullero Tabarca P-28 de la Armada Espa\u00f1ola navegando frente a la costa de Galicia en misi\u00f3n de vigilancia mar\u00edtima.\" src=\"https:\/\/okdiario.com\/techy\/wp-content\/uploads\/2026\/04\/patrullero-tabarca-p28-armada-espana-galicia-portugal-vigilancia.jpg\" srcset=\"https:\/\/okdiario.com\/techy\/wp-content\/uploads\/2026\/04\/patrullero-tabarca-p28-armada-espana-galicia-portugal-vigilancia.jpg 1800w, https:\/\/okdiario.com\/techy\/wp-content\/uploads\/2026\/04\/patrullero-tabarca-p28-armada-espana-galicia-portugal-vigilancia-300x169.jpg 300w, https:\/\/okdiario.com\/techy\/wp-content\/uploads\/2026\/04\/patrullero-tabarca-p28-armada-espana-galicia-portugal-vigilancia-768x432.jpg 768w, https:\/\/okdiario.com\/techy\/wp-content\/uploads\/2026\/04\/patrullero-tabarca-p28-armada-espana-galicia-portugal-vigilancia-1536x864.jpg 1536w, https:\/\/okdiario.com\/techy\/wp-content\/uploads\/2026\/04\/patrullero-tabarca-p28-armada-espana-galicia-portugal-vigilancia-150x84.jpg 150w\" sizes=\"auto, (max-width: 1800px) 100vw, 1800px\" title=\"\"><\/a>\n\n\n\n<h2 class=\"gb-text gb-text-310ba97f\"><a href=\"https:\/\/okdiario.com\/techy\/el-ejercito-de-espana-despliega-su-gran-patrullero-tabarca-con-armado-con-ametralladoras-y-un-canon-semiautomatico-a-la-costa-de-galicia-y-portugal\/3252\/\">El Ej\u00e9rcito de Espa\u00f1a despliega su gran patrullero Tabarca con armado con ametralladoras y un ca\u00f1\u00f3n semiautom\u00e1tico a la costa de Galicia y Portugal<\/a><\/h2>\n<\/div>\n\n<div class=\"gb-loop-item post-3249 post type-post status-publish format-standard has-post-thumbnail hentry category-militar resize-featured-image\">\n<a href=\"https:\/\/okdiario.com\/techy\/pillan-a-china-con-las-manos-en-la-masa-captan-un-lanzador-de-misiles-hipersonicos-df-27-en-una-carretera-y-quiere-decir-que-pekin-esta-preparado-para-todo\/3249\/\"><img loading=\"lazy\" decoding=\"async\" width=\"1800\" height=\"1013\" data-media-id=\"3250\" class=\"gb-media-2fe57265\" alt=\"Convoy de camiones militares chinos con lanzadores de misiles hipers\u00f3nicos DF-27 circulando por una carretera urbana.\" src=\"https:\/\/okdiario.com\/techy\/wp-content\/uploads\/2026\/04\/lanzador-misiles-hipersonicos-df27-china-carretera.jpg\" srcset=\"https:\/\/okdiario.com\/techy\/wp-content\/uploads\/2026\/04\/lanzador-misiles-hipersonicos-df27-china-carretera.jpg 1800w, https:\/\/okdiario.com\/techy\/wp-content\/uploads\/2026\/04\/lanzador-misiles-hipersonicos-df27-china-carretera-300x169.jpg 300w, https:\/\/okdiario.com\/techy\/wp-content\/uploads\/2026\/04\/lanzador-misiles-hipersonicos-df27-china-carretera-768x432.jpg 768w, https:\/\/okdiario.com\/techy\/wp-content\/uploads\/2026\/04\/lanzador-misiles-hipersonicos-df27-china-carretera-1536x864.jpg 1536w, https:\/\/okdiario.com\/techy\/wp-content\/uploads\/2026\/04\/lanzador-misiles-hipersonicos-df27-china-carretera-150x84.jpg 150w\" sizes=\"auto, (max-width: 1800px) 100vw, 1800px\" title=\"\"><\/a>\n\n\n\n<h2 class=\"gb-text gb-text-310ba97f\"><a href=\"https:\/\/okdiario.com\/techy\/pillan-a-china-con-las-manos-en-la-masa-captan-un-lanzador-de-misiles-hipersonicos-df-27-en-una-carretera-y-quiere-decir-que-pekin-esta-preparado-para-todo\/3249\/\">Pillan a China con las manos en la masa: captan un lanzador de misiles hipers\u00f3nicos DF-27 en una carretera y quiere decir que Pek\u00edn est\u00e1 preparado para todo<\/a><\/h2>\n<\/div>\n<\/div><\/div>\n<\/div>\n\n\n\n<div class=\"gb-element-37fa3ee3\">\n<div><div class=\"gb-looper-34e2b16c\">\n<div class=\"gb-loop-item gb-loop-item-c5f2dded post-3245 post type-post status-publish format-standard has-post-thumbnail hentry category-inteligencia-artificial resize-featured-image\">\n<div class=\"gb-element-dcd46cd8\">\n<a href=\"https:\/\/okdiario.com\/techy\/espana-estrena-los-supermercados-del-futuro-comprar-por-whatsapp-con-ia-ya-es-posible-y-tienes-la-compra-en-tu-casa-en-1-hora\/3245\/\"><img loading=\"lazy\" decoding=\"async\" width=\"1800\" height=\"1013\" data-media-id=\"3246\" class=\"gb-media-8fa6ddb0\" alt=\"Compra en Eroski por WhatsApp con inteligencia artificial desde el m\u00f3vil frente a un supermercado en Espa\u00f1a.\" src=\"https:\/\/okdiario.com\/techy\/wp-content\/uploads\/2026\/04\/eroski-compra-whatsapp-ia-supermercado-futuro.jpg\" srcset=\"https:\/\/okdiario.com\/techy\/wp-content\/uploads\/2026\/04\/eroski-compra-whatsapp-ia-supermercado-futuro.jpg 1800w, https:\/\/okdiario.com\/techy\/wp-content\/uploads\/2026\/04\/eroski-compra-whatsapp-ia-supermercado-futuro-300x169.jpg 300w, https:\/\/okdiario.com\/techy\/wp-content\/uploads\/2026\/04\/eroski-compra-whatsapp-ia-supermercado-futuro-768x432.jpg 768w, https:\/\/okdiario.com\/techy\/wp-content\/uploads\/2026\/04\/eroski-compra-whatsapp-ia-supermercado-futuro-1536x864.jpg 1536w, https:\/\/okdiario.com\/techy\/wp-content\/uploads\/2026\/04\/eroski-compra-whatsapp-ia-supermercado-futuro-150x84.jpg 150w\" sizes=\"auto, (max-width: 1800px) 100vw, 1800px\" title=\"\"><\/a>\n<\/div>\n\n\n\n<div class=\"gb-element-9731378a\">\n<h2 class=\"gb-text gb-text-d15b70c6\"><a href=\"https:\/\/okdiario.com\/techy\/espana-estrena-los-supermercados-del-futuro-comprar-por-whatsapp-con-ia-ya-es-posible-y-tienes-la-compra-en-tu-casa-en-1-hora\/3245\/\">Espa\u00f1a estrena los supermercados del futuro: comprar por WhatsApp con IA ya es posible y tienes la compra en tu casa en 1 hora<\/a><\/h2>\n\n\n\n<div class=\"gb-text-086a77f9\"><span class=\"gb-shape\"><svg aria-hidden=\"true\" role=\"img\" height=\"1em\" width=\"1em\" viewBox=\"0 0 512 512\" xmlns=\"http:\/\/www.w3.org\/2000\/svg\"><path fill=\"currentColor\" d=\"M256 8C119 8 8 119 8 256s111 248 248 248 248-111 248-248S393 8 256 8zm0 448c-110.5 0-200-89.5-200-200S145.5 56 256 56s200 89.5 200 200-89.5 200-200 200zm61.8-104.4l-84.9-61.7c-3.1-2.3-4.9-5.9-4.9-9.7V116c0-6.6 5.4-12 12-12h32c6.6 0 12 5.4 12 12v141.7l66.8 48.6c5.4 3.9 6.5 11.4 2.6 16.8L334.6 349c-3.9 5.3-11.4 6.5-16.8 2.6z\"><\/path><\/svg><\/span><span class=\"gb-text\">25 de abril de 2026 a las 20:44<\/span><\/div>\n<\/div>\n<\/div>\n\n<div class=\"gb-loop-item gb-loop-item-c5f2dded post-3284 post type-post status-publish format-standard has-post-thumbnail hentry category-actualidad resize-featured-image\">\n<div class=\"gb-element-dcd46cd8\">\n<a href=\"https:\/\/okdiario.com\/techy\/la-psicologia-dice-que-las-personas-que-no-interactuan-en-redes-sociales-muestran-niveles-mas-bajos-de-ansiedad-y-mantienen-el-control-de-la-narrativa\/3284\/\"><img loading=\"lazy\" decoding=\"async\" width=\"1800\" height=\"1013\" data-media-id=\"3285\" class=\"gb-media-8fa6ddb0\" alt=\"Personas mirando el m\u00f3vil en el metro sin interactuar en redes sociales, comportamiento tipo lurker asociado a menor ansiedad.\" src=\"https:\/\/okdiario.com\/techy\/wp-content\/uploads\/2026\/04\/personas-scroll-redes-sociales-sin-interactuar-ansiedad.jpg\" srcset=\"https:\/\/okdiario.com\/techy\/wp-content\/uploads\/2026\/04\/personas-scroll-redes-sociales-sin-interactuar-ansiedad.jpg 1800w, https:\/\/okdiario.com\/techy\/wp-content\/uploads\/2026\/04\/personas-scroll-redes-sociales-sin-interactuar-ansiedad-300x169.jpg 300w, https:\/\/okdiario.com\/techy\/wp-content\/uploads\/2026\/04\/personas-scroll-redes-sociales-sin-interactuar-ansiedad-768x432.jpg 768w, https:\/\/okdiario.com\/techy\/wp-content\/uploads\/2026\/04\/personas-scroll-redes-sociales-sin-interactuar-ansiedad-1536x864.jpg 1536w, https:\/\/okdiario.com\/techy\/wp-content\/uploads\/2026\/04\/personas-scroll-redes-sociales-sin-interactuar-ansiedad-150x84.jpg 150w\" sizes=\"auto, (max-width: 1800px) 100vw, 1800px\" title=\"\"><\/a>\n<\/div>\n\n\n\n<div class=\"gb-element-9731378a\">\n<h2 class=\"gb-text gb-text-d15b70c6\"><a href=\"https:\/\/okdiario.com\/techy\/la-psicologia-dice-que-las-personas-que-no-interactuan-en-redes-sociales-muestran-niveles-mas-bajos-de-ansiedad-y-mantienen-el-control-de-la-narrativa\/3284\/\">La psicolog\u00eda dice que las personas que no interact\u00faan en redes sociales muestran niveles m\u00e1s bajos de ansiedad y mantienen el control de la narrativa<\/a><\/h2>\n\n\n\n<div class=\"gb-text-086a77f9\"><span class=\"gb-shape\"><svg aria-hidden=\"true\" role=\"img\" height=\"1em\" width=\"1em\" viewBox=\"0 0 512 512\" xmlns=\"http:\/\/www.w3.org\/2000\/svg\"><path fill=\"currentColor\" d=\"M256 8C119 8 8 119 8 256s111 248 248 248 248-111 248-248S393 8 256 8zm0 448c-110.5 0-200-89.5-200-200S145.5 56 256 56s200 89.5 200 200-89.5 200-200 200zm61.8-104.4l-84.9-61.7c-3.1-2.3-4.9-5.9-4.9-9.7V116c0-6.6 5.4-12 12-12h32c6.6 0 12 5.4 12 12v141.7l66.8 48.6c5.4 3.9 6.5 11.4 2.6 16.8L334.6 349c-3.9 5.3-11.4 6.5-16.8 2.6z\"><\/path><\/svg><\/span><span class=\"gb-text\">25 de abril de 2026 a las 18:42<\/span><\/div>\n<\/div>\n<\/div>\n\n<div class=\"gb-loop-item gb-loop-item-c5f2dded post-3239 post type-post status-publish format-standard has-post-thumbnail hentry category-militar resize-featured-image\">\n<div class=\"gb-element-dcd46cd8\">\n<a href=\"https:\/\/okdiario.com\/techy\/eeuu-desafia-a-iran-usando-buques-sumergibles-no-tripulados-para-despejar-los-campos-de-minas-en-el-estrecho-de-ormuz\/3239\/\"><img loading=\"lazy\" decoding=\"async\" width=\"1800\" height=\"1013\" data-media-id=\"3240\" class=\"gb-media-8fa6ddb0\" alt=\"Drone submarino no tripulado de EEUU utilizado para detectar y limpiar minas en el estrecho de Ormuz.\" src=\"https:\/\/okdiario.com\/techy\/wp-content\/uploads\/2026\/04\/drones-submarinos-eeuu-limpian-minas-estrecho-ormuz.jpg\" srcset=\"https:\/\/okdiario.com\/techy\/wp-content\/uploads\/2026\/04\/drones-submarinos-eeuu-limpian-minas-estrecho-ormuz.jpg 1800w, https:\/\/okdiario.com\/techy\/wp-content\/uploads\/2026\/04\/drones-submarinos-eeuu-limpian-minas-estrecho-ormuz-300x169.jpg 300w, https:\/\/okdiario.com\/techy\/wp-content\/uploads\/2026\/04\/drones-submarinos-eeuu-limpian-minas-estrecho-ormuz-768x432.jpg 768w, https:\/\/okdiario.com\/techy\/wp-content\/uploads\/2026\/04\/drones-submarinos-eeuu-limpian-minas-estrecho-ormuz-1536x864.jpg 1536w, https:\/\/okdiario.com\/techy\/wp-content\/uploads\/2026\/04\/drones-submarinos-eeuu-limpian-minas-estrecho-ormuz-150x84.jpg 150w\" sizes=\"auto, (max-width: 1800px) 100vw, 1800px\" title=\"\"><\/a>\n<\/div>\n\n\n\n<div class=\"gb-element-9731378a\">\n<h2 class=\"gb-text gb-text-d15b70c6\"><a href=\"https:\/\/okdiario.com\/techy\/eeuu-desafia-a-iran-usando-buques-sumergibles-no-tripulados-para-despejar-los-campos-de-minas-en-el-estrecho-de-ormuz\/3239\/\">EEUU desaf\u00eda a Ir\u00e1n usando buques sumergibles no tripulados para despejar los campos de minas en el estrecho de Ormuz<\/a><\/h2>\n\n\n\n<div class=\"gb-text-086a77f9\"><span class=\"gb-shape\"><svg aria-hidden=\"true\" role=\"img\" height=\"1em\" width=\"1em\" viewBox=\"0 0 512 512\" xmlns=\"http:\/\/www.w3.org\/2000\/svg\"><path fill=\"currentColor\" d=\"M256 8C119 8 8 119 8 256s111 248 248 248 248-111 248-248S393 8 256 8zm0 448c-110.5 0-200-89.5-200-200S145.5 56 256 56s200 89.5 200 200-89.5 200-200 200zm61.8-104.4l-84.9-61.7c-3.1-2.3-4.9-5.9-4.9-9.7V116c0-6.6 5.4-12 12-12h32c6.6 0 12 5.4 12 12v141.7l66.8 48.6c5.4 3.9 6.5 11.4 2.6 16.8L334.6 349c-3.9 5.3-11.4 6.5-16.8 2.6z\"><\/path><\/svg><\/span><span class=\"gb-text\">25 de abril de 2026 a las 15:35<\/span><\/div>\n<\/div>\n<\/div>\n\n<div class=\"gb-loop-item gb-loop-item-c5f2dded post-3236 post type-post status-publish format-standard has-post-thumbnail hentry category-dispositivos resize-featured-image\">\n<div class=\"gb-element-dcd46cd8\">\n<a href=\"https:\/\/okdiario.com\/techy\/todos-tuvimos-el-nokia-3310-en-la-decada-de-los-2000-y-ahora-los-cazadores-de-tesoros-lo-estan-comprando-esto-es-lo-que-vale-en-2026\/3236\/\"><img loading=\"lazy\" decoding=\"async\" width=\"1800\" height=\"1013\" data-media-id=\"3237\" class=\"gb-media-8fa6ddb0\" alt=\"Nokia 3310 original sobre mesa de madera, m\u00f3vil cl\u00e1sico de los 2000 que vuelve a venderse en 2026.\" src=\"https:\/\/okdiario.com\/techy\/wp-content\/uploads\/2026\/04\/nokia-3310-precio-2026-cuanto-vale-segunda-mano.jpg\" srcset=\"https:\/\/okdiario.com\/techy\/wp-content\/uploads\/2026\/04\/nokia-3310-precio-2026-cuanto-vale-segunda-mano.jpg 1800w, https:\/\/okdiario.com\/techy\/wp-content\/uploads\/2026\/04\/nokia-3310-precio-2026-cuanto-vale-segunda-mano-300x169.jpg 300w, https:\/\/okdiario.com\/techy\/wp-content\/uploads\/2026\/04\/nokia-3310-precio-2026-cuanto-vale-segunda-mano-768x432.jpg 768w, https:\/\/okdiario.com\/techy\/wp-content\/uploads\/2026\/04\/nokia-3310-precio-2026-cuanto-vale-segunda-mano-1536x864.jpg 1536w, https:\/\/okdiario.com\/techy\/wp-content\/uploads\/2026\/04\/nokia-3310-precio-2026-cuanto-vale-segunda-mano-150x84.jpg 150w\" sizes=\"auto, (max-width: 1800px) 100vw, 1800px\" title=\"\"><\/a>\n<\/div>\n\n\n\n<div class=\"gb-element-9731378a\">\n<h2 class=\"gb-text gb-text-d15b70c6\"><a href=\"https:\/\/okdiario.com\/techy\/todos-tuvimos-el-nokia-3310-en-la-decada-de-los-2000-y-ahora-los-cazadores-de-tesoros-lo-estan-comprando-esto-es-lo-que-vale-en-2026\/3236\/\">Todos tuvimos el Nokia 3310 en la d\u00e9cada de los 2000 y ahora los cazadores de tesoros lo est\u00e1n comprando: esto es lo que vale en 2026<\/a><\/h2>\n\n\n\n<div class=\"gb-text-086a77f9\"><span class=\"gb-shape\"><svg aria-hidden=\"true\" role=\"img\" height=\"1em\" width=\"1em\" viewBox=\"0 0 512 512\" xmlns=\"http:\/\/www.w3.org\/2000\/svg\"><path fill=\"currentColor\" d=\"M256 8C119 8 8 119 8 256s111 248 248 248 248-111 248-248S393 8 256 8zm0 448c-110.5 0-200-89.5-200-200S145.5 56 256 56s200 89.5 200 200-89.5 200-200 200zm61.8-104.4l-84.9-61.7c-3.1-2.3-4.9-5.9-4.9-9.7V116c0-6.6 5.4-12 12-12h32c6.6 0 12 5.4 12 12v141.7l66.8 48.6c5.4 3.9 6.5 11.4 2.6 16.8L334.6 349c-3.9 5.3-11.4 6.5-16.8 2.6z\"><\/path><\/svg><\/span><span class=\"gb-text\">25 de abril de 2026 a las 12:47<\/span><\/div>\n<\/div>\n<\/div>\n\n<div class=\"gb-loop-item gb-loop-item-c5f2dded post-3233 post type-post status-publish format-standard has-post-thumbnail hentry category-militar resize-featured-image\">\n<div class=\"gb-element-dcd46cd8\">\n<a href=\"https:\/\/okdiario.com\/techy\/revelacion-que-hace-temblar-la-estabilidad-buques-rusos-llevan-monitoreando-cables-submarinos-cercanos-a-espana-desde-2023\/3233\/\"><img loading=\"lazy\" decoding=\"async\" width=\"1800\" height=\"1013\" data-media-id=\"3234\" class=\"gb-media-8fa6ddb0\" alt=\"Buque oceanogr\u00e1fico en aguas de Sines vinculado al monitoreo de cables submarinos cerca de Espa\u00f1a.\" src=\"https:\/\/okdiario.com\/techy\/wp-content\/uploads\/2026\/04\/buques-rusos-monitoreo-cables-submarinos-espana-sines.jpg\" srcset=\"https:\/\/okdiario.com\/techy\/wp-content\/uploads\/2026\/04\/buques-rusos-monitoreo-cables-submarinos-espana-sines.jpg 1800w, https:\/\/okdiario.com\/techy\/wp-content\/uploads\/2026\/04\/buques-rusos-monitoreo-cables-submarinos-espana-sines-300x169.jpg 300w, https:\/\/okdiario.com\/techy\/wp-content\/uploads\/2026\/04\/buques-rusos-monitoreo-cables-submarinos-espana-sines-768x432.jpg 768w, https:\/\/okdiario.com\/techy\/wp-content\/uploads\/2026\/04\/buques-rusos-monitoreo-cables-submarinos-espana-sines-1536x864.jpg 1536w, https:\/\/okdiario.com\/techy\/wp-content\/uploads\/2026\/04\/buques-rusos-monitoreo-cables-submarinos-espana-sines-150x84.jpg 150w\" sizes=\"auto, (max-width: 1800px) 100vw, 1800px\" title=\"\"><\/a>\n<\/div>\n\n\n\n<div class=\"gb-element-9731378a\">\n<h2 class=\"gb-text gb-text-d15b70c6\"><a href=\"https:\/\/okdiario.com\/techy\/revelacion-que-hace-temblar-la-estabilidad-buques-rusos-llevan-monitoreando-cables-submarinos-cercanos-a-espana-desde-2023\/3233\/\">Revelaci\u00f3n que hace temblar la estabilidad: buques rusos llevan monitoreando cables submarinos cercanos a Espa\u00f1a desde 2023<\/a><\/h2>\n\n\n\n<div class=\"gb-text-086a77f9\"><span class=\"gb-shape\"><svg aria-hidden=\"true\" role=\"img\" height=\"1em\" width=\"1em\" viewBox=\"0 0 512 512\" xmlns=\"http:\/\/www.w3.org\/2000\/svg\"><path fill=\"currentColor\" d=\"M256 8C119 8 8 119 8 256s111 248 248 248 248-111 248-248S393 8 256 8zm0 448c-110.5 0-200-89.5-200-200S145.5 56 256 56s200 89.5 200 200-89.5 200-200 200zm61.8-104.4l-84.9-61.7c-3.1-2.3-4.9-5.9-4.9-9.7V116c0-6.6 5.4-12 12-12h32c6.6 0 12 5.4 12 12v141.7l66.8 48.6c5.4 3.9 6.5 11.4 2.6 16.8L334.6 349c-3.9 5.3-11.4 6.5-16.8 2.6z\"><\/path><\/svg><\/span><span class=\"gb-text\">25 de abril de 2026 a las 09:42<\/span><\/div>\n<\/div>\n<\/div>\n\n<div class=\"gb-loop-item gb-loop-item-c5f2dded post-3230 post type-post status-publish format-standard has-post-thumbnail hentry category-militar resize-featured-image\">\n<div class=\"gb-element-dcd46cd8\">\n<a href=\"https:\/\/okdiario.com\/techy\/iran-agranda-su-capacidad-militar-con-el-satelite-chino-tee-01b-con-sensores-opticos-multiespectrales-con-2-metros-de-resolucion\/3230\/\"><img loading=\"lazy\" decoding=\"async\" width=\"1800\" height=\"1013\" data-media-id=\"3231\" class=\"gb-media-8fa6ddb0\" alt=\"Lanzamiento del cohete chino Ceres-1 con el sat\u00e9lite de observaci\u00f3n TEE-01B vinculado a Ir\u00e1n.\" src=\"https:\/\/okdiario.com\/techy\/wp-content\/uploads\/2026\/04\/iran-satelite-chino-tee-01b-lanzamiento-cohete-ceres1.jpg\" srcset=\"https:\/\/okdiario.com\/techy\/wp-content\/uploads\/2026\/04\/iran-satelite-chino-tee-01b-lanzamiento-cohete-ceres1.jpg 1800w, https:\/\/okdiario.com\/techy\/wp-content\/uploads\/2026\/04\/iran-satelite-chino-tee-01b-lanzamiento-cohete-ceres1-300x169.jpg 300w, https:\/\/okdiario.com\/techy\/wp-content\/uploads\/2026\/04\/iran-satelite-chino-tee-01b-lanzamiento-cohete-ceres1-768x432.jpg 768w, https:\/\/okdiario.com\/techy\/wp-content\/uploads\/2026\/04\/iran-satelite-chino-tee-01b-lanzamiento-cohete-ceres1-1536x864.jpg 1536w, https:\/\/okdiario.com\/techy\/wp-content\/uploads\/2026\/04\/iran-satelite-chino-tee-01b-lanzamiento-cohete-ceres1-150x84.jpg 150w\" sizes=\"auto, (max-width: 1800px) 100vw, 1800px\" title=\"\"><\/a>\n<\/div>\n\n\n\n<div class=\"gb-element-9731378a\">\n<h2 class=\"gb-text gb-text-d15b70c6\"><a href=\"https:\/\/okdiario.com\/techy\/iran-agranda-su-capacidad-militar-con-el-satelite-chino-tee-01b-con-sensores-opticos-multiespectrales-con-2-metros-de-resolucion\/3230\/\">Ir\u00e1n agranda su capacidad militar con el sat\u00e9lite chino TEE-01B con sensores \u00f3pticos multiespectrales con 2 metros de resoluci\u00f3n<\/a><\/h2>\n\n\n\n<div class=\"gb-text-086a77f9\"><span class=\"gb-shape\"><svg aria-hidden=\"true\" role=\"img\" height=\"1em\" width=\"1em\" viewBox=\"0 0 512 512\" xmlns=\"http:\/\/www.w3.org\/2000\/svg\"><path fill=\"currentColor\" d=\"M256 8C119 8 8 119 8 256s111 248 248 248 248-111 248-248S393 8 256 8zm0 448c-110.5 0-200-89.5-200-200S145.5 56 256 56s200 89.5 200 200-89.5 200-200 200zm61.8-104.4l-84.9-61.7c-3.1-2.3-4.9-5.9-4.9-9.7V116c0-6.6 5.4-12 12-12h32c6.6 0 12 5.4 12 12v141.7l66.8 48.6c5.4 3.9 6.5 11.4 2.6 16.8L334.6 349c-3.9 5.3-11.4 6.5-16.8 2.6z\"><\/path><\/svg><\/span><span class=\"gb-text\">25 de abril de 2026 a las 08:01<\/span><\/div>\n<\/div>\n<\/div>\n\n<div class=\"gb-loop-item gb-loop-item-c5f2dded post-3227 post type-post status-publish format-standard has-post-thumbnail hentry category-militar resize-featured-image\">\n<div class=\"gb-element-dcd46cd8\">\n<a href=\"https:\/\/okdiario.com\/techy\/china-ya-se-prepara-para-la-tercera-guerra-mundial-y-confirma-la-instalacion-de-su-primera-bases-militar-fuera-del-pais-el-punto-mas-estrategico-del-mundo\/3227\/\"><img loading=\"lazy\" decoding=\"async\" width=\"1800\" height=\"1013\" data-media-id=\"3228\" class=\"gb-media-8fa6ddb0\" alt=\"Soldados del Ej\u00e9rcito chino trasladan ata\u00fades en un acto oficial con bandera en una base militar de China.\" src=\"https:\/\/okdiario.com\/techy\/wp-content\/uploads\/2026\/04\/china-base-militar-yibuti-bab-el-mandeb-tension-global.jpg\" srcset=\"https:\/\/okdiario.com\/techy\/wp-content\/uploads\/2026\/04\/china-base-militar-yibuti-bab-el-mandeb-tension-global.jpg 1800w, https:\/\/okdiario.com\/techy\/wp-content\/uploads\/2026\/04\/china-base-militar-yibuti-bab-el-mandeb-tension-global-300x169.jpg 300w, https:\/\/okdiario.com\/techy\/wp-content\/uploads\/2026\/04\/china-base-militar-yibuti-bab-el-mandeb-tension-global-768x432.jpg 768w, https:\/\/okdiario.com\/techy\/wp-content\/uploads\/2026\/04\/china-base-militar-yibuti-bab-el-mandeb-tension-global-1536x864.jpg 1536w, https:\/\/okdiario.com\/techy\/wp-content\/uploads\/2026\/04\/china-base-militar-yibuti-bab-el-mandeb-tension-global-150x84.jpg 150w\" sizes=\"auto, (max-width: 1800px) 100vw, 1800px\" title=\"\"><\/a>\n<\/div>\n\n\n\n<div class=\"gb-element-9731378a\">\n<h2 class=\"gb-text gb-text-d15b70c6\"><a href=\"https:\/\/okdiario.com\/techy\/china-ya-se-prepara-para-la-tercera-guerra-mundial-y-confirma-la-instalacion-de-su-primera-bases-militar-fuera-del-pais-el-punto-mas-estrategico-del-mundo\/3227\/\">China ya se prepara para la tercera Guerra Mundial y confirma la instalaci\u00f3n de su primera bases militar fuera del pa\u00eds: el punto m\u00e1s estrat\u00e9gico del mundo<\/a><\/h2>\n\n\n\n<div class=\"gb-text-086a77f9\"><span class=\"gb-shape\"><svg aria-hidden=\"true\" role=\"img\" height=\"1em\" width=\"1em\" viewBox=\"0 0 512 512\" xmlns=\"http:\/\/www.w3.org\/2000\/svg\"><path fill=\"currentColor\" d=\"M256 8C119 8 8 119 8 256s111 248 248 248 248-111 248-248S393 8 256 8zm0 448c-110.5 0-200-89.5-200-200S145.5 56 256 56s200 89.5 200 200-89.5 200-200 200zm61.8-104.4l-84.9-61.7c-3.1-2.3-4.9-5.9-4.9-9.7V116c0-6.6 5.4-12 12-12h32c6.6 0 12 5.4 12 12v141.7l66.8 48.6c5.4 3.9 6.5 11.4 2.6 16.8L334.6 349c-3.9 5.3-11.4 6.5-16.8 2.6z\"><\/path><\/svg><\/span><span class=\"gb-text\">24 de abril de 2026 a las 20:44<\/span><\/div>\n<\/div>\n<\/div>\n<\/div><\/div>\n<\/div>\n<\/div>\n<\/div>\n<\/div>\n\n\n\n<div class=\"gb-element-bc796142\">\n<div class=\"gb-element-78da646c\">\n<div class=\"gb-element-fafc60fe\">\n<h2 class=\"gb-text gb-text-0888954a\">Actualidad<\/h2>\n<\/div>\n\n\n\n<div><div class=\"gb-looper-a54d4543\">\n<div class=\"gb-loop-item gb-loop-item-3ffc365c post-3268 post type-post status-publish format-standard has-post-thumbnail hentry category-actualidad resize-featured-image\">\n<div class=\"gb-element-eeb3be5b\">\n<a href=\"https:\/\/okdiario.com\/techy\/los-telefonos-y-los-gps-pueden-dejar-de-funcionar-en-cualquier-momento-la-ciencia-confirma-que-el-polo-magnetico-de-la-tierra-se-ha-desplazado-y-las-consecuencias-son-peligrosas\/3268\/\"><img loading=\"lazy\" decoding=\"async\" width=\"1800\" height=\"1013\" data-media-id=\"3269\" class=\"gb-media-f7733f93\" alt=\"El polo magn\u00e9tico de la Tierra desplaz\u00e1ndose hacia Siberia con m\u00f3vil mostrando br\u00fajula y campo magn\u00e9tico.\" src=\"https:\/\/okdiario.com\/techy\/wp-content\/uploads\/2026\/04\/polo-magnetico-tierra-desplazamiento-movil-gps-brujula.jpg\" srcset=\"https:\/\/okdiario.com\/techy\/wp-content\/uploads\/2026\/04\/polo-magnetico-tierra-desplazamiento-movil-gps-brujula.jpg 1800w, https:\/\/okdiario.com\/techy\/wp-content\/uploads\/2026\/04\/polo-magnetico-tierra-desplazamiento-movil-gps-brujula-300x169.jpg 300w, https:\/\/okdiario.com\/techy\/wp-content\/uploads\/2026\/04\/polo-magnetico-tierra-desplazamiento-movil-gps-brujula-768x432.jpg 768w, https:\/\/okdiario.com\/techy\/wp-content\/uploads\/2026\/04\/polo-magnetico-tierra-desplazamiento-movil-gps-brujula-1536x864.jpg 1536w, https:\/\/okdiario.com\/techy\/wp-content\/uploads\/2026\/04\/polo-magnetico-tierra-desplazamiento-movil-gps-brujula-150x84.jpg 150w\" sizes=\"auto, (max-width: 1800px) 100vw, 1800px\" title=\"\"><\/a>\n<\/div>\n\n\n\n<div class=\"gb-element-61936655\">\n<h2 class=\"gb-text gb-text-65454d3f\"><a href=\"https:\/\/okdiario.com\/techy\/los-telefonos-y-los-gps-pueden-dejar-de-funcionar-en-cualquier-momento-la-ciencia-confirma-que-el-polo-magnetico-de-la-tierra-se-ha-desplazado-y-las-consecuencias-son-peligrosas\/3268\/\">Los tel\u00e9fonos y los GPS pueden dejar de funcionar en cualquier momento: la Ciencia confirma que el polo magn\u00e9tico de la Tierra se ha desplazado y las consecuencias son peligrosas<\/a><\/h2>\n\n\n\n<div class=\"gb-element-9fec5a66\">\n<div class=\"gb-text-bcca2499\"><span class=\"gb-text\">Adrian Villellas<\/span><span class=\"gb-shape\"><svg viewBox=\"0 0 24 24\"><path d=\"M23,12L20.56,9.22L20.9,5.54L17.29,4.72L15.4,1.54L12,3L8.6,1.54L6.71,4.72L3.1,5.53L3.44,9.21L1,12L3.44,14.78L3.1,18.47L6.71,19.29L8.6,22.47L12,21L15.4,22.46L17.29,19.28L20.9,18.46L20.56,14.78L23,12M10,17L6,13L7.41,11.59L10,14.17L16.59,7.58L18,9L10,17Z\"><\/path><\/svg><\/span><\/div>\n\n\n\n<div class=\"gb-text gb-text-34f2ac2a\">|<\/div>\n\n\n\n<div class=\"gb-text-deb8bb05\"><span class=\"gb-shape\"><svg aria-hidden=\"true\" role=\"img\" height=\"1em\" width=\"1em\" viewBox=\"0 0 512 512\" xmlns=\"http:\/\/www.w3.org\/2000\/svg\"><path fill=\"currentColor\" d=\"M256 8C119 8 8 119 8 256s111 248 248 248 248-111 248-248S393 8 256 8zm0 448c-110.5 0-200-89.5-200-200S145.5 56 256 56s200 89.5 200 200-89.5 200-200 200zm61.8-104.4l-84.9-61.7c-3.1-2.3-4.9-5.9-4.9-9.7V116c0-6.6 5.4-12 12-12h32c6.6 0 12 5.4 12 12v141.7l66.8 48.6c5.4 3.9 6.5 11.4 2.6 16.8L334.6 349c-3.9 5.3-11.4 6.5-16.8 2.6z\"><\/path><\/svg><\/span><span class=\"gb-text\">26 de abril de 2026 a las 20:42<\/span><\/div>\n<\/div>\n\n\n\n<p class=\"gb-text gb-text-853f3b47\">\u00bfSab\u00edas que el \u00abnorte\u00bb al que apunta una br\u00fajula no es exactamente el mismo que&#8230;..<\/p>\n<\/div>\n<\/div>\n\n<div class=\"gb-loop-item gb-loop-item-3ffc365c post-3260 post type-post status-publish format-standard has-post-thumbnail hentry category-actualidad resize-featured-image\">\n<div class=\"gb-element-eeb3be5b\">\n<a href=\"https:\/\/okdiario.com\/techy\/la-reflexion-de-steve-jobs-que-repiten-cada-dia-las-personas-de-exito-no-se-pueden-conectar-los-puntos-mirando-hacia-delante-solo-puedes-hacerlo-hacia-atras\/3260\/\"><img loading=\"lazy\" decoding=\"async\" width=\"1800\" height=\"1013\" data-media-id=\"3261\" class=\"gb-media-f7733f93\" alt=\"Steve Jobs durante su discurso en la graduaci\u00f3n de Stanford 2005 donde pronunci\u00f3 su famosa reflexi\u00f3n sobre conectar los puntos.\" src=\"https:\/\/okdiario.com\/techy\/wp-content\/uploads\/2026\/04\/steve-jobs-stanford-2005-discurso-conectar-puntos.jpg\" srcset=\"https:\/\/okdiario.com\/techy\/wp-content\/uploads\/2026\/04\/steve-jobs-stanford-2005-discurso-conectar-puntos.jpg 1800w, https:\/\/okdiario.com\/techy\/wp-content\/uploads\/2026\/04\/steve-jobs-stanford-2005-discurso-conectar-puntos-300x169.jpg 300w, https:\/\/okdiario.com\/techy\/wp-content\/uploads\/2026\/04\/steve-jobs-stanford-2005-discurso-conectar-puntos-768x432.jpg 768w, https:\/\/okdiario.com\/techy\/wp-content\/uploads\/2026\/04\/steve-jobs-stanford-2005-discurso-conectar-puntos-1536x864.jpg 1536w, https:\/\/okdiario.com\/techy\/wp-content\/uploads\/2026\/04\/steve-jobs-stanford-2005-discurso-conectar-puntos-150x84.jpg 150w\" sizes=\"auto, (max-width: 1800px) 100vw, 1800px\" title=\"\"><\/a>\n<\/div>\n\n\n\n<div class=\"gb-element-61936655\">\n<h2 class=\"gb-text gb-text-65454d3f\"><a href=\"https:\/\/okdiario.com\/techy\/la-reflexion-de-steve-jobs-que-repiten-cada-dia-las-personas-de-exito-no-se-pueden-conectar-los-puntos-mirando-hacia-delante-solo-puedes-hacerlo-hacia-atras\/3260\/\">La reflexi\u00f3n de Steve Jobs que repiten cada d\u00eda las personas de \u00e9xito: \u00abNo se pueden conectar los puntos mirando hacia delante, s\u00f3lo puedes hacerlo hacia atr\u00e1s\u00bb<\/a><\/h2>\n\n\n\n<div class=\"gb-element-9fec5a66\">\n<div class=\"gb-text-bcca2499\"><span class=\"gb-text\">Adrian Villellas<\/span><span class=\"gb-shape\"><svg viewBox=\"0 0 24 24\"><path d=\"M23,12L20.56,9.22L20.9,5.54L17.29,4.72L15.4,1.54L12,3L8.6,1.54L6.71,4.72L3.1,5.53L3.44,9.21L1,12L3.44,14.78L3.1,18.47L6.71,19.29L8.6,22.47L12,21L15.4,22.46L17.29,19.28L20.9,18.46L20.56,14.78L23,12M10,17L6,13L7.41,11.59L10,14.17L16.59,7.58L18,9L10,17Z\"><\/path><\/svg><\/span><\/div>\n\n\n\n<div class=\"gb-text gb-text-34f2ac2a\">|<\/div>\n\n\n\n<div class=\"gb-text-deb8bb05\"><span class=\"gb-shape\"><svg aria-hidden=\"true\" role=\"img\" height=\"1em\" width=\"1em\" viewBox=\"0 0 512 512\" xmlns=\"http:\/\/www.w3.org\/2000\/svg\"><path fill=\"currentColor\" d=\"M256 8C119 8 8 119 8 256s111 248 248 248 248-111 248-248S393 8 256 8zm0 448c-110.5 0-200-89.5-200-200S145.5 56 256 56s200 89.5 200 200-89.5 200-200 200zm61.8-104.4l-84.9-61.7c-3.1-2.3-4.9-5.9-4.9-9.7V116c0-6.6 5.4-12 12-12h32c6.6 0 12 5.4 12 12v141.7l66.8 48.6c5.4 3.9 6.5 11.4 2.6 16.8L334.6 349c-3.9 5.3-11.4 6.5-16.8 2.6z\"><\/path><\/svg><\/span><span class=\"gb-text\">26 de abril de 2026 a las 15:34<\/span><\/div>\n<\/div>\n\n\n\n<p class=\"gb-text gb-text-853f3b47\">Las frases de Steve Jobs siguen apareciendo en aulas, reuniones y perfiles de LinkedIn. Pero&#8230;..<\/p>\n<\/div>\n<\/div>\n\n<div class=\"gb-loop-item gb-loop-item-3ffc365c post-3284 post type-post status-publish format-standard has-post-thumbnail hentry category-actualidad resize-featured-image\">\n<div class=\"gb-element-eeb3be5b\">\n<a href=\"https:\/\/okdiario.com\/techy\/la-psicologia-dice-que-las-personas-que-no-interactuan-en-redes-sociales-muestran-niveles-mas-bajos-de-ansiedad-y-mantienen-el-control-de-la-narrativa\/3284\/\"><img loading=\"lazy\" decoding=\"async\" width=\"1800\" height=\"1013\" data-media-id=\"3285\" class=\"gb-media-f7733f93\" alt=\"Personas mirando el m\u00f3vil en el metro sin interactuar en redes sociales, comportamiento tipo lurker asociado a menor ansiedad.\" src=\"https:\/\/okdiario.com\/techy\/wp-content\/uploads\/2026\/04\/personas-scroll-redes-sociales-sin-interactuar-ansiedad.jpg\" srcset=\"https:\/\/okdiario.com\/techy\/wp-content\/uploads\/2026\/04\/personas-scroll-redes-sociales-sin-interactuar-ansiedad.jpg 1800w, https:\/\/okdiario.com\/techy\/wp-content\/uploads\/2026\/04\/personas-scroll-redes-sociales-sin-interactuar-ansiedad-300x169.jpg 300w, https:\/\/okdiario.com\/techy\/wp-content\/uploads\/2026\/04\/personas-scroll-redes-sociales-sin-interactuar-ansiedad-768x432.jpg 768w, https:\/\/okdiario.com\/techy\/wp-content\/uploads\/2026\/04\/personas-scroll-redes-sociales-sin-interactuar-ansiedad-1536x864.jpg 1536w, https:\/\/okdiario.com\/techy\/wp-content\/uploads\/2026\/04\/personas-scroll-redes-sociales-sin-interactuar-ansiedad-150x84.jpg 150w\" sizes=\"auto, (max-width: 1800px) 100vw, 1800px\" title=\"\"><\/a>\n<\/div>\n\n\n\n<div class=\"gb-element-61936655\">\n<h2 class=\"gb-text gb-text-65454d3f\"><a href=\"https:\/\/okdiario.com\/techy\/la-psicologia-dice-que-las-personas-que-no-interactuan-en-redes-sociales-muestran-niveles-mas-bajos-de-ansiedad-y-mantienen-el-control-de-la-narrativa\/3284\/\">La psicolog\u00eda dice que las personas que no interact\u00faan en redes sociales muestran niveles m\u00e1s bajos de ansiedad y mantienen el control de la narrativa<\/a><\/h2>\n\n\n\n<div class=\"gb-element-9fec5a66\">\n<div class=\"gb-text-bcca2499\"><span class=\"gb-text\">Adrian Villellas<\/span><span class=\"gb-shape\"><svg viewBox=\"0 0 24 24\"><path d=\"M23,12L20.56,9.22L20.9,5.54L17.29,4.72L15.4,1.54L12,3L8.6,1.54L6.71,4.72L3.1,5.53L3.44,9.21L1,12L3.44,14.78L3.1,18.47L6.71,19.29L8.6,22.47L12,21L15.4,22.46L17.29,19.28L20.9,18.46L20.56,14.78L23,12M10,17L6,13L7.41,11.59L10,14.17L16.59,7.58L18,9L10,17Z\"><\/path><\/svg><\/span><\/div>\n\n\n\n<div class=\"gb-text gb-text-34f2ac2a\">|<\/div>\n\n\n\n<div class=\"gb-text-deb8bb05\"><span class=\"gb-shape\"><svg aria-hidden=\"true\" role=\"img\" height=\"1em\" width=\"1em\" viewBox=\"0 0 512 512\" xmlns=\"http:\/\/www.w3.org\/2000\/svg\"><path fill=\"currentColor\" d=\"M256 8C119 8 8 119 8 256s111 248 248 248 248-111 248-248S393 8 256 8zm0 448c-110.5 0-200-89.5-200-200S145.5 56 256 56s200 89.5 200 200-89.5 200-200 200zm61.8-104.4l-84.9-61.7c-3.1-2.3-4.9-5.9-4.9-9.7V116c0-6.6 5.4-12 12-12h32c6.6 0 12 5.4 12 12v141.7l66.8 48.6c5.4 3.9 6.5 11.4 2.6 16.8L334.6 349c-3.9 5.3-11.4 6.5-16.8 2.6z\"><\/path><\/svg><\/span><span class=\"gb-text\">25 de abril de 2026 a las 18:42<\/span><\/div>\n<\/div>\n\n\n\n<p class=\"gb-text gb-text-853f3b47\">Seguro que has visto la escena en una cafeter\u00eda o en el metro. Alguien desliza&#8230;..<\/p>\n<\/div>\n<\/div>\n\n<div class=\"gb-loop-item gb-loop-item-3ffc365c post-3207 post type-post status-publish format-standard has-post-thumbnail hentry category-actualidad resize-featured-image\">\n<div class=\"gb-element-eeb3be5b\">\n<a href=\"https:\/\/okdiario.com\/techy\/panico-en-el-mercado-de-servidores-la-escasez-de-componentes-electronicos-basicos-va-a-provocar-un-apagon-en-las-entregas\/3207\/\"><img loading=\"lazy\" decoding=\"async\" width=\"1800\" height=\"1013\" data-media-id=\"3208\" class=\"gb-media-f7733f93\" alt=\"Centro de datos con servidores en funcionamiento afectado por la escasez de componentes en 2026.\" src=\"https:\/\/okdiario.com\/techy\/wp-content\/uploads\/2026\/04\/escasez-componentes-servidores-ia-2026.jpg\" srcset=\"https:\/\/okdiario.com\/techy\/wp-content\/uploads\/2026\/04\/escasez-componentes-servidores-ia-2026.jpg 1800w, https:\/\/okdiario.com\/techy\/wp-content\/uploads\/2026\/04\/escasez-componentes-servidores-ia-2026-300x169.jpg 300w, https:\/\/okdiario.com\/techy\/wp-content\/uploads\/2026\/04\/escasez-componentes-servidores-ia-2026-768x432.jpg 768w, https:\/\/okdiario.com\/techy\/wp-content\/uploads\/2026\/04\/escasez-componentes-servidores-ia-2026-1536x864.jpg 1536w, https:\/\/okdiario.com\/techy\/wp-content\/uploads\/2026\/04\/escasez-componentes-servidores-ia-2026-150x84.jpg 150w\" sizes=\"auto, (max-width: 1800px) 100vw, 1800px\" title=\"\"><\/a>\n<\/div>\n\n\n\n<div class=\"gb-element-61936655\">\n<h2 class=\"gb-text gb-text-65454d3f\"><a href=\"https:\/\/okdiario.com\/techy\/panico-en-el-mercado-de-servidores-la-escasez-de-componentes-electronicos-basicos-va-a-provocar-un-apagon-en-las-entregas\/3207\/\">P\u00e1nico en el mercado de servidores: la escasez de componentes electr\u00f3nicos b\u00e1sicos va a provocar un apag\u00f3n en las entregas<\/a><\/h2>\n\n\n\n<div class=\"gb-element-9fec5a66\">\n<div class=\"gb-text-bcca2499\"><span class=\"gb-text\">Adrian Villellas<\/span><span class=\"gb-shape\"><svg viewBox=\"0 0 24 24\"><path d=\"M23,12L20.56,9.22L20.9,5.54L17.29,4.72L15.4,1.54L12,3L8.6,1.54L6.71,4.72L3.1,5.53L3.44,9.21L1,12L3.44,14.78L3.1,18.47L6.71,19.29L8.6,22.47L12,21L15.4,22.46L17.29,19.28L20.9,18.46L20.56,14.78L23,12M10,17L6,13L7.41,11.59L10,14.17L16.59,7.58L18,9L10,17Z\"><\/path><\/svg><\/span><\/div>\n\n\n\n<div class=\"gb-text gb-text-34f2ac2a\">|<\/div>\n\n\n\n<div class=\"gb-text-deb8bb05\"><span class=\"gb-shape\"><svg aria-hidden=\"true\" role=\"img\" height=\"1em\" width=\"1em\" viewBox=\"0 0 512 512\" xmlns=\"http:\/\/www.w3.org\/2000\/svg\"><path fill=\"currentColor\" d=\"M256 8C119 8 8 119 8 256s111 248 248 248 248-111 248-248S393 8 256 8zm0 448c-110.5 0-200-89.5-200-200S145.5 56 256 56s200 89.5 200 200-89.5 200-200 200zm61.8-104.4l-84.9-61.7c-3.1-2.3-4.9-5.9-4.9-9.7V116c0-6.6 5.4-12 12-12h32c6.6 0 12 5.4 12 12v141.7l66.8 48.6c5.4 3.9 6.5 11.4 2.6 16.8L334.6 349c-3.9 5.3-11.4 6.5-16.8 2.6z\"><\/path><\/svg><\/span><span class=\"gb-text\">23 de abril de 2026 a las 20:41<\/span><\/div>\n<\/div>\n\n\n\n<p class=\"gb-text gb-text-853f3b47\">El mercado de servidores sigue creciendo, empujado por la inteligencia artificial, pero en 2026 se&#8230;..<\/p>\n<\/div>\n<\/div>\n\n<div class=\"gb-loop-item gb-loop-item-3ffc365c post-3196 post type-post status-publish format-standard has-post-thumbnail hentry category-actualidad resize-featured-image\">\n<div class=\"gb-element-eeb3be5b\">\n<a href=\"https:\/\/okdiario.com\/techy\/hace-anos-que-meta-deberia-haberlo-hecho-pero-por-fin-se-confirma-messenger-de-facebook-desaparece-para-siempre-y-asi-va-a-ser-el-chat-a-partir-de-ahora\/3196\/\"><img loading=\"lazy\" decoding=\"async\" width=\"1800\" height=\"1013\" data-media-id=\"3197\" class=\"gb-media-f7733f93\" alt=\"Messenger en navegador con messenger.com antes de su desaparici\u00f3n y traslado a Facebook Messages.\" src=\"https:\/\/okdiario.com\/techy\/wp-content\/uploads\/2026\/04\/messenger-desaparece-web-facebook-messages-2026.jpg\" srcset=\"https:\/\/okdiario.com\/techy\/wp-content\/uploads\/2026\/04\/messenger-desaparece-web-facebook-messages-2026.jpg 1800w, https:\/\/okdiario.com\/techy\/wp-content\/uploads\/2026\/04\/messenger-desaparece-web-facebook-messages-2026-300x169.jpg 300w, https:\/\/okdiario.com\/techy\/wp-content\/uploads\/2026\/04\/messenger-desaparece-web-facebook-messages-2026-768x432.jpg 768w, https:\/\/okdiario.com\/techy\/wp-content\/uploads\/2026\/04\/messenger-desaparece-web-facebook-messages-2026-1536x864.jpg 1536w, https:\/\/okdiario.com\/techy\/wp-content\/uploads\/2026\/04\/messenger-desaparece-web-facebook-messages-2026-150x84.jpg 150w\" sizes=\"auto, (max-width: 1800px) 100vw, 1800px\" title=\"\"><\/a>\n<\/div>\n\n\n\n<div class=\"gb-element-61936655\">\n<h2 class=\"gb-text gb-text-65454d3f\"><a href=\"https:\/\/okdiario.com\/techy\/hace-anos-que-meta-deberia-haberlo-hecho-pero-por-fin-se-confirma-messenger-de-facebook-desaparece-para-siempre-y-asi-va-a-ser-el-chat-a-partir-de-ahora\/3196\/\">Hace a\u00f1os que Meta deber\u00eda haberlo hecho pero por fin se confirma: Messenger de Facebook desaparece para siempre y as\u00ed va a ser el chat a partir de ahora<\/a><\/h2>\n\n\n\n<div class=\"gb-element-9fec5a66\">\n<div class=\"gb-text-bcca2499\"><span class=\"gb-text\">Adrian Villellas<\/span><span class=\"gb-shape\"><svg viewBox=\"0 0 24 24\"><path d=\"M23,12L20.56,9.22L20.9,5.54L17.29,4.72L15.4,1.54L12,3L8.6,1.54L6.71,4.72L3.1,5.53L3.44,9.21L1,12L3.44,14.78L3.1,18.47L6.71,19.29L8.6,22.47L12,21L15.4,22.46L17.29,19.28L20.9,18.46L20.56,14.78L23,12M10,17L6,13L7.41,11.59L10,14.17L16.59,7.58L18,9L10,17Z\"><\/path><\/svg><\/span><\/div>\n\n\n\n<div class=\"gb-text gb-text-34f2ac2a\">|<\/div>\n\n\n\n<div class=\"gb-text-deb8bb05\"><span class=\"gb-shape\"><svg aria-hidden=\"true\" role=\"img\" height=\"1em\" width=\"1em\" viewBox=\"0 0 512 512\" xmlns=\"http:\/\/www.w3.org\/2000\/svg\"><path fill=\"currentColor\" d=\"M256 8C119 8 8 119 8 256s111 248 248 248 248-111 248-248S393 8 256 8zm0 448c-110.5 0-200-89.5-200-200S145.5 56 256 56s200 89.5 200 200-89.5 200-200 200zm61.8-104.4l-84.9-61.7c-3.1-2.3-4.9-5.9-4.9-9.7V116c0-6.6 5.4-12 12-12h32c6.6 0 12 5.4 12 12v141.7l66.8 48.6c5.4 3.9 6.5 11.4 2.6 16.8L334.6 349c-3.9 5.3-11.4 6.5-16.8 2.6z\"><\/path><\/svg><\/span><span class=\"gb-text\">23 de abril de 2026 a las 12:42<\/span><\/div>\n<\/div>\n\n\n\n<p class=\"gb-text gb-text-853f3b47\">Si estos d\u00edas abr\u00edas Messenger en el navegador, puede que te hayas llevado una sorpresa&#8230;&#8230;<\/p>\n<\/div>\n<\/div>\n\n<div class=\"gb-loop-item gb-loop-item-3ffc365c post-3193 post type-post status-publish format-standard has-post-thumbnail hentry category-actualidad resize-featured-image\">\n<div class=\"gb-element-eeb3be5b\">\n<a href=\"https:\/\/okdiario.com\/techy\/adios-al-whatsapp-que-conociamos-hasta-ahora-la-novedad-esta-empezando-a-llegar-a-los-moviles-y-los-usuarios-ya-opinan-de-liquid-glass\/3193\/\"><img loading=\"lazy\" decoding=\"async\" width=\"1800\" height=\"1013\" data-media-id=\"3194\" class=\"gb-media-f7733f93\" alt=\"WhatsApp en iPhone con nuevo dise\u00f1o Liquid Glass y barra inferior flotante transl\u00facida.\" src=\"https:\/\/okdiario.com\/techy\/wp-content\/uploads\/2026\/04\/whatsapp-liquid-glass-ios-barra-flotante-nuevo-diseno.jpg\" srcset=\"https:\/\/okdiario.com\/techy\/wp-content\/uploads\/2026\/04\/whatsapp-liquid-glass-ios-barra-flotante-nuevo-diseno.jpg 1800w, https:\/\/okdiario.com\/techy\/wp-content\/uploads\/2026\/04\/whatsapp-liquid-glass-ios-barra-flotante-nuevo-diseno-300x169.jpg 300w, https:\/\/okdiario.com\/techy\/wp-content\/uploads\/2026\/04\/whatsapp-liquid-glass-ios-barra-flotante-nuevo-diseno-768x432.jpg 768w, https:\/\/okdiario.com\/techy\/wp-content\/uploads\/2026\/04\/whatsapp-liquid-glass-ios-barra-flotante-nuevo-diseno-1536x864.jpg 1536w, https:\/\/okdiario.com\/techy\/wp-content\/uploads\/2026\/04\/whatsapp-liquid-glass-ios-barra-flotante-nuevo-diseno-150x84.jpg 150w\" sizes=\"auto, (max-width: 1800px) 100vw, 1800px\" title=\"\"><\/a>\n<\/div>\n\n\n\n<div class=\"gb-element-61936655\">\n<h2 class=\"gb-text gb-text-65454d3f\"><a href=\"https:\/\/okdiario.com\/techy\/adios-al-whatsapp-que-conociamos-hasta-ahora-la-novedad-esta-empezando-a-llegar-a-los-moviles-y-los-usuarios-ya-opinan-de-liquid-glass\/3193\/\">Adi\u00f3s al WhatsApp que conoc\u00edamos hasta ahora: la novedad est\u00e1 empezando a llegar a los m\u00f3viles y los usuarios ya opinan de Liquid Glass<\/a><\/h2>\n\n\n\n<div class=\"gb-element-9fec5a66\">\n<div class=\"gb-text-bcca2499\"><span class=\"gb-text\">Techy44<\/span><span class=\"gb-shape\"><svg viewBox=\"0 0 24 24\"><path d=\"M23,12L20.56,9.22L20.9,5.54L17.29,4.72L15.4,1.54L12,3L8.6,1.54L6.71,4.72L3.1,5.53L3.44,9.21L1,12L3.44,14.78L3.1,18.47L6.71,19.29L8.6,22.47L12,21L15.4,22.46L17.29,19.28L20.9,18.46L20.56,14.78L23,12M10,17L6,13L7.41,11.59L10,14.17L16.59,7.58L18,9L10,17Z\"><\/path><\/svg><\/span><\/div>\n\n\n\n<div class=\"gb-text gb-text-34f2ac2a\">|<\/div>\n\n\n\n<div class=\"gb-text-deb8bb05\"><span class=\"gb-shape\"><svg aria-hidden=\"true\" role=\"img\" height=\"1em\" width=\"1em\" viewBox=\"0 0 512 512\" xmlns=\"http:\/\/www.w3.org\/2000\/svg\"><path fill=\"currentColor\" d=\"M256 8C119 8 8 119 8 256s111 248 248 248 248-111 248-248S393 8 256 8zm0 448c-110.5 0-200-89.5-200-200S145.5 56 256 56s200 89.5 200 200-89.5 200-200 200zm61.8-104.4l-84.9-61.7c-3.1-2.3-4.9-5.9-4.9-9.7V116c0-6.6 5.4-12 12-12h32c6.6 0 12 5.4 12 12v141.7l66.8 48.6c5.4 3.9 6.5 11.4 2.6 16.8L334.6 349c-3.9 5.3-11.4 6.5-16.8 2.6z\"><\/path><\/svg><\/span><span class=\"gb-text\">23 de abril de 2026 a las 09:41<\/span><\/div>\n<\/div>\n\n\n\n<p class=\"gb-text gb-text-853f3b47\">Puede que abras WhatsApp para responder a un mensaje y notes algo raro, pero no&#8230;..<\/p>\n<\/div>\n<\/div>\n<\/div><\/div>\n<\/div>\n<\/div>\n\n\n\n<div class=\"gb-element-426c532a\">\n<div class=\"gb-element-3ec89a06\">\n<div class=\"gb-element-3ad17031\">\n<div class=\"gb-element-adcd43e6\">\n<div class=\"gb-element-017085a6\">\n<h2 class=\"gb-text gb-text-dab9d964\">Ciberseguridad<\/h2>\n<\/div>\n\n\n\n<div class=\"gb-element-274e69af\">\n<div>\n<div><div class=\"gb-looper-f76cf92c\">\n<div class=\"gb-loop-item post-3153 post type-post status-publish format-standard has-post-thumbnail hentry category-ciberseguridad resize-featured-image\">\n<a href=\"https:\/\/okdiario.com\/techy\/aviso-de-booking-a-los-que-estan-reservando-sus-vacaciones-filtrado-masivo-de-datos-y-como-ha-afectado-a-los-datos-financieros\/3153\/\"><img loading=\"lazy\" decoding=\"async\" width=\"1800\" height=\"1013\" data-media-id=\"3154\" class=\"gb-media-eb49d517\" alt=\"Logo de Booking tras el aviso de filtraci\u00f3n de datos en reservas y riesgo de estafas a usuarios.\" src=\"https:\/\/okdiario.com\/techy\/wp-content\/uploads\/2026\/04\/booking-filtracion-datos-reservas-phishing-2026.jpg\" srcset=\"https:\/\/okdiario.com\/techy\/wp-content\/uploads\/2026\/04\/booking-filtracion-datos-reservas-phishing-2026.jpg 1800w, https:\/\/okdiario.com\/techy\/wp-content\/uploads\/2026\/04\/booking-filtracion-datos-reservas-phishing-2026-300x169.jpg 300w, https:\/\/okdiario.com\/techy\/wp-content\/uploads\/2026\/04\/booking-filtracion-datos-reservas-phishing-2026-768x432.jpg 768w, https:\/\/okdiario.com\/techy\/wp-content\/uploads\/2026\/04\/booking-filtracion-datos-reservas-phishing-2026-1536x864.jpg 1536w, https:\/\/okdiario.com\/techy\/wp-content\/uploads\/2026\/04\/booking-filtracion-datos-reservas-phishing-2026-150x84.jpg 150w\" sizes=\"auto, (max-width: 1800px) 100vw, 1800px\" title=\"\"><\/a>\n\n\n\n<h2 class=\"gb-text gb-text-70d4ffe1\"><a href=\"https:\/\/okdiario.com\/techy\/aviso-de-booking-a-los-que-estan-reservando-sus-vacaciones-filtrado-masivo-de-datos-y-como-ha-afectado-a-los-datos-financieros\/3153\/\">Aviso de Booking a los que est\u00e1n reservando sus vacaciones: filtrado masivo de datos y c\u00f3mo ha afectado a los datos financieros<\/a><\/h2>\n\n\n\n<div class=\"gb-element-bb987ef4\">\n<div class=\"gb-text-6cdf2358\"><span class=\"gb-text\">Adrian Villellas<\/span><span class=\"gb-shape\"><svg viewBox=\"0 0 24 24\"><path d=\"M23,12L20.56,9.22L20.9,5.54L17.29,4.72L15.4,1.54L12,3L8.6,1.54L6.71,4.72L3.1,5.53L3.44,9.21L1,12L3.44,14.78L3.1,18.47L6.71,19.29L8.6,22.47L12,21L15.4,22.46L17.29,19.28L20.9,18.46L20.56,14.78L23,12M10,17L6,13L7.41,11.59L10,14.17L16.59,7.58L18,9L10,17Z\"><\/path><\/svg><\/span><\/div>\n\n\n\n<div class=\"gb-text gb-text-e050768d\">|<\/div>\n\n\n\n<div class=\"gb-text-c4f9d6a7\"><span class=\"gb-shape\"><svg aria-hidden=\"true\" role=\"img\" height=\"1em\" width=\"1em\" viewBox=\"0 0 512 512\" xmlns=\"http:\/\/www.w3.org\/2000\/svg\"><path fill=\"currentColor\" d=\"M256 8C119 8 8 119 8 256s111 248 248 248 248-111 248-248S393 8 256 8zm0 448c-110.5 0-200-89.5-200-200S145.5 56 256 56s200 89.5 200 200-89.5 200-200 200zm61.8-104.4l-84.9-61.7c-3.1-2.3-4.9-5.9-4.9-9.7V116c0-6.6 5.4-12 12-12h32c6.6 0 12 5.4 12 12v141.7l66.8 48.6c5.4 3.9 6.5 11.4 2.6 16.8L334.6 349c-3.9 5.3-11.4 6.5-16.8 2.6z\"><\/path><\/svg><\/span><span class=\"gb-text\">21 de abril de 2026 a las 09:42<\/span><\/div>\n<\/div>\n\n\n\n<p class=\"gb-text gb-text-70dbd6fb\">Si has reservado un hotel, imagina que te llega un mensaje con tus fechas y el nombre&#8230;..<\/p>\n<\/div>\n\n<div class=\"gb-loop-item post-3138 post type-post status-publish format-standard has-post-thumbnail hentry category-ciberseguridad resize-featured-image\">\n<a href=\"https:\/\/okdiario.com\/techy\/las-personas-que-buscan-esto-en-google-estan-en-serio-peligro-solo-6-palabras-para-caer-en-la-trampa-mas-peligrosa\/3138\/\"><img loading=\"lazy\" decoding=\"async\" width=\"1800\" height=\"1013\" data-media-id=\"3139\" class=\"gb-media-eb49d517\" alt=\"Persona buscando en Google desde el m\u00f3vil, riesgo de malware por resultados manipulados SEO poisoning.\" src=\"https:\/\/okdiario.com\/techy\/wp-content\/uploads\/2026\/04\/buscar-google-malware-seo-poisoning-peligro.jpg\" srcset=\"https:\/\/okdiario.com\/techy\/wp-content\/uploads\/2026\/04\/buscar-google-malware-seo-poisoning-peligro.jpg 1800w, https:\/\/okdiario.com\/techy\/wp-content\/uploads\/2026\/04\/buscar-google-malware-seo-poisoning-peligro-300x169.jpg 300w, https:\/\/okdiario.com\/techy\/wp-content\/uploads\/2026\/04\/buscar-google-malware-seo-poisoning-peligro-768x432.jpg 768w, https:\/\/okdiario.com\/techy\/wp-content\/uploads\/2026\/04\/buscar-google-malware-seo-poisoning-peligro-1536x864.jpg 1536w, https:\/\/okdiario.com\/techy\/wp-content\/uploads\/2026\/04\/buscar-google-malware-seo-poisoning-peligro-150x84.jpg 150w\" sizes=\"auto, (max-width: 1800px) 100vw, 1800px\" title=\"\"><\/a>\n\n\n\n<h2 class=\"gb-text gb-text-70d4ffe1\"><a href=\"https:\/\/okdiario.com\/techy\/las-personas-que-buscan-esto-en-google-estan-en-serio-peligro-solo-6-palabras-para-caer-en-la-trampa-mas-peligrosa\/3138\/\">Las personas que buscan esto en Google est\u00e1n en serio peligro: s\u00f3lo 6 palabras para caer en la trampa m\u00e1s peligrosa<\/a><\/h2>\n\n\n\n<div class=\"gb-element-bb987ef4\">\n<div class=\"gb-text-6cdf2358\"><span class=\"gb-text\">Techy44<\/span><span class=\"gb-shape\"><svg viewBox=\"0 0 24 24\"><path d=\"M23,12L20.56,9.22L20.9,5.54L17.29,4.72L15.4,1.54L12,3L8.6,1.54L6.71,4.72L3.1,5.53L3.44,9.21L1,12L3.44,14.78L3.1,18.47L6.71,19.29L8.6,22.47L12,21L15.4,22.46L17.29,19.28L20.9,18.46L20.56,14.78L23,12M10,17L6,13L7.41,11.59L10,14.17L16.59,7.58L18,9L10,17Z\"><\/path><\/svg><\/span><\/div>\n\n\n\n<div class=\"gb-text gb-text-e050768d\">|<\/div>\n\n\n\n<div class=\"gb-text-c4f9d6a7\"><span class=\"gb-shape\"><svg aria-hidden=\"true\" role=\"img\" height=\"1em\" width=\"1em\" viewBox=\"0 0 512 512\" xmlns=\"http:\/\/www.w3.org\/2000\/svg\"><path fill=\"currentColor\" d=\"M256 8C119 8 8 119 8 256s111 248 248 248 248-111 248-248S393 8 256 8zm0 448c-110.5 0-200-89.5-200-200S145.5 56 256 56s200 89.5 200 200-89.5 200-200 200zm61.8-104.4l-84.9-61.7c-3.1-2.3-4.9-5.9-4.9-9.7V116c0-6.6 5.4-12 12-12h32c6.6 0 12 5.4 12 12v141.7l66.8 48.6c5.4 3.9 6.5 11.4 2.6 16.8L334.6 349c-3.9 5.3-11.4 6.5-16.8 2.6z\"><\/path><\/svg><\/span><span class=\"gb-text\">20 de abril de 2026 a las 18:42<\/span><\/div>\n<\/div>\n\n\n\n<p class=\"gb-text gb-text-70dbd6fb\">Buscar en Google parece lo m\u00e1s inocente del mundo. Lo haces en el m\u00f3vil mientras esperas el&#8230;..<\/p>\n<\/div>\n<\/div><\/div>\n<\/div>\n\n\n\n<div>\n<div><div class=\"gb-looper-94714ce5\">\n<div class=\"gb-loop-item gb-loop-item-cea3d348 post-3014 post type-post status-publish format-standard has-post-thumbnail hentry category-ciberseguridad resize-featured-image\">\n<div class=\"gb-element-29102610\">\n<a href=\"https:\/\/okdiario.com\/techy\/alerta-de-ciberseguridad-en-los-moviles-android-un-virus-ha-infectado-23-millones-de-moviles-y-esta-robando-datos-de-whatsapp\/3014\/\"><img loading=\"lazy\" decoding=\"async\" width=\"1800\" height=\"1013\" data-media-id=\"3015\" class=\"gb-media-299c265a\" alt=\"Persona usando WhatsApp en un m\u00f3vil Android vulnerable a virus que roba datos personales.\" src=\"https:\/\/okdiario.com\/techy\/wp-content\/uploads\/2026\/04\/virus-android-novoice-robo-datos-whatsapp.jpg\" srcset=\"https:\/\/okdiario.com\/techy\/wp-content\/uploads\/2026\/04\/virus-android-novoice-robo-datos-whatsapp.jpg 1800w, https:\/\/okdiario.com\/techy\/wp-content\/uploads\/2026\/04\/virus-android-novoice-robo-datos-whatsapp-300x169.jpg 300w, https:\/\/okdiario.com\/techy\/wp-content\/uploads\/2026\/04\/virus-android-novoice-robo-datos-whatsapp-768x432.jpg 768w, https:\/\/okdiario.com\/techy\/wp-content\/uploads\/2026\/04\/virus-android-novoice-robo-datos-whatsapp-1536x864.jpg 1536w, https:\/\/okdiario.com\/techy\/wp-content\/uploads\/2026\/04\/virus-android-novoice-robo-datos-whatsapp-150x84.jpg 150w\" sizes=\"auto, (max-width: 1800px) 100vw, 1800px\" title=\"\"><\/a>\n<\/div>\n\n\n\n<div class=\"gb-element-83b1ac17\">\n<h2 class=\"gb-text gb-text-09ae82b4\"><a href=\"https:\/\/okdiario.com\/techy\/alerta-de-ciberseguridad-en-los-moviles-android-un-virus-ha-infectado-23-millones-de-moviles-y-esta-robando-datos-de-whatsapp\/3014\/\">Alerta de ciberseguridad en los m\u00f3viles Android: un virus ha infectado 2,3 millones de m\u00f3viles y est\u00e1 robando datos de WhatsApp<\/a><\/h2>\n\n\n\n<div class=\"gb-text-6855b9f0\"><span class=\"gb-shape\"><svg aria-hidden=\"true\" role=\"img\" height=\"1em\" width=\"1em\" viewBox=\"0 0 512 512\" xmlns=\"http:\/\/www.w3.org\/2000\/svg\"><path fill=\"currentColor\" d=\"M256 8C119 8 8 119 8 256s111 248 248 248 248-111 248-248S393 8 256 8zm0 448c-110.5 0-200-89.5-200-200S145.5 56 256 56s200 89.5 200 200-89.5 200-200 200zm61.8-104.4l-84.9-61.7c-3.1-2.3-4.9-5.9-4.9-9.7V116c0-6.6 5.4-12 12-12h32c6.6 0 12 5.4 12 12v141.7l66.8 48.6c5.4 3.9 6.5 11.4 2.6 16.8L334.6 349c-3.9 5.3-11.4 6.5-16.8 2.6z\"><\/path><\/svg><\/span><span class=\"gb-text\">14 de abril de 2026 a las 15:31<\/span><\/div>\n<\/div>\n<\/div>\n\n<div class=\"gb-loop-item gb-loop-item-cea3d348 post-2950 post type-post status-publish format-standard has-post-thumbnail hentry category-ciberseguridad resize-featured-image\">\n<div class=\"gb-element-29102610\">\n<a href=\"https:\/\/okdiario.com\/techy\/alerta-critica-de-seguridad-en-iphone-apple-confirma-los-ataques-a-estas-versiones-de-ios-y-la-solucion-es-mas-sencilla-de-lo-que-parece\/2950\/\"><img loading=\"lazy\" decoding=\"async\" width=\"1800\" height=\"1013\" data-media-id=\"2951\" class=\"gb-media-299c265a\" alt=\"iPhone con fallo de seguridad en iOS que requiere actualizaci\u00f3n urgente del sistema.\" src=\"https:\/\/okdiario.com\/techy\/wp-content\/uploads\/2026\/04\/alerta-seguridad-iphone-actualizacion-ios-critica.jpg\" srcset=\"https:\/\/okdiario.com\/techy\/wp-content\/uploads\/2026\/04\/alerta-seguridad-iphone-actualizacion-ios-critica.jpg 1800w, https:\/\/okdiario.com\/techy\/wp-content\/uploads\/2026\/04\/alerta-seguridad-iphone-actualizacion-ios-critica-300x169.jpg 300w, https:\/\/okdiario.com\/techy\/wp-content\/uploads\/2026\/04\/alerta-seguridad-iphone-actualizacion-ios-critica-768x432.jpg 768w, https:\/\/okdiario.com\/techy\/wp-content\/uploads\/2026\/04\/alerta-seguridad-iphone-actualizacion-ios-critica-1536x864.jpg 1536w, https:\/\/okdiario.com\/techy\/wp-content\/uploads\/2026\/04\/alerta-seguridad-iphone-actualizacion-ios-critica-150x84.jpg 150w\" sizes=\"auto, (max-width: 1800px) 100vw, 1800px\" title=\"\"><\/a>\n<\/div>\n\n\n\n<div class=\"gb-element-83b1ac17\">\n<h2 class=\"gb-text gb-text-09ae82b4\"><a href=\"https:\/\/okdiario.com\/techy\/alerta-critica-de-seguridad-en-iphone-apple-confirma-los-ataques-a-estas-versiones-de-ios-y-la-solucion-es-mas-sencilla-de-lo-que-parece\/2950\/\">Alerta cr\u00edtica de seguridad en iPhone: Apple confirma los ataques a estas versiones de iOS y la soluci\u00f3n es m\u00e1s sencilla de lo que parece<\/a><\/h2>\n\n\n\n<div class=\"gb-text-6855b9f0\"><span class=\"gb-shape\"><svg aria-hidden=\"true\" role=\"img\" height=\"1em\" width=\"1em\" viewBox=\"0 0 512 512\" xmlns=\"http:\/\/www.w3.org\/2000\/svg\"><path fill=\"currentColor\" d=\"M256 8C119 8 8 119 8 256s111 248 248 248 248-111 248-248S393 8 256 8zm0 448c-110.5 0-200-89.5-200-200S145.5 56 256 56s200 89.5 200 200-89.5 200-200 200zm61.8-104.4l-84.9-61.7c-3.1-2.3-4.9-5.9-4.9-9.7V116c0-6.6 5.4-12 12-12h32c6.6 0 12 5.4 12 12v141.7l66.8 48.6c5.4 3.9 6.5 11.4 2.6 16.8L334.6 349c-3.9 5.3-11.4 6.5-16.8 2.6z\"><\/path><\/svg><\/span><span class=\"gb-text\">11 de abril de 2026 a las 15:32<\/span><\/div>\n<\/div>\n<\/div>\n\n<div class=\"gb-loop-item gb-loop-item-cea3d348 post-2917 post type-post status-publish format-standard has-post-thumbnail hentry category-ciberseguridad resize-featured-image\">\n<div class=\"gb-element-29102610\">\n<a href=\"https:\/\/okdiario.com\/techy\/es-oficial-google-escucha-todas-tus-conversaciones-y-esto-es-lo-que-tienes-que-hacer-para-proteger-tu-privacidad\/2917\/\"><img loading=\"lazy\" decoding=\"async\" width=\"1800\" height=\"1013\" data-media-id=\"2918\" class=\"gb-media-299c265a\" alt=\"Ajustes de privacidad en Google Assistant en un m\u00f3vil Android con opciones de actividad de voz y audio.\" src=\"https:\/\/okdiario.com\/techy\/wp-content\/uploads\/2026\/04\/google-escucha-conversaciones-como-desactivar-grabaciones-android.jpg\" srcset=\"https:\/\/okdiario.com\/techy\/wp-content\/uploads\/2026\/04\/google-escucha-conversaciones-como-desactivar-grabaciones-android.jpg 1800w, https:\/\/okdiario.com\/techy\/wp-content\/uploads\/2026\/04\/google-escucha-conversaciones-como-desactivar-grabaciones-android-300x169.jpg 300w, https:\/\/okdiario.com\/techy\/wp-content\/uploads\/2026\/04\/google-escucha-conversaciones-como-desactivar-grabaciones-android-768x432.jpg 768w, https:\/\/okdiario.com\/techy\/wp-content\/uploads\/2026\/04\/google-escucha-conversaciones-como-desactivar-grabaciones-android-1536x864.jpg 1536w, https:\/\/okdiario.com\/techy\/wp-content\/uploads\/2026\/04\/google-escucha-conversaciones-como-desactivar-grabaciones-android-150x84.jpg 150w\" sizes=\"auto, (max-width: 1800px) 100vw, 1800px\" title=\"\"><\/a>\n<\/div>\n\n\n\n<div class=\"gb-element-83b1ac17\">\n<h2 class=\"gb-text gb-text-09ae82b4\"><a href=\"https:\/\/okdiario.com\/techy\/es-oficial-google-escucha-todas-tus-conversaciones-y-esto-es-lo-que-tienes-que-hacer-para-proteger-tu-privacidad\/2917\/\">Es oficial: Google escucha todas tus conversaciones y esto es lo que tienes que hacer para proteger tu privacidad<\/a><\/h2>\n\n\n\n<div class=\"gb-text-6855b9f0\"><span class=\"gb-shape\"><svg aria-hidden=\"true\" role=\"img\" height=\"1em\" width=\"1em\" viewBox=\"0 0 512 512\" xmlns=\"http:\/\/www.w3.org\/2000\/svg\"><path fill=\"currentColor\" d=\"M256 8C119 8 8 119 8 256s111 248 248 248 248-111 248-248S393 8 256 8zm0 448c-110.5 0-200-89.5-200-200S145.5 56 256 56s200 89.5 200 200-89.5 200-200 200zm61.8-104.4l-84.9-61.7c-3.1-2.3-4.9-5.9-4.9-9.7V116c0-6.6 5.4-12 12-12h32c6.6 0 12 5.4 12 12v141.7l66.8 48.6c5.4 3.9 6.5 11.4 2.6 16.8L334.6 349c-3.9 5.3-11.4 6.5-16.8 2.6z\"><\/path><\/svg><\/span><span class=\"gb-text\">9 de abril de 2026 a las 18:44<\/span><\/div>\n<\/div>\n<\/div>\n\n<div class=\"gb-loop-item gb-loop-item-cea3d348 post-2866 post type-post status-publish format-standard has-post-thumbnail hentry category-ciberseguridad resize-featured-image\">\n<div class=\"gb-element-29102610\">\n<a href=\"https:\/\/okdiario.com\/techy\/hackean-el-mail-del-jefe-del-fbi-y-las-imagenes-que-encuentran-son-lo-que-nadie-querria-que-saliera-a-la-luz-10-millones-de-recompensa-por-encontrar-a-los-culpables\/2866\/\"><img loading=\"lazy\" decoding=\"async\" width=\"1800\" height=\"1013\" data-media-id=\"2867\" class=\"gb-media-299c265a\" alt=\"Kash Patel director del FBI en retrato oficial tras el hackeo de su correo personal y filtraci\u00f3n de datos.\" src=\"https:\/\/okdiario.com\/techy\/wp-content\/uploads\/2026\/04\/hackeo-fbi-kash-patel-correos-filtrados.jpg\" srcset=\"https:\/\/okdiario.com\/techy\/wp-content\/uploads\/2026\/04\/hackeo-fbi-kash-patel-correos-filtrados.jpg 1800w, https:\/\/okdiario.com\/techy\/wp-content\/uploads\/2026\/04\/hackeo-fbi-kash-patel-correos-filtrados-300x169.jpg 300w, https:\/\/okdiario.com\/techy\/wp-content\/uploads\/2026\/04\/hackeo-fbi-kash-patel-correos-filtrados-768x432.jpg 768w, https:\/\/okdiario.com\/techy\/wp-content\/uploads\/2026\/04\/hackeo-fbi-kash-patel-correos-filtrados-1536x864.jpg 1536w, https:\/\/okdiario.com\/techy\/wp-content\/uploads\/2026\/04\/hackeo-fbi-kash-patel-correos-filtrados-150x84.jpg 150w\" sizes=\"auto, (max-width: 1800px) 100vw, 1800px\" title=\"\"><\/a>\n<\/div>\n\n\n\n<div class=\"gb-element-83b1ac17\">\n<h2 class=\"gb-text gb-text-09ae82b4\"><a href=\"https:\/\/okdiario.com\/techy\/hackean-el-mail-del-jefe-del-fbi-y-las-imagenes-que-encuentran-son-lo-que-nadie-querria-que-saliera-a-la-luz-10-millones-de-recompensa-por-encontrar-a-los-culpables\/2866\/\">Hackean el mail del jefe del FBI y las im\u00e1genes que encuentran son lo que nadie querr\u00eda que saliera a la luz: 10 millones de recompensa por encontrar a los culpables<\/a><\/h2>\n\n\n\n<div class=\"gb-text-6855b9f0\"><span class=\"gb-shape\"><svg aria-hidden=\"true\" role=\"img\" height=\"1em\" width=\"1em\" viewBox=\"0 0 512 512\" xmlns=\"http:\/\/www.w3.org\/2000\/svg\"><path fill=\"currentColor\" d=\"M256 8C119 8 8 119 8 256s111 248 248 248 248-111 248-248S393 8 256 8zm0 448c-110.5 0-200-89.5-200-200S145.5 56 256 56s200 89.5 200 200-89.5 200-200 200zm61.8-104.4l-84.9-61.7c-3.1-2.3-4.9-5.9-4.9-9.7V116c0-6.6 5.4-12 12-12h32c6.6 0 12 5.4 12 12v141.7l66.8 48.6c5.4 3.9 6.5 11.4 2.6 16.8L334.6 349c-3.9 5.3-11.4 6.5-16.8 2.6z\"><\/path><\/svg><\/span><span class=\"gb-text\">7 de abril de 2026 a las 08:01<\/span><\/div>\n<\/div>\n<\/div>\n\n<div class=\"gb-loop-item gb-loop-item-cea3d348 post-2851 post type-post status-publish format-standard has-post-thumbnail hentry category-ciberseguridad resize-featured-image\">\n<div class=\"gb-element-29102610\">\n<a href=\"https:\/\/okdiario.com\/techy\/expertos-confirman-que-envolver-la-tarjeta-de-credito-en-papel-de-aluminio-crea-una-jaula-de-faraday-que-bloquea-ondas-y-evita-robos-y-fraudes\/2851\/\"><img loading=\"lazy\" decoding=\"async\" width=\"1800\" height=\"1013\" data-media-id=\"2862\" class=\"gb-media-299c265a\" alt=\"Expertos confirman que envolver la tarjeta de credito en papel de aluminio crea una jaula de Faraday que bloquea ondas y evita robos y fraudes\" src=\"https:\/\/okdiario.com\/techy\/wp-content\/uploads\/2026\/04\/envolver-tarjeta-credito-papel-aluminio.jpg\" srcset=\"https:\/\/okdiario.com\/techy\/wp-content\/uploads\/2026\/04\/envolver-tarjeta-credito-papel-aluminio.jpg 1800w, https:\/\/okdiario.com\/techy\/wp-content\/uploads\/2026\/04\/envolver-tarjeta-credito-papel-aluminio-300x169.jpg 300w, https:\/\/okdiario.com\/techy\/wp-content\/uploads\/2026\/04\/envolver-tarjeta-credito-papel-aluminio-768x432.jpg 768w, https:\/\/okdiario.com\/techy\/wp-content\/uploads\/2026\/04\/envolver-tarjeta-credito-papel-aluminio-1536x864.jpg 1536w, https:\/\/okdiario.com\/techy\/wp-content\/uploads\/2026\/04\/envolver-tarjeta-credito-papel-aluminio-150x84.jpg 150w\" sizes=\"auto, (max-width: 1800px) 100vw, 1800px\" title=\"\"><\/a>\n<\/div>\n\n\n\n<div class=\"gb-element-83b1ac17\">\n<h2 class=\"gb-text gb-text-09ae82b4\"><a href=\"https:\/\/okdiario.com\/techy\/expertos-confirman-que-envolver-la-tarjeta-de-credito-en-papel-de-aluminio-crea-una-jaula-de-faraday-que-bloquea-ondas-y-evita-robos-y-fraudes\/2851\/\">Expertos confirman que envolver la tarjeta de credito en papel de aluminio crea una jaula de Faraday que bloquea ondas y evita robos y fraudes<\/a><\/h2>\n\n\n\n<div class=\"gb-text-6855b9f0\"><span class=\"gb-shape\"><svg aria-hidden=\"true\" role=\"img\" height=\"1em\" width=\"1em\" viewBox=\"0 0 512 512\" xmlns=\"http:\/\/www.w3.org\/2000\/svg\"><path fill=\"currentColor\" d=\"M256 8C119 8 8 119 8 256s111 248 248 248 248-111 248-248S393 8 256 8zm0 448c-110.5 0-200-89.5-200-200S145.5 56 256 56s200 89.5 200 200-89.5 200-200 200zm61.8-104.4l-84.9-61.7c-3.1-2.3-4.9-5.9-4.9-9.7V116c0-6.6 5.4-12 12-12h32c6.6 0 12 5.4 12 12v141.7l66.8 48.6c5.4 3.9 6.5 11.4 2.6 16.8L334.6 349c-3.9 5.3-11.4 6.5-16.8 2.6z\"><\/path><\/svg><\/span><span class=\"gb-text\">3 de abril de 2026 a las 20:41<\/span><\/div>\n<\/div>\n<\/div>\n\n<div class=\"gb-loop-item gb-loop-item-cea3d348 post-2830 post type-post status-publish format-standard has-post-thumbnail hentry category-ciberseguridad resize-featured-image\">\n<div class=\"gb-element-29102610\">\n<a href=\"https:\/\/okdiario.com\/techy\/la-ia-de-meta-engana-a-un-empleado-y-activa-un-peligrosa-alerta-de-seguridad-que-pudo-acabar-con-una-empresa\/2830\/\"><img loading=\"lazy\" decoding=\"async\" width=\"1800\" height=\"1013\" data-media-id=\"2831\" class=\"gb-media-299c265a\" alt=\"Logo de Meta AI tras el fallo de un agente de inteligencia artificial que provoc\u00f3 accesos indebidos en la empresa.\" src=\"https:\/\/okdiario.com\/techy\/wp-content\/uploads\/2026\/04\/meta-ia-fallo-seguridad-agente-accesos-indebidos.jpg\" srcset=\"https:\/\/okdiario.com\/techy\/wp-content\/uploads\/2026\/04\/meta-ia-fallo-seguridad-agente-accesos-indebidos.jpg 1800w, https:\/\/okdiario.com\/techy\/wp-content\/uploads\/2026\/04\/meta-ia-fallo-seguridad-agente-accesos-indebidos-300x169.jpg 300w, https:\/\/okdiario.com\/techy\/wp-content\/uploads\/2026\/04\/meta-ia-fallo-seguridad-agente-accesos-indebidos-768x432.jpg 768w, https:\/\/okdiario.com\/techy\/wp-content\/uploads\/2026\/04\/meta-ia-fallo-seguridad-agente-accesos-indebidos-1536x864.jpg 1536w, https:\/\/okdiario.com\/techy\/wp-content\/uploads\/2026\/04\/meta-ia-fallo-seguridad-agente-accesos-indebidos-150x84.jpg 150w\" sizes=\"auto, (max-width: 1800px) 100vw, 1800px\" title=\"\"><\/a>\n<\/div>\n\n\n\n<div class=\"gb-element-83b1ac17\">\n<h2 class=\"gb-text gb-text-09ae82b4\"><a href=\"https:\/\/okdiario.com\/techy\/la-ia-de-meta-engana-a-un-empleado-y-activa-un-peligrosa-alerta-de-seguridad-que-pudo-acabar-con-una-empresa\/2830\/\">La IA de Meta enga\u00f1a a un empleado y activa un peligrosa alerta de seguridad que pudo acabar con una empresa<\/a><\/h2>\n\n\n\n<div class=\"gb-text-6855b9f0\"><span class=\"gb-shape\"><svg aria-hidden=\"true\" role=\"img\" height=\"1em\" width=\"1em\" viewBox=\"0 0 512 512\" xmlns=\"http:\/\/www.w3.org\/2000\/svg\"><path fill=\"currentColor\" d=\"M256 8C119 8 8 119 8 256s111 248 248 248 248-111 248-248S393 8 256 8zm0 448c-110.5 0-200-89.5-200-200S145.5 56 256 56s200 89.5 200 200-89.5 200-200 200zm61.8-104.4l-84.9-61.7c-3.1-2.3-4.9-5.9-4.9-9.7V116c0-6.6 5.4-12 12-12h32c6.6 0 12 5.4 12 12v141.7l66.8 48.6c5.4 3.9 6.5 11.4 2.6 16.8L334.6 349c-3.9 5.3-11.4 6.5-16.8 2.6z\"><\/path><\/svg><\/span><span class=\"gb-text\">2 de abril de 2026 a las 20:41<\/span><\/div>\n<\/div>\n<\/div>\n<\/div><\/div>\n<\/div>\n<\/div>\n<\/div>\n\n\n\n<div class=\"gb-element-cf4d0f94\">\n<div class=\"gb-element-8825ebab\">\n<h2 class=\"gb-text gb-text-cc926752\">Dispositivos<\/h2>\n<\/div>\n\n\n\n<div><div class=\"gb-looper-b2ecd048\">\n<div class=\"gb-loop-item gb-loop-item-7492bcaf post-3278 post type-post status-publish format-standard has-post-thumbnail hentry category-dispositivos resize-featured-image\">\n<div class=\"gb-element-511469c3\">\n<a href=\"https:\/\/okdiario.com\/techy\/cientificos-alemanes-revelan-la-lista-de-los-moviles-que-emiten-mas-radiacion-todos-modelos-los-afectados\/3278\/\"><img loading=\"lazy\" decoding=\"async\" width=\"1800\" height=\"1013\" data-media-id=\"3279\" class=\"gb-media-83248410\" alt=\"Hombre usando un m\u00f3vil junto a la cabeza con representaci\u00f3n de radiaci\u00f3n SAR en estudio cient\u00edfico.\" src=\"https:\/\/okdiario.com\/techy\/wp-content\/uploads\/2026\/04\/moviles-mas-radiacion-sar-lista-alemania-bfs.jpg\" srcset=\"https:\/\/okdiario.com\/techy\/wp-content\/uploads\/2026\/04\/moviles-mas-radiacion-sar-lista-alemania-bfs.jpg 1800w, https:\/\/okdiario.com\/techy\/wp-content\/uploads\/2026\/04\/moviles-mas-radiacion-sar-lista-alemania-bfs-300x169.jpg 300w, https:\/\/okdiario.com\/techy\/wp-content\/uploads\/2026\/04\/moviles-mas-radiacion-sar-lista-alemania-bfs-768x432.jpg 768w, https:\/\/okdiario.com\/techy\/wp-content\/uploads\/2026\/04\/moviles-mas-radiacion-sar-lista-alemania-bfs-1536x864.jpg 1536w, https:\/\/okdiario.com\/techy\/wp-content\/uploads\/2026\/04\/moviles-mas-radiacion-sar-lista-alemania-bfs-150x84.jpg 150w\" sizes=\"auto, (max-width: 1800px) 100vw, 1800px\" title=\"\"><\/a>\n<\/div>\n\n\n\n<div class=\"gb-element-a59ebcff\">\n<h2 class=\"gb-text gb-text-166d37ea\"><a href=\"https:\/\/okdiario.com\/techy\/cientificos-alemanes-revelan-la-lista-de-los-moviles-que-emiten-mas-radiacion-todos-modelos-los-afectados\/3278\/\">Cient\u00edficos alemanes revelan la lista de los m\u00f3viles que emiten m\u00e1s radiaci\u00f3n: todos modelos los afectados<\/a><\/h2>\n\n\n\n<div class=\"gb-text-824e040a\"><span class=\"gb-shape\"><svg aria-hidden=\"true\" role=\"img\" height=\"1em\" width=\"1em\" viewBox=\"0 0 512 512\" xmlns=\"http:\/\/www.w3.org\/2000\/svg\"><path fill=\"currentColor\" d=\"M256 8C119 8 8 119 8 256s111 248 248 248 248-111 248-248S393 8 256 8zm0 448c-110.5 0-200-89.5-200-200S145.5 56 256 56s200 89.5 200 200-89.5 200-200 200zm61.8-104.4l-84.9-61.7c-3.1-2.3-4.9-5.9-4.9-9.7V116c0-6.6 5.4-12 12-12h32c6.6 0 12 5.4 12 12v141.7l66.8 48.6c5.4 3.9 6.5 11.4 2.6 16.8L334.6 349c-3.9 5.3-11.4 6.5-16.8 2.6z\"><\/path><\/svg><\/span><span class=\"gb-text\">28 de abril de 2026 a las 20:08<\/span><\/div>\n<\/div>\n<\/div>\n\n<div class=\"gb-loop-item gb-loop-item-7492bcaf post-3236 post type-post status-publish format-standard has-post-thumbnail hentry category-dispositivos resize-featured-image\">\n<div class=\"gb-element-511469c3\">\n<a href=\"https:\/\/okdiario.com\/techy\/todos-tuvimos-el-nokia-3310-en-la-decada-de-los-2000-y-ahora-los-cazadores-de-tesoros-lo-estan-comprando-esto-es-lo-que-vale-en-2026\/3236\/\"><img loading=\"lazy\" decoding=\"async\" width=\"1800\" height=\"1013\" data-media-id=\"3237\" class=\"gb-media-83248410\" alt=\"Nokia 3310 original sobre mesa de madera, m\u00f3vil cl\u00e1sico de los 2000 que vuelve a venderse en 2026.\" src=\"https:\/\/okdiario.com\/techy\/wp-content\/uploads\/2026\/04\/nokia-3310-precio-2026-cuanto-vale-segunda-mano.jpg\" srcset=\"https:\/\/okdiario.com\/techy\/wp-content\/uploads\/2026\/04\/nokia-3310-precio-2026-cuanto-vale-segunda-mano.jpg 1800w, https:\/\/okdiario.com\/techy\/wp-content\/uploads\/2026\/04\/nokia-3310-precio-2026-cuanto-vale-segunda-mano-300x169.jpg 300w, https:\/\/okdiario.com\/techy\/wp-content\/uploads\/2026\/04\/nokia-3310-precio-2026-cuanto-vale-segunda-mano-768x432.jpg 768w, https:\/\/okdiario.com\/techy\/wp-content\/uploads\/2026\/04\/nokia-3310-precio-2026-cuanto-vale-segunda-mano-1536x864.jpg 1536w, https:\/\/okdiario.com\/techy\/wp-content\/uploads\/2026\/04\/nokia-3310-precio-2026-cuanto-vale-segunda-mano-150x84.jpg 150w\" sizes=\"auto, (max-width: 1800px) 100vw, 1800px\" title=\"\"><\/a>\n<\/div>\n\n\n\n<div class=\"gb-element-a59ebcff\">\n<h2 class=\"gb-text gb-text-166d37ea\"><a href=\"https:\/\/okdiario.com\/techy\/todos-tuvimos-el-nokia-3310-en-la-decada-de-los-2000-y-ahora-los-cazadores-de-tesoros-lo-estan-comprando-esto-es-lo-que-vale-en-2026\/3236\/\">Todos tuvimos el Nokia 3310 en la d\u00e9cada de los 2000 y ahora los cazadores de tesoros lo est\u00e1n comprando: esto es lo que vale en 2026<\/a><\/h2>\n\n\n\n<div class=\"gb-text-824e040a\"><span class=\"gb-shape\"><svg aria-hidden=\"true\" role=\"img\" height=\"1em\" width=\"1em\" viewBox=\"0 0 512 512\" xmlns=\"http:\/\/www.w3.org\/2000\/svg\"><path fill=\"currentColor\" d=\"M256 8C119 8 8 119 8 256s111 248 248 248 248-111 248-248S393 8 256 8zm0 448c-110.5 0-200-89.5-200-200S145.5 56 256 56s200 89.5 200 200-89.5 200-200 200zm61.8-104.4l-84.9-61.7c-3.1-2.3-4.9-5.9-4.9-9.7V116c0-6.6 5.4-12 12-12h32c6.6 0 12 5.4 12 12v141.7l66.8 48.6c5.4 3.9 6.5 11.4 2.6 16.8L334.6 349c-3.9 5.3-11.4 6.5-16.8 2.6z\"><\/path><\/svg><\/span><span class=\"gb-text\">25 de abril de 2026 a las 12:47<\/span><\/div>\n<\/div>\n<\/div>\n\n<div class=\"gb-loop-item gb-loop-item-7492bcaf post-3221 post type-post status-publish format-standard has-post-thumbnail hentry category-dispositivos resize-featured-image\">\n<div class=\"gb-element-511469c3\">\n<a href=\"https:\/\/okdiario.com\/techy\/creian-que-habian-desaparecido-para-siempre-pero-los-auriculares-con-cable-estan-volviendo-y-hay-un-motivo-de-peso\/3221\/\"><img loading=\"lazy\" decoding=\"async\" width=\"1800\" height=\"1013\" data-media-id=\"3222\" class=\"gb-media-83248410\" alt=\"Auriculares con cable blancos tipo EarPods sobre fondo neutro s\u00edmbolo del regreso de la tecnolog\u00eda retro.\" src=\"https:\/\/okdiario.com\/techy\/wp-content\/uploads\/2026\/04\/auriculares-con-cable-regreso-tendencia-2026.jpg\" srcset=\"https:\/\/okdiario.com\/techy\/wp-content\/uploads\/2026\/04\/auriculares-con-cable-regreso-tendencia-2026.jpg 1800w, https:\/\/okdiario.com\/techy\/wp-content\/uploads\/2026\/04\/auriculares-con-cable-regreso-tendencia-2026-300x169.jpg 300w, https:\/\/okdiario.com\/techy\/wp-content\/uploads\/2026\/04\/auriculares-con-cable-regreso-tendencia-2026-768x432.jpg 768w, https:\/\/okdiario.com\/techy\/wp-content\/uploads\/2026\/04\/auriculares-con-cable-regreso-tendencia-2026-1536x864.jpg 1536w, https:\/\/okdiario.com\/techy\/wp-content\/uploads\/2026\/04\/auriculares-con-cable-regreso-tendencia-2026-150x84.jpg 150w\" sizes=\"auto, (max-width: 1800px) 100vw, 1800px\" title=\"\"><\/a>\n<\/div>\n\n\n\n<div class=\"gb-element-a59ebcff\">\n<h2 class=\"gb-text gb-text-166d37ea\"><a href=\"https:\/\/okdiario.com\/techy\/creian-que-habian-desaparecido-para-siempre-pero-los-auriculares-con-cable-estan-volviendo-y-hay-un-motivo-de-peso\/3221\/\">Cre\u00edan que hab\u00edan desaparecido para siempre pero los auriculares con cable est\u00e1n volviendo y hay un motivo de peso<\/a><\/h2>\n\n\n\n<div class=\"gb-text-824e040a\"><span class=\"gb-shape\"><svg aria-hidden=\"true\" role=\"img\" height=\"1em\" width=\"1em\" viewBox=\"0 0 512 512\" xmlns=\"http:\/\/www.w3.org\/2000\/svg\"><path fill=\"currentColor\" d=\"M256 8C119 8 8 119 8 256s111 248 248 248 248-111 248-248S393 8 256 8zm0 448c-110.5 0-200-89.5-200-200S145.5 56 256 56s200 89.5 200 200-89.5 200-200 200zm61.8-104.4l-84.9-61.7c-3.1-2.3-4.9-5.9-4.9-9.7V116c0-6.6 5.4-12 12-12h32c6.6 0 12 5.4 12 12v141.7l66.8 48.6c5.4 3.9 6.5 11.4 2.6 16.8L334.6 349c-3.9 5.3-11.4 6.5-16.8 2.6z\"><\/path><\/svg><\/span><span class=\"gb-text\">24 de abril de 2026 a las 15:42<\/span><\/div>\n<\/div>\n<\/div>\n\n<div class=\"gb-loop-item gb-loop-item-7492bcaf post-3204 post type-post status-publish format-standard has-post-thumbnail hentry category-dispositivos resize-featured-image\">\n<div class=\"gb-element-511469c3\">\n<a href=\"https:\/\/okdiario.com\/techy\/la-papelera-de-whatsapp-es-el-mayor-peligro-de-tu-movil-y-se-lo-esta-cargando-silenciosamente-sin-que-te-des-cuenta-asi-lo-puedes-borrar\/3204\/\"><img loading=\"lazy\" decoding=\"async\" width=\"1800\" height=\"1013\" data-media-id=\"3205\" class=\"gb-media-83248410\" alt=\"Pantalla de gesti\u00f3n de almacenamiento de WhatsApp mostrando archivos grandes que ocupan espacio en el m\u00f3vil.\" src=\"https:\/\/okdiario.com\/techy\/wp-content\/uploads\/2026\/04\/papelera-whatsapp-peligro-almacenamiento-movil-lleno.jpg\" srcset=\"https:\/\/okdiario.com\/techy\/wp-content\/uploads\/2026\/04\/papelera-whatsapp-peligro-almacenamiento-movil-lleno.jpg 1800w, https:\/\/okdiario.com\/techy\/wp-content\/uploads\/2026\/04\/papelera-whatsapp-peligro-almacenamiento-movil-lleno-300x169.jpg 300w, https:\/\/okdiario.com\/techy\/wp-content\/uploads\/2026\/04\/papelera-whatsapp-peligro-almacenamiento-movil-lleno-768x432.jpg 768w, https:\/\/okdiario.com\/techy\/wp-content\/uploads\/2026\/04\/papelera-whatsapp-peligro-almacenamiento-movil-lleno-1536x864.jpg 1536w, https:\/\/okdiario.com\/techy\/wp-content\/uploads\/2026\/04\/papelera-whatsapp-peligro-almacenamiento-movil-lleno-150x84.jpg 150w\" sizes=\"auto, (max-width: 1800px) 100vw, 1800px\" title=\"\"><\/a>\n<\/div>\n\n\n\n<div class=\"gb-element-a59ebcff\">\n<h2 class=\"gb-text gb-text-166d37ea\"><a href=\"https:\/\/okdiario.com\/techy\/la-papelera-de-whatsapp-es-el-mayor-peligro-de-tu-movil-y-se-lo-esta-cargando-silenciosamente-sin-que-te-des-cuenta-asi-lo-puedes-borrar\/3204\/\">La papelera de WhatsApp es el mayor peligro de tu m\u00f3vil y se lo est\u00e1 cargando silenciosamente sin que te des cuenta: as\u00ed lo puedes borrar<\/a><\/h2>\n\n\n\n<div class=\"gb-text-824e040a\"><span class=\"gb-shape\"><svg aria-hidden=\"true\" role=\"img\" height=\"1em\" width=\"1em\" viewBox=\"0 0 512 512\" xmlns=\"http:\/\/www.w3.org\/2000\/svg\"><path fill=\"currentColor\" d=\"M256 8C119 8 8 119 8 256s111 248 248 248 248-111 248-248S393 8 256 8zm0 448c-110.5 0-200-89.5-200-200S145.5 56 256 56s200 89.5 200 200-89.5 200-200 200zm61.8-104.4l-84.9-61.7c-3.1-2.3-4.9-5.9-4.9-9.7V116c0-6.6 5.4-12 12-12h32c6.6 0 12 5.4 12 12v141.7l66.8 48.6c5.4 3.9 6.5 11.4 2.6 16.8L334.6 349c-3.9 5.3-11.4 6.5-16.8 2.6z\"><\/path><\/svg><\/span><span class=\"gb-text\">23 de abril de 2026 a las 18:41<\/span><\/div>\n<\/div>\n<\/div>\n\n<div class=\"gb-loop-item gb-loop-item-7492bcaf post-3190 post type-post status-publish format-standard has-post-thumbnail hentry category-dispositivos resize-featured-image\">\n<div class=\"gb-element-511469c3\">\n<a href=\"https:\/\/okdiario.com\/techy\/la-ue-confirma-el-cambio-de-norma-en-2027-los-moviles-dejaran-de-ser-como-hasta-ahora-y-te-va-a-afectar-pero-no-como-creias\/3190\/\"><img loading=\"lazy\" decoding=\"async\" width=\"1800\" height=\"1013\" data-media-id=\"3191\" class=\"gb-media-83248410\" alt=\"Persona usando un smartphone mientras consulta informaci\u00f3n sobre la nueva normativa de bater\u00edas de la UE.\" src=\"https:\/\/okdiario.com\/techy\/wp-content\/uploads\/2026\/04\/normativa-ue-moviles-bateria-2027.jpg\" srcset=\"https:\/\/okdiario.com\/techy\/wp-content\/uploads\/2026\/04\/normativa-ue-moviles-bateria-2027.jpg 1800w, https:\/\/okdiario.com\/techy\/wp-content\/uploads\/2026\/04\/normativa-ue-moviles-bateria-2027-300x169.jpg 300w, https:\/\/okdiario.com\/techy\/wp-content\/uploads\/2026\/04\/normativa-ue-moviles-bateria-2027-768x432.jpg 768w, https:\/\/okdiario.com\/techy\/wp-content\/uploads\/2026\/04\/normativa-ue-moviles-bateria-2027-1536x864.jpg 1536w, https:\/\/okdiario.com\/techy\/wp-content\/uploads\/2026\/04\/normativa-ue-moviles-bateria-2027-150x84.jpg 150w\" sizes=\"auto, (max-width: 1800px) 100vw, 1800px\" title=\"\"><\/a>\n<\/div>\n\n\n\n<div class=\"gb-element-a59ebcff\">\n<h2 class=\"gb-text gb-text-166d37ea\"><a href=\"https:\/\/okdiario.com\/techy\/la-ue-confirma-el-cambio-de-norma-en-2027-los-moviles-dejaran-de-ser-como-hasta-ahora-y-te-va-a-afectar-pero-no-como-creias\/3190\/\">La UE confirma el cambio de norma en 2027: los m\u00f3viles dejar\u00e1n de ser como hasta ahora y te va a afectar pero no como cre\u00edas<\/a><\/h2>\n\n\n\n<div class=\"gb-text-824e040a\"><span class=\"gb-shape\"><svg aria-hidden=\"true\" role=\"img\" height=\"1em\" width=\"1em\" viewBox=\"0 0 512 512\" xmlns=\"http:\/\/www.w3.org\/2000\/svg\"><path fill=\"currentColor\" d=\"M256 8C119 8 8 119 8 256s111 248 248 248 248-111 248-248S393 8 256 8zm0 448c-110.5 0-200-89.5-200-200S145.5 56 256 56s200 89.5 200 200-89.5 200-200 200zm61.8-104.4l-84.9-61.7c-3.1-2.3-4.9-5.9-4.9-9.7V116c0-6.6 5.4-12 12-12h32c6.6 0 12 5.4 12 12v141.7l66.8 48.6c5.4 3.9 6.5 11.4 2.6 16.8L334.6 349c-3.9 5.3-11.4 6.5-16.8 2.6z\"><\/path><\/svg><\/span><span class=\"gb-text\">23 de abril de 2026 a las 08:03<\/span><\/div>\n<\/div>\n<\/div>\n\n<div class=\"gb-loop-item gb-loop-item-7492bcaf post-3148 post type-post status-publish format-standard has-post-thumbnail hentry category-dispositivos resize-featured-image\">\n<div class=\"gb-element-511469c3\">\n<a href=\"https:\/\/okdiario.com\/techy\/los-gps-tienen-los-dias-contados-crean-un-sistema-que-usa-el-campo-magnetico-de-la-tierra-y-ofrece-mas-precision-sin-usar-satelites\/3148\/\"><img loading=\"lazy\" decoding=\"async\" width=\"1800\" height=\"1013\" data-media-id=\"3149\" class=\"gb-media-83248410\" alt=\"Mapa GPS en tablet mostrando navegaci\u00f3n con se\u00f1al satelital, ejemplo de tecnolog\u00eda que podr\u00eda ser sustituida por sistemas sin GPS.\" src=\"https:\/\/okdiario.com\/techy\/wp-content\/uploads\/2026\/04\/gps-fin-navegacion-sin-satelites-campo-magnetico-tierra.jpg\" srcset=\"https:\/\/okdiario.com\/techy\/wp-content\/uploads\/2026\/04\/gps-fin-navegacion-sin-satelites-campo-magnetico-tierra.jpg 1800w, https:\/\/okdiario.com\/techy\/wp-content\/uploads\/2026\/04\/gps-fin-navegacion-sin-satelites-campo-magnetico-tierra-300x169.jpg 300w, https:\/\/okdiario.com\/techy\/wp-content\/uploads\/2026\/04\/gps-fin-navegacion-sin-satelites-campo-magnetico-tierra-768x432.jpg 768w, https:\/\/okdiario.com\/techy\/wp-content\/uploads\/2026\/04\/gps-fin-navegacion-sin-satelites-campo-magnetico-tierra-1536x864.jpg 1536w, https:\/\/okdiario.com\/techy\/wp-content\/uploads\/2026\/04\/gps-fin-navegacion-sin-satelites-campo-magnetico-tierra-150x84.jpg 150w\" sizes=\"auto, (max-width: 1800px) 100vw, 1800px\" title=\"\"><\/a>\n<\/div>\n\n\n\n<div class=\"gb-element-a59ebcff\">\n<h2 class=\"gb-text gb-text-166d37ea\"><a href=\"https:\/\/okdiario.com\/techy\/los-gps-tienen-los-dias-contados-crean-un-sistema-que-usa-el-campo-magnetico-de-la-tierra-y-ofrece-mas-precision-sin-usar-satelites\/3148\/\">Los GPS tienen los d\u00edas contados: crean un sistema que usa el campo magn\u00e9tico de la Tierra y ofrece m\u00e1s precisi\u00f3n sin usar sat\u00e9lites<\/a><\/h2>\n\n\n\n<div class=\"gb-text-824e040a\"><span class=\"gb-shape\"><svg aria-hidden=\"true\" role=\"img\" height=\"1em\" width=\"1em\" viewBox=\"0 0 512 512\" xmlns=\"http:\/\/www.w3.org\/2000\/svg\"><path fill=\"currentColor\" d=\"M256 8C119 8 8 119 8 256s111 248 248 248 248-111 248-248S393 8 256 8zm0 448c-110.5 0-200-89.5-200-200S145.5 56 256 56s200 89.5 200 200-89.5 200-200 200zm61.8-104.4l-84.9-61.7c-3.1-2.3-4.9-5.9-4.9-9.7V116c0-6.6 5.4-12 12-12h32c6.6 0 12 5.4 12 12v141.7l66.8 48.6c5.4 3.9 6.5 11.4 2.6 16.8L334.6 349c-3.9 5.3-11.4 6.5-16.8 2.6z\"><\/path><\/svg><\/span><span class=\"gb-text\">21 de abril de 2026 a las 08:03<\/span><\/div>\n<\/div>\n<\/div>\n<\/div><\/div>\n<\/div>\n<\/div>\n<\/div>\n<\/div>\n\n\n\n<div class=\"gb-element-45a4ed6b\">\n<div class=\"gb-element-74a9dcba\">\n<div class=\"gb-element-e8830ab5\">\n<h2 class=\"gb-text gb-text-237ecae8\">Militar<\/h2>\n<\/div>\n\n\n\n<div><div class=\"gb-looper-450b0c17\">\n<div class=\"gb-loop-item gb-loop-item-21d2cb0b post-3275 post type-post status-publish format-standard has-post-thumbnail hentry category-militar resize-featured-image\">\n<div class=\"gb-element-8128abee\">\n<a href=\"https:\/\/okdiario.com\/techy\/cartagena-es-uno-de-los-puntos-sensibles-para-la-defensa-de-espana-y-empieza-su-blindaje-despliega-el-sistema-nasams-y-se-convierte-en-zona-estrategica\/3275\/\"><img loading=\"lazy\" decoding=\"async\" width=\"1800\" height=\"1013\" data-media-id=\"3276\" class=\"gb-media-080dc9cc\" alt=\"Sistema NASAMS lanzando un misil en un despliegue de defensa a\u00e9rea similar al previsto en Cartagena, Espa\u00f1a.\" src=\"https:\/\/okdiario.com\/techy\/wp-content\/uploads\/2026\/04\/cartagena-defensa-nasams-despliegue-misil-espana.jpg\" srcset=\"https:\/\/okdiario.com\/techy\/wp-content\/uploads\/2026\/04\/cartagena-defensa-nasams-despliegue-misil-espana.jpg 1800w, https:\/\/okdiario.com\/techy\/wp-content\/uploads\/2026\/04\/cartagena-defensa-nasams-despliegue-misil-espana-300x169.jpg 300w, https:\/\/okdiario.com\/techy\/wp-content\/uploads\/2026\/04\/cartagena-defensa-nasams-despliegue-misil-espana-768x432.jpg 768w, https:\/\/okdiario.com\/techy\/wp-content\/uploads\/2026\/04\/cartagena-defensa-nasams-despliegue-misil-espana-1536x864.jpg 1536w, https:\/\/okdiario.com\/techy\/wp-content\/uploads\/2026\/04\/cartagena-defensa-nasams-despliegue-misil-espana-150x84.jpg 150w\" sizes=\"auto, (max-width: 1800px) 100vw, 1800px\" title=\"\"><\/a>\n<\/div>\n\n\n\n<div class=\"gb-element-0aa51633\">\n<h2 class=\"gb-text gb-text-ede69f03\"><a href=\"https:\/\/okdiario.com\/techy\/cartagena-es-uno-de-los-puntos-sensibles-para-la-defensa-de-espana-y-empieza-su-blindaje-despliega-el-sistema-nasams-y-se-convierte-en-zona-estrategica\/3275\/\">Cartagena es uno de los puntos sensibles para la defensa de Espa\u00f1a y empieza su blindaje: despliega el sistema Nasams y se convierte en zona estrat\u00e9gica<\/a><\/h2>\n\n\n\n<div class=\"gb-element-ca20c0d8\">\n<div class=\"gb-text-2860505f\"><span class=\"gb-text\">Techy44<\/span><span class=\"gb-shape\"><svg viewBox=\"0 0 24 24\"><path d=\"M23,12L20.56,9.22L20.9,5.54L17.29,4.72L15.4,1.54L12,3L8.6,1.54L6.71,4.72L3.1,5.53L3.44,9.21L1,12L3.44,14.78L3.1,18.47L6.71,19.29L8.6,22.47L12,21L15.4,22.46L17.29,19.28L20.9,18.46L20.56,14.78L23,12M10,17L6,13L7.41,11.59L10,14.17L16.59,7.58L18,9L10,17Z\"><\/path><\/svg><\/span><\/div>\n\n\n\n<div class=\"gb-text gb-text-76ff3118\">|<\/div>\n\n\n\n<div class=\"gb-text-fbd1bddf\"><span class=\"gb-shape\"><svg aria-hidden=\"true\" role=\"img\" height=\"1em\" width=\"1em\" viewBox=\"0 0 512 512\" xmlns=\"http:\/\/www.w3.org\/2000\/svg\"><path fill=\"currentColor\" d=\"M256 8C119 8 8 119 8 256s111 248 248 248 248-111 248-248S393 8 256 8zm0 448c-110.5 0-200-89.5-200-200S145.5 56 256 56s200 89.5 200 200-89.5 200-200 200zm61.8-104.4l-84.9-61.7c-3.1-2.3-4.9-5.9-4.9-9.7V116c0-6.6 5.4-12 12-12h32c6.6 0 12 5.4 12 12v141.7l66.8 48.6c5.4 3.9 6.5 11.4 2.6 16.8L334.6 349c-3.9 5.3-11.4 6.5-16.8 2.6z\"><\/path><\/svg><\/span><span class=\"gb-text\">27 de abril de 2026 a las 09:42<\/span><\/div>\n<\/div>\n\n\n\n<p class=\"gb-text gb-text-9c78252d\">Cartagena convive desde hace a\u00f1os con su peso militar e industrial, pero el plan de&#8230;..<\/p>\n<\/div>\n<\/div>\n\n<div class=\"gb-loop-item gb-loop-item-21d2cb0b post-3272 post type-post status-publish format-standard has-post-thumbnail hentry category-militar resize-featured-image\">\n<div class=\"gb-element-8128abee\">\n<a href=\"https:\/\/okdiario.com\/techy\/eeuu-recula-y-confirma-que-la-retirada-de-los-aviones-de-ataque-a-10c-thunderbolt-ii-tendra-que-esperar-hasta-2030\/3272\/\"><img loading=\"lazy\" decoding=\"async\" width=\"1800\" height=\"1013\" data-media-id=\"3273\" class=\"gb-media-080dc9cc\" alt=\"Avi\u00f3n A-10C Thunderbolt II de la Fuerza A\u00e9rea de EEUU en vuelo durante operaci\u00f3n militar.\" src=\"https:\/\/okdiario.com\/techy\/wp-content\/uploads\/2026\/04\/a-10c-thunderbolt-ii-eeuu-retrasa-retirada-2030.jpg\" srcset=\"https:\/\/okdiario.com\/techy\/wp-content\/uploads\/2026\/04\/a-10c-thunderbolt-ii-eeuu-retrasa-retirada-2030.jpg 1800w, https:\/\/okdiario.com\/techy\/wp-content\/uploads\/2026\/04\/a-10c-thunderbolt-ii-eeuu-retrasa-retirada-2030-300x169.jpg 300w, https:\/\/okdiario.com\/techy\/wp-content\/uploads\/2026\/04\/a-10c-thunderbolt-ii-eeuu-retrasa-retirada-2030-768x432.jpg 768w, https:\/\/okdiario.com\/techy\/wp-content\/uploads\/2026\/04\/a-10c-thunderbolt-ii-eeuu-retrasa-retirada-2030-1536x864.jpg 1536w, https:\/\/okdiario.com\/techy\/wp-content\/uploads\/2026\/04\/a-10c-thunderbolt-ii-eeuu-retrasa-retirada-2030-150x84.jpg 150w\" sizes=\"auto, (max-width: 1800px) 100vw, 1800px\" title=\"\"><\/a>\n<\/div>\n\n\n\n<div class=\"gb-element-0aa51633\">\n<h2 class=\"gb-text gb-text-ede69f03\"><a href=\"https:\/\/okdiario.com\/techy\/eeuu-recula-y-confirma-que-la-retirada-de-los-aviones-de-ataque-a-10c-thunderbolt-ii-tendra-que-esperar-hasta-2030\/3272\/\">EEUU recula y confirma que la retirada de los aviones de ataque A-10C Thunderbolt II tendr\u00e1 que esperar hasta 2030<\/a><\/h2>\n\n\n\n<div class=\"gb-element-ca20c0d8\">\n<div class=\"gb-text-2860505f\"><span class=\"gb-text\">Techy44<\/span><span class=\"gb-shape\"><svg viewBox=\"0 0 24 24\"><path d=\"M23,12L20.56,9.22L20.9,5.54L17.29,4.72L15.4,1.54L12,3L8.6,1.54L6.71,4.72L3.1,5.53L3.44,9.21L1,12L3.44,14.78L3.1,18.47L6.71,19.29L8.6,22.47L12,21L15.4,22.46L17.29,19.28L20.9,18.46L20.56,14.78L23,12M10,17L6,13L7.41,11.59L10,14.17L16.59,7.58L18,9L10,17Z\"><\/path><\/svg><\/span><\/div>\n\n\n\n<div class=\"gb-text gb-text-76ff3118\">|<\/div>\n\n\n\n<div class=\"gb-text-fbd1bddf\"><span class=\"gb-shape\"><svg aria-hidden=\"true\" role=\"img\" height=\"1em\" width=\"1em\" viewBox=\"0 0 512 512\" xmlns=\"http:\/\/www.w3.org\/2000\/svg\"><path fill=\"currentColor\" d=\"M256 8C119 8 8 119 8 256s111 248 248 248 248-111 248-248S393 8 256 8zm0 448c-110.5 0-200-89.5-200-200S145.5 56 256 56s200 89.5 200 200-89.5 200-200 200zm61.8-104.4l-84.9-61.7c-3.1-2.3-4.9-5.9-4.9-9.7V116c0-6.6 5.4-12 12-12h32c6.6 0 12 5.4 12 12v141.7l66.8 48.6c5.4 3.9 6.5 11.4 2.6 16.8L334.6 349c-3.9 5.3-11.4 6.5-16.8 2.6z\"><\/path><\/svg><\/span><span class=\"gb-text\">27 de abril de 2026 a las 08:02<\/span><\/div>\n<\/div>\n\n\n\n<p class=\"gb-text gb-text-9c78252d\">La Fuerza A\u00e9rea de Estados Unidos ha frenado la retirada del A-10C Thunderbolt II, el&#8230;..<\/p>\n<\/div>\n<\/div>\n\n<div class=\"gb-loop-item gb-loop-item-21d2cb0b post-3255 post type-post status-publish format-standard has-post-thumbnail hentry category-militar resize-featured-image\">\n<div class=\"gb-element-8128abee\">\n<a href=\"https:\/\/okdiario.com\/techy\/preocupacion-en-el-gobierno-de-espana-su-buque-insignia-el-submarino-s-81-isaac-peral-tiene-un-fallo-critico-que-afecta-al-sistema-de-soplado-de-lastre\/3255\/\"><img loading=\"lazy\" decoding=\"async\" width=\"1800\" height=\"1013\" data-media-id=\"3263\" class=\"gb-media-080dc9cc\" alt=\"El submarino S-81 Isaac Peral afronta un fallo cr\u00edtico en su sistema de emergencia que genera inquietud en Defensa.\" src=\"https:\/\/okdiario.com\/techy\/wp-content\/uploads\/2026\/04\/patrullero-tabarca-p28-armada-galicia-portugal-vigilancia.jpg\" srcset=\"https:\/\/okdiario.com\/techy\/wp-content\/uploads\/2026\/04\/patrullero-tabarca-p28-armada-galicia-portugal-vigilancia.jpg 1800w, https:\/\/okdiario.com\/techy\/wp-content\/uploads\/2026\/04\/patrullero-tabarca-p28-armada-galicia-portugal-vigilancia-300x169.jpg 300w, https:\/\/okdiario.com\/techy\/wp-content\/uploads\/2026\/04\/patrullero-tabarca-p28-armada-galicia-portugal-vigilancia-768x432.jpg 768w, https:\/\/okdiario.com\/techy\/wp-content\/uploads\/2026\/04\/patrullero-tabarca-p28-armada-galicia-portugal-vigilancia-1536x864.jpg 1536w, https:\/\/okdiario.com\/techy\/wp-content\/uploads\/2026\/04\/patrullero-tabarca-p28-armada-galicia-portugal-vigilancia-150x84.jpg 150w\" sizes=\"auto, (max-width: 1800px) 100vw, 1800px\" title=\"\"><\/a>\n<\/div>\n\n\n\n<div class=\"gb-element-0aa51633\">\n<h2 class=\"gb-text gb-text-ede69f03\"><a href=\"https:\/\/okdiario.com\/techy\/preocupacion-en-el-gobierno-de-espana-su-buque-insignia-el-submarino-s-81-isaac-peral-tiene-un-fallo-critico-que-afecta-al-sistema-de-soplado-de-lastre\/3255\/\">Preocupaci\u00f3n en el Gobierno de Espa\u00f1a: su buque insignia, el submarino S-81 Isaac Peral tiene un fallo cr\u00edtico que afecta al sistema de soplado de lastre<\/a><\/h2>\n\n\n\n<div class=\"gb-element-ca20c0d8\">\n<div class=\"gb-text-2860505f\"><span class=\"gb-text\">Adrian Villellas<\/span><span class=\"gb-shape\"><svg viewBox=\"0 0 24 24\"><path d=\"M23,12L20.56,9.22L20.9,5.54L17.29,4.72L15.4,1.54L12,3L8.6,1.54L6.71,4.72L3.1,5.53L3.44,9.21L1,12L3.44,14.78L3.1,18.47L6.71,19.29L8.6,22.47L12,21L15.4,22.46L17.29,19.28L20.9,18.46L20.56,14.78L23,12M10,17L6,13L7.41,11.59L10,14.17L16.59,7.58L18,9L10,17Z\"><\/path><\/svg><\/span><\/div>\n\n\n\n<div class=\"gb-text gb-text-76ff3118\">|<\/div>\n\n\n\n<div class=\"gb-text-fbd1bddf\"><span class=\"gb-shape\"><svg aria-hidden=\"true\" role=\"img\" height=\"1em\" width=\"1em\" viewBox=\"0 0 512 512\" xmlns=\"http:\/\/www.w3.org\/2000\/svg\"><path fill=\"currentColor\" d=\"M256 8C119 8 8 119 8 256s111 248 248 248 248-111 248-248S393 8 256 8zm0 448c-110.5 0-200-89.5-200-200S145.5 56 256 56s200 89.5 200 200-89.5 200-200 200zm61.8-104.4l-84.9-61.7c-3.1-2.3-4.9-5.9-4.9-9.7V116c0-6.6 5.4-12 12-12h32c6.6 0 12 5.4 12 12v141.7l66.8 48.6c5.4 3.9 6.5 11.4 2.6 16.8L334.6 349c-3.9 5.3-11.4 6.5-16.8 2.6z\"><\/path><\/svg><\/span><span class=\"gb-text\">26 de abril de 2026 a las 12:32<\/span><\/div>\n<\/div>\n\n\n\n<p class=\"gb-text gb-text-9c78252d\">El submarino S-81 Isaac Peral es una de las grandes apuestas tecnol\u00f3gicas de la Armada&#8230;..<\/p>\n<\/div>\n<\/div>\n\n<div class=\"gb-loop-item gb-loop-item-21d2cb0b post-3252 post type-post status-publish format-standard has-post-thumbnail hentry category-militar resize-featured-image\">\n<div class=\"gb-element-8128abee\">\n<a href=\"https:\/\/okdiario.com\/techy\/el-ejercito-de-espana-despliega-su-gran-patrullero-tabarca-con-armado-con-ametralladoras-y-un-canon-semiautomatico-a-la-costa-de-galicia-y-portugal\/3252\/\"><img loading=\"lazy\" decoding=\"async\" width=\"1800\" height=\"1013\" data-media-id=\"3253\" class=\"gb-media-080dc9cc\" alt=\"Patrullero Tabarca P-28 de la Armada Espa\u00f1ola navegando frente a la costa de Galicia en misi\u00f3n de vigilancia mar\u00edtima.\" src=\"https:\/\/okdiario.com\/techy\/wp-content\/uploads\/2026\/04\/patrullero-tabarca-p28-armada-espana-galicia-portugal-vigilancia.jpg\" srcset=\"https:\/\/okdiario.com\/techy\/wp-content\/uploads\/2026\/04\/patrullero-tabarca-p28-armada-espana-galicia-portugal-vigilancia.jpg 1800w, https:\/\/okdiario.com\/techy\/wp-content\/uploads\/2026\/04\/patrullero-tabarca-p28-armada-espana-galicia-portugal-vigilancia-300x169.jpg 300w, https:\/\/okdiario.com\/techy\/wp-content\/uploads\/2026\/04\/patrullero-tabarca-p28-armada-espana-galicia-portugal-vigilancia-768x432.jpg 768w, https:\/\/okdiario.com\/techy\/wp-content\/uploads\/2026\/04\/patrullero-tabarca-p28-armada-espana-galicia-portugal-vigilancia-1536x864.jpg 1536w, https:\/\/okdiario.com\/techy\/wp-content\/uploads\/2026\/04\/patrullero-tabarca-p28-armada-espana-galicia-portugal-vigilancia-150x84.jpg 150w\" sizes=\"auto, (max-width: 1800px) 100vw, 1800px\" title=\"\"><\/a>\n<\/div>\n\n\n\n<div class=\"gb-element-0aa51633\">\n<h2 class=\"gb-text gb-text-ede69f03\"><a href=\"https:\/\/okdiario.com\/techy\/el-ejercito-de-espana-despliega-su-gran-patrullero-tabarca-con-armado-con-ametralladoras-y-un-canon-semiautomatico-a-la-costa-de-galicia-y-portugal\/3252\/\">El Ej\u00e9rcito de Espa\u00f1a despliega su gran patrullero Tabarca con armado con ametralladoras y un ca\u00f1\u00f3n semiautom\u00e1tico a la costa de Galicia y Portugal<\/a><\/h2>\n\n\n\n<div class=\"gb-element-ca20c0d8\">\n<div class=\"gb-text-2860505f\"><span class=\"gb-text\">Techy44<\/span><span class=\"gb-shape\"><svg viewBox=\"0 0 24 24\"><path d=\"M23,12L20.56,9.22L20.9,5.54L17.29,4.72L15.4,1.54L12,3L8.6,1.54L6.71,4.72L3.1,5.53L3.44,9.21L1,12L3.44,14.78L3.1,18.47L6.71,19.29L8.6,22.47L12,21L15.4,22.46L17.29,19.28L20.9,18.46L20.56,14.78L23,12M10,17L6,13L7.41,11.59L10,14.17L16.59,7.58L18,9L10,17Z\"><\/path><\/svg><\/span><\/div>\n\n\n\n<div class=\"gb-text gb-text-76ff3118\">|<\/div>\n\n\n\n<div class=\"gb-text-fbd1bddf\"><span class=\"gb-shape\"><svg aria-hidden=\"true\" role=\"img\" height=\"1em\" width=\"1em\" viewBox=\"0 0 512 512\" xmlns=\"http:\/\/www.w3.org\/2000\/svg\"><path fill=\"currentColor\" d=\"M256 8C119 8 8 119 8 256s111 248 248 248 248-111 248-248S393 8 256 8zm0 448c-110.5 0-200-89.5-200-200S145.5 56 256 56s200 89.5 200 200-89.5 200-200 200zm61.8-104.4l-84.9-61.7c-3.1-2.3-4.9-5.9-4.9-9.7V116c0-6.6 5.4-12 12-12h32c6.6 0 12 5.4 12 12v141.7l66.8 48.6c5.4 3.9 6.5 11.4 2.6 16.8L334.6 349c-3.9 5.3-11.4 6.5-16.8 2.6z\"><\/path><\/svg><\/span><span class=\"gb-text\">26 de abril de 2026 a las 09:42<\/span><\/div>\n<\/div>\n\n\n\n<p class=\"gb-text gb-text-9c78252d\">El patrullero Tabarca (P-28) ha estado estos d\u00edas en el litoral gallego y cerca de&#8230;..<\/p>\n<\/div>\n<\/div>\n\n<div class=\"gb-loop-item gb-loop-item-21d2cb0b post-3249 post type-post status-publish format-standard has-post-thumbnail hentry category-militar resize-featured-image\">\n<div class=\"gb-element-8128abee\">\n<a href=\"https:\/\/okdiario.com\/techy\/pillan-a-china-con-las-manos-en-la-masa-captan-un-lanzador-de-misiles-hipersonicos-df-27-en-una-carretera-y-quiere-decir-que-pekin-esta-preparado-para-todo\/3249\/\"><img loading=\"lazy\" decoding=\"async\" width=\"1800\" height=\"1013\" data-media-id=\"3250\" class=\"gb-media-080dc9cc\" alt=\"Convoy de camiones militares chinos con lanzadores de misiles hipers\u00f3nicos DF-27 circulando por una carretera urbana.\" src=\"https:\/\/okdiario.com\/techy\/wp-content\/uploads\/2026\/04\/lanzador-misiles-hipersonicos-df27-china-carretera.jpg\" srcset=\"https:\/\/okdiario.com\/techy\/wp-content\/uploads\/2026\/04\/lanzador-misiles-hipersonicos-df27-china-carretera.jpg 1800w, https:\/\/okdiario.com\/techy\/wp-content\/uploads\/2026\/04\/lanzador-misiles-hipersonicos-df27-china-carretera-300x169.jpg 300w, https:\/\/okdiario.com\/techy\/wp-content\/uploads\/2026\/04\/lanzador-misiles-hipersonicos-df27-china-carretera-768x432.jpg 768w, https:\/\/okdiario.com\/techy\/wp-content\/uploads\/2026\/04\/lanzador-misiles-hipersonicos-df27-china-carretera-1536x864.jpg 1536w, https:\/\/okdiario.com\/techy\/wp-content\/uploads\/2026\/04\/lanzador-misiles-hipersonicos-df27-china-carretera-150x84.jpg 150w\" sizes=\"auto, (max-width: 1800px) 100vw, 1800px\" title=\"\"><\/a>\n<\/div>\n\n\n\n<div class=\"gb-element-0aa51633\">\n<h2 class=\"gb-text gb-text-ede69f03\"><a href=\"https:\/\/okdiario.com\/techy\/pillan-a-china-con-las-manos-en-la-masa-captan-un-lanzador-de-misiles-hipersonicos-df-27-en-una-carretera-y-quiere-decir-que-pekin-esta-preparado-para-todo\/3249\/\">Pillan a China con las manos en la masa: captan un lanzador de misiles hipers\u00f3nicos DF-27 en una carretera y quiere decir que Pek\u00edn est\u00e1 preparado para todo<\/a><\/h2>\n\n\n\n<div class=\"gb-element-ca20c0d8\">\n<div class=\"gb-text-2860505f\"><span class=\"gb-text\">Adrian Villellas<\/span><span class=\"gb-shape\"><svg viewBox=\"0 0 24 24\"><path d=\"M23,12L20.56,9.22L20.9,5.54L17.29,4.72L15.4,1.54L12,3L8.6,1.54L6.71,4.72L3.1,5.53L3.44,9.21L1,12L3.44,14.78L3.1,18.47L6.71,19.29L8.6,22.47L12,21L15.4,22.46L17.29,19.28L20.9,18.46L20.56,14.78L23,12M10,17L6,13L7.41,11.59L10,14.17L16.59,7.58L18,9L10,17Z\"><\/path><\/svg><\/span><\/div>\n\n\n\n<div class=\"gb-text gb-text-76ff3118\">|<\/div>\n\n\n\n<div class=\"gb-text-fbd1bddf\"><span class=\"gb-shape\"><svg aria-hidden=\"true\" role=\"img\" height=\"1em\" width=\"1em\" viewBox=\"0 0 512 512\" xmlns=\"http:\/\/www.w3.org\/2000\/svg\"><path fill=\"currentColor\" d=\"M256 8C119 8 8 119 8 256s111 248 248 248 248-111 248-248S393 8 256 8zm0 448c-110.5 0-200-89.5-200-200S145.5 56 256 56s200 89.5 200 200-89.5 200-200 200zm61.8-104.4l-84.9-61.7c-3.1-2.3-4.9-5.9-4.9-9.7V116c0-6.6 5.4-12 12-12h32c6.6 0 12 5.4 12 12v141.7l66.8 48.6c5.4 3.9 6.5 11.4 2.6 16.8L334.6 349c-3.9 5.3-11.4 6.5-16.8 2.6z\"><\/path><\/svg><\/span><span class=\"gb-text\">26 de abril de 2026 a las 08:01<\/span><\/div>\n<\/div>\n\n\n\n<p class=\"gb-text gb-text-9c78252d\">Unos camiones militares enormes, cubiertos con redes de camuflaje, avanzan en fila por una calle&#8230;..<\/p>\n<\/div>\n<\/div>\n\n<div class=\"gb-loop-item gb-loop-item-21d2cb0b post-3239 post type-post status-publish format-standard has-post-thumbnail hentry category-militar resize-featured-image\">\n<div class=\"gb-element-8128abee\">\n<a href=\"https:\/\/okdiario.com\/techy\/eeuu-desafia-a-iran-usando-buques-sumergibles-no-tripulados-para-despejar-los-campos-de-minas-en-el-estrecho-de-ormuz\/3239\/\"><img loading=\"lazy\" decoding=\"async\" width=\"1800\" height=\"1013\" data-media-id=\"3240\" class=\"gb-media-080dc9cc\" alt=\"Drone submarino no tripulado de EEUU utilizado para detectar y limpiar minas en el estrecho de Ormuz.\" src=\"https:\/\/okdiario.com\/techy\/wp-content\/uploads\/2026\/04\/drones-submarinos-eeuu-limpian-minas-estrecho-ormuz.jpg\" srcset=\"https:\/\/okdiario.com\/techy\/wp-content\/uploads\/2026\/04\/drones-submarinos-eeuu-limpian-minas-estrecho-ormuz.jpg 1800w, https:\/\/okdiario.com\/techy\/wp-content\/uploads\/2026\/04\/drones-submarinos-eeuu-limpian-minas-estrecho-ormuz-300x169.jpg 300w, https:\/\/okdiario.com\/techy\/wp-content\/uploads\/2026\/04\/drones-submarinos-eeuu-limpian-minas-estrecho-ormuz-768x432.jpg 768w, https:\/\/okdiario.com\/techy\/wp-content\/uploads\/2026\/04\/drones-submarinos-eeuu-limpian-minas-estrecho-ormuz-1536x864.jpg 1536w, https:\/\/okdiario.com\/techy\/wp-content\/uploads\/2026\/04\/drones-submarinos-eeuu-limpian-minas-estrecho-ormuz-150x84.jpg 150w\" sizes=\"auto, (max-width: 1800px) 100vw, 1800px\" title=\"\"><\/a>\n<\/div>\n\n\n\n<div class=\"gb-element-0aa51633\">\n<h2 class=\"gb-text gb-text-ede69f03\"><a href=\"https:\/\/okdiario.com\/techy\/eeuu-desafia-a-iran-usando-buques-sumergibles-no-tripulados-para-despejar-los-campos-de-minas-en-el-estrecho-de-ormuz\/3239\/\">EEUU desaf\u00eda a Ir\u00e1n usando buques sumergibles no tripulados para despejar los campos de minas en el estrecho de Ormuz<\/a><\/h2>\n\n\n\n<div class=\"gb-element-ca20c0d8\">\n<div class=\"gb-text-2860505f\"><span class=\"gb-text\">Techy44<\/span><span class=\"gb-shape\"><svg viewBox=\"0 0 24 24\"><path d=\"M23,12L20.56,9.22L20.9,5.54L17.29,4.72L15.4,1.54L12,3L8.6,1.54L6.71,4.72L3.1,5.53L3.44,9.21L1,12L3.44,14.78L3.1,18.47L6.71,19.29L8.6,22.47L12,21L15.4,22.46L17.29,19.28L20.9,18.46L20.56,14.78L23,12M10,17L6,13L7.41,11.59L10,14.17L16.59,7.58L18,9L10,17Z\"><\/path><\/svg><\/span><\/div>\n\n\n\n<div class=\"gb-text gb-text-76ff3118\">|<\/div>\n\n\n\n<div class=\"gb-text-fbd1bddf\"><span class=\"gb-shape\"><svg aria-hidden=\"true\" role=\"img\" height=\"1em\" width=\"1em\" viewBox=\"0 0 512 512\" xmlns=\"http:\/\/www.w3.org\/2000\/svg\"><path fill=\"currentColor\" d=\"M256 8C119 8 8 119 8 256s111 248 248 248 248-111 248-248S393 8 256 8zm0 448c-110.5 0-200-89.5-200-200S145.5 56 256 56s200 89.5 200 200-89.5 200-200 200zm61.8-104.4l-84.9-61.7c-3.1-2.3-4.9-5.9-4.9-9.7V116c0-6.6 5.4-12 12-12h32c6.6 0 12 5.4 12 12v141.7l66.8 48.6c5.4 3.9 6.5 11.4 2.6 16.8L334.6 349c-3.9 5.3-11.4 6.5-16.8 2.6z\"><\/path><\/svg><\/span><span class=\"gb-text\">25 de abril de 2026 a las 15:35<\/span><\/div>\n<\/div>\n\n\n\n<p class=\"gb-text gb-text-9c78252d\">Cuando un estrecho se llena de minas, el mar deja de ser \u201csolo mar\u201d. Se&#8230;..<\/p>\n<\/div>\n<\/div>\n<\/div><\/div>\n<\/div>\n<\/div>\n\n\n\n<div>\n<div class=\"gb-element-38db6f8f\">\n<div class=\"gb-element-1a159ea5\">\n<h2 class=\"gb-text gb-text-d2d578ad\">Inform\u00e1tica<\/h2>\n<\/div>\n\n\n\n<div><div class=\"gb-looper-0f2d717a\">\n<div class=\"gb-loop-item post-3210 post type-post status-publish format-standard has-post-thumbnail hentry category-informatica resize-featured-image\">\n<a href=\"https:\/\/okdiario.com\/techy\/los-hdmi-estan-a-punto-de-desaparecer-porque-su-sustituto-transmite-en-4k-sin-utilizar-cables-gracias-a-la-tecnologia-inalambrica\/3210\/\"><img loading=\"lazy\" decoding=\"async\" width=\"1800\" height=\"1013\" data-media-id=\"3211\" class=\"gb-media-1bc34869\" alt=\"Cable HDMI tradicional frente a nueva tecnolog\u00eda inal\u00e1mbrica para transmitir v\u00eddeo 4K sin cables.\" src=\"https:\/\/okdiario.com\/techy\/wp-content\/uploads\/2026\/04\/hdmi-inalambrico-4k-sin-cables-extensor-wireless.jpg\" srcset=\"https:\/\/okdiario.com\/techy\/wp-content\/uploads\/2026\/04\/hdmi-inalambrico-4k-sin-cables-extensor-wireless.jpg 1800w, https:\/\/okdiario.com\/techy\/wp-content\/uploads\/2026\/04\/hdmi-inalambrico-4k-sin-cables-extensor-wireless-300x169.jpg 300w, https:\/\/okdiario.com\/techy\/wp-content\/uploads\/2026\/04\/hdmi-inalambrico-4k-sin-cables-extensor-wireless-768x432.jpg 768w, https:\/\/okdiario.com\/techy\/wp-content\/uploads\/2026\/04\/hdmi-inalambrico-4k-sin-cables-extensor-wireless-1536x864.jpg 1536w, https:\/\/okdiario.com\/techy\/wp-content\/uploads\/2026\/04\/hdmi-inalambrico-4k-sin-cables-extensor-wireless-150x84.jpg 150w\" sizes=\"auto, (max-width: 1800px) 100vw, 1800px\" title=\"\"><\/a>\n\n\n\n<h2 class=\"gb-text gb-text-bb9b4368\"><a href=\"https:\/\/okdiario.com\/techy\/los-hdmi-estan-a-punto-de-desaparecer-porque-su-sustituto-transmite-en-4k-sin-utilizar-cables-gracias-a-la-tecnologia-inalambrica\/3210\/\">Los HDMI est\u00e1n a punto de desaparecer porque su sustituto transmite en 4K sin utilizar cables gracias a la tecnolog\u00eda inal\u00e1mbrica<\/a><\/h2>\n<\/div>\n\n<div class=\"gb-loop-item post-3078 post type-post status-publish format-standard has-post-thumbnail hentry category-informatica resize-featured-image\">\n<a href=\"https:\/\/okdiario.com\/techy\/mientras-la-ia-no-para-de-eliminar-puestos-de-trabajos-esta-profesion-cada-vez-tiene-mas-demanda-sueldos-de-75-000-dolares-e-incorporacion-inmediata\/3078\/\"><img loading=\"lazy\" decoding=\"async\" width=\"1800\" height=\"1013\" data-media-id=\"3079\" class=\"gb-media-1bc34869\" alt=\"Contable calculando cifras con calculadora y documentos financieros en mesa de trabajo.\" src=\"https:\/\/okdiario.com\/techy\/wp-content\/uploads\/2026\/04\/contabilidad-empleo-alta-demanda-sueldo-75000-dolares.jpg\" srcset=\"https:\/\/okdiario.com\/techy\/wp-content\/uploads\/2026\/04\/contabilidad-empleo-alta-demanda-sueldo-75000-dolares.jpg 1800w, https:\/\/okdiario.com\/techy\/wp-content\/uploads\/2026\/04\/contabilidad-empleo-alta-demanda-sueldo-75000-dolares-300x169.jpg 300w, https:\/\/okdiario.com\/techy\/wp-content\/uploads\/2026\/04\/contabilidad-empleo-alta-demanda-sueldo-75000-dolares-768x432.jpg 768w, https:\/\/okdiario.com\/techy\/wp-content\/uploads\/2026\/04\/contabilidad-empleo-alta-demanda-sueldo-75000-dolares-1536x864.jpg 1536w, https:\/\/okdiario.com\/techy\/wp-content\/uploads\/2026\/04\/contabilidad-empleo-alta-demanda-sueldo-75000-dolares-150x84.jpg 150w\" sizes=\"auto, (max-width: 1800px) 100vw, 1800px\" title=\"\"><\/a>\n\n\n\n<h2 class=\"gb-text gb-text-bb9b4368\"><a href=\"https:\/\/okdiario.com\/techy\/mientras-la-ia-no-para-de-eliminar-puestos-de-trabajos-esta-profesion-cada-vez-tiene-mas-demanda-sueldos-de-75-000-dolares-e-incorporacion-inmediata\/3078\/\">Mientras la IA no para de eliminar puestos de trabajos, esta profesi\u00f3n cada vez tiene m\u00e1s demanda: sueldos de 75.000 d\u00f3lares e incorporaci\u00f3n inmediata<\/a><\/h2>\n<\/div>\n\n<div class=\"gb-loop-item post-3034 post type-post status-publish format-standard has-post-thumbnail hentry category-informatica resize-featured-image\">\n<a href=\"https:\/\/okdiario.com\/techy\/tus-vecinos-se-podrian-estar-conectando-a-tu-wifi-pero-hay-una-forma-de-saberlo-y-lo-mas-importante-impedirlo\/3034\/\"><img loading=\"lazy\" decoding=\"async\" width=\"1800\" height=\"1013\" data-media-id=\"3041\" class=\"gb-media-1bc34869\" alt=\"Persona usando port\u00e1til mientras revisa conexi\u00f3n WiFi para detectar intrusos en la red dom\u00e9stica.\" src=\"https:\/\/okdiario.com\/techy\/wp-content\/uploads\/2026\/04\/tus-vecinos-roban-wifi-como-saberlo-y-evitarlo-1.jpg\" srcset=\"https:\/\/okdiario.com\/techy\/wp-content\/uploads\/2026\/04\/tus-vecinos-roban-wifi-como-saberlo-y-evitarlo-1.jpg 1800w, https:\/\/okdiario.com\/techy\/wp-content\/uploads\/2026\/04\/tus-vecinos-roban-wifi-como-saberlo-y-evitarlo-1-300x169.jpg 300w, https:\/\/okdiario.com\/techy\/wp-content\/uploads\/2026\/04\/tus-vecinos-roban-wifi-como-saberlo-y-evitarlo-1-768x432.jpg 768w, https:\/\/okdiario.com\/techy\/wp-content\/uploads\/2026\/04\/tus-vecinos-roban-wifi-como-saberlo-y-evitarlo-1-1536x864.jpg 1536w, https:\/\/okdiario.com\/techy\/wp-content\/uploads\/2026\/04\/tus-vecinos-roban-wifi-como-saberlo-y-evitarlo-1-150x84.jpg 150w\" sizes=\"auto, (max-width: 1800px) 100vw, 1800px\" title=\"\"><\/a>\n\n\n\n<h2 class=\"gb-text gb-text-bb9b4368\"><a href=\"https:\/\/okdiario.com\/techy\/tus-vecinos-se-podrian-estar-conectando-a-tu-wifi-pero-hay-una-forma-de-saberlo-y-lo-mas-importante-impedirlo\/3034\/\">Tus vecinos se podr\u00edan estar conectando a tu WiFi pero hay una forma de saberlo y lo m\u00e1s importante, impedirlo<\/a><\/h2>\n<\/div>\n\n<div class=\"gb-loop-item post-3024 post type-post status-publish format-standard has-post-thumbnail hentry category-informatica resize-featured-image\">\n<a href=\"https:\/\/okdiario.com\/techy\/en-1994-un-programador-creo-una-interfaz-temporal-para-windows-pero-han-pasado-mas-de-30-anos-y-fue-tan-brillante-que-la-seguimos-usando\/3024\/\"><img loading=\"lazy\" decoding=\"async\" width=\"1800\" height=\"1013\" data-media-id=\"3026\" class=\"gb-media-1bc34869\" alt=\"Ventana de formateo de disco en Windows 11 heredada de la interfaz creada en 1994.\" src=\"https:\/\/okdiario.com\/techy\/wp-content\/uploads\/2026\/04\/windows-formatear-usb-interfaz-1994-windows-11-fat32.jpg\" srcset=\"https:\/\/okdiario.com\/techy\/wp-content\/uploads\/2026\/04\/windows-formatear-usb-interfaz-1994-windows-11-fat32.jpg 1800w, https:\/\/okdiario.com\/techy\/wp-content\/uploads\/2026\/04\/windows-formatear-usb-interfaz-1994-windows-11-fat32-300x169.jpg 300w, https:\/\/okdiario.com\/techy\/wp-content\/uploads\/2026\/04\/windows-formatear-usb-interfaz-1994-windows-11-fat32-768x432.jpg 768w, https:\/\/okdiario.com\/techy\/wp-content\/uploads\/2026\/04\/windows-formatear-usb-interfaz-1994-windows-11-fat32-1536x864.jpg 1536w, https:\/\/okdiario.com\/techy\/wp-content\/uploads\/2026\/04\/windows-formatear-usb-interfaz-1994-windows-11-fat32-150x84.jpg 150w\" sizes=\"auto, (max-width: 1800px) 100vw, 1800px\" title=\"\"><\/a>\n\n\n\n<h2 class=\"gb-text gb-text-bb9b4368\"><a href=\"https:\/\/okdiario.com\/techy\/en-1994-un-programador-creo-una-interfaz-temporal-para-windows-pero-han-pasado-mas-de-30-anos-y-fue-tan-brillante-que-la-seguimos-usando\/3024\/\">En 1994 un programador cre\u00f3 una interfaz \u00abtemporal\u00bb para Windows pero han pasado m\u00e1s de 30 a\u00f1os y fue tan brillante que la seguimos usando<\/a><\/h2>\n<\/div>\n\n<div class=\"gb-loop-item post-2995 post type-post status-publish format-standard has-post-thumbnail hentry category-informatica resize-featured-image\">\n<a href=\"https:\/\/okdiario.com\/techy\/si-tu-televisor-tiene-un-puerto-hdmi-tienes-un-tesoro-pero-el-problema-es-que-no-sabes-configurarlo-y-estos-son-las-3-funciones-que-debes-cambiar\/2995\/\"><img loading=\"lazy\" decoding=\"async\" width=\"1800\" height=\"1013\" data-media-id=\"2996\" class=\"gb-media-1bc34869\" alt=\"puerto HDMI conectado a televisor con cable mostrando conexi\u00f3n para mejorar imagen HDR y sonido eARC.\" src=\"https:\/\/okdiario.com\/techy\/wp-content\/uploads\/2026\/04\/hdmi-televisor-funciones-configuracion-hdr-earc-allm.jpg\" srcset=\"https:\/\/okdiario.com\/techy\/wp-content\/uploads\/2026\/04\/hdmi-televisor-funciones-configuracion-hdr-earc-allm.jpg 1800w, https:\/\/okdiario.com\/techy\/wp-content\/uploads\/2026\/04\/hdmi-televisor-funciones-configuracion-hdr-earc-allm-300x169.jpg 300w, https:\/\/okdiario.com\/techy\/wp-content\/uploads\/2026\/04\/hdmi-televisor-funciones-configuracion-hdr-earc-allm-768x432.jpg 768w, https:\/\/okdiario.com\/techy\/wp-content\/uploads\/2026\/04\/hdmi-televisor-funciones-configuracion-hdr-earc-allm-1536x864.jpg 1536w, https:\/\/okdiario.com\/techy\/wp-content\/uploads\/2026\/04\/hdmi-televisor-funciones-configuracion-hdr-earc-allm-150x84.jpg 150w\" sizes=\"auto, (max-width: 1800px) 100vw, 1800px\" title=\"\"><\/a>\n\n\n\n<h2 class=\"gb-text gb-text-bb9b4368\"><a href=\"https:\/\/okdiario.com\/techy\/si-tu-televisor-tiene-un-puerto-hdmi-tienes-un-tesoro-pero-el-problema-es-que-no-sabes-configurarlo-y-estos-son-las-3-funciones-que-debes-cambiar\/2995\/\">Si tu televisor tiene un puerto HDMI tienes un tesoro pero el problema es que no sabes configurarlo y estos son las 3 funciones que debes cambiar<\/a><\/h2>\n<\/div>\n\n<div class=\"gb-loop-item post-2991 post type-post status-publish format-standard has-post-thumbnail hentry category-informatica resize-featured-image\">\n<a href=\"https:\/\/okdiario.com\/techy\/si-tu-movil-android-va-lento-solo-tienes-que-borrar-el-cache-y-asi-es-como-tienes-que-hacerlo\/2991\/\"><img loading=\"lazy\" decoding=\"async\" width=\"1800\" height=\"1013\" data-media-id=\"2993\" class=\"gb-media-1bc34869\" alt=\"Smartphone Android sobre mesa, ejemplo de m\u00f3vil que puede ir lento y mejorar al borrar la cach\u00e9.\" src=\"https:\/\/okdiario.com\/techy\/wp-content\/uploads\/2026\/04\/borrar-cache-android-movil-lento.jpg\" srcset=\"https:\/\/okdiario.com\/techy\/wp-content\/uploads\/2026\/04\/borrar-cache-android-movil-lento.jpg 1800w, https:\/\/okdiario.com\/techy\/wp-content\/uploads\/2026\/04\/borrar-cache-android-movil-lento-300x169.jpg 300w, https:\/\/okdiario.com\/techy\/wp-content\/uploads\/2026\/04\/borrar-cache-android-movil-lento-768x432.jpg 768w, https:\/\/okdiario.com\/techy\/wp-content\/uploads\/2026\/04\/borrar-cache-android-movil-lento-1536x864.jpg 1536w, https:\/\/okdiario.com\/techy\/wp-content\/uploads\/2026\/04\/borrar-cache-android-movil-lento-150x84.jpg 150w\" sizes=\"auto, (max-width: 1800px) 100vw, 1800px\" title=\"\"><\/a>\n\n\n\n<h2 class=\"gb-text gb-text-bb9b4368\"><a href=\"https:\/\/okdiario.com\/techy\/si-tu-movil-android-va-lento-solo-tienes-que-borrar-el-cache-y-asi-es-como-tienes-que-hacerlo\/2991\/\">Si tu m\u00f3vil Android va lento s\u00f3lo tienes que borrar el cach\u00e9 y as\u00ed es como tienes que hacerlo<\/a><\/h2>\n<\/div>\n\n<div class=\"gb-loop-item post-2977 post type-post status-publish format-standard has-post-thumbnail hentry category-informatica resize-featured-image\">\n<a href=\"https:\/\/okdiario.com\/techy\/los-expertos-piden-que-apagues-el-router-unos-minutos-todos-los-dias-y-esta-es-la-razon-el-simple-gesto-que-te-cambia-la-vida\/2977\/\"><img loading=\"lazy\" decoding=\"async\" width=\"1800\" height=\"1013\" data-media-id=\"2978\" class=\"gb-media-1bc34869\" alt=\"Router WiFi dom\u00e9stico con antenas utilizado para mejorar la conexi\u00f3n a internet al reiniciarlo.\" src=\"https:\/\/okdiario.com\/techy\/wp-content\/uploads\/2026\/04\/apagar-router-wifi-mejora-conexion-internet.jpg\" srcset=\"https:\/\/okdiario.com\/techy\/wp-content\/uploads\/2026\/04\/apagar-router-wifi-mejora-conexion-internet.jpg 1800w, https:\/\/okdiario.com\/techy\/wp-content\/uploads\/2026\/04\/apagar-router-wifi-mejora-conexion-internet-300x169.jpg 300w, https:\/\/okdiario.com\/techy\/wp-content\/uploads\/2026\/04\/apagar-router-wifi-mejora-conexion-internet-768x432.jpg 768w, https:\/\/okdiario.com\/techy\/wp-content\/uploads\/2026\/04\/apagar-router-wifi-mejora-conexion-internet-1536x864.jpg 1536w, https:\/\/okdiario.com\/techy\/wp-content\/uploads\/2026\/04\/apagar-router-wifi-mejora-conexion-internet-150x84.jpg 150w\" sizes=\"auto, (max-width: 1800px) 100vw, 1800px\" title=\"\"><\/a>\n\n\n\n<h2 class=\"gb-text gb-text-bb9b4368\"><a href=\"https:\/\/okdiario.com\/techy\/los-expertos-piden-que-apagues-el-router-unos-minutos-todos-los-dias-y-esta-es-la-razon-el-simple-gesto-que-te-cambia-la-vida\/2977\/\">Los expertos piden que apagues el router unos minutos todos los d\u00edas y \u00e9sta es la raz\u00f3n: el simple gesto que te cambia la vida<\/a><\/h2>\n<\/div>\n\n<div class=\"gb-loop-item post-2947 post type-post status-publish format-standard has-post-thumbnail hentry category-informatica resize-featured-image\">\n<a href=\"https:\/\/okdiario.com\/techy\/la-revolucion-del-futuro-llega-a-linux-wine-11-ejecuta-juegos-de-windows-a-nivel-de-kernel-a-860-fps\/2947\/\"><img loading=\"lazy\" decoding=\"async\" width=\"1800\" height=\"1013\" data-media-id=\"2948\" class=\"gb-media-1bc34869\" alt=\"C\u00f3digo en Linux con mejora de rendimiento en Wine 11 para ejecutar juegos de Windows con NTSYNC y mayor FPS.\" src=\"https:\/\/okdiario.com\/techy\/wp-content\/uploads\/2026\/04\/wine-11-linux-juegos-windows-kernel-ntsync-860fps.jpg\" srcset=\"https:\/\/okdiario.com\/techy\/wp-content\/uploads\/2026\/04\/wine-11-linux-juegos-windows-kernel-ntsync-860fps.jpg 1800w, https:\/\/okdiario.com\/techy\/wp-content\/uploads\/2026\/04\/wine-11-linux-juegos-windows-kernel-ntsync-860fps-300x169.jpg 300w, https:\/\/okdiario.com\/techy\/wp-content\/uploads\/2026\/04\/wine-11-linux-juegos-windows-kernel-ntsync-860fps-768x432.jpg 768w, https:\/\/okdiario.com\/techy\/wp-content\/uploads\/2026\/04\/wine-11-linux-juegos-windows-kernel-ntsync-860fps-1536x864.jpg 1536w, https:\/\/okdiario.com\/techy\/wp-content\/uploads\/2026\/04\/wine-11-linux-juegos-windows-kernel-ntsync-860fps-150x84.jpg 150w\" sizes=\"auto, (max-width: 1800px) 100vw, 1800px\" title=\"\"><\/a>\n\n\n\n<h2 class=\"gb-text gb-text-bb9b4368\"><a href=\"https:\/\/okdiario.com\/techy\/la-revolucion-del-futuro-llega-a-linux-wine-11-ejecuta-juegos-de-windows-a-nivel-de-kernel-a-860-fps\/2947\/\">La revoluci\u00f3n del futuro llega a Linux: Wine 11 ejecuta juegos de Windows a nivel de kernel a 860 fps<\/a><\/h2>\n<\/div>\n<\/div><\/div>\n<\/div>\n<\/div>\n\n\n\n<p><\/p>\n\n\n\n<div class=\"gb-element-242e9df6\">\n<div class=\"gb-element-7d44dec5\">\n<div class=\"gb-element-41a1ade5\">\n<div class=\"gb-element-75f500c2\">\n<div class=\"gb-element-d804801c\">\n<h2 class=\"gb-text gb-text-d38951c2\">Inteligencia Artificial<\/h2>\n<\/div>\n\n\n\n<div class=\"gb-element-900810de\">\n<div>\n<div><div class=\"gb-looper-3ef2c4ee\">\n<div class=\"gb-loop-item post-3265 post type-post status-publish format-standard has-post-thumbnail hentry category-inteligencia-artificial resize-featured-image\">\n<a href=\"https:\/\/okdiario.com\/techy\/openai-llevaba-anos-fallando-en-el-mismo-proceso-pero-la-actualizacion-de-chatgpt-images-2-0-confirma-que-el-futuro-ya-esta-aqui\/3265\/\"><img loading=\"lazy\" decoding=\"async\" width=\"1800\" height=\"1013\" data-media-id=\"3266\" class=\"gb-media-5684a20e\" alt=\"ChatGPT Images 2.0 de OpenAI mostrando generaci\u00f3n de im\u00e1genes con texto preciso y dise\u00f1o mejorado.\" src=\"https:\/\/okdiario.com\/techy\/wp-content\/uploads\/2026\/04\/chatgpt-images-2-0-openai-generacion-imagenes-texto.jpg\" srcset=\"https:\/\/okdiario.com\/techy\/wp-content\/uploads\/2026\/04\/chatgpt-images-2-0-openai-generacion-imagenes-texto.jpg 1800w, https:\/\/okdiario.com\/techy\/wp-content\/uploads\/2026\/04\/chatgpt-images-2-0-openai-generacion-imagenes-texto-300x169.jpg 300w, https:\/\/okdiario.com\/techy\/wp-content\/uploads\/2026\/04\/chatgpt-images-2-0-openai-generacion-imagenes-texto-768x432.jpg 768w, https:\/\/okdiario.com\/techy\/wp-content\/uploads\/2026\/04\/chatgpt-images-2-0-openai-generacion-imagenes-texto-1536x864.jpg 1536w, https:\/\/okdiario.com\/techy\/wp-content\/uploads\/2026\/04\/chatgpt-images-2-0-openai-generacion-imagenes-texto-150x84.jpg 150w\" sizes=\"auto, (max-width: 1800px) 100vw, 1800px\" title=\"\"><\/a>\n\n\n\n<h2 class=\"gb-text gb-text-2baed269\"><a href=\"https:\/\/okdiario.com\/techy\/openai-llevaba-anos-fallando-en-el-mismo-proceso-pero-la-actualizacion-de-chatgpt-images-2-0-confirma-que-el-futuro-ya-esta-aqui\/3265\/\">OpenAI llevaba a\u00f1os fallando en el mismo proceso pero la actualizaci\u00f3n de ChatGPT Images 2.0 confirma que el futuro ya est\u00e1 aqu\u00ed<\/a><\/h2>\n\n\n\n<div class=\"gb-element-626ea62c\">\n<div class=\"gb-text-a091b3f9\"><span class=\"gb-text\">Techy44<\/span><span class=\"gb-shape\"><svg viewBox=\"0 0 24 24\"><path d=\"M23,12L20.56,9.22L20.9,5.54L17.29,4.72L15.4,1.54L12,3L8.6,1.54L6.71,4.72L3.1,5.53L3.44,9.21L1,12L3.44,14.78L3.1,18.47L6.71,19.29L8.6,22.47L12,21L15.4,22.46L17.29,19.28L20.9,18.46L20.56,14.78L23,12M10,17L6,13L7.41,11.59L10,14.17L16.59,7.58L18,9L10,17Z\"><\/path><\/svg><\/span><\/div>\n\n\n\n<div class=\"gb-text gb-text-1bfa6b38\">|<\/div>\n\n\n\n<div class=\"gb-text-37013df1\"><span class=\"gb-shape\"><svg aria-hidden=\"true\" role=\"img\" height=\"1em\" width=\"1em\" viewBox=\"0 0 512 512\" xmlns=\"http:\/\/www.w3.org\/2000\/svg\"><path fill=\"currentColor\" d=\"M256 8C119 8 8 119 8 256s111 248 248 248 248-111 248-248S393 8 256 8zm0 448c-110.5 0-200-89.5-200-200S145.5 56 256 56s200 89.5 200 200-89.5 200-200 200zm61.8-104.4l-84.9-61.7c-3.1-2.3-4.9-5.9-4.9-9.7V116c0-6.6 5.4-12 12-12h32c6.6 0 12 5.4 12 12v141.7l66.8 48.6c5.4 3.9 6.5 11.4 2.6 16.8L334.6 349c-3.9 5.3-11.4 6.5-16.8 2.6z\"><\/path><\/svg><\/span><span class=\"gb-text\">26 de abril de 2026 a las 18:36<\/span><\/div>\n<\/div>\n\n\n\n<p class=\"gb-text gb-text-5df15428\">OpenAI present\u00f3 el 21 de abril de 2026 ChatGPT Images 2.0, un nuevo modelo para generar im\u00e1genes&#8230;..<\/p>\n<\/div>\n\n<div class=\"gb-loop-item post-3245 post type-post status-publish format-standard has-post-thumbnail hentry category-inteligencia-artificial resize-featured-image\">\n<a href=\"https:\/\/okdiario.com\/techy\/espana-estrena-los-supermercados-del-futuro-comprar-por-whatsapp-con-ia-ya-es-posible-y-tienes-la-compra-en-tu-casa-en-1-hora\/3245\/\"><img loading=\"lazy\" decoding=\"async\" width=\"1800\" height=\"1013\" data-media-id=\"3246\" class=\"gb-media-5684a20e\" alt=\"Compra en Eroski por WhatsApp con inteligencia artificial desde el m\u00f3vil frente a un supermercado en Espa\u00f1a.\" src=\"https:\/\/okdiario.com\/techy\/wp-content\/uploads\/2026\/04\/eroski-compra-whatsapp-ia-supermercado-futuro.jpg\" srcset=\"https:\/\/okdiario.com\/techy\/wp-content\/uploads\/2026\/04\/eroski-compra-whatsapp-ia-supermercado-futuro.jpg 1800w, https:\/\/okdiario.com\/techy\/wp-content\/uploads\/2026\/04\/eroski-compra-whatsapp-ia-supermercado-futuro-300x169.jpg 300w, https:\/\/okdiario.com\/techy\/wp-content\/uploads\/2026\/04\/eroski-compra-whatsapp-ia-supermercado-futuro-768x432.jpg 768w, https:\/\/okdiario.com\/techy\/wp-content\/uploads\/2026\/04\/eroski-compra-whatsapp-ia-supermercado-futuro-1536x864.jpg 1536w, https:\/\/okdiario.com\/techy\/wp-content\/uploads\/2026\/04\/eroski-compra-whatsapp-ia-supermercado-futuro-150x84.jpg 150w\" sizes=\"auto, (max-width: 1800px) 100vw, 1800px\" title=\"\"><\/a>\n\n\n\n<h2 class=\"gb-text gb-text-2baed269\"><a href=\"https:\/\/okdiario.com\/techy\/espana-estrena-los-supermercados-del-futuro-comprar-por-whatsapp-con-ia-ya-es-posible-y-tienes-la-compra-en-tu-casa-en-1-hora\/3245\/\">Espa\u00f1a estrena los supermercados del futuro: comprar por WhatsApp con IA ya es posible y tienes la compra en tu casa en 1 hora<\/a><\/h2>\n\n\n\n<div class=\"gb-element-626ea62c\">\n<div class=\"gb-text-a091b3f9\"><span class=\"gb-text\">Techy44<\/span><span class=\"gb-shape\"><svg viewBox=\"0 0 24 24\"><path d=\"M23,12L20.56,9.22L20.9,5.54L17.29,4.72L15.4,1.54L12,3L8.6,1.54L6.71,4.72L3.1,5.53L3.44,9.21L1,12L3.44,14.78L3.1,18.47L6.71,19.29L8.6,22.47L12,21L15.4,22.46L17.29,19.28L20.9,18.46L20.56,14.78L23,12M10,17L6,13L7.41,11.59L10,14.17L16.59,7.58L18,9L10,17Z\"><\/path><\/svg><\/span><\/div>\n\n\n\n<div class=\"gb-text gb-text-1bfa6b38\">|<\/div>\n\n\n\n<div class=\"gb-text-37013df1\"><span class=\"gb-shape\"><svg aria-hidden=\"true\" role=\"img\" height=\"1em\" width=\"1em\" viewBox=\"0 0 512 512\" xmlns=\"http:\/\/www.w3.org\/2000\/svg\"><path fill=\"currentColor\" d=\"M256 8C119 8 8 119 8 256s111 248 248 248 248-111 248-248S393 8 256 8zm0 448c-110.5 0-200-89.5-200-200S145.5 56 256 56s200 89.5 200 200-89.5 200-200 200zm61.8-104.4l-84.9-61.7c-3.1-2.3-4.9-5.9-4.9-9.7V116c0-6.6 5.4-12 12-12h32c6.6 0 12 5.4 12 12v141.7l66.8 48.6c5.4 3.9 6.5 11.4 2.6 16.8L334.6 349c-3.9 5.3-11.4 6.5-16.8 2.6z\"><\/path><\/svg><\/span><span class=\"gb-text\">25 de abril de 2026 a las 20:44<\/span><\/div>\n<\/div>\n\n\n\n<p class=\"gb-text gb-text-5df15428\">Hacer la compra por chat ya no suena tan raro. Eroski ha arrancado en Bilbao un piloto&#8230;..<\/p>\n<\/div>\n<\/div><\/div>\n<\/div>\n\n\n\n<div>\n<div><div class=\"gb-looper-36d07c68\">\n<div class=\"gb-loop-item gb-loop-item-415a4a68 post-3052 post type-post status-publish format-standard has-post-thumbnail hentry category-inteligencia-artificial resize-featured-image\">\n<div class=\"gb-element-8ed99f3a\">\n<a href=\"https:\/\/okdiario.com\/techy\/parece-ciencia-ficcion-pero-la-ia-puede-leer-la-mente-expertos-logran-que-un-paciente-con-ela-recupere-la-voz\/3052\/\"><img loading=\"lazy\" decoding=\"async\" width=\"1800\" height=\"1013\" data-media-id=\"3053\" class=\"gb-media-8840989c\" alt=\"Paciente con ELA usando un implante cerebral con inteligencia artificial que convierte pensamientos en voz.\" src=\"https:\/\/okdiario.com\/techy\/wp-content\/uploads\/2026\/04\/ia-lee-mente-implante-cerebral-ela-recupera-voz.jpg\" srcset=\"https:\/\/okdiario.com\/techy\/wp-content\/uploads\/2026\/04\/ia-lee-mente-implante-cerebral-ela-recupera-voz.jpg 1800w, https:\/\/okdiario.com\/techy\/wp-content\/uploads\/2026\/04\/ia-lee-mente-implante-cerebral-ela-recupera-voz-300x169.jpg 300w, https:\/\/okdiario.com\/techy\/wp-content\/uploads\/2026\/04\/ia-lee-mente-implante-cerebral-ela-recupera-voz-768x432.jpg 768w, https:\/\/okdiario.com\/techy\/wp-content\/uploads\/2026\/04\/ia-lee-mente-implante-cerebral-ela-recupera-voz-1536x864.jpg 1536w, https:\/\/okdiario.com\/techy\/wp-content\/uploads\/2026\/04\/ia-lee-mente-implante-cerebral-ela-recupera-voz-150x84.jpg 150w\" sizes=\"auto, (max-width: 1800px) 100vw, 1800px\" title=\"\"><\/a>\n<\/div>\n\n\n\n<div class=\"gb-element-3e7cb4f8\">\n<h2 class=\"gb-text gb-text-bbfe570b\"><a href=\"https:\/\/okdiario.com\/techy\/parece-ciencia-ficcion-pero-la-ia-puede-leer-la-mente-expertos-logran-que-un-paciente-con-ela-recupere-la-voz\/3052\/\">Parece ciencia ficci\u00f3n pero la IA puede leer la mente: expertos logran que un paciente con ELA recupere la voz<\/a><\/h2>\n\n\n\n<div class=\"gb-text-ad4c2610\"><span class=\"gb-shape\"><svg aria-hidden=\"true\" role=\"img\" height=\"1em\" width=\"1em\" viewBox=\"0 0 512 512\" xmlns=\"http:\/\/www.w3.org\/2000\/svg\"><path fill=\"currentColor\" d=\"M256 8C119 8 8 119 8 256s111 248 248 248 248-111 248-248S393 8 256 8zm0 448c-110.5 0-200-89.5-200-200S145.5 56 256 56s200 89.5 200 200-89.5 200-200 200zm61.8-104.4l-84.9-61.7c-3.1-2.3-4.9-5.9-4.9-9.7V116c0-6.6 5.4-12 12-12h32c6.6 0 12 5.4 12 12v141.7l66.8 48.6c5.4 3.9 6.5 11.4 2.6 16.8L334.6 349c-3.9 5.3-11.4 6.5-16.8 2.6z\"><\/path><\/svg><\/span><span class=\"gb-text\">16 de abril de 2026 a las 12:47<\/span><\/div>\n<\/div>\n<\/div>\n\n<div class=\"gb-loop-item gb-loop-item-415a4a68 post-3046 post type-post status-publish format-standard has-post-thumbnail hentry category-inteligencia-artificial resize-featured-image\">\n<div class=\"gb-element-8ed99f3a\">\n<a href=\"https:\/\/okdiario.com\/techy\/no-confie-en-copilot-microsoft-manda-un-aviso-a-los-usuarios-sobre-su-ia-y-es-importante\/3046\/\"><img loading=\"lazy\" decoding=\"async\" width=\"1800\" height=\"1013\" data-media-id=\"3047\" class=\"gb-media-8840989c\" alt=\"Logo de Microsoft Copilot, asistente de inteligencia artificial con advertencia sobre su uso y posibles errores.\" src=\"https:\/\/okdiario.com\/techy\/wp-content\/uploads\/2026\/04\/no-confies-copilot-microsoft-aviso-ia.jpg\" srcset=\"https:\/\/okdiario.com\/techy\/wp-content\/uploads\/2026\/04\/no-confies-copilot-microsoft-aviso-ia.jpg 1800w, https:\/\/okdiario.com\/techy\/wp-content\/uploads\/2026\/04\/no-confies-copilot-microsoft-aviso-ia-300x169.jpg 300w, https:\/\/okdiario.com\/techy\/wp-content\/uploads\/2026\/04\/no-confies-copilot-microsoft-aviso-ia-768x432.jpg 768w, https:\/\/okdiario.com\/techy\/wp-content\/uploads\/2026\/04\/no-confies-copilot-microsoft-aviso-ia-1536x864.jpg 1536w, https:\/\/okdiario.com\/techy\/wp-content\/uploads\/2026\/04\/no-confies-copilot-microsoft-aviso-ia-150x84.jpg 150w\" sizes=\"auto, (max-width: 1800px) 100vw, 1800px\" title=\"\"><\/a>\n<\/div>\n\n\n\n<div class=\"gb-element-3e7cb4f8\">\n<h2 class=\"gb-text gb-text-bbfe570b\"><a href=\"https:\/\/okdiario.com\/techy\/no-confie-en-copilot-microsoft-manda-un-aviso-a-los-usuarios-sobre-su-ia-y-es-importante\/3046\/\">\u00abNo conf\u00ede en Copilot\u00bb: Microsoft manda un aviso a los usuarios sobre su IA y es importante<\/a><\/h2>\n\n\n\n<div class=\"gb-text-ad4c2610\"><span class=\"gb-shape\"><svg aria-hidden=\"true\" role=\"img\" height=\"1em\" width=\"1em\" viewBox=\"0 0 512 512\" xmlns=\"http:\/\/www.w3.org\/2000\/svg\"><path fill=\"currentColor\" d=\"M256 8C119 8 8 119 8 256s111 248 248 248 248-111 248-248S393 8 256 8zm0 448c-110.5 0-200-89.5-200-200S145.5 56 256 56s200 89.5 200 200-89.5 200-200 200zm61.8-104.4l-84.9-61.7c-3.1-2.3-4.9-5.9-4.9-9.7V116c0-6.6 5.4-12 12-12h32c6.6 0 12 5.4 12 12v141.7l66.8 48.6c5.4 3.9 6.5 11.4 2.6 16.8L334.6 349c-3.9 5.3-11.4 6.5-16.8 2.6z\"><\/path><\/svg><\/span><span class=\"gb-text\">16 de abril de 2026 a las 08:03<\/span><\/div>\n<\/div>\n<\/div>\n\n<div class=\"gb-loop-item gb-loop-item-415a4a68 post-2974 post type-post status-publish format-standard has-post-thumbnail hentry category-inteligencia-artificial resize-featured-image\">\n<div class=\"gb-element-8ed99f3a\">\n<a href=\"https:\/\/okdiario.com\/techy\/google-desafia-a-chatgpt-y-claude-con-su-nuevo-conjunto-de-modelos-de-ia-por-que-ahora-vas-a-usar-gemma-4\/2974\/\"><img loading=\"lazy\" decoding=\"async\" width=\"1800\" height=\"1013\" data-media-id=\"2975\" class=\"gb-media-8840989c\" alt=\"Google Gemma 4 nueva inteligencia artificial con modelos abiertos que compiten con ChatGPT y Claude.\" src=\"https:\/\/okdiario.com\/techy\/wp-content\/uploads\/2026\/04\/google-gemma-4-ia-modelos-abiertos-chatgpt-claude.jpg\" srcset=\"https:\/\/okdiario.com\/techy\/wp-content\/uploads\/2026\/04\/google-gemma-4-ia-modelos-abiertos-chatgpt-claude.jpg 1800w, https:\/\/okdiario.com\/techy\/wp-content\/uploads\/2026\/04\/google-gemma-4-ia-modelos-abiertos-chatgpt-claude-300x169.jpg 300w, https:\/\/okdiario.com\/techy\/wp-content\/uploads\/2026\/04\/google-gemma-4-ia-modelos-abiertos-chatgpt-claude-768x432.jpg 768w, https:\/\/okdiario.com\/techy\/wp-content\/uploads\/2026\/04\/google-gemma-4-ia-modelos-abiertos-chatgpt-claude-1536x864.jpg 1536w, https:\/\/okdiario.com\/techy\/wp-content\/uploads\/2026\/04\/google-gemma-4-ia-modelos-abiertos-chatgpt-claude-150x84.jpg 150w\" sizes=\"auto, (max-width: 1800px) 100vw, 1800px\" title=\"\"><\/a>\n<\/div>\n\n\n\n<div class=\"gb-element-3e7cb4f8\">\n<h2 class=\"gb-text gb-text-bbfe570b\"><a href=\"https:\/\/okdiario.com\/techy\/google-desafia-a-chatgpt-y-claude-con-su-nuevo-conjunto-de-modelos-de-ia-por-que-ahora-vas-a-usar-gemma-4\/2974\/\">Google desaf\u00eda a ChatGPT y Claude con su nuevo conjunto de modelos de IA: por qu\u00e9 ahora vas a usar Gemma 4<\/a><\/h2>\n\n\n\n<div class=\"gb-text-ad4c2610\"><span class=\"gb-shape\"><svg aria-hidden=\"true\" role=\"img\" height=\"1em\" width=\"1em\" viewBox=\"0 0 512 512\" xmlns=\"http:\/\/www.w3.org\/2000\/svg\"><path fill=\"currentColor\" d=\"M256 8C119 8 8 119 8 256s111 248 248 248 248-111 248-248S393 8 256 8zm0 448c-110.5 0-200-89.5-200-200S145.5 56 256 56s200 89.5 200 200-89.5 200-200 200zm61.8-104.4l-84.9-61.7c-3.1-2.3-4.9-5.9-4.9-9.7V116c0-6.6 5.4-12 12-12h32c6.6 0 12 5.4 12 12v141.7l66.8 48.6c5.4 3.9 6.5 11.4 2.6 16.8L334.6 349c-3.9 5.3-11.4 6.5-16.8 2.6z\"><\/path><\/svg><\/span><span class=\"gb-text\">12 de abril de 2026 a las 18:41<\/span><\/div>\n<\/div>\n<\/div>\n\n<div class=\"gb-loop-item gb-loop-item-415a4a68 post-2967 post type-post status-publish format-standard has-post-thumbnail hentry category-inteligencia-artificial resize-featured-image\">\n<div class=\"gb-element-8ed99f3a\">\n<a href=\"https:\/\/okdiario.com\/techy\/por-primera-vez-en-la-historia-chatgpt-ha-resuelto-un-problema-matematico-sin-solucion-los-cientificos-no-dan-credito\/2967\/\"><img loading=\"lazy\" decoding=\"async\" width=\"1800\" height=\"1013\" data-media-id=\"2968\" class=\"gb-media-8840989c\" alt=\"F\u00f3rmulas matem\u00e1ticas en pizarra representando un problema complejo resuelto con ayuda de ChatGPT.\" src=\"https:\/\/okdiario.com\/techy\/wp-content\/uploads\/2026\/04\/chatgpt-resuelve-problema-matematico-sin-solucion.jpg\" srcset=\"https:\/\/okdiario.com\/techy\/wp-content\/uploads\/2026\/04\/chatgpt-resuelve-problema-matematico-sin-solucion.jpg 1800w, https:\/\/okdiario.com\/techy\/wp-content\/uploads\/2026\/04\/chatgpt-resuelve-problema-matematico-sin-solucion-300x169.jpg 300w, https:\/\/okdiario.com\/techy\/wp-content\/uploads\/2026\/04\/chatgpt-resuelve-problema-matematico-sin-solucion-768x432.jpg 768w, https:\/\/okdiario.com\/techy\/wp-content\/uploads\/2026\/04\/chatgpt-resuelve-problema-matematico-sin-solucion-1536x864.jpg 1536w, https:\/\/okdiario.com\/techy\/wp-content\/uploads\/2026\/04\/chatgpt-resuelve-problema-matematico-sin-solucion-150x84.jpg 150w\" sizes=\"auto, (max-width: 1800px) 100vw, 1800px\" title=\"\"><\/a>\n<\/div>\n\n\n\n<div class=\"gb-element-3e7cb4f8\">\n<h2 class=\"gb-text gb-text-bbfe570b\"><a href=\"https:\/\/okdiario.com\/techy\/por-primera-vez-en-la-historia-chatgpt-ha-resuelto-un-problema-matematico-sin-solucion-los-cientificos-no-dan-credito\/2967\/\">Por primera vez en la historia ChatGPT ha resuelto un problema matem\u00e1tico sin soluci\u00f3n: los cient\u00edficos no dan cr\u00e9dito<\/a><\/h2>\n\n\n\n<div class=\"gb-text-ad4c2610\"><span class=\"gb-shape\"><svg aria-hidden=\"true\" role=\"img\" height=\"1em\" width=\"1em\" viewBox=\"0 0 512 512\" xmlns=\"http:\/\/www.w3.org\/2000\/svg\"><path fill=\"currentColor\" d=\"M256 8C119 8 8 119 8 256s111 248 248 248 248-111 248-248S393 8 256 8zm0 448c-110.5 0-200-89.5-200-200S145.5 56 256 56s200 89.5 200 200-89.5 200-200 200zm61.8-104.4l-84.9-61.7c-3.1-2.3-4.9-5.9-4.9-9.7V116c0-6.6 5.4-12 12-12h32c6.6 0 12 5.4 12 12v141.7l66.8 48.6c5.4 3.9 6.5 11.4 2.6 16.8L334.6 349c-3.9 5.3-11.4 6.5-16.8 2.6z\"><\/path><\/svg><\/span><span class=\"gb-text\">12 de abril de 2026 a las 12:48<\/span><\/div>\n<\/div>\n<\/div>\n\n<div class=\"gb-loop-item gb-loop-item-415a4a68 post-2959 post type-post status-publish format-standard has-post-thumbnail hentry category-inteligencia-artificial resize-featured-image\">\n<div class=\"gb-element-8ed99f3a\">\n<a href=\"https:\/\/okdiario.com\/techy\/un-estudio-confirma-que-las-personas-que-llevan-meses-utilizando-la-ia-tienen-este-rasgo-comun-son-neurodivergentes\/2959\/\"><img loading=\"lazy\" decoding=\"async\" width=\"1800\" height=\"1013\" data-media-id=\"2960\" class=\"gb-media-8840989c\" alt=\"Persona trabajando con inteligencia artificial en ordenador port\u00e1til para organizar tareas y mejorar productividad.\" src=\"https:\/\/okdiario.com\/techy\/wp-content\/uploads\/2026\/04\/personas-ia-neurodivergentes-uso-diario-chatgpt-estudio.jpg\" srcset=\"https:\/\/okdiario.com\/techy\/wp-content\/uploads\/2026\/04\/personas-ia-neurodivergentes-uso-diario-chatgpt-estudio.jpg 1800w, https:\/\/okdiario.com\/techy\/wp-content\/uploads\/2026\/04\/personas-ia-neurodivergentes-uso-diario-chatgpt-estudio-300x169.jpg 300w, https:\/\/okdiario.com\/techy\/wp-content\/uploads\/2026\/04\/personas-ia-neurodivergentes-uso-diario-chatgpt-estudio-768x432.jpg 768w, https:\/\/okdiario.com\/techy\/wp-content\/uploads\/2026\/04\/personas-ia-neurodivergentes-uso-diario-chatgpt-estudio-1536x864.jpg 1536w, https:\/\/okdiario.com\/techy\/wp-content\/uploads\/2026\/04\/personas-ia-neurodivergentes-uso-diario-chatgpt-estudio-150x84.jpg 150w\" sizes=\"auto, (max-width: 1800px) 100vw, 1800px\" title=\"\"><\/a>\n<\/div>\n\n\n\n<div class=\"gb-element-3e7cb4f8\">\n<h2 class=\"gb-text gb-text-bbfe570b\"><a href=\"https:\/\/okdiario.com\/techy\/un-estudio-confirma-que-las-personas-que-llevan-meses-utilizando-la-ia-tienen-este-rasgo-comun-son-neurodivergentes\/2959\/\">Un estudio confirma que las personas que llevan meses utilizando la IA tienen este rasgo com\u00fan: son \u00abneurodivergentes\u00bb<\/a><\/h2>\n\n\n\n<div class=\"gb-text-ad4c2610\"><span class=\"gb-shape\"><svg aria-hidden=\"true\" role=\"img\" height=\"1em\" width=\"1em\" viewBox=\"0 0 512 512\" xmlns=\"http:\/\/www.w3.org\/2000\/svg\"><path fill=\"currentColor\" d=\"M256 8C119 8 8 119 8 256s111 248 248 248 248-111 248-248S393 8 256 8zm0 448c-110.5 0-200-89.5-200-200S145.5 56 256 56s200 89.5 200 200-89.5 200-200 200zm61.8-104.4l-84.9-61.7c-3.1-2.3-4.9-5.9-4.9-9.7V116c0-6.6 5.4-12 12-12h32c6.6 0 12 5.4 12 12v141.7l66.8 48.6c5.4 3.9 6.5 11.4 2.6 16.8L334.6 349c-3.9 5.3-11.4 6.5-16.8 2.6z\"><\/path><\/svg><\/span><span class=\"gb-text\">12 de abril de 2026 a las 08:01<\/span><\/div>\n<\/div>\n<\/div>\n\n<div class=\"gb-loop-item gb-loop-item-415a4a68 post-2878 post type-post status-publish format-standard has-post-thumbnail hentry category-inteligencia-artificial resize-featured-image\">\n<div class=\"gb-element-8ed99f3a\">\n<a href=\"https:\/\/okdiario.com\/techy\/alerta-urgente-los-expertos-los-chatbots-de-la-ia-se-estan-volviendo-cada-vez-mas-desobedientes-y-estan-enganando-a-los-usuarios\/2878\/\"><img loading=\"lazy\" decoding=\"async\" width=\"1800\" height=\"1013\" data-media-id=\"2879\" class=\"gb-media-8840989c\" alt=\"Usuario utilizando ChatGPT en port\u00e1til, ejemplo de chatbot de IA que puede ejecutar acciones y generar riesgos.\" src=\"https:\/\/okdiario.com\/techy\/wp-content\/uploads\/2026\/04\/chatbots-ia-desobedientes-engano-usuarios.jpg\" srcset=\"https:\/\/okdiario.com\/techy\/wp-content\/uploads\/2026\/04\/chatbots-ia-desobedientes-engano-usuarios.jpg 1800w, https:\/\/okdiario.com\/techy\/wp-content\/uploads\/2026\/04\/chatbots-ia-desobedientes-engano-usuarios-300x169.jpg 300w, https:\/\/okdiario.com\/techy\/wp-content\/uploads\/2026\/04\/chatbots-ia-desobedientes-engano-usuarios-768x432.jpg 768w, https:\/\/okdiario.com\/techy\/wp-content\/uploads\/2026\/04\/chatbots-ia-desobedientes-engano-usuarios-1536x864.jpg 1536w, https:\/\/okdiario.com\/techy\/wp-content\/uploads\/2026\/04\/chatbots-ia-desobedientes-engano-usuarios-150x84.jpg 150w\" sizes=\"auto, (max-width: 1800px) 100vw, 1800px\" title=\"\"><\/a>\n<\/div>\n\n\n\n<div class=\"gb-element-3e7cb4f8\">\n<h2 class=\"gb-text gb-text-bbfe570b\"><a href=\"https:\/\/okdiario.com\/techy\/alerta-urgente-los-expertos-los-chatbots-de-la-ia-se-estan-volviendo-cada-vez-mas-desobedientes-y-estan-enganando-a-los-usuarios\/2878\/\">Alerta urgente los expertos: los chatbots de la IA se est\u00e1n volviendo cada vez m\u00e1s \u00abdesobedientes\u00bb y est\u00e1n enga\u00f1ando a los usuarios<\/a><\/h2>\n\n\n\n<div class=\"gb-text-ad4c2610\"><span class=\"gb-shape\"><svg aria-hidden=\"true\" role=\"img\" height=\"1em\" width=\"1em\" viewBox=\"0 0 512 512\" xmlns=\"http:\/\/www.w3.org\/2000\/svg\"><path fill=\"currentColor\" d=\"M256 8C119 8 8 119 8 256s111 248 248 248 248-111 248-248S393 8 256 8zm0 448c-110.5 0-200-89.5-200-200S145.5 56 256 56s200 89.5 200 200-89.5 200-200 200zm61.8-104.4l-84.9-61.7c-3.1-2.3-4.9-5.9-4.9-9.7V116c0-6.6 5.4-12 12-12h32c6.6 0 12 5.4 12 12v141.7l66.8 48.6c5.4 3.9 6.5 11.4 2.6 16.8L334.6 349c-3.9 5.3-11.4 6.5-16.8 2.6z\"><\/path><\/svg><\/span><span class=\"gb-text\">7 de abril de 2026 a las 18:29<\/span><\/div>\n<\/div>\n<\/div>\n<\/div><\/div>\n<\/div>\n<\/div>\n<\/div>\n\n\n\n<div class=\"gb-element-4c89aba4\">\n<div class=\"gb-element-f530bcda\">\n<h2 class=\"gb-text gb-text-48172696\">Juegos<\/h2>\n<\/div>\n\n\n\n<div><div class=\"gb-looper-5b682dba\">\n<div class=\"gb-loop-item gb-loop-item-82e61f4a post-3114 post type-post status-publish format-standard has-post-thumbnail hentry category-juegos resize-featured-image\">\n<div class=\"gb-element-67cf09ad\">\n<a href=\"https:\/\/okdiario.com\/techy\/se-confirma-el-anuncio-mas-esperado-de-los-fans-de-god-of-war-los-rumores-no-fallaban\/3114\/\"><img loading=\"lazy\" decoding=\"async\" width=\"1800\" height=\"1013\" data-media-id=\"3115\" class=\"gb-media-7ffde560\" alt=\"Kratos y Atreus combaten en God of War mientras surgen rumores sobre el anuncio de un nuevo juego en 2026.\" src=\"https:\/\/okdiario.com\/techy\/wp-content\/uploads\/2026\/04\/god-of-war-nuevo-juego-anuncio-rumores-abril-2026.jpg\" srcset=\"https:\/\/okdiario.com\/techy\/wp-content\/uploads\/2026\/04\/god-of-war-nuevo-juego-anuncio-rumores-abril-2026.jpg 1800w, https:\/\/okdiario.com\/techy\/wp-content\/uploads\/2026\/04\/god-of-war-nuevo-juego-anuncio-rumores-abril-2026-300x169.jpg 300w, https:\/\/okdiario.com\/techy\/wp-content\/uploads\/2026\/04\/god-of-war-nuevo-juego-anuncio-rumores-abril-2026-768x432.jpg 768w, https:\/\/okdiario.com\/techy\/wp-content\/uploads\/2026\/04\/god-of-war-nuevo-juego-anuncio-rumores-abril-2026-1536x864.jpg 1536w, https:\/\/okdiario.com\/techy\/wp-content\/uploads\/2026\/04\/god-of-war-nuevo-juego-anuncio-rumores-abril-2026-150x84.jpg 150w\" sizes=\"auto, (max-width: 1800px) 100vw, 1800px\" title=\"\"><\/a>\n<\/div>\n\n\n\n<div class=\"gb-element-3b7c7905\">\n<h2 class=\"gb-text gb-text-c5bfa952\"><a href=\"https:\/\/okdiario.com\/techy\/se-confirma-el-anuncio-mas-esperado-de-los-fans-de-god-of-war-los-rumores-no-fallaban\/3114\/\">Se confirma el anuncio m\u00e1s esperado de los fans de God of War: los rumores no fallaban<\/a><\/h2>\n\n\n\n<div class=\"gb-text-696c0c4d\"><span class=\"gb-shape\"><svg aria-hidden=\"true\" role=\"img\" height=\"1em\" width=\"1em\" viewBox=\"0 0 512 512\" xmlns=\"http:\/\/www.w3.org\/2000\/svg\"><path fill=\"currentColor\" d=\"M256 8C119 8 8 119 8 256s111 248 248 248 248-111 248-248S393 8 256 8zm0 448c-110.5 0-200-89.5-200-200S145.5 56 256 56s200 89.5 200 200-89.5 200-200 200zm61.8-104.4l-84.9-61.7c-3.1-2.3-4.9-5.9-4.9-9.7V116c0-6.6 5.4-12 12-12h32c6.6 0 12 5.4 12 12v141.7l66.8 48.6c5.4 3.9 6.5 11.4 2.6 16.8L334.6 349c-3.9 5.3-11.4 6.5-16.8 2.6z\"><\/path><\/svg><\/span><span class=\"gb-text\">19 de abril de 2026 a las 12:47<\/span><\/div>\n<\/div>\n<\/div>\n\n<div class=\"gb-loop-item gb-loop-item-82e61f4a post-3073 post type-post status-publish format-standard has-post-thumbnail hentry category-juegos resize-featured-image\">\n<div class=\"gb-element-67cf09ad\">\n<a href=\"https:\/\/okdiario.com\/techy\/pokemon-celebra-su-30-aniversario-con-pokemon-champions-el-nuevo-juego-gratuito-para-nintendo-switch\/3073\/\"><img loading=\"lazy\" decoding=\"async\" width=\"1800\" height=\"1013\" data-media-id=\"3074\" class=\"gb-media-7ffde560\" alt=\"Combate en Pok\u00e9mon Champions con Milotic lanzando un ataque en un estadio competitivo.\" src=\"https:\/\/okdiario.com\/techy\/wp-content\/uploads\/2026\/04\/pokemon-champions-combate-online-switch-milotic.jpg\" srcset=\"https:\/\/okdiario.com\/techy\/wp-content\/uploads\/2026\/04\/pokemon-champions-combate-online-switch-milotic.jpg 1800w, https:\/\/okdiario.com\/techy\/wp-content\/uploads\/2026\/04\/pokemon-champions-combate-online-switch-milotic-300x169.jpg 300w, https:\/\/okdiario.com\/techy\/wp-content\/uploads\/2026\/04\/pokemon-champions-combate-online-switch-milotic-768x432.jpg 768w, https:\/\/okdiario.com\/techy\/wp-content\/uploads\/2026\/04\/pokemon-champions-combate-online-switch-milotic-1536x864.jpg 1536w, https:\/\/okdiario.com\/techy\/wp-content\/uploads\/2026\/04\/pokemon-champions-combate-online-switch-milotic-150x84.jpg 150w\" sizes=\"auto, (max-width: 1800px) 100vw, 1800px\" title=\"\"><\/a>\n<\/div>\n\n\n\n<div class=\"gb-element-3b7c7905\">\n<h2 class=\"gb-text gb-text-c5bfa952\"><a href=\"https:\/\/okdiario.com\/techy\/pokemon-celebra-su-30-aniversario-con-pokemon-champions-el-nuevo-juego-gratuito-para-nintendo-switch\/3073\/\">Pok\u00e9mon celebra su 30 aniversario con &#8216;Pok\u00e9mon Champions&#8217;, el nuevo juego gratuito para Nintendo Switch<\/a><\/h2>\n\n\n\n<div class=\"gb-text-696c0c4d\"><span class=\"gb-shape\"><svg aria-hidden=\"true\" role=\"img\" height=\"1em\" width=\"1em\" viewBox=\"0 0 512 512\" xmlns=\"http:\/\/www.w3.org\/2000\/svg\"><path fill=\"currentColor\" d=\"M256 8C119 8 8 119 8 256s111 248 248 248 248-111 248-248S393 8 256 8zm0 448c-110.5 0-200-89.5-200-200S145.5 56 256 56s200 89.5 200 200-89.5 200-200 200zm61.8-104.4l-84.9-61.7c-3.1-2.3-4.9-5.9-4.9-9.7V116c0-6.6 5.4-12 12-12h32c6.6 0 12 5.4 12 12v141.7l66.8 48.6c5.4 3.9 6.5 11.4 2.6 16.8L334.6 349c-3.9 5.3-11.4 6.5-16.8 2.6z\"><\/path><\/svg><\/span><span class=\"gb-text\">17 de abril de 2026 a las 12:42<\/span><\/div>\n<\/div>\n<\/div>\n\n<div class=\"gb-loop-item gb-loop-item-82e61f4a post-3031 post type-post status-publish format-standard has-post-thumbnail hentry category-juegos resize-featured-image\">\n<div class=\"gb-element-67cf09ad\">\n<a href=\"https:\/\/okdiario.com\/techy\/nueva-filtracion-sobre-la-ps6-se-descubre-lo-que-sony-no-quiere-que-sepan-sus-competidores-y-en-xbox-ya-estan-temblando\/3031\/\"><img loading=\"lazy\" decoding=\"async\" width=\"1800\" height=\"1013\" data-media-id=\"3032\" class=\"gb-media-7ffde560\" alt=\"Logo de PlayStation representando la filtraci\u00f3n sobre PS6 y los nuevos detalles de Sony frente a Xbox.\" src=\"https:\/\/okdiario.com\/techy\/wp-content\/uploads\/2026\/04\/ps6-filtracion-sony-xbox-fecha-lanzamiento-descarga-juegos.jpg\" srcset=\"https:\/\/okdiario.com\/techy\/wp-content\/uploads\/2026\/04\/ps6-filtracion-sony-xbox-fecha-lanzamiento-descarga-juegos.jpg 1800w, https:\/\/okdiario.com\/techy\/wp-content\/uploads\/2026\/04\/ps6-filtracion-sony-xbox-fecha-lanzamiento-descarga-juegos-300x169.jpg 300w, https:\/\/okdiario.com\/techy\/wp-content\/uploads\/2026\/04\/ps6-filtracion-sony-xbox-fecha-lanzamiento-descarga-juegos-768x432.jpg 768w, https:\/\/okdiario.com\/techy\/wp-content\/uploads\/2026\/04\/ps6-filtracion-sony-xbox-fecha-lanzamiento-descarga-juegos-1536x864.jpg 1536w, https:\/\/okdiario.com\/techy\/wp-content\/uploads\/2026\/04\/ps6-filtracion-sony-xbox-fecha-lanzamiento-descarga-juegos-150x84.jpg 150w\" sizes=\"auto, (max-width: 1800px) 100vw, 1800px\" title=\"\"><\/a>\n<\/div>\n\n\n\n<div class=\"gb-element-3b7c7905\">\n<h2 class=\"gb-text gb-text-c5bfa952\"><a href=\"https:\/\/okdiario.com\/techy\/nueva-filtracion-sobre-la-ps6-se-descubre-lo-que-sony-no-quiere-que-sepan-sus-competidores-y-en-xbox-ya-estan-temblando\/3031\/\">Nueva filtraci\u00f3n sobre la PS6: se descubre lo que Sony no quiere que sepan sus competidores y en Xbox ya est\u00e1n temblando<\/a><\/h2>\n\n\n\n<div class=\"gb-text-696c0c4d\"><span class=\"gb-shape\"><svg aria-hidden=\"true\" role=\"img\" height=\"1em\" width=\"1em\" viewBox=\"0 0 512 512\" xmlns=\"http:\/\/www.w3.org\/2000\/svg\"><path fill=\"currentColor\" d=\"M256 8C119 8 8 119 8 256s111 248 248 248 248-111 248-248S393 8 256 8zm0 448c-110.5 0-200-89.5-200-200S145.5 56 256 56s200 89.5 200 200-89.5 200-200 200zm61.8-104.4l-84.9-61.7c-3.1-2.3-4.9-5.9-4.9-9.7V116c0-6.6 5.4-12 12-12h32c6.6 0 12 5.4 12 12v141.7l66.8 48.6c5.4 3.9 6.5 11.4 2.6 16.8L334.6 349c-3.9 5.3-11.4 6.5-16.8 2.6z\"><\/path><\/svg><\/span><span class=\"gb-text\">15 de abril de 2026 a las 12:47<\/span><\/div>\n<\/div>\n<\/div>\n\n<div class=\"gb-loop-item gb-loop-item-82e61f4a post-3009 post type-post status-publish format-standard has-post-thumbnail hentry category-juegos resize-featured-image\">\n<div class=\"gb-element-67cf09ad\">\n<a href=\"https:\/\/okdiario.com\/techy\/un-ex-trabajador-de-nintendo-confirma-la-peor-noticia-sobre-la-switch-2-y-avisa-inevitable\/3009\/\"><img loading=\"lazy\" decoding=\"async\" width=\"1800\" height=\"1013\" data-media-id=\"3010\" class=\"gb-media-7ffde560\" alt=\"Nintendo Switch 2 en primer plano con Joy-Con azul y rojo, consola protagonista ante posible subida de precio.\" src=\"https:\/\/okdiario.com\/techy\/wp-content\/uploads\/2026\/04\/nintendo-switch-2-subida-precio-inevitable-exdirectivo.jpg\" srcset=\"https:\/\/okdiario.com\/techy\/wp-content\/uploads\/2026\/04\/nintendo-switch-2-subida-precio-inevitable-exdirectivo.jpg 1800w, https:\/\/okdiario.com\/techy\/wp-content\/uploads\/2026\/04\/nintendo-switch-2-subida-precio-inevitable-exdirectivo-300x169.jpg 300w, https:\/\/okdiario.com\/techy\/wp-content\/uploads\/2026\/04\/nintendo-switch-2-subida-precio-inevitable-exdirectivo-768x432.jpg 768w, https:\/\/okdiario.com\/techy\/wp-content\/uploads\/2026\/04\/nintendo-switch-2-subida-precio-inevitable-exdirectivo-1536x864.jpg 1536w, https:\/\/okdiario.com\/techy\/wp-content\/uploads\/2026\/04\/nintendo-switch-2-subida-precio-inevitable-exdirectivo-150x84.jpg 150w\" sizes=\"auto, (max-width: 1800px) 100vw, 1800px\" title=\"\"><\/a>\n<\/div>\n\n\n\n<div class=\"gb-element-3b7c7905\">\n<h2 class=\"gb-text gb-text-c5bfa952\"><a href=\"https:\/\/okdiario.com\/techy\/un-ex-trabajador-de-nintendo-confirma-la-peor-noticia-sobre-la-switch-2-y-avisa-inevitable\/3009\/\">Un ex trabajador de Nintendo confirma la peor noticia sobre la Switch 2 y avisa: \u00abInevitable\u00bb<\/a><\/h2>\n\n\n\n<div class=\"gb-text-696c0c4d\"><span class=\"gb-shape\"><svg aria-hidden=\"true\" role=\"img\" height=\"1em\" width=\"1em\" viewBox=\"0 0 512 512\" xmlns=\"http:\/\/www.w3.org\/2000\/svg\"><path fill=\"currentColor\" d=\"M256 8C119 8 8 119 8 256s111 248 248 248 248-111 248-248S393 8 256 8zm0 448c-110.5 0-200-89.5-200-200S145.5 56 256 56s200 89.5 200 200-89.5 200-200 200zm61.8-104.4l-84.9-61.7c-3.1-2.3-4.9-5.9-4.9-9.7V116c0-6.6 5.4-12 12-12h32c6.6 0 12 5.4 12 12v141.7l66.8 48.6c5.4 3.9 6.5 11.4 2.6 16.8L334.6 349c-3.9 5.3-11.4 6.5-16.8 2.6z\"><\/path><\/svg><\/span><span class=\"gb-text\">14 de abril de 2026 a las 12:41<\/span><\/div>\n<\/div>\n<\/div>\n\n<div class=\"gb-loop-item gb-loop-item-82e61f4a post-3006 post type-post status-publish format-standard has-post-thumbnail hentry category-juegos resize-featured-image\">\n<div class=\"gb-element-67cf09ad\">\n<a href=\"https:\/\/okdiario.com\/techy\/solo-cuesta-25-euros-pero-ha-superado-a-resident-evil-requiem-en-la-tienda-de-steam-en-marzo-es-el-mejor-juego-de-cartas\/3006\/\"><img loading=\"lazy\" decoding=\"async\" width=\"1800\" height=\"1013\" data-media-id=\"3007\" class=\"gb-media-7ffde560\" alt=\"Slay the Spire 2 imagen oficial personaje enemigo juego de cartas indie \u00e9xito en Steam marzo.\" src=\"https:\/\/okdiario.com\/techy\/wp-content\/uploads\/2026\/04\/slay-the-spire-2-juego-cartas-steam-exito-marzo.jpg\" srcset=\"https:\/\/okdiario.com\/techy\/wp-content\/uploads\/2026\/04\/slay-the-spire-2-juego-cartas-steam-exito-marzo.jpg 1800w, https:\/\/okdiario.com\/techy\/wp-content\/uploads\/2026\/04\/slay-the-spire-2-juego-cartas-steam-exito-marzo-300x169.jpg 300w, https:\/\/okdiario.com\/techy\/wp-content\/uploads\/2026\/04\/slay-the-spire-2-juego-cartas-steam-exito-marzo-768x432.jpg 768w, https:\/\/okdiario.com\/techy\/wp-content\/uploads\/2026\/04\/slay-the-spire-2-juego-cartas-steam-exito-marzo-1536x864.jpg 1536w, https:\/\/okdiario.com\/techy\/wp-content\/uploads\/2026\/04\/slay-the-spire-2-juego-cartas-steam-exito-marzo-150x84.jpg 150w\" sizes=\"auto, (max-width: 1800px) 100vw, 1800px\" title=\"\"><\/a>\n<\/div>\n\n\n\n<div class=\"gb-element-3b7c7905\">\n<h2 class=\"gb-text gb-text-c5bfa952\"><a href=\"https:\/\/okdiario.com\/techy\/solo-cuesta-25-euros-pero-ha-superado-a-resident-evil-requiem-en-la-tienda-de-steam-en-marzo-es-el-mejor-juego-de-cartas\/3006\/\">S\u00f3lo cuesta 25 euros pero ha superado a Resident Evil Requiem en la tienda de Steam en marzo: es el mejor juego de cartas<\/a><\/h2>\n\n\n\n<div class=\"gb-text-696c0c4d\"><span class=\"gb-shape\"><svg aria-hidden=\"true\" role=\"img\" height=\"1em\" width=\"1em\" viewBox=\"0 0 512 512\" xmlns=\"http:\/\/www.w3.org\/2000\/svg\"><path fill=\"currentColor\" d=\"M256 8C119 8 8 119 8 256s111 248 248 248 248-111 248-248S393 8 256 8zm0 448c-110.5 0-200-89.5-200-200S145.5 56 256 56s200 89.5 200 200-89.5 200-200 200zm61.8-104.4l-84.9-61.7c-3.1-2.3-4.9-5.9-4.9-9.7V116c0-6.6 5.4-12 12-12h32c6.6 0 12 5.4 12 12v141.7l66.8 48.6c5.4 3.9 6.5 11.4 2.6 16.8L334.6 349c-3.9 5.3-11.4 6.5-16.8 2.6z\"><\/path><\/svg><\/span><span class=\"gb-text\">14 de abril de 2026 a las 09:42<\/span><\/div>\n<\/div>\n<\/div>\n\n<div class=\"gb-loop-item gb-loop-item-82e61f4a post-3003 post type-post status-publish format-standard has-post-thumbnail hentry category-juegos resize-featured-image\">\n<div class=\"gb-element-67cf09ad\">\n<a href=\"https:\/\/okdiario.com\/techy\/hace-anos-fue-el-rumor-mas-grande-de-la-historia-de-pokemon-pero-hoy-se-confirma-que-es-100-real-el-truco-de-mew-y-el-camion-funciona\/3003\/\"><img loading=\"lazy\" decoding=\"async\" width=\"1800\" height=\"1013\" data-media-id=\"3004\" class=\"gb-media-7ffde560\" alt=\"Mew junto a entrenador en Pok\u00e9mon con referencia al truco del cami\u00f3n del S.S. Anne.\" src=\"https:\/\/okdiario.com\/techy\/wp-content\/uploads\/2026\/04\/truco-mew-camion-ss-anne-pokemon.jpg\" srcset=\"https:\/\/okdiario.com\/techy\/wp-content\/uploads\/2026\/04\/truco-mew-camion-ss-anne-pokemon.jpg 1800w, https:\/\/okdiario.com\/techy\/wp-content\/uploads\/2026\/04\/truco-mew-camion-ss-anne-pokemon-300x169.jpg 300w, https:\/\/okdiario.com\/techy\/wp-content\/uploads\/2026\/04\/truco-mew-camion-ss-anne-pokemon-768x432.jpg 768w, https:\/\/okdiario.com\/techy\/wp-content\/uploads\/2026\/04\/truco-mew-camion-ss-anne-pokemon-1536x864.jpg 1536w, https:\/\/okdiario.com\/techy\/wp-content\/uploads\/2026\/04\/truco-mew-camion-ss-anne-pokemon-150x84.jpg 150w\" sizes=\"auto, (max-width: 1800px) 100vw, 1800px\" title=\"\"><\/a>\n<\/div>\n\n\n\n<div class=\"gb-element-3b7c7905\">\n<h2 class=\"gb-text gb-text-c5bfa952\"><a href=\"https:\/\/okdiario.com\/techy\/hace-anos-fue-el-rumor-mas-grande-de-la-historia-de-pokemon-pero-hoy-se-confirma-que-es-100-real-el-truco-de-mew-y-el-camion-funciona\/3003\/\">Hace a\u00f1os fue el rumor m\u00e1s grande de la historia de Pok\u00e9mon, pero hoy se confirma que es 100% real: el truco de Mew y el cami\u00f3n funciona<\/a><\/h2>\n\n\n\n<div class=\"gb-text-696c0c4d\"><span class=\"gb-shape\"><svg aria-hidden=\"true\" role=\"img\" height=\"1em\" width=\"1em\" viewBox=\"0 0 512 512\" xmlns=\"http:\/\/www.w3.org\/2000\/svg\"><path fill=\"currentColor\" d=\"M256 8C119 8 8 119 8 256s111 248 248 248 248-111 248-248S393 8 256 8zm0 448c-110.5 0-200-89.5-200-200S145.5 56 256 56s200 89.5 200 200-89.5 200-200 200zm61.8-104.4l-84.9-61.7c-3.1-2.3-4.9-5.9-4.9-9.7V116c0-6.6 5.4-12 12-12h32c6.6 0 12 5.4 12 12v141.7l66.8 48.6c5.4 3.9 6.5 11.4 2.6 16.8L334.6 349c-3.9 5.3-11.4 6.5-16.8 2.6z\"><\/path><\/svg><\/span><span class=\"gb-text\">14 de abril de 2026 a las 08:01<\/span><\/div>\n<\/div>\n<\/div>\n<\/div><\/div>\n<\/div>\n<\/div>\n<\/div>\n<\/div>\n\n\n\n<div class=\"t44-wrap\" aria-label=\"Latest Techy44 USA stories\">\n  <div class=\"t44-grid\">\n    <section class=\"t44-card\" aria-labelledby=\"t44-usa-title\">\n      <header class=\"t44-head\">\n        <a class=\"t44-brand\" href=\"https:\/\/okdiario.com\/techy\/en\/\" aria-label=\"Techy44 USA\">\n          <img class=\"t44-logo\" src=\"https:\/\/okdiario.com\/techy\/en\/wp-content\/uploads\/2026\/03\/logo-techy-us.png\" alt=\"techy44 usa\" loading=\"lazy\" decoding=\"async\" title=\"\">\n          <span class=\"t44-sr\" id=\"t44-usa-title\">Techy44 USA \u00b7 Latest<\/span>\n        <\/a>\n\n        <a class=\"t44-more\" href=\"https:\/\/okdiario.com\/techy\/en\/\">\n          Ver Secci\u00f3n <span aria-hidden=\"true\">\u2192<\/span>\n        <\/a>\n      <\/header>\n\n      <div class=\"t44-table-wrap\">\n        <table class=\"t44-table\" aria-label=\"Latest stories from Techy44 USA\">\n          <thead>\n            <tr>\n              <th>\u00daltimas Noticias<\/th>\n              <th class=\"t44-th-date\">Fecha<\/th>\n            <\/tr>\n          <\/thead>\n          <tbody id=\"t44-usa-body\">\n            <tr><td colspan=\"2\">Loading\u2026<\/td><\/tr>\n          <\/tbody>\n        <\/table>\n      <\/div>\n\n      <footer class=\"t44-foot\">\n        <a class=\"t44-btn\" href=\"https:\/\/okdiario.com\/techy\/en\/\">Ver m\u00e1s<\/a>\n      <\/footer>\n    <\/section>\n\n    <noscript>\n      <p>\n        To view the latest stories, please enable JavaScript. Meanwhile:\n        <a href=\"https:\/\/okdiario.com\/techy\/en\/\">Techy44 USA<\/a>\n      <\/p>\n    <\/noscript>\n  <\/div>\n<\/div>\n\n<style>\n  .t44-wrap{\n    width: 100%;\n    max-width: var(--container-width, 1200px);\n    margin: 0 auto;\n    padding-left: 30px;\n    padding-right: 30px;\n    box-sizing: border-box;\n\n    --t44-bg: var(--background, #fff);\n    --t44-bg2: var(--background-1, #f7f7f7);\n    --t44-text: var(--text-1, #111);\n    --t44-muted: var(--text-2, #666);\n    --t44-border: var(--border-color, rgba(0,0,0,.12));\n\n    \/* Techy44 accent *\/\n    --t44-blue: #1DA1F2;\n    --t44-btntext: #0f1720;\n  }\n  @media (max-width: 768px){\n    .t44-wrap{ padding-left: 20px; padding-right: 20px; }\n  }\n\n  .t44-grid{\n    display: grid;\n    grid-template-columns: 1fr;\n    gap: 20px;\n  }\n\n  .t44-card{\n    background: var(--t44-bg);\n    border: 1px solid var(--t44-border);\n    border-radius: 10px;\n    overflow: hidden;\n  }\n\n  .t44-head{\n    display: flex;\n    align-items: center;\n    justify-content: space-between;\n    gap: 12px;\n    padding: 12px 16px;\n    border-bottom: 1px solid var(--t44-border);\n    background: var(--t44-bg);\n  }\n\n  .t44-brand{\n    display:flex;\n    align-items:center;\n    gap:12px;\n    min-width: 0;\n    text-decoration:none;\n  }\n\n  .t44-logo{\n    height: 34px;\n    width: auto;\n    max-width: 240px;\n    display:block;\n  }\n  @media (max-width: 480px){\n    .t44-logo{ height: 28px; max-width: 190px; }\n  }\n\n  .t44-head .t44-more,\n  .t44-head .t44-more:visited{\n    display:inline-flex;\n    align-items:center;\n    gap:8px;\n    padding: 8px 12px;\n    border-radius: 999px;\n\n    border: 1px solid color-mix(in srgb, var(--t44-blue) 55%, var(--t44-border));\n    background: color-mix(in srgb, var(--t44-blue) 14%, var(--t44-bg));\n\n    color: var(--t44-btntext) !important;\n    font-size: 13px;\n    font-weight: 700;\n    line-height: 1;\n    text-decoration: none !important;\n    white-space: nowrap;\n\n    transition: transform .15s ease, background-color .15s ease, border-color .15s ease, box-shadow .15s ease;\n  }\n  .t44-head .t44-more span{ color: inherit !important; }\n  .t44-head .t44-more:hover{\n    background: color-mix(in srgb, var(--t44-blue) 22%, var(--t44-bg));\n    border-color: color-mix(in srgb, var(--t44-blue) 75%, var(--t44-border));\n    transform: translateY(-1px);\n    box-shadow: 0 6px 16px rgba(0,0,0,.06);\n  }\n  .t44-head .t44-more:focus-visible{\n    outline: 2px solid var(--t44-blue);\n    outline-offset: 2px;\n  }\n\n  .t44-table-wrap{ width: 100%; overflow: hidden; }\n  .t44-table{\n    width: 100%;\n    border-collapse: collapse;\n    table-layout: fixed;\n    font-size: 14px;\n  }\n  .t44-table th, .t44-table td{\n    padding: 10px 16px;\n    border-bottom: 1px solid var(--t44-border);\n    vertical-align: top;\n  }\n  .t44-table thead th{\n    font-size: 11px;\n    text-transform: uppercase;\n    letter-spacing: .05em;\n    color: var(--t44-muted);\n    background: var(--t44-bg2);\n  }\n\n  .t44-th-date{ width: 120px; text-align: right; }\n  .t44-td-date{\n    width: 120px;\n    text-align: right;\n    white-space: nowrap;\n    font-size: 13px;\n    color: var(--t44-muted);\n  }\n\n  .t44-td-title{\n    overflow-wrap: anywhere;\n    word-break: break-word;\n  }\n  .t44-td-title a{\n    color: var(--t44-text) !important;\n    text-decoration: none !important;\n  }\n  .t44-td-title a:hover{\n    text-decoration: underline !important;\n    text-decoration-thickness: 2px;\n    text-decoration-color: var(--t44-blue) !important;\n  }\n  .t44-td-title a:focus-visible{\n    outline: 2px solid var(--t44-blue);\n    outline-offset: 2px;\n    text-decoration-color: var(--t44-blue);\n  }\n\n  .t44-table tbody tr:last-child td{ border-bottom: none; }\n\n  .t44-foot{\n    padding: 12px 16px;\n    display: flex;\n    justify-content: flex-end;\n    background: var(--t44-bg2);\n    border-top: 1px solid var(--t44-border);\n  }\n  .t44-foot .t44-btn,\n  .t44-foot .t44-btn:visited{\n    display: inline-block;\n    padding: 9px 12px;\n    border-radius: 10px;\n\n    text-decoration: none !important;\n    font-size: 13px;\n    font-weight: 700;\n\n    color: var(--t44-btntext) !important;\n    background: color-mix(in srgb, var(--t44-blue) 18%, var(--t44-bg));\n    border: 1px solid color-mix(in srgb, var(--t44-blue) 70%, var(--t44-border));\n\n    transition: transform .15s ease, background-color .15s ease, box-shadow .15s ease;\n  }\n  .t44-foot .t44-btn:hover{\n    background: color-mix(in srgb, var(--t44-blue) 28%, var(--t44-bg));\n    transform: translateY(-1px);\n    box-shadow: 0 6px 16px rgba(0,0,0,.06);\n  }\n  .t44-foot .t44-btn:focus-visible{\n    outline: 2px solid var(--t44-blue);\n    outline-offset: 2px;\n  }\n\n  .t44-sr{\n    position:absolute !important;\n    width:1px; height:1px;\n    padding:0; margin:-1px;\n    overflow:hidden; clip:rect(0,0,0,0);\n    white-space:nowrap; border:0;\n  }\n<\/style>\n\n<script>\n(function(){\n  const FEED_URL = \"https:\/\/okdiario.com\/techy\/en\/feed\/\";\n  const TARGET_ID = \"t44-usa-body\";\n  const MAX_ITEMS = 18;\n\n  const pad2 = (n) => (n < 10 ? \"0\" + n : \"\" + n);\n\n  function formatDate(pubDateStr){\n    const d = new Date(pubDateStr);\n    if (isNaN(d.getTime())) return \"\";\n    return pad2(d.getMonth() + 1) + \"\/\" + pad2(d.getDate()) + \"\/\" + d.getFullYear();\n  }\n\n  function escHtml(s){\n    return String(s)\n      .replaceAll(\"&#038;\",\"&amp;\")\n      .replaceAll(\"<\",\"&lt;\")\n      .replaceAll(\">\",\"&gt;\")\n      .replaceAll('\"',\"&quot;\")\n      .replaceAll(\"'\",\"&#039;\");\n  }\n\n  async function loadFeed(){\n    const tbody = document.getElementById(TARGET_ID);\n    if (!tbody) return;\n\n    try{\n      const res = await fetch(FEED_URL, { mode: \"cors\" });\n      if (!res.ok) throw new Error(\"HTTP \" + res.status);\n\n      const xmlText = await res.text();\n      const doc = new DOMParser().parseFromString(xmlText, \"text\/xml\");\n      const items = Array.from(doc.querySelectorAll(\"item\")).slice(0, MAX_ITEMS);\n\n      if (!items.length){\n        tbody.innerHTML = '<tr><td colspan=\"2\">No stories available right now.<\/td><\/tr>';\n        return;\n      }\n\n      tbody.innerHTML = items.map((item) => {\n        const title = item.querySelector(\"title\")?.textContent?.trim() || \"Untitled\";\n        const link  = item.querySelector(\"link\")?.textContent?.trim() || \"#\";\n        const pub   = item.querySelector(\"pubDate\")?.textContent?.trim() || \"\";\n        const date  = formatDate(pub);\n\n        return `\n          <tr itemscope itemtype=\"https:\/\/schema.org\/ListItem\">\n            <td class=\"t44-td-title\">\n              <a itemprop=\"url\" rel=\"bookmark\" href=\"${escHtml(link)}\">${escHtml(title)}<\/a>\n            <\/td>\n            <td class=\"t44-td-date\">${escHtml(date)}<\/td>\n          <\/tr>\n        `;\n      }).join(\"\");\n    } catch(err){\n      console.warn(\"Could not load feed:\", FEED_URL, err);\n      tbody.innerHTML = '<tr><td colspan=\"2\">Unable to load the feed right now.<\/td><\/tr>';\n    }\n  }\n\n  loadFeed();\n})();\n<\/script>\n\n\n\n<p><\/p>\n","protected":false},"excerpt":{"rendered":"<p>Actualidad Ciberseguridad Dispositivos Militar Inform\u00e1tica Inteligencia Artificial Juegos Techy44 USA \u00b7 Latest Ver Secci\u00f3n \u2192 \u00daltimas Noticias Fecha Loading\u2026 Ver &#8230; <\/p>\n<p class=\"read-more-container\"><a title=\"Techy44\" class=\"read-more button\" href=\"https:\/\/okdiario.com\/techy\/#more-1775\" aria-label=\"Leer m\u00e1s sobre Techy44\">Read more<\/a><\/p>\n","protected":false},"author":3,"featured_media":0,"parent":0,"menu_order":0,"comment_status":"closed","ping_status":"closed","template":"","meta":{"footnotes":""},"class_list":["post-1775","page","type-page","status-publish"],"_links":{"self":[{"href":"https:\/\/okdiario.com\/techy\/wp-json\/wp\/v2\/pages\/1775","targetHints":{"allow":["GET"]}}],"collection":[{"href":"https:\/\/okdiario.com\/techy\/wp-json\/wp\/v2\/pages"}],"about":[{"href":"https:\/\/okdiario.com\/techy\/wp-json\/wp\/v2\/types\/page"}],"author":[{"embeddable":true,"href":"https:\/\/okdiario.com\/techy\/wp-json\/wp\/v2\/users\/3"}],"replies":[{"embeddable":true,"href":"https:\/\/okdiario.com\/techy\/wp-json\/wp\/v2\/comments?post=1775"}],"version-history":[{"count":16,"href":"https:\/\/okdiario.com\/techy\/wp-json\/wp\/v2\/pages\/1775\/revisions"}],"predecessor-version":[{"id":2814,"href":"https:\/\/okdiario.com\/techy\/wp-json\/wp\/v2\/pages\/1775\/revisions\/2814"}],"wp:attachment":[{"href":"https:\/\/okdiario.com\/techy\/wp-json\/wp\/v2\/media?parent=1775"}],"curies":[{"name":"wp","href":"https:\/\/api.w.org\/{rel}","templated":true}]}}