{"id":883,"date":"2024-04-09T13:30:09","date_gmt":"2024-04-09T11:30:09","guid":{"rendered":"https:\/\/okdiario.com\/metabolic\/?page_id=883"},"modified":"2025-03-31T09:42:50","modified_gmt":"2025-03-31T07:42:50","slug":"home_","status":"publish","type":"page","link":"https:\/\/okdiario.com\/metabolic\/","title":{"rendered":"Home_"},"content":{"rendered":"\t\t<div data-elementor-type=\"wp-page\" data-elementor-id=\"883\" class=\"elementor elementor-883\" data-elementor-post-type=\"page\">\n\t\t\t\t<div class=\"elementor-element elementor-element-62708e9b e-flex e-con-boxed e-con e-parent\" data-id=\"62708e9b\" data-element_type=\"container\">\n\t\t\t\t\t<div class=\"e-con-inner\">\n\t\t<div class=\"elementor-element elementor-element-2a6cab48 e-con-full e-flex e-con e-child\" data-id=\"2a6cab48\" data-element_type=\"container\">\n\t\t\t\t<div class=\"elementor-element elementor-element-756cbca elementor-grid-1 elementor-posts--thumbnail-none elementor-grid-tablet-2 elementor-grid-mobile-1 elementor-posts__hover-gradient elementor-widget elementor-widget-posts\" data-id=\"756cbca\" data-element_type=\"widget\" data-settings=\"{&quot;cards_columns&quot;:&quot;1&quot;,&quot;cards_row_gap&quot;:{&quot;unit&quot;:&quot;px&quot;,&quot;size&quot;:4,&quot;sizes&quot;:[]},&quot;cards_columns_tablet&quot;:&quot;2&quot;,&quot;cards_columns_mobile&quot;:&quot;1&quot;,&quot;cards_row_gap_tablet&quot;:{&quot;unit&quot;:&quot;px&quot;,&quot;size&quot;:&quot;&quot;,&quot;sizes&quot;:[]},&quot;cards_row_gap_mobile&quot;:{&quot;unit&quot;:&quot;px&quot;,&quot;size&quot;:&quot;&quot;,&quot;sizes&quot;:[]}}\" data-widget_type=\"posts.cards\">\n\t\t\t\t<div class=\"elementor-widget-container\">\n\t\t\t\t\t\t\t<div class=\"elementor-posts-container elementor-posts elementor-posts--skin-cards elementor-grid\">\n\t\t\t\t<article class=\"elementor-post elementor-grid-item post-12785789 post type-post status-publish format-standard has-post-thumbnail hentry category-deporte category-entrenamiento tag-ejercicio tag-okd tag-pilates\">\n\t\t\t<div class=\"elementor-post__card\">\n\t\t\t\t<div class=\"elementor-post__text\">\n\t\t\t\t<h2 class=\"elementor-post__title\">\n\t\t\t<a href=\"https:\/\/okdiario.com\/metabolic\/deporte\/como-remodelar-tu-abdomen-despues-de-las-vacaciones-de-verano-ejercicios-para-hacer-apoyandote-contra-la-pared-en-casa-12785789\/\" >\n\t\t\t\tC\u00f3mo remodelar tu abdomen despu\u00e9s de las vacaciones de verano: ejercicios para hacer apoy\u00e1ndote contra la pared en casa\t\t\t<\/a>\n\t\t<\/h2>\n\t\t\t\t<\/div>\n\t\t\t\t<div class=\"elementor-post__meta-data\">\n\t\t\t\t\t<span class=\"elementor-post-date\">\n\t\t\t2026-09-04T16:26:10\t\t<\/span>\n\t\t\t\t<\/div>\n\t\t\t\t\t<\/div>\n\t\t<\/article>\n\t\t\t\t<article class=\"elementor-post elementor-grid-item post-12785594 post type-post status-publish format-standard has-post-thumbnail hentry category-entrenamiento\">\n\t\t\t<div class=\"elementor-post__card\">\n\t\t\t\t<div class=\"elementor-post__text\">\n\t\t\t\t<h2 class=\"elementor-post__title\">\n\t\t\t<a href=\"https:\/\/okdiario.com\/metabolic\/deporte\/entrenamiento\/felipe-isidro-experto-en-educacion-fisica-y-entrenador-personal-uno-no-tiene-que-hacer-lo-que-le-apetece-sino-lo-que-le-conviene-12785594\/\" >\n\t\t\t\tFelipe Isidro, experto en educaci\u00f3n f\u00edsica y entrenador personal: \u00abUno no tiene que hacer lo que le apetece, sino lo que le conviene\u00bb\t\t\t<\/a>\n\t\t<\/h2>\n\t\t\t\t<\/div>\n\t\t\t\t<div class=\"elementor-post__meta-data\">\n\t\t\t\t\t<span class=\"elementor-post-date\">\n\t\t\t2026-09-04T08:45:59\t\t<\/span>\n\t\t\t\t<\/div>\n\t\t\t\t\t<\/div>\n\t\t<\/article>\n\t\t\t\t<article class=\"elementor-post elementor-grid-item post-12785763 post type-post status-publish format-standard has-post-thumbnail hentry category-psicologia category-emociones category-relaciones-y-sociedad tag-okd tag-psicologia\">\n\t\t\t<div class=\"elementor-post__card\">\n\t\t\t\t<div class=\"elementor-post__text\">\n\t\t\t\t<h2 class=\"elementor-post__title\">\n\t\t\t<a href=\"https:\/\/okdiario.com\/metabolic\/psicologia\/la-psicologia-revela-que-las-personas-mas-felices-dicen-continuamente-estas-frases-para-proyectar-su-mentalidad-positiva-12785763\/\" >\n\t\t\t\tLa psicolog\u00eda revela que las personas m\u00e1s felices dicen continuamente estas frases para proyectar su mentalidad positiva\t\t\t<\/a>\n\t\t<\/h2>\n\t\t\t\t<\/div>\n\t\t\t\t<div class=\"elementor-post__meta-data\">\n\t\t\t\t\t<span class=\"elementor-post-date\">\n\t\t\t2026-09-03T09:17:27\t\t<\/span>\n\t\t\t\t<\/div>\n\t\t\t\t\t<\/div>\n\t\t<\/article>\n\t\t\t\t<article class=\"elementor-post elementor-grid-item post-12785757 post type-post status-publish format-standard has-post-thumbnail hentry category-cosmetica category-cara category-cuerpo category-salud tag-piel tag-protector-solar tag-sol\">\n\t\t\t<div class=\"elementor-post__card\">\n\t\t\t\t<div class=\"elementor-post__text\">\n\t\t\t\t<h2 class=\"elementor-post__title\">\n\t\t\t<a href=\"https:\/\/okdiario.com\/metabolic\/cosmetica\/una-doctora-de-harvard-opina-sobre-los-protectores-solares-pensaba-que-el-fps-50-era-mucho-mejor-que-el-fps-35-pero-no-es-cierto-12785757\/\" >\n\t\t\t\tUna doctora de Harvard opina sobre los protectores solares: \u00abPensaba que el FPS 50 era mucho mejor que el FPS 35, pero no es cierto\u00bb\t\t\t<\/a>\n\t\t<\/h2>\n\t\t\t\t<\/div>\n\t\t\t\t<div class=\"elementor-post__meta-data\">\n\t\t\t\t\t<span class=\"elementor-post-date\">\n\t\t\t2026-09-03T08:49:59\t\t<\/span>\n\t\t\t\t<\/div>\n\t\t\t\t\t<\/div>\n\t\t<\/article>\n\t\t\t\t<\/div>\n\t\t\n\t\t\t\t\t\t<\/div>\n\t\t\t\t<\/div>\n\t\t\t\t<\/div>\n\t\t<div class=\"elementor-element elementor-element-6e867f65 e-con-full e-flex e-con e-child\" data-id=\"6e867f65\" data-element_type=\"container\">\n\t\t\t\t<div class=\"elementor-element elementor-element-e0635fd elementor-grid-1 elementor-grid-tablet-2 elementor-grid-mobile-1 elementor-posts--thumbnail-top elementor-posts--show-avatar elementor-posts__hover-gradient elementor-widget elementor-widget-posts\" data-id=\"e0635fd\" data-element_type=\"widget\" data-settings=\"{&quot;cards_columns&quot;:&quot;1&quot;,&quot;cards_row_gap&quot;:{&quot;unit&quot;:&quot;px&quot;,&quot;size&quot;:20,&quot;sizes&quot;:[]},&quot;cards_columns_tablet&quot;:&quot;2&quot;,&quot;cards_columns_mobile&quot;:&quot;1&quot;,&quot;cards_row_gap_tablet&quot;:{&quot;unit&quot;:&quot;px&quot;,&quot;size&quot;:&quot;&quot;,&quot;sizes&quot;:[]},&quot;cards_row_gap_mobile&quot;:{&quot;unit&quot;:&quot;px&quot;,&quot;size&quot;:&quot;&quot;,&quot;sizes&quot;:[]}}\" data-widget_type=\"posts.cards\">\n\t\t\t\t<div class=\"elementor-widget-container\">\n\t\t\t\t\t\t\t<div class=\"elementor-posts-container elementor-posts elementor-posts--skin-cards elementor-grid\">\n\t\t\t\t<article class=\"elementor-post elementor-grid-item post-12785789 post type-post status-publish format-standard has-post-thumbnail hentry category-deporte category-entrenamiento tag-ejercicio tag-okd tag-pilates\">\n\t\t\t<div class=\"elementor-post__card\">\n\t\t\t\t<a class=\"elementor-post__thumbnail__link\" href=\"https:\/\/okdiario.com\/metabolic\/deporte\/como-remodelar-tu-abdomen-despues-de-las-vacaciones-de-verano-ejercicios-para-hacer-apoyandote-contra-la-pared-en-casa-12785789\/\" tabindex=\"-1\" ><div class=\"elementor-post__thumbnail\"><img fetchpriority=\"high\" decoding=\"async\" width=\"1800\" height=\"1200\" src=\"https:\/\/okdiario.com\/metabolic\/wp-content\/uploads\/2026\/09\/pilates-pared-1800x1200.jpg\" class=\"attachment-large size-large wp-image-12785792\" alt=\"C\u00f3mo remodelar tu abdomen despu\u00e9s de las vacaciones de verano: ejercicios para hacer apoy\u00e1ndote contra la pared en casa\" srcset=\"https:\/\/okdiario.com\/metabolic\/wp-content\/uploads\/2026\/09\/pilates-pared-1800x1200.jpg 1800w, https:\/\/okdiario.com\/metabolic\/wp-content\/uploads\/2026\/09\/pilates-pared-300x200.jpg 300w, https:\/\/okdiario.com\/metabolic\/wp-content\/uploads\/2026\/09\/pilates-pared-150x100.jpg 150w, https:\/\/okdiario.com\/metabolic\/wp-content\/uploads\/2026\/09\/pilates-pared-768x512.jpg 768w, https:\/\/okdiario.com\/metabolic\/wp-content\/uploads\/2026\/09\/pilates-pared-1536x1024.jpg 1536w, https:\/\/okdiario.com\/metabolic\/wp-content\/uploads\/2026\/09\/pilates-pared-750x500.jpg 750w, https:\/\/okdiario.com\/metabolic\/wp-content\/uploads\/2026\/09\/pilates-pared-1140x760.jpg 1140w, https:\/\/okdiario.com\/metabolic\/wp-content\/uploads\/2026\/09\/pilates-pared.jpg 1920w\" sizes=\"(max-width: 1800px) 100vw, 1800px\" \/><\/div><\/a>\n\t\t\t\t<div class=\"elementor-post__badge\">Deporte<\/div>\n\t\t\t\t<div class=\"elementor-post__avatar\">\n\t\t\t\t\t<\/div>\n\t\t\t\t<div class=\"elementor-post__text\">\n\t\t\t\t<h2 class=\"elementor-post__title\">\n\t\t\t<a href=\"https:\/\/okdiario.com\/metabolic\/deporte\/como-remodelar-tu-abdomen-despues-de-las-vacaciones-de-verano-ejercicios-para-hacer-apoyandote-contra-la-pared-en-casa-12785789\/\" >\n\t\t\t\tC\u00f3mo remodelar tu abdomen despu\u00e9s de las vacaciones de verano: ejercicios para hacer apoy\u00e1ndote contra la pared en casa\t\t\t<\/a>\n\t\t<\/h2>\n\t\t\t\t<\/div>\n\t\t\t\t<div class=\"elementor-post__meta-data\">\n\t\t\t\t\t<span class=\"elementor-post-author\">\n\t\t\tMarta Burgues\t\t<\/span>\n\t\t\t\t<span class=\"elementor-post-date\">\n\t\t\t2026-09-04T16:26:10\t\t<\/span>\n\t\t\t\t<\/div>\n\t\t\t\t\t<\/div>\n\t\t<\/article>\n\t\t\t\t<\/div>\n\t\t\n\t\t\t\t\t\t<\/div>\n\t\t\t\t<\/div>\n\t\t\t\t<\/div>\n\t\t<div class=\"elementor-element elementor-element-1ee54703 e-con-full e-flex e-con e-child\" data-id=\"1ee54703\" data-element_type=\"container\">\n\t\t\t\t<div class=\"elementor-element elementor-element-adcf93f elementor-grid-1 elementor-grid-tablet-2 elementor-grid-mobile-1 elementor-posts--thumbnail-top elementor-posts--show-avatar elementor-posts__hover-gradient elementor-widget elementor-widget-posts\" data-id=\"adcf93f\" data-element_type=\"widget\" data-settings=\"{&quot;cards_columns&quot;:&quot;1&quot;,&quot;cards_row_gap&quot;:{&quot;unit&quot;:&quot;px&quot;,&quot;size&quot;:21,&quot;sizes&quot;:[]},&quot;cards_columns_tablet&quot;:&quot;2&quot;,&quot;cards_columns_mobile&quot;:&quot;1&quot;,&quot;cards_row_gap_tablet&quot;:{&quot;unit&quot;:&quot;px&quot;,&quot;size&quot;:&quot;&quot;,&quot;sizes&quot;:[]},&quot;cards_row_gap_mobile&quot;:{&quot;unit&quot;:&quot;px&quot;,&quot;size&quot;:&quot;&quot;,&quot;sizes&quot;:[]}}\" data-widget_type=\"posts.cards\">\n\t\t\t\t<div class=\"elementor-widget-container\">\n\t\t\t\t\t\t\t<div class=\"elementor-posts-container elementor-posts elementor-posts--skin-cards elementor-grid\">\n\t\t\t\t<article class=\"elementor-post elementor-grid-item post-12785478 post type-post status-publish format-standard has-post-thumbnail hentry category-entrenamiento\">\n\t\t\t<div class=\"elementor-post__card\">\n\t\t\t\t<a class=\"elementor-post__thumbnail__link\" href=\"https:\/\/okdiario.com\/metabolic\/deporte\/entrenamiento\/lucia-martinez-experta-en-bienestar-fisico-si-quieres-llegar-a-los-70-anos-siendo-independiente-debes-poder-levantarte-del-suelo-sin-usar-las-manos-12785478\/\" tabindex=\"-1\" ><div class=\"elementor-post__thumbnail\"><img decoding=\"async\" width=\"1800\" height=\"1013\" src=\"https:\/\/okdiario.com\/metabolic\/wp-content\/uploads\/2026\/08\/hombre-estiramiento-salud.jpg\" class=\"attachment-large size-large wp-image-12785484\" alt=\"Hombre, estiramiento, deporte\" srcset=\"https:\/\/okdiario.com\/metabolic\/wp-content\/uploads\/2026\/08\/hombre-estiramiento-salud.jpg 1800w, https:\/\/okdiario.com\/metabolic\/wp-content\/uploads\/2026\/08\/hombre-estiramiento-salud-300x169.jpg 300w, https:\/\/okdiario.com\/metabolic\/wp-content\/uploads\/2026\/08\/hombre-estiramiento-salud-150x84.jpg 150w, https:\/\/okdiario.com\/metabolic\/wp-content\/uploads\/2026\/08\/hombre-estiramiento-salud-768x432.jpg 768w, https:\/\/okdiario.com\/metabolic\/wp-content\/uploads\/2026\/08\/hombre-estiramiento-salud-1536x864.jpg 1536w, https:\/\/okdiario.com\/metabolic\/wp-content\/uploads\/2026\/08\/hombre-estiramiento-salud-750x422.jpg 750w, https:\/\/okdiario.com\/metabolic\/wp-content\/uploads\/2026\/08\/hombre-estiramiento-salud-1140x642.jpg 1140w\" sizes=\"(max-width: 1800px) 100vw, 1800px\" \/><\/div><\/a>\n\t\t\t\t<div class=\"elementor-post__badge\">Entrenamiento<\/div>\n\t\t\t\t<div class=\"elementor-post__avatar\">\n\t\t\t\t\t<\/div>\n\t\t\t\t<div class=\"elementor-post__text\">\n\t\t\t\t<h2 class=\"elementor-post__title\">\n\t\t\t<a href=\"https:\/\/okdiario.com\/metabolic\/deporte\/entrenamiento\/lucia-martinez-experta-en-bienestar-fisico-si-quieres-llegar-a-los-70-anos-siendo-independiente-debes-poder-levantarte-del-suelo-sin-usar-las-manos-12785478\/\" >\n\t\t\t\tLuc\u00eda Mart\u00ednez, experta en bienestar f\u00edsico: \u00abSi quieres llegar a los 70 a\u00f1os siendo independiente, debes poder levantarte del suelo sin usar las manos\u00bb\t\t\t<\/a>\n\t\t<\/h2>\n\t\t\t\t<\/div>\n\t\t\t\t<div class=\"elementor-post__meta-data\">\n\t\t\t\t\t<span class=\"elementor-post-date\">\n\t\t\t2026-09-03T08:45:01\t\t<\/span>\n\t\t\t\t<\/div>\n\t\t\t\t\t<\/div>\n\t\t<\/article>\n\t\t\t\t<article class=\"elementor-post elementor-grid-item post-12785750 post type-post status-publish format-standard has-post-thumbnail hentry category-deporte category-entrenamiento tag-caminar tag-okd\">\n\t\t\t<div class=\"elementor-post__card\">\n\t\t\t\t<a class=\"elementor-post__thumbnail__link\" href=\"https:\/\/okdiario.com\/metabolic\/deporte\/rafael-hidalgo-entrenador-personal-si-una-persona-mayor-de-70-anos-camina-entre-20-y-30-minutos-aproximadamente-5-dias-a-la-semana-ya-esta-cosechando-los-beneficios-12785750\/\" tabindex=\"-1\" ><div class=\"elementor-post__thumbnail\"><img decoding=\"async\" width=\"1800\" height=\"1200\" src=\"https:\/\/okdiario.com\/metabolic\/wp-content\/uploads\/2026\/05\/caminar-1800x1200.jpg\" class=\"attachment-large size-large wp-image-12782667\" alt=\"Rafael Hidalgo, entrenador personal: &quot;Si una persona mayor de 70 a\u00f1os camina entre 20 y 30 minutos, aproximadamente 5 d\u00edas a la semana, ya est\u00e1 cosechando los beneficios&quot;\" srcset=\"https:\/\/okdiario.com\/metabolic\/wp-content\/uploads\/2026\/05\/caminar-1800x1200.jpg 1800w, https:\/\/okdiario.com\/metabolic\/wp-content\/uploads\/2026\/05\/caminar-300x200.jpg 300w, https:\/\/okdiario.com\/metabolic\/wp-content\/uploads\/2026\/05\/caminar-150x100.jpg 150w, https:\/\/okdiario.com\/metabolic\/wp-content\/uploads\/2026\/05\/caminar-768x512.jpg 768w, https:\/\/okdiario.com\/metabolic\/wp-content\/uploads\/2026\/05\/caminar-1536x1024.jpg 1536w, https:\/\/okdiario.com\/metabolic\/wp-content\/uploads\/2026\/05\/caminar-750x500.jpg 750w, https:\/\/okdiario.com\/metabolic\/wp-content\/uploads\/2026\/05\/caminar-1140x760.jpg 1140w, https:\/\/okdiario.com\/metabolic\/wp-content\/uploads\/2026\/05\/caminar.jpg 1920w\" sizes=\"(max-width: 1800px) 100vw, 1800px\" \/><\/div><\/a>\n\t\t\t\t<div class=\"elementor-post__badge\">Deporte<\/div>\n\t\t\t\t<div class=\"elementor-post__avatar\">\n\t\t\t\t\t<\/div>\n\t\t\t\t<div class=\"elementor-post__text\">\n\t\t\t\t<h2 class=\"elementor-post__title\">\n\t\t\t<a href=\"https:\/\/okdiario.com\/metabolic\/deporte\/rafael-hidalgo-entrenador-personal-si-una-persona-mayor-de-70-anos-camina-entre-20-y-30-minutos-aproximadamente-5-dias-a-la-semana-ya-esta-cosechando-los-beneficios-12785750\/\" >\n\t\t\t\tRafael Hidalgo, entrenador personal: \u00abSi una persona mayor de 70 a\u00f1os camina entre 20 y 30 minutos, aproximadamente 5 d\u00edas a la semana, ya est\u00e1 cosechando los beneficios\u00bb\t\t\t<\/a>\n\t\t<\/h2>\n\t\t\t\t<\/div>\n\t\t\t\t<div class=\"elementor-post__meta-data\">\n\t\t\t\t\t<span class=\"elementor-post-date\">\n\t\t\t2026-09-02T20:40:49\t\t<\/span>\n\t\t\t\t<\/div>\n\t\t\t\t\t<\/div>\n\t\t<\/article>\n\t\t\t\t<\/div>\n\t\t\n\t\t\t\t\t\t<\/div>\n\t\t\t\t<\/div>\n\t\t\t\t<\/div>\n\t\t\t\t\t<\/div>\n\t\t\t\t<\/div>\n\t\t<div class=\"elementor-element elementor-element-70d7166e e-flex e-con-boxed e-con e-parent\" data-id=\"70d7166e\" data-element_type=\"container\">\n\t\t\t\t\t<div class=\"e-con-inner\">\n\t\t<div class=\"elementor-element elementor-element-5ca45fe0 e-con-full e-flex e-con e-child\" data-id=\"5ca45fe0\" data-element_type=\"container\">\n\t\t\t\t<div class=\"elementor-element elementor-element-4a8adef7 elementor-widget__width-auto elementor-widget-mobile__width-inherit elementor-widget elementor-widget-heading\" data-id=\"4a8adef7\" data-element_type=\"widget\" data-widget_type=\"heading.default\">\n\t\t\t\t<div class=\"elementor-widget-container\">\n\t\t\t\t\t<h2 class=\"elementor-heading-title elementor-size-default\">Cosm\u00e9tica y belleza<\/h2>\t\t\t\t<\/div>\n\t\t\t\t<\/div>\n\t\t\t\t<\/div>\n\t\t<div class=\"elementor-element elementor-element-46645809 e-con-full e-flex e-con e-child\" data-id=\"46645809\" data-element_type=\"container\">\n\t\t\t\t<div class=\"elementor-element elementor-element-74c796d7 elementor-widget__width-auto elementor-widget elementor-widget-heading\" data-id=\"74c796d7\" data-element_type=\"widget\" data-widget_type=\"heading.default\">\n\t\t\t\t<div class=\"elementor-widget-container\">\n\t\t\t\t\t<h3 class=\"elementor-heading-title elementor-size-default\"><a href=\"https:\/\/okdiario.com\/metabolic\/cosmetica\/cuerpo\/\">Cuerpo<\/a><\/h3>\t\t\t\t<\/div>\n\t\t\t\t<\/div>\n\t\t\t\t<div class=\"elementor-element elementor-element-58563fd6 elementor-widget__width-auto elementor-widget elementor-widget-heading\" data-id=\"58563fd6\" data-element_type=\"widget\" data-widget_type=\"heading.default\">\n\t\t\t\t<div class=\"elementor-widget-container\">\n\t\t\t\t\t<h3 class=\"elementor-heading-title elementor-size-default\"><a href=\"https:\/\/okdiario.com\/metabolic\/cosmetica\/cara\/\">Cara<\/a><\/h3>\t\t\t\t<\/div>\n\t\t\t\t<\/div>\n\t\t\t\t<div class=\"elementor-element elementor-element-9400198 elementor-widget__width-auto elementor-widget elementor-widget-heading\" data-id=\"9400198\" data-element_type=\"widget\" data-widget_type=\"heading.default\">\n\t\t\t\t<div class=\"elementor-widget-container\">\n\t\t\t\t\t<h3 class=\"elementor-heading-title elementor-size-default\"><a href=\"https:\/\/okdiario.com\/metabolic\/cosmetica\/pelo\/\">Pelo\n<\/a><\/h3>\t\t\t\t<\/div>\n\t\t\t\t<\/div>\n\t\t\t\t<\/div>\n\t\t\t\t\t<\/div>\n\t\t\t\t<\/div>\n\t\t<div class=\"elementor-element elementor-element-14a1046 e-flex e-con-boxed e-con e-parent\" data-id=\"14a1046\" data-element_type=\"container\">\n\t\t\t\t\t<div class=\"e-con-inner\">\n\t\t\t\t<div class=\"elementor-element elementor-element-ab6f058 elementor-grid-3 elementor-grid-tablet-2 elementor-grid-mobile-1 elementor-posts--thumbnail-top elementor-posts--show-avatar elementor-posts__hover-gradient elementor-widget elementor-widget-posts\" data-id=\"ab6f058\" data-element_type=\"widget\" data-settings=\"{&quot;cards_row_gap&quot;:{&quot;unit&quot;:&quot;px&quot;,&quot;size&quot;:0,&quot;sizes&quot;:[]},&quot;cards_columns&quot;:&quot;3&quot;,&quot;cards_columns_tablet&quot;:&quot;2&quot;,&quot;cards_columns_mobile&quot;:&quot;1&quot;,&quot;cards_row_gap_tablet&quot;:{&quot;unit&quot;:&quot;px&quot;,&quot;size&quot;:&quot;&quot;,&quot;sizes&quot;:[]},&quot;cards_row_gap_mobile&quot;:{&quot;unit&quot;:&quot;px&quot;,&quot;size&quot;:&quot;&quot;,&quot;sizes&quot;:[]}}\" data-widget_type=\"posts.cards\">\n\t\t\t\t<div class=\"elementor-widget-container\">\n\t\t\t\t\t\t\t<div class=\"elementor-posts-container elementor-posts elementor-posts--skin-cards elementor-grid\">\n\t\t\t\t<article class=\"elementor-post elementor-grid-item post-12785757 post type-post status-publish format-standard has-post-thumbnail hentry category-cosmetica category-cara category-cuerpo category-salud tag-piel tag-protector-solar tag-sol\">\n\t\t\t<div class=\"elementor-post__card\">\n\t\t\t\t<a class=\"elementor-post__thumbnail__link\" href=\"https:\/\/okdiario.com\/metabolic\/cosmetica\/una-doctora-de-harvard-opina-sobre-los-protectores-solares-pensaba-que-el-fps-50-era-mucho-mejor-que-el-fps-35-pero-no-es-cierto-12785757\/\" tabindex=\"-1\" ><div class=\"elementor-post__thumbnail\"><img loading=\"lazy\" decoding=\"async\" width=\"1800\" height=\"1011\" src=\"https:\/\/okdiario.com\/metabolic\/wp-content\/uploads\/2026\/09\/protector-solar2.jpg\" class=\"attachment-large size-large wp-image-12785759\" alt=\"Una doctora de Harvard opina sobre los protectores solares: &quot;Pensaba que el FPS 50 era mucho mejor que el FPS 35, pero no es cierto&quot;\" srcset=\"https:\/\/okdiario.com\/metabolic\/wp-content\/uploads\/2026\/09\/protector-solar2.jpg 1800w, https:\/\/okdiario.com\/metabolic\/wp-content\/uploads\/2026\/09\/protector-solar2-300x169.jpg 300w, https:\/\/okdiario.com\/metabolic\/wp-content\/uploads\/2026\/09\/protector-solar2-150x84.jpg 150w, https:\/\/okdiario.com\/metabolic\/wp-content\/uploads\/2026\/09\/protector-solar2-768x431.jpg 768w, https:\/\/okdiario.com\/metabolic\/wp-content\/uploads\/2026\/09\/protector-solar2-1536x863.jpg 1536w, https:\/\/okdiario.com\/metabolic\/wp-content\/uploads\/2026\/09\/protector-solar2-750x421.jpg 750w, https:\/\/okdiario.com\/metabolic\/wp-content\/uploads\/2026\/09\/protector-solar2-1140x640.jpg 1140w\" sizes=\"(max-width: 1800px) 100vw, 1800px\" \/><\/div><\/a>\n\t\t\t\t<div class=\"elementor-post__badge\">Cosm\u00e9tica<\/div>\n\t\t\t\t<div class=\"elementor-post__avatar\">\n\t\t\t\t\t<\/div>\n\t\t\t\t<div class=\"elementor-post__text\">\n\t\t\t\t<h2 class=\"elementor-post__title\">\n\t\t\t<a href=\"https:\/\/okdiario.com\/metabolic\/cosmetica\/una-doctora-de-harvard-opina-sobre-los-protectores-solares-pensaba-que-el-fps-50-era-mucho-mejor-que-el-fps-35-pero-no-es-cierto-12785757\/\" >\n\t\t\t\tUna doctora de Harvard opina sobre los protectores solares: \u00abPensaba que el FPS 50 era mucho mejor que el FPS 35, pero no es cierto\u00bb\t\t\t<\/a>\n\t\t<\/h2>\n\t\t\t\t<\/div>\n\t\t\t\t<div class=\"elementor-post__meta-data\">\n\t\t\t\t\t<span class=\"elementor-post-date\">\n\t\t\t2026-09-03T08:49:59\t\t<\/span>\n\t\t\t\t<\/div>\n\t\t\t\t\t<\/div>\n\t\t<\/article>\n\t\t\t\t<article class=\"elementor-post elementor-grid-item post-12785549 post type-post status-publish format-standard has-post-thumbnail hentry category-cosmetica category-cuerpo tag-okd tag-perfumes\">\n\t\t\t<div class=\"elementor-post__card\">\n\t\t\t\t<a class=\"elementor-post__thumbnail__link\" href=\"https:\/\/okdiario.com\/metabolic\/cosmetica\/la-nueva-tendencia-son-los-perfumes-solares-como-oler-a-sol-sin-recurrir-a-perfumes-sinteticos-12785549\/\" tabindex=\"-1\" ><div class=\"elementor-post__thumbnail\"><img loading=\"lazy\" decoding=\"async\" width=\"1800\" height=\"1200\" src=\"https:\/\/okdiario.com\/metabolic\/wp-content\/uploads\/2024\/07\/sol-playa-1800x1200.jpg\" class=\"attachment-large size-large wp-image-12735654\" alt=\"La nueva tendencia son los perfumes solares: c\u00f3mo &quot;oler a sol&quot; sin recurrir a perfumes sint\u00e9ticos\" srcset=\"https:\/\/okdiario.com\/metabolic\/wp-content\/uploads\/2024\/07\/sol-playa-1800x1200.jpg 1800w, https:\/\/okdiario.com\/metabolic\/wp-content\/uploads\/2024\/07\/sol-playa-150x100.jpg 150w, https:\/\/okdiario.com\/metabolic\/wp-content\/uploads\/2024\/07\/sol-playa-300x200.jpg 300w, https:\/\/okdiario.com\/metabolic\/wp-content\/uploads\/2024\/07\/sol-playa-768x512.jpg 768w, https:\/\/okdiario.com\/metabolic\/wp-content\/uploads\/2024\/07\/sol-playa-1536x1024.jpg 1536w, https:\/\/okdiario.com\/metabolic\/wp-content\/uploads\/2024\/07\/sol-playa-750x500.jpg 750w, https:\/\/okdiario.com\/metabolic\/wp-content\/uploads\/2024\/07\/sol-playa-1140x760.jpg 1140w, https:\/\/okdiario.com\/metabolic\/wp-content\/uploads\/2024\/07\/sol-playa-1024x683.jpg 1024w, https:\/\/okdiario.com\/metabolic\/wp-content\/uploads\/2024\/07\/sol-playa.jpg 1920w\" sizes=\"(max-width: 1800px) 100vw, 1800px\" \/><\/div><\/a>\n\t\t\t\t<div class=\"elementor-post__badge\">Cosm\u00e9tica<\/div>\n\t\t\t\t<div class=\"elementor-post__avatar\">\n\t\t\t\t\t<\/div>\n\t\t\t\t<div class=\"elementor-post__text\">\n\t\t\t\t<h2 class=\"elementor-post__title\">\n\t\t\t<a href=\"https:\/\/okdiario.com\/metabolic\/cosmetica\/la-nueva-tendencia-son-los-perfumes-solares-como-oler-a-sol-sin-recurrir-a-perfumes-sinteticos-12785549\/\" >\n\t\t\t\tLa nueva tendencia son los perfumes solares: c\u00f3mo \u00aboler a sol\u00bb sin recurrir a perfumes sint\u00e9ticos\t\t\t<\/a>\n\t\t<\/h2>\n\t\t\t\t<\/div>\n\t\t\t\t<div class=\"elementor-post__meta-data\">\n\t\t\t\t\t<span class=\"elementor-post-date\">\n\t\t\t2026-08-26T18:12:14\t\t<\/span>\n\t\t\t\t<\/div>\n\t\t\t\t\t<\/div>\n\t\t<\/article>\n\t\t\t\t<article class=\"elementor-post elementor-grid-item post-12784830 post type-post status-publish format-standard has-post-thumbnail hentry category-cosmetica category-pelo tag-aceite-de-coco tag-cabello tag-okd\">\n\t\t\t<div class=\"elementor-post__card\">\n\t\t\t\t<a class=\"elementor-post__thumbnail__link\" href=\"https:\/\/okdiario.com\/metabolic\/cosmetica\/cuanto-tiempo-se-debe-dejar-el-aceite-de-coco-en-el-pelo-la-recomendacion-de-una-cosmetologa-para-que-penetre-y-haga-efecto-12784830\/\" tabindex=\"-1\" ><div class=\"elementor-post__thumbnail\"><img loading=\"lazy\" decoding=\"async\" width=\"1800\" height=\"1198\" src=\"https:\/\/okdiario.com\/metabolic\/wp-content\/uploads\/2024\/11\/cabello-limpiar-1800x1198.jpeg\" class=\"attachment-large size-large wp-image-12747710\" alt=\"\u00bfCu\u00e1nto tiempo se debe dejar el aceite de coco en el pelo? La recomendaci\u00f3n de una cosmet\u00f3loga para que penetre y haga efecto\" srcset=\"https:\/\/okdiario.com\/metabolic\/wp-content\/uploads\/2024\/11\/cabello-limpiar-1800x1198.jpeg 1800w, https:\/\/okdiario.com\/metabolic\/wp-content\/uploads\/2024\/11\/cabello-limpiar-150x100.jpeg 150w, https:\/\/okdiario.com\/metabolic\/wp-content\/uploads\/2024\/11\/cabello-limpiar-300x200.jpeg 300w, https:\/\/okdiario.com\/metabolic\/wp-content\/uploads\/2024\/11\/cabello-limpiar-768x511.jpeg 768w, https:\/\/okdiario.com\/metabolic\/wp-content\/uploads\/2024\/11\/cabello-limpiar-1536x1022.jpeg 1536w, https:\/\/okdiario.com\/metabolic\/wp-content\/uploads\/2024\/11\/cabello-limpiar-2048x1363.jpeg 2048w, https:\/\/okdiario.com\/metabolic\/wp-content\/uploads\/2024\/11\/cabello-limpiar-1920x1278.jpeg 1920w, https:\/\/okdiario.com\/metabolic\/wp-content\/uploads\/2024\/11\/cabello-limpiar-750x499.jpeg 750w, https:\/\/okdiario.com\/metabolic\/wp-content\/uploads\/2024\/11\/cabello-limpiar-1140x759.jpeg 1140w, https:\/\/okdiario.com\/metabolic\/wp-content\/uploads\/2024\/11\/cabello-limpiar-1024x681.jpeg 1024w\" sizes=\"(max-width: 1800px) 100vw, 1800px\" \/><\/div><\/a>\n\t\t\t\t<div class=\"elementor-post__badge\">Cosm\u00e9tica<\/div>\n\t\t\t\t<div class=\"elementor-post__avatar\">\n\t\t\t\t\t<\/div>\n\t\t\t\t<div class=\"elementor-post__text\">\n\t\t\t\t<h2 class=\"elementor-post__title\">\n\t\t\t<a href=\"https:\/\/okdiario.com\/metabolic\/cosmetica\/cuanto-tiempo-se-debe-dejar-el-aceite-de-coco-en-el-pelo-la-recomendacion-de-una-cosmetologa-para-que-penetre-y-haga-efecto-12784830\/\" >\n\t\t\t\t\u00bfCu\u00e1nto tiempo se debe dejar el aceite de coco en el pelo? La recomendaci\u00f3n de una cosmet\u00f3loga para que penetre y haga efecto\t\t\t<\/a>\n\t\t<\/h2>\n\t\t\t\t<\/div>\n\t\t\t\t<div class=\"elementor-post__meta-data\">\n\t\t\t\t\t<span class=\"elementor-post-date\">\n\t\t\t2026-07-29T14:12:28\t\t<\/span>\n\t\t\t\t<\/div>\n\t\t\t\t\t<\/div>\n\t\t<\/article>\n\t\t\t\t<article class=\"elementor-post elementor-grid-item post-12784811 post type-post status-publish format-standard has-post-thumbnail hentry category-cosmetica category-pelo tag-cabello tag-canas tag-okd\">\n\t\t\t<div class=\"elementor-post__card\">\n\t\t\t\t<a class=\"elementor-post__thumbnail__link\" href=\"https:\/\/okdiario.com\/metabolic\/cosmetica\/adios-al-efecto-raiz-de-los-tintes-estas-mechas-disimulan-las-canas-a-partir-de-los-40-12784811\/\" tabindex=\"-1\" ><div class=\"elementor-post__thumbnail\"><img loading=\"lazy\" decoding=\"async\" width=\"1200\" height=\"675\" src=\"https:\/\/okdiario.com\/metabolic\/wp-content\/uploads\/2026\/07\/mechas.jpg\" class=\"attachment-large size-large wp-image-12784814\" alt=\"Adi\u00f3s al efecto ra\u00edz de los tintes: estas mechas disimulan las canas a partir de los 40\" srcset=\"https:\/\/okdiario.com\/metabolic\/wp-content\/uploads\/2026\/07\/mechas.jpg 1200w, https:\/\/okdiario.com\/metabolic\/wp-content\/uploads\/2026\/07\/mechas-300x169.jpg 300w, https:\/\/okdiario.com\/metabolic\/wp-content\/uploads\/2026\/07\/mechas-150x84.jpg 150w, https:\/\/okdiario.com\/metabolic\/wp-content\/uploads\/2026\/07\/mechas-768x432.jpg 768w, https:\/\/okdiario.com\/metabolic\/wp-content\/uploads\/2026\/07\/mechas-750x422.jpg 750w, https:\/\/okdiario.com\/metabolic\/wp-content\/uploads\/2026\/07\/mechas-1140x641.jpg 1140w\" sizes=\"(max-width: 1200px) 100vw, 1200px\" \/><\/div><\/a>\n\t\t\t\t<div class=\"elementor-post__badge\">Cosm\u00e9tica<\/div>\n\t\t\t\t<div class=\"elementor-post__avatar\">\n\t\t\t\t\t<\/div>\n\t\t\t\t<div class=\"elementor-post__text\">\n\t\t\t\t<h2 class=\"elementor-post__title\">\n\t\t\t<a href=\"https:\/\/okdiario.com\/metabolic\/cosmetica\/adios-al-efecto-raiz-de-los-tintes-estas-mechas-disimulan-las-canas-a-partir-de-los-40-12784811\/\" >\n\t\t\t\tAdi\u00f3s al efecto ra\u00edz de los tintes: estas mechas disimulan las canas a partir de los 40\t\t\t<\/a>\n\t\t<\/h2>\n\t\t\t\t<\/div>\n\t\t\t\t<div class=\"elementor-post__meta-data\">\n\t\t\t\t\t<span class=\"elementor-post-date\">\n\t\t\t2026-07-29T11:00:52\t\t<\/span>\n\t\t\t\t<\/div>\n\t\t\t\t\t<\/div>\n\t\t<\/article>\n\t\t\t\t<article class=\"elementor-post elementor-grid-item post-12784163 post type-post status-publish format-standard has-post-thumbnail hentry category-cosmetica category-cuerpo tag-okd tag-piel\">\n\t\t\t<div class=\"elementor-post__card\">\n\t\t\t\t<a class=\"elementor-post__thumbnail__link\" href=\"https:\/\/okdiario.com\/metabolic\/cosmetica\/la-alternativa-9997-natural-al-desodorante-convencional-regula-la-microbiota-sin-obstruir-los-poros-ni-impedir-la-transpiracion-12784163\/\" tabindex=\"-1\" ><div class=\"elementor-post__thumbnail\"><img loading=\"lazy\" decoding=\"async\" width=\"1800\" height=\"1200\" src=\"https:\/\/okdiario.com\/metabolic\/wp-content\/uploads\/2026\/07\/pexels-rdne-8401913-1800x1200.jpg\" class=\"attachment-large size-large wp-image-12784164\" alt=\"La alternativa 99,97% natural al desodorante convencional: regula la microbiota sin obstruir los poros ni impedir la transpiraci\u00f3n\" srcset=\"https:\/\/okdiario.com\/metabolic\/wp-content\/uploads\/2026\/07\/pexels-rdne-8401913-1800x1200.jpg 1800w, https:\/\/okdiario.com\/metabolic\/wp-content\/uploads\/2026\/07\/pexels-rdne-8401913-300x200.jpg 300w, https:\/\/okdiario.com\/metabolic\/wp-content\/uploads\/2026\/07\/pexels-rdne-8401913-150x100.jpg 150w, https:\/\/okdiario.com\/metabolic\/wp-content\/uploads\/2026\/07\/pexels-rdne-8401913-768x512.jpg 768w, https:\/\/okdiario.com\/metabolic\/wp-content\/uploads\/2026\/07\/pexels-rdne-8401913-1536x1024.jpg 1536w, https:\/\/okdiario.com\/metabolic\/wp-content\/uploads\/2026\/07\/pexels-rdne-8401913-750x500.jpg 750w, https:\/\/okdiario.com\/metabolic\/wp-content\/uploads\/2026\/07\/pexels-rdne-8401913-1140x760.jpg 1140w, https:\/\/okdiario.com\/metabolic\/wp-content\/uploads\/2026\/07\/pexels-rdne-8401913.jpg 1920w\" sizes=\"(max-width: 1800px) 100vw, 1800px\" \/><\/div><\/a>\n\t\t\t\t<div class=\"elementor-post__badge\">Cosm\u00e9tica<\/div>\n\t\t\t\t<div class=\"elementor-post__avatar\">\n\t\t\t\t\t<\/div>\n\t\t\t\t<div class=\"elementor-post__text\">\n\t\t\t\t<h2 class=\"elementor-post__title\">\n\t\t\t<a href=\"https:\/\/okdiario.com\/metabolic\/cosmetica\/la-alternativa-9997-natural-al-desodorante-convencional-regula-la-microbiota-sin-obstruir-los-poros-ni-impedir-la-transpiracion-12784163\/\" >\n\t\t\t\tLa alternativa 99,97% natural al desodorante convencional: regula la microbiota sin obstruir los poros ni impedir la transpiraci\u00f3n\t\t\t<\/a>\n\t\t<\/h2>\n\t\t\t\t<\/div>\n\t\t\t\t<div class=\"elementor-post__meta-data\">\n\t\t\t\t\t<span class=\"elementor-post-date\">\n\t\t\t2026-07-06T12:30:51\t\t<\/span>\n\t\t\t\t<\/div>\n\t\t\t\t\t<\/div>\n\t\t<\/article>\n\t\t\t\t<article class=\"elementor-post elementor-grid-item post-12783962 post type-post status-publish format-standard has-post-thumbnail hentry category-cosmetica category-antiedad category-cara category-cuerpo tag-okd tag-piel\">\n\t\t\t<div class=\"elementor-post__card\">\n\t\t\t\t<a class=\"elementor-post__thumbnail__link\" href=\"https:\/\/okdiario.com\/metabolic\/cosmetica\/cristina-hoyos-dermatologa-sobre-la-crema-nivea-del-bote-azul-aporta-alivio-al-mejorar-la-hidratacion-y-reducir-tirantez-12783962\/\" tabindex=\"-1\" ><div class=\"elementor-post__thumbnail\"><img loading=\"lazy\" decoding=\"async\" width=\"1195\" height=\"547\" src=\"https:\/\/okdiario.com\/metabolic\/wp-content\/uploads\/2026\/06\/crema-nivea.jpg\" class=\"attachment-large size-large wp-image-12783965\" alt=\"Cristina Hoyos, dermat\u00f3loga, sobre la crema Nivea del bote azul: &quot;Aporta alivio al mejorar la hidrataci\u00f3n y reducir tirantez&quot;\" srcset=\"https:\/\/okdiario.com\/metabolic\/wp-content\/uploads\/2026\/06\/crema-nivea.jpg 1195w, https:\/\/okdiario.com\/metabolic\/wp-content\/uploads\/2026\/06\/crema-nivea-300x137.jpg 300w, https:\/\/okdiario.com\/metabolic\/wp-content\/uploads\/2026\/06\/crema-nivea-150x69.jpg 150w, https:\/\/okdiario.com\/metabolic\/wp-content\/uploads\/2026\/06\/crema-nivea-768x352.jpg 768w, https:\/\/okdiario.com\/metabolic\/wp-content\/uploads\/2026\/06\/crema-nivea-750x343.jpg 750w, https:\/\/okdiario.com\/metabolic\/wp-content\/uploads\/2026\/06\/crema-nivea-1140x522.jpg 1140w\" sizes=\"(max-width: 1195px) 100vw, 1195px\" \/><\/div><\/a>\n\t\t\t\t<div class=\"elementor-post__badge\">Cosm\u00e9tica<\/div>\n\t\t\t\t<div class=\"elementor-post__avatar\">\n\t\t\t\t\t<\/div>\n\t\t\t\t<div class=\"elementor-post__text\">\n\t\t\t\t<h2 class=\"elementor-post__title\">\n\t\t\t<a href=\"https:\/\/okdiario.com\/metabolic\/cosmetica\/cristina-hoyos-dermatologa-sobre-la-crema-nivea-del-bote-azul-aporta-alivio-al-mejorar-la-hidratacion-y-reducir-tirantez-12783962\/\" >\n\t\t\t\tCristina Hoyos, dermat\u00f3loga, sobre la crema Nivea del bote azul: \u00abAporta alivio al mejorar la hidrataci\u00f3n y reducir tirantez\u00bb\t\t\t<\/a>\n\t\t<\/h2>\n\t\t\t\t<\/div>\n\t\t\t\t<div class=\"elementor-post__meta-data\">\n\t\t\t\t\t<span class=\"elementor-post-date\">\n\t\t\t2026-06-29T17:40:50\t\t<\/span>\n\t\t\t\t<\/div>\n\t\t\t\t\t<\/div>\n\t\t<\/article>\n\t\t\t\t<\/div>\n\t\t\n\t\t\t\t\t\t<\/div>\n\t\t\t\t<\/div>\n\t\t\t\t\t<\/div>\n\t\t\t\t<\/div>\n\t\t<div class=\"elementor-element elementor-element-e1c3db3 e-flex e-con-boxed e-con e-parent\" data-id=\"e1c3db3\" data-element_type=\"container\">\n\t\t\t\t\t<div class=\"e-con-inner\">\n\t\t<div class=\"elementor-element elementor-element-5a59862 e-con-full e-flex e-con e-child\" data-id=\"5a59862\" data-element_type=\"container\">\n\t\t\t\t<div class=\"elementor-element elementor-element-99c8304 elementor-widget__width-auto elementor-widget-mobile__width-inherit elementor-widget elementor-widget-heading\" data-id=\"99c8304\" data-element_type=\"widget\" data-widget_type=\"heading.default\">\n\t\t\t\t<div class=\"elementor-widget-container\">\n\t\t\t\t\t<h2 class=\"elementor-heading-title elementor-size-default\">Alimentos Funcionales<\/h2>\t\t\t\t<\/div>\n\t\t\t\t<\/div>\n\t\t\t\t<\/div>\n\t\t<div class=\"elementor-element elementor-element-1f9ad1b e-con-full e-flex e-con e-child\" data-id=\"1f9ad1b\" data-element_type=\"container\">\n\t\t\t\t<div class=\"elementor-element elementor-element-e9837ad elementor-widget__width-auto elementor-widget elementor-widget-heading\" data-id=\"e9837ad\" data-element_type=\"widget\" data-widget_type=\"heading.default\">\n\t\t\t\t<div class=\"elementor-widget-container\">\n\t\t\t\t\t<h3 class=\"elementor-heading-title elementor-size-default\"><a href=\"https:\/\/okdiario.com\/metabolic\/dietetica\/alimentos\/\">Alimentos<\/a><\/h3>\t\t\t\t<\/div>\n\t\t\t\t<\/div>\n\t\t\t\t<div class=\"elementor-element elementor-element-574fcb8 elementor-widget__width-auto elementor-widget elementor-widget-heading\" data-id=\"574fcb8\" data-element_type=\"widget\" data-widget_type=\"heading.default\">\n\t\t\t\t<div class=\"elementor-widget-container\">\n\t\t\t\t\t<h3 class=\"elementor-heading-title elementor-size-default\"><a href=\"https:\/\/okdiario.com\/metabolic\/dietetica\/vitaminas\/\">vitaminas<\/a><\/h3>\t\t\t\t<\/div>\n\t\t\t\t<\/div>\n\t\t\t\t<\/div>\n\t\t\t\t\t<\/div>\n\t\t\t\t<\/div>\n\t\t<div class=\"elementor-element elementor-element-8449a44 e-flex e-con-boxed e-con e-parent\" data-id=\"8449a44\" data-element_type=\"container\">\n\t\t\t\t\t<div class=\"e-con-inner\">\n\t\t\t\t<div class=\"elementor-element elementor-element-6062d60 elementor-grid-3 elementor-grid-tablet-2 elementor-grid-mobile-1 elementor-posts--thumbnail-top elementor-posts--show-avatar elementor-posts__hover-gradient elementor-widget elementor-widget-posts\" data-id=\"6062d60\" data-element_type=\"widget\" data-settings=\"{&quot;cards_row_gap&quot;:{&quot;unit&quot;:&quot;px&quot;,&quot;size&quot;:2,&quot;sizes&quot;:[]},&quot;cards_columns&quot;:&quot;3&quot;,&quot;cards_columns_tablet&quot;:&quot;2&quot;,&quot;cards_columns_mobile&quot;:&quot;1&quot;,&quot;cards_row_gap_tablet&quot;:{&quot;unit&quot;:&quot;px&quot;,&quot;size&quot;:&quot;&quot;,&quot;sizes&quot;:[]},&quot;cards_row_gap_mobile&quot;:{&quot;unit&quot;:&quot;px&quot;,&quot;size&quot;:&quot;&quot;,&quot;sizes&quot;:[]}}\" data-widget_type=\"posts.cards\">\n\t\t\t\t<div class=\"elementor-widget-container\">\n\t\t\t\t\t\t\t<div class=\"elementor-posts-container elementor-posts elementor-posts--skin-cards elementor-grid\">\n\t\t\t\t<article class=\"elementor-post elementor-grid-item post-12783257 post type-post status-publish format-standard has-post-thumbnail hentry category-dietetica category-alimentos category-funcionales tag-alimentacion tag-lacteos tag-okd\">\n\t\t\t<div class=\"elementor-post__card\">\n\t\t\t\t<a class=\"elementor-post__thumbnail__link\" href=\"https:\/\/okdiario.com\/metabolic\/dietetica\/mucha-gente-se-esta-pasando-al-skyr-pero-este-clasico-es-mejor-y-mas-barato-12783257\/\" tabindex=\"-1\" ><div class=\"elementor-post__thumbnail\"><img loading=\"lazy\" decoding=\"async\" width=\"1800\" height=\"1200\" src=\"https:\/\/okdiario.com\/metabolic\/wp-content\/uploads\/2024\/06\/yogures-1800x1200.jpg\" class=\"attachment-large size-large wp-image-12732296\" alt=\"Mucha gente se est\u00e1 pasando al Skyr, pero este cl\u00e1sico es mejor y m\u00e1s barato\" srcset=\"https:\/\/okdiario.com\/metabolic\/wp-content\/uploads\/2024\/06\/yogures-1800x1200.jpg 1800w, https:\/\/okdiario.com\/metabolic\/wp-content\/uploads\/2024\/06\/yogures-150x100.jpg 150w, https:\/\/okdiario.com\/metabolic\/wp-content\/uploads\/2024\/06\/yogures-300x200.jpg 300w, https:\/\/okdiario.com\/metabolic\/wp-content\/uploads\/2024\/06\/yogures-768x512.jpg 768w, https:\/\/okdiario.com\/metabolic\/wp-content\/uploads\/2024\/06\/yogures-1536x1024.jpg 1536w, https:\/\/okdiario.com\/metabolic\/wp-content\/uploads\/2024\/06\/yogures-750x500.jpg 750w, https:\/\/okdiario.com\/metabolic\/wp-content\/uploads\/2024\/06\/yogures-1140x760.jpg 1140w, https:\/\/okdiario.com\/metabolic\/wp-content\/uploads\/2024\/06\/yogures-1024x683.jpg 1024w, https:\/\/okdiario.com\/metabolic\/wp-content\/uploads\/2024\/06\/yogures.jpg 1920w\" sizes=\"(max-width: 1800px) 100vw, 1800px\" \/><\/div><\/a>\n\t\t\t\t<div class=\"elementor-post__badge\">Diet\u00e9tica<\/div>\n\t\t\t\t<div class=\"elementor-post__avatar\">\n\t\t\t\t\t<\/div>\n\t\t\t\t<div class=\"elementor-post__text\">\n\t\t\t\t<h2 class=\"elementor-post__title\">\n\t\t\t<a href=\"https:\/\/okdiario.com\/metabolic\/dietetica\/mucha-gente-se-esta-pasando-al-skyr-pero-este-clasico-es-mejor-y-mas-barato-12783257\/\" >\n\t\t\t\tMucha gente se est\u00e1 pasando al Skyr, pero este cl\u00e1sico es mejor y m\u00e1s barato\t\t\t<\/a>\n\t\t<\/h2>\n\t\t\t\t<\/div>\n\t\t\t\t<div class=\"elementor-post__meta-data\">\n\t\t\t\t\t<span class=\"elementor-post-date\">\n\t\t\t2026-06-08T09:30:04\t\t<\/span>\n\t\t\t\t<\/div>\n\t\t\t\t\t<\/div>\n\t\t<\/article>\n\t\t\t\t<article class=\"elementor-post elementor-grid-item post-12781713 post type-post status-publish format-standard has-post-thumbnail hentry category-dietetica category-alimentos category-funcionales tag-frutas tag-okd tag-tendencias\">\n\t\t\t<div class=\"elementor-post__card\">\n\t\t\t\t<a class=\"elementor-post__thumbnail__link\" href=\"https:\/\/okdiario.com\/metabolic\/dietetica\/la-alternativa-al-platano-que-tiene-mas-fibra-y-es-mejor-para-la-digestion-12781713\/\" tabindex=\"-1\" ><div class=\"elementor-post__thumbnail\"><img loading=\"lazy\" decoding=\"async\" width=\"1800\" height=\"1013\" src=\"https:\/\/okdiario.com\/metabolic\/wp-content\/uploads\/2026\/04\/peras2.jpg\" class=\"attachment-large size-large wp-image-12781749\" alt=\"La alternativa al pl\u00e1tano que tiene m\u00e1s fibra y es mejor para la digesti\u00f3n\" srcset=\"https:\/\/okdiario.com\/metabolic\/wp-content\/uploads\/2026\/04\/peras2.jpg 1800w, https:\/\/okdiario.com\/metabolic\/wp-content\/uploads\/2026\/04\/peras2-300x169.jpg 300w, https:\/\/okdiario.com\/metabolic\/wp-content\/uploads\/2026\/04\/peras2-150x84.jpg 150w, https:\/\/okdiario.com\/metabolic\/wp-content\/uploads\/2026\/04\/peras2-768x432.jpg 768w, https:\/\/okdiario.com\/metabolic\/wp-content\/uploads\/2026\/04\/peras2-1536x864.jpg 1536w, https:\/\/okdiario.com\/metabolic\/wp-content\/uploads\/2026\/04\/peras2-750x422.jpg 750w, https:\/\/okdiario.com\/metabolic\/wp-content\/uploads\/2026\/04\/peras2-1140x642.jpg 1140w\" sizes=\"(max-width: 1800px) 100vw, 1800px\" \/><\/div><\/a>\n\t\t\t\t<div class=\"elementor-post__badge\">Diet\u00e9tica<\/div>\n\t\t\t\t<div class=\"elementor-post__avatar\">\n\t\t\t\t\t<\/div>\n\t\t\t\t<div class=\"elementor-post__text\">\n\t\t\t\t<h2 class=\"elementor-post__title\">\n\t\t\t<a href=\"https:\/\/okdiario.com\/metabolic\/dietetica\/la-alternativa-al-platano-que-tiene-mas-fibra-y-es-mejor-para-la-digestion-12781713\/\" >\n\t\t\t\tLa alternativa al pl\u00e1tano que tiene m\u00e1s fibra y es mejor para la digesti\u00f3n\t\t\t<\/a>\n\t\t<\/h2>\n\t\t\t\t<\/div>\n\t\t\t\t<div class=\"elementor-post__meta-data\">\n\t\t\t\t\t<span class=\"elementor-post-date\">\n\t\t\t2026-04-28T13:40:07\t\t<\/span>\n\t\t\t\t<\/div>\n\t\t\t\t\t<\/div>\n\t\t<\/article>\n\t\t\t\t<article class=\"elementor-post elementor-grid-item post-12780750 post type-post status-publish format-standard has-post-thumbnail hentry category-dietetica category-alimentos category-funcionales tag-okd tag-tendencias\">\n\t\t\t<div class=\"elementor-post__card\">\n\t\t\t\t<a class=\"elementor-post__thumbnail__link\" href=\"https:\/\/okdiario.com\/metabolic\/dietetica\/adios-al-ibuprofeno-la-mezcla-antiinflamatoria-y-natural-del-chef-daniel-del-toro-con-solo-5-ingredientes-12780750\/\" tabindex=\"-1\" ><div class=\"elementor-post__thumbnail\"><img loading=\"lazy\" decoding=\"async\" width=\"1800\" height=\"1200\" src=\"https:\/\/okdiario.com\/metabolic\/wp-content\/uploads\/2024\/11\/curcuma-1800x1200.jpg\" class=\"attachment-large size-large wp-image-12747420\" alt=\"Adi\u00f3s al Ibuprofeno: la mezcla antiinflamatoria y natural del chef Daniel del Toro con s\u00f3lo 5 ingredientes\" srcset=\"https:\/\/okdiario.com\/metabolic\/wp-content\/uploads\/2024\/11\/curcuma-1800x1200.jpg 1800w, https:\/\/okdiario.com\/metabolic\/wp-content\/uploads\/2024\/11\/curcuma-150x100.jpg 150w, https:\/\/okdiario.com\/metabolic\/wp-content\/uploads\/2024\/11\/curcuma-300x200.jpg 300w, https:\/\/okdiario.com\/metabolic\/wp-content\/uploads\/2024\/11\/curcuma-768x512.jpg 768w, https:\/\/okdiario.com\/metabolic\/wp-content\/uploads\/2024\/11\/curcuma-1536x1024.jpg 1536w, https:\/\/okdiario.com\/metabolic\/wp-content\/uploads\/2024\/11\/curcuma-750x500.jpg 750w, https:\/\/okdiario.com\/metabolic\/wp-content\/uploads\/2024\/11\/curcuma-1140x760.jpg 1140w, https:\/\/okdiario.com\/metabolic\/wp-content\/uploads\/2024\/11\/curcuma-1024x683.jpg 1024w, https:\/\/okdiario.com\/metabolic\/wp-content\/uploads\/2024\/11\/curcuma.jpg 1920w\" sizes=\"(max-width: 1800px) 100vw, 1800px\" \/><\/div><\/a>\n\t\t\t\t<div class=\"elementor-post__badge\">Diet\u00e9tica<\/div>\n\t\t\t\t<div class=\"elementor-post__avatar\">\n\t\t\t\t\t<\/div>\n\t\t\t\t<div class=\"elementor-post__text\">\n\t\t\t\t<h2 class=\"elementor-post__title\">\n\t\t\t<a href=\"https:\/\/okdiario.com\/metabolic\/dietetica\/adios-al-ibuprofeno-la-mezcla-antiinflamatoria-y-natural-del-chef-daniel-del-toro-con-solo-5-ingredientes-12780750\/\" >\n\t\t\t\tAdi\u00f3s al Ibuprofeno: la mezcla antiinflamatoria y natural del chef Daniel del Toro con s\u00f3lo 5 ingredientes\t\t\t<\/a>\n\t\t<\/h2>\n\t\t\t\t<\/div>\n\t\t\t\t<div class=\"elementor-post__meta-data\">\n\t\t\t\t\t<span class=\"elementor-post-date\">\n\t\t\t2026-04-01T09:43:55\t\t<\/span>\n\t\t\t\t<\/div>\n\t\t\t\t\t<\/div>\n\t\t<\/article>\n\t\t\t\t<article class=\"elementor-post elementor-grid-item post-12777350 post type-post status-publish format-standard has-post-thumbnail hentry category-funcionales tag-tendencias\">\n\t\t\t<div class=\"elementor-post__card\">\n\t\t\t\t<a class=\"elementor-post__thumbnail__link\" href=\"https:\/\/okdiario.com\/metabolic\/dietetica\/funcionales\/soy-nutricionista-y-esta-es-la-bebida-activa-metabolismo-la-energia-y-la-memoria-a-partir-de-los-40-12777350\/\" tabindex=\"-1\" ><div class=\"elementor-post__thumbnail\"><img loading=\"lazy\" decoding=\"async\" width=\"1800\" height=\"1013\" src=\"https:\/\/okdiario.com\/metabolic\/wp-content\/uploads\/2026\/01\/Soy-nutricionista-y-esta-es-la-bebida-que-mejor-activa-el-metabolismo-la-energia-y-la-memoria-a-partir-de-los-40.jpg\" class=\"attachment-large size-large wp-image-12777351\" alt=\"bebida activa metabolismo\" srcset=\"https:\/\/okdiario.com\/metabolic\/wp-content\/uploads\/2026\/01\/Soy-nutricionista-y-esta-es-la-bebida-que-mejor-activa-el-metabolismo-la-energia-y-la-memoria-a-partir-de-los-40.jpg 1800w, https:\/\/okdiario.com\/metabolic\/wp-content\/uploads\/2026\/01\/Soy-nutricionista-y-esta-es-la-bebida-que-mejor-activa-el-metabolismo-la-energia-y-la-memoria-a-partir-de-los-40-300x169.jpg 300w, https:\/\/okdiario.com\/metabolic\/wp-content\/uploads\/2026\/01\/Soy-nutricionista-y-esta-es-la-bebida-que-mejor-activa-el-metabolismo-la-energia-y-la-memoria-a-partir-de-los-40-150x84.jpg 150w, https:\/\/okdiario.com\/metabolic\/wp-content\/uploads\/2026\/01\/Soy-nutricionista-y-esta-es-la-bebida-que-mejor-activa-el-metabolismo-la-energia-y-la-memoria-a-partir-de-los-40-768x432.jpg 768w, https:\/\/okdiario.com\/metabolic\/wp-content\/uploads\/2026\/01\/Soy-nutricionista-y-esta-es-la-bebida-que-mejor-activa-el-metabolismo-la-energia-y-la-memoria-a-partir-de-los-40-1536x864.jpg 1536w, https:\/\/okdiario.com\/metabolic\/wp-content\/uploads\/2026\/01\/Soy-nutricionista-y-esta-es-la-bebida-que-mejor-activa-el-metabolismo-la-energia-y-la-memoria-a-partir-de-los-40-750x422.jpg 750w, https:\/\/okdiario.com\/metabolic\/wp-content\/uploads\/2026\/01\/Soy-nutricionista-y-esta-es-la-bebida-que-mejor-activa-el-metabolismo-la-energia-y-la-memoria-a-partir-de-los-40-1140x642.jpg 1140w\" sizes=\"(max-width: 1800px) 100vw, 1800px\" \/><\/div><\/a>\n\t\t\t\t<div class=\"elementor-post__badge\">Alimentos funcionales<\/div>\n\t\t\t\t<div class=\"elementor-post__avatar\">\n\t\t\t\t\t<\/div>\n\t\t\t\t<div class=\"elementor-post__text\">\n\t\t\t\t<h2 class=\"elementor-post__title\">\n\t\t\t<a href=\"https:\/\/okdiario.com\/metabolic\/dietetica\/funcionales\/soy-nutricionista-y-esta-es-la-bebida-activa-metabolismo-la-energia-y-la-memoria-a-partir-de-los-40-12777350\/\" >\n\t\t\t\tSoy nutricionista y esta es la bebida que mejor activa el metabolismo, la energ\u00eda y la memoria a partir de los 40\t\t\t<\/a>\n\t\t<\/h2>\n\t\t\t\t<\/div>\n\t\t\t\t<div class=\"elementor-post__meta-data\">\n\t\t\t\t\t<span class=\"elementor-post-date\">\n\t\t\t2026-02-01T08:15:33\t\t<\/span>\n\t\t\t\t<\/div>\n\t\t\t\t\t<\/div>\n\t\t<\/article>\n\t\t\t\t<article class=\"elementor-post elementor-grid-item post-12777017 post type-post status-publish format-standard has-post-thumbnail hentry category-funcionales tag-tendencias\">\n\t\t\t<div class=\"elementor-post__card\">\n\t\t\t\t<a class=\"elementor-post__thumbnail__link\" href=\"https:\/\/okdiario.com\/metabolic\/dietetica\/funcionales\/ni-geles-ni-bebidas-isotonicas-el-zumo-verde-que-revoluciono-el-mundial-de-tokio-y-que-ahora-todos-quieren-probar-12777017\/\" tabindex=\"-1\" ><div class=\"elementor-post__thumbnail\"><img loading=\"lazy\" decoding=\"async\" width=\"1800\" height=\"1013\" src=\"https:\/\/okdiario.com\/metabolic\/wp-content\/uploads\/2026\/01\/Ni-geles-ni-bebidas-isotonicas-el-zumo-verde-que-revoluciono-el-Mundial-de-Tokio-y-que-ahora-todos-quieren-probar.jpg\" class=\"attachment-large size-large wp-image-12777018\" alt=\"zumo verde\" srcset=\"https:\/\/okdiario.com\/metabolic\/wp-content\/uploads\/2026\/01\/Ni-geles-ni-bebidas-isotonicas-el-zumo-verde-que-revoluciono-el-Mundial-de-Tokio-y-que-ahora-todos-quieren-probar.jpg 1800w, https:\/\/okdiario.com\/metabolic\/wp-content\/uploads\/2026\/01\/Ni-geles-ni-bebidas-isotonicas-el-zumo-verde-que-revoluciono-el-Mundial-de-Tokio-y-que-ahora-todos-quieren-probar-300x169.jpg 300w, https:\/\/okdiario.com\/metabolic\/wp-content\/uploads\/2026\/01\/Ni-geles-ni-bebidas-isotonicas-el-zumo-verde-que-revoluciono-el-Mundial-de-Tokio-y-que-ahora-todos-quieren-probar-150x84.jpg 150w, https:\/\/okdiario.com\/metabolic\/wp-content\/uploads\/2026\/01\/Ni-geles-ni-bebidas-isotonicas-el-zumo-verde-que-revoluciono-el-Mundial-de-Tokio-y-que-ahora-todos-quieren-probar-768x432.jpg 768w, https:\/\/okdiario.com\/metabolic\/wp-content\/uploads\/2026\/01\/Ni-geles-ni-bebidas-isotonicas-el-zumo-verde-que-revoluciono-el-Mundial-de-Tokio-y-que-ahora-todos-quieren-probar-1536x864.jpg 1536w, https:\/\/okdiario.com\/metabolic\/wp-content\/uploads\/2026\/01\/Ni-geles-ni-bebidas-isotonicas-el-zumo-verde-que-revoluciono-el-Mundial-de-Tokio-y-que-ahora-todos-quieren-probar-750x422.jpg 750w, https:\/\/okdiario.com\/metabolic\/wp-content\/uploads\/2026\/01\/Ni-geles-ni-bebidas-isotonicas-el-zumo-verde-que-revoluciono-el-Mundial-de-Tokio-y-que-ahora-todos-quieren-probar-1140x642.jpg 1140w\" sizes=\"(max-width: 1800px) 100vw, 1800px\" \/><\/div><\/a>\n\t\t\t\t<div class=\"elementor-post__badge\">Alimentos funcionales<\/div>\n\t\t\t\t<div class=\"elementor-post__avatar\">\n\t\t\t\t\t<\/div>\n\t\t\t\t<div class=\"elementor-post__text\">\n\t\t\t\t<h2 class=\"elementor-post__title\">\n\t\t\t<a href=\"https:\/\/okdiario.com\/metabolic\/dietetica\/funcionales\/ni-geles-ni-bebidas-isotonicas-el-zumo-verde-que-revoluciono-el-mundial-de-tokio-y-que-ahora-todos-quieren-probar-12777017\/\" >\n\t\t\t\tNi geles ni bebidas isot\u00f3nicas: el \u201czumo verde\u201d que revolucion\u00f3 el Mundial de Tokio y que ahora todos quieren probar\t\t\t<\/a>\n\t\t<\/h2>\n\t\t\t\t<\/div>\n\t\t\t\t<div class=\"elementor-post__meta-data\">\n\t\t\t\t\t<span class=\"elementor-post-date\">\n\t\t\t2026-01-25T08:00:41\t\t<\/span>\n\t\t\t\t<\/div>\n\t\t\t\t\t<\/div>\n\t\t<\/article>\n\t\t\t\t<article class=\"elementor-post elementor-grid-item post-12776975 post type-post status-publish format-standard has-post-thumbnail hentry category-dietetica category-funcionales tag-okd tag-tendencias\">\n\t\t\t<div class=\"elementor-post__card\">\n\t\t\t\t<a class=\"elementor-post__thumbnail__link\" href=\"https:\/\/okdiario.com\/metabolic\/dietetica\/este-es-el-numero-de-veces-que-debes-comer-sardinas-a-la-semana-para-aprovechar-sus-beneficios-segun-un-cardiologo-12776975\/\" tabindex=\"-1\" ><div class=\"elementor-post__thumbnail\"><img loading=\"lazy\" decoding=\"async\" width=\"1800\" height=\"1350\" src=\"https:\/\/okdiario.com\/metabolic\/wp-content\/uploads\/2024\/04\/latas-sardinas-1800x1350.jpg\" class=\"attachment-large size-large wp-image-12727034\" alt=\"\u00c9ste es el n\u00famero de veces que debes comer sardinas a la semana para aprovechar sus beneficios, seg\u00fan un cardi\u00f3logo\" srcset=\"https:\/\/okdiario.com\/metabolic\/wp-content\/uploads\/2024\/04\/latas-sardinas-1800x1350.jpg 1800w, https:\/\/okdiario.com\/metabolic\/wp-content\/uploads\/2024\/04\/latas-sardinas-150x113.jpg 150w, https:\/\/okdiario.com\/metabolic\/wp-content\/uploads\/2024\/04\/latas-sardinas-300x225.jpg 300w, https:\/\/okdiario.com\/metabolic\/wp-content\/uploads\/2024\/04\/latas-sardinas-768x576.jpg 768w, https:\/\/okdiario.com\/metabolic\/wp-content\/uploads\/2024\/04\/latas-sardinas-1536x1152.jpg 1536w, https:\/\/okdiario.com\/metabolic\/wp-content\/uploads\/2024\/04\/latas-sardinas-750x563.jpg 750w, https:\/\/okdiario.com\/metabolic\/wp-content\/uploads\/2024\/04\/latas-sardinas-1140x855.jpg 1140w, https:\/\/okdiario.com\/metabolic\/wp-content\/uploads\/2024\/04\/latas-sardinas-1024x768.jpg 1024w, https:\/\/okdiario.com\/metabolic\/wp-content\/uploads\/2024\/04\/latas-sardinas.jpg 1920w\" sizes=\"(max-width: 1800px) 100vw, 1800px\" \/><\/div><\/a>\n\t\t\t\t<div class=\"elementor-post__badge\">Diet\u00e9tica<\/div>\n\t\t\t\t<div class=\"elementor-post__avatar\">\n\t\t\t\t\t<\/div>\n\t\t\t\t<div class=\"elementor-post__text\">\n\t\t\t\t<h2 class=\"elementor-post__title\">\n\t\t\t<a href=\"https:\/\/okdiario.com\/metabolic\/dietetica\/este-es-el-numero-de-veces-que-debes-comer-sardinas-a-la-semana-para-aprovechar-sus-beneficios-segun-un-cardiologo-12776975\/\" >\n\t\t\t\t\u00c9ste es el n\u00famero de veces que debes comer sardinas a la semana para aprovechar sus beneficios, seg\u00fan un cardi\u00f3logo\t\t\t<\/a>\n\t\t<\/h2>\n\t\t\t\t<\/div>\n\t\t\t\t<div class=\"elementor-post__meta-data\">\n\t\t\t\t\t<span class=\"elementor-post-date\">\n\t\t\t2026-01-19T11:04:53\t\t<\/span>\n\t\t\t\t<\/div>\n\t\t\t\t\t<\/div>\n\t\t<\/article>\n\t\t\t\t<\/div>\n\t\t\n\t\t\t\t\t\t<\/div>\n\t\t\t\t<\/div>\n\t\t\t\t\t<\/div>\n\t\t\t\t<\/div>\n\t\t<div class=\"elementor-element elementor-element-2abdbba e-flex e-con-boxed e-con e-parent\" data-id=\"2abdbba\" data-element_type=\"container\">\n\t\t\t\t\t<div class=\"e-con-inner\">\n\t\t<div class=\"elementor-element elementor-element-3662605 e-con-full e-flex e-con e-child\" data-id=\"3662605\" data-element_type=\"container\">\n\t\t\t\t<div class=\"elementor-element elementor-element-2242ba7 elementor-widget__width-auto elementor-widget-mobile__width-inherit elementor-widget elementor-widget-heading\" data-id=\"2242ba7\" data-element_type=\"widget\" data-widget_type=\"heading.default\">\n\t\t\t\t<div class=\"elementor-widget-container\">\n\t\t\t\t\t<h2 class=\"elementor-heading-title elementor-size-default\">Alimentos<\/h2>\t\t\t\t<\/div>\n\t\t\t\t<\/div>\n\t\t\t\t<\/div>\n\t\t\t\t\t<\/div>\n\t\t\t\t<\/div>\n\t\t<div class=\"elementor-element elementor-element-9b99d3d e-flex e-con-boxed e-con e-parent\" data-id=\"9b99d3d\" data-element_type=\"container\">\n\t\t\t\t\t<div class=\"e-con-inner\">\n\t\t\t\t<div class=\"elementor-element elementor-element-c63bbee elementor-grid-3 elementor-grid-tablet-2 elementor-grid-mobile-1 elementor-posts--thumbnail-top elementor-posts--show-avatar elementor-posts__hover-gradient elementor-widget elementor-widget-posts\" data-id=\"c63bbee\" data-element_type=\"widget\" data-settings=\"{&quot;cards_row_gap&quot;:{&quot;unit&quot;:&quot;px&quot;,&quot;size&quot;:2,&quot;sizes&quot;:[]},&quot;cards_columns&quot;:&quot;3&quot;,&quot;cards_columns_tablet&quot;:&quot;2&quot;,&quot;cards_columns_mobile&quot;:&quot;1&quot;,&quot;cards_row_gap_tablet&quot;:{&quot;unit&quot;:&quot;px&quot;,&quot;size&quot;:&quot;&quot;,&quot;sizes&quot;:[]},&quot;cards_row_gap_mobile&quot;:{&quot;unit&quot;:&quot;px&quot;,&quot;size&quot;:&quot;&quot;,&quot;sizes&quot;:[]}}\" data-widget_type=\"posts.cards\">\n\t\t\t\t<div class=\"elementor-widget-container\">\n\t\t\t\t\t\t\t<div class=\"elementor-posts-container elementor-posts elementor-posts--skin-cards elementor-grid\">\n\t\t\t\t<article class=\"elementor-post elementor-grid-item post-12785571 post type-post status-publish format-standard has-post-thumbnail hentry category-dietetica category-alimentos tag-alimentos tag-okd tag-pescado\">\n\t\t\t<div class=\"elementor-post__card\">\n\t\t\t\t<a class=\"elementor-post__thumbnail__link\" href=\"https:\/\/okdiario.com\/metabolic\/dietetica\/la-sentencia-de-boticaria-garcia-sobre-comer-merluza-el-100-tiene-anisakis-pero-no-quiere-decir-que-no-la-tengamos-de-dejar-de-comer-12785571\/\" tabindex=\"-1\" ><div class=\"elementor-post__thumbnail\"><img loading=\"lazy\" decoding=\"async\" width=\"1800\" height=\"1200\" src=\"https:\/\/okdiario.com\/metabolic\/wp-content\/uploads\/2024\/06\/pescados-1800x1200.jpg\" class=\"attachment-large size-large wp-image-12732966\" alt=\"La sentencia de Boticaria Garc\u00eda sobre comer merluza: &quot;El 100% tiene anisakis&quot; pero no quiere decir que no la tengamos de dejar de comer\" srcset=\"https:\/\/okdiario.com\/metabolic\/wp-content\/uploads\/2024\/06\/pescados-1800x1200.jpg 1800w, https:\/\/okdiario.com\/metabolic\/wp-content\/uploads\/2024\/06\/pescados-150x100.jpg 150w, https:\/\/okdiario.com\/metabolic\/wp-content\/uploads\/2024\/06\/pescados-300x200.jpg 300w, https:\/\/okdiario.com\/metabolic\/wp-content\/uploads\/2024\/06\/pescados-768x512.jpg 768w, https:\/\/okdiario.com\/metabolic\/wp-content\/uploads\/2024\/06\/pescados-1536x1024.jpg 1536w, https:\/\/okdiario.com\/metabolic\/wp-content\/uploads\/2024\/06\/pescados-750x500.jpg 750w, https:\/\/okdiario.com\/metabolic\/wp-content\/uploads\/2024\/06\/pescados-1140x760.jpg 1140w, https:\/\/okdiario.com\/metabolic\/wp-content\/uploads\/2024\/06\/pescados-1024x683.jpg 1024w, https:\/\/okdiario.com\/metabolic\/wp-content\/uploads\/2024\/06\/pescados.jpg 1920w\" sizes=\"(max-width: 1800px) 100vw, 1800px\" \/><\/div><\/a>\n\t\t\t\t<div class=\"elementor-post__badge\">Diet\u00e9tica<\/div>\n\t\t\t\t<div class=\"elementor-post__avatar\">\n\t\t\t\t\t<\/div>\n\t\t\t\t<div class=\"elementor-post__text\">\n\t\t\t\t<h2 class=\"elementor-post__title\">\n\t\t\t<a href=\"https:\/\/okdiario.com\/metabolic\/dietetica\/la-sentencia-de-boticaria-garcia-sobre-comer-merluza-el-100-tiene-anisakis-pero-no-quiere-decir-que-no-la-tengamos-de-dejar-de-comer-12785571\/\" >\n\t\t\t\tLa sentencia de Boticaria Garc\u00eda sobre comer merluza: \u00abEl 100% tiene anisakis\u00bb pero no quiere decir que no la tengamos de dejar de comer\t\t\t<\/a>\n\t\t<\/h2>\n\t\t\t\t<\/div>\n\t\t\t\t<div class=\"elementor-post__meta-data\">\n\t\t\t\t\t<span class=\"elementor-post-date\">\n\t\t\t2026-08-27T11:10:02\t\t<\/span>\n\t\t\t\t<\/div>\n\t\t\t\t\t<\/div>\n\t\t<\/article>\n\t\t\t\t<article class=\"elementor-post elementor-grid-item post-12785501 post type-post status-publish format-standard has-post-thumbnail hentry category-dietetica category-alimentos tag-okd tag-pescado\">\n\t\t\t<div class=\"elementor-post__card\">\n\t\t\t\t<a class=\"elementor-post__thumbnail__link\" href=\"https:\/\/okdiario.com\/metabolic\/dietetica\/este-pescado-enlatado-mas-rico-en-omega-3-que-el-atun-y-las-sardinas-tambien-esta-repleto-de-proteinas-y-hierro-12785501\/\" tabindex=\"-1\" ><div class=\"elementor-post__thumbnail\"><img loading=\"lazy\" decoding=\"async\" width=\"1800\" height=\"1200\" src=\"https:\/\/okdiario.com\/metabolic\/wp-content\/uploads\/2026\/08\/anchoas-1800x1200.jpg\" class=\"attachment-large size-large wp-image-12785504\" alt=\"Este pescado enlatado, m\u00e1s rico en omega-3 que el at\u00fan y las sardinas, tambi\u00e9n est\u00e1 repleto de prote\u00ednas y hierro\" srcset=\"https:\/\/okdiario.com\/metabolic\/wp-content\/uploads\/2026\/08\/anchoas-1800x1200.jpg 1800w, https:\/\/okdiario.com\/metabolic\/wp-content\/uploads\/2026\/08\/anchoas-300x200.jpg 300w, https:\/\/okdiario.com\/metabolic\/wp-content\/uploads\/2026\/08\/anchoas-150x100.jpg 150w, https:\/\/okdiario.com\/metabolic\/wp-content\/uploads\/2026\/08\/anchoas-768x512.jpg 768w, https:\/\/okdiario.com\/metabolic\/wp-content\/uploads\/2026\/08\/anchoas-1536x1024.jpg 1536w, https:\/\/okdiario.com\/metabolic\/wp-content\/uploads\/2026\/08\/anchoas-750x500.jpg 750w, https:\/\/okdiario.com\/metabolic\/wp-content\/uploads\/2026\/08\/anchoas-1140x760.jpg 1140w, https:\/\/okdiario.com\/metabolic\/wp-content\/uploads\/2026\/08\/anchoas.jpg 1920w\" sizes=\"(max-width: 1800px) 100vw, 1800px\" \/><\/div><\/a>\n\t\t\t\t<div class=\"elementor-post__badge\">Diet\u00e9tica<\/div>\n\t\t\t\t<div class=\"elementor-post__avatar\">\n\t\t\t\t\t<\/div>\n\t\t\t\t<div class=\"elementor-post__text\">\n\t\t\t\t<h2 class=\"elementor-post__title\">\n\t\t\t<a href=\"https:\/\/okdiario.com\/metabolic\/dietetica\/este-pescado-enlatado-mas-rico-en-omega-3-que-el-atun-y-las-sardinas-tambien-esta-repleto-de-proteinas-y-hierro-12785501\/\" >\n\t\t\t\tEste pescado enlatado, m\u00e1s rico en omega-3 que el at\u00fan y las sardinas, tambi\u00e9n est\u00e1 repleto de prote\u00ednas y hierro\t\t\t<\/a>\n\t\t<\/h2>\n\t\t\t\t<\/div>\n\t\t\t\t<div class=\"elementor-post__meta-data\">\n\t\t\t\t\t<span class=\"elementor-post-date\">\n\t\t\t2026-08-25T12:45:42\t\t<\/span>\n\t\t\t\t<\/div>\n\t\t\t\t\t<\/div>\n\t\t<\/article>\n\t\t\t\t<article class=\"elementor-post elementor-grid-item post-12785393 post type-post status-publish format-standard has-post-thumbnail hentry category-dietetica category-alimentos tag-alimentacion tag-okd tag-pollo tag-pollo-asado\">\n\t\t\t<div class=\"elementor-post__card\">\n\t\t\t\t<a class=\"elementor-post__thumbnail__link\" href=\"https:\/\/okdiario.com\/metabolic\/dietetica\/tambien-compras-pollo-asado-en-el-supermercado-los-nutricionistas-explican-lo-saludable-que-es-12785393\/\" tabindex=\"-1\" ><div class=\"elementor-post__thumbnail\"><img loading=\"lazy\" decoding=\"async\" width=\"1800\" height=\"1202\" src=\"https:\/\/okdiario.com\/metabolic\/wp-content\/uploads\/2024\/04\/pollo3-1800x1202.jpg\" class=\"attachment-large size-large wp-image-684\" alt=\"\u00bfTambi\u00e9n compras pollo asado en el supermercado? Los nutricionistas explican lo saludable que es\" srcset=\"https:\/\/okdiario.com\/metabolic\/wp-content\/uploads\/2024\/04\/pollo3-1800x1202.jpg 1800w, https:\/\/okdiario.com\/metabolic\/wp-content\/uploads\/2024\/04\/pollo3-150x100.jpg 150w, https:\/\/okdiario.com\/metabolic\/wp-content\/uploads\/2024\/04\/pollo3-300x200.jpg 300w, https:\/\/okdiario.com\/metabolic\/wp-content\/uploads\/2024\/04\/pollo3-768x513.jpg 768w, https:\/\/okdiario.com\/metabolic\/wp-content\/uploads\/2024\/04\/pollo3-1536x1026.jpg 1536w, https:\/\/okdiario.com\/metabolic\/wp-content\/uploads\/2024\/04\/pollo3-750x501.jpg 750w, https:\/\/okdiario.com\/metabolic\/wp-content\/uploads\/2024\/04\/pollo3-1140x761.jpg 1140w, https:\/\/okdiario.com\/metabolic\/wp-content\/uploads\/2024\/04\/pollo3-1024x684.jpg 1024w, https:\/\/okdiario.com\/metabolic\/wp-content\/uploads\/2024\/04\/pollo3.jpg 1920w\" sizes=\"(max-width: 1800px) 100vw, 1800px\" \/><\/div><\/a>\n\t\t\t\t<div class=\"elementor-post__badge\">Diet\u00e9tica<\/div>\n\t\t\t\t<div class=\"elementor-post__avatar\">\n\t\t\t\t\t<\/div>\n\t\t\t\t<div class=\"elementor-post__text\">\n\t\t\t\t<h2 class=\"elementor-post__title\">\n\t\t\t<a href=\"https:\/\/okdiario.com\/metabolic\/dietetica\/tambien-compras-pollo-asado-en-el-supermercado-los-nutricionistas-explican-lo-saludable-que-es-12785393\/\" >\n\t\t\t\t\u00bfTambi\u00e9n compras pollo asado en el supermercado? Los nutricionistas explican lo saludable que es\t\t\t<\/a>\n\t\t<\/h2>\n\t\t\t\t<\/div>\n\t\t\t\t<div class=\"elementor-post__meta-data\">\n\t\t\t\t\t<span class=\"elementor-post-date\">\n\t\t\t2026-08-22T10:40:29\t\t<\/span>\n\t\t\t\t<\/div>\n\t\t\t\t\t<\/div>\n\t\t<\/article>\n\t\t\t\t<article class=\"elementor-post elementor-grid-item post-12785322 post type-post status-publish format-standard has-post-thumbnail hentry category-dietetica category-alimentos tag-alimentos tag-okd\">\n\t\t\t<div class=\"elementor-post__card\">\n\t\t\t\t<a class=\"elementor-post__thumbnail__link\" href=\"https:\/\/okdiario.com\/metabolic\/dietetica\/los-antojos-de-dulce-tienen-una-explicacion-cientifica-y-una-solucion-practica-lo-que-los-expertos-recomiendan-para-controlarlos-sin-eliminarlos-12785322\/\" tabindex=\"-1\" ><div class=\"elementor-post__thumbnail\"><img loading=\"lazy\" decoding=\"async\" width=\"1800\" height=\"1201\" src=\"https:\/\/okdiario.com\/metabolic\/wp-content\/uploads\/2026\/08\/donut-1800x1201.jpg\" class=\"attachment-large size-large wp-image-12785324\" alt=\"Los antojos de dulce tienen una explicaci\u00f3n cient\u00edfica y una soluci\u00f3n pr\u00e1ctica: lo que los expertos recomiendan para controlarlos sin eliminarlos\" srcset=\"https:\/\/okdiario.com\/metabolic\/wp-content\/uploads\/2026\/08\/donut-1800x1201.jpg 1800w, https:\/\/okdiario.com\/metabolic\/wp-content\/uploads\/2026\/08\/donut-300x200.jpg 300w, https:\/\/okdiario.com\/metabolic\/wp-content\/uploads\/2026\/08\/donut-150x100.jpg 150w, https:\/\/okdiario.com\/metabolic\/wp-content\/uploads\/2026\/08\/donut-768x512.jpg 768w, https:\/\/okdiario.com\/metabolic\/wp-content\/uploads\/2026\/08\/donut-1536x1025.jpg 1536w, https:\/\/okdiario.com\/metabolic\/wp-content\/uploads\/2026\/08\/donut-750x500.jpg 750w, https:\/\/okdiario.com\/metabolic\/wp-content\/uploads\/2026\/08\/donut-1140x761.jpg 1140w, https:\/\/okdiario.com\/metabolic\/wp-content\/uploads\/2026\/08\/donut.jpg 1920w\" sizes=\"(max-width: 1800px) 100vw, 1800px\" \/><\/div><\/a>\n\t\t\t\t<div class=\"elementor-post__badge\">Diet\u00e9tica<\/div>\n\t\t\t\t<div class=\"elementor-post__avatar\">\n\t\t\t\t\t<\/div>\n\t\t\t\t<div class=\"elementor-post__text\">\n\t\t\t\t<h2 class=\"elementor-post__title\">\n\t\t\t<a href=\"https:\/\/okdiario.com\/metabolic\/dietetica\/los-antojos-de-dulce-tienen-una-explicacion-cientifica-y-una-solucion-practica-lo-que-los-expertos-recomiendan-para-controlarlos-sin-eliminarlos-12785322\/\" >\n\t\t\t\tLos antojos de dulce tienen una explicaci\u00f3n cient\u00edfica y una soluci\u00f3n pr\u00e1ctica: lo que los expertos recomiendan para controlarlos sin eliminarlos\t\t\t<\/a>\n\t\t<\/h2>\n\t\t\t\t<\/div>\n\t\t\t\t<div class=\"elementor-post__meta-data\">\n\t\t\t\t\t<span class=\"elementor-post-date\">\n\t\t\t2026-08-19T09:33:22\t\t<\/span>\n\t\t\t\t<\/div>\n\t\t\t\t\t<\/div>\n\t\t<\/article>\n\t\t\t\t<article class=\"elementor-post elementor-grid-item post-12785316 post type-post status-publish format-standard has-post-thumbnail hentry category-dietetica category-alimentos category-dietas tag-alimentos tag-okd\">\n\t\t\t<div class=\"elementor-post__card\">\n\t\t\t\t<a class=\"elementor-post__thumbnail__link\" href=\"https:\/\/okdiario.com\/metabolic\/dietetica\/ni-abdominales-ni-dietas-milagro-el-plan-con-la-combinacion-adecuada-de-alimentos-que-realmente-reduce-el-abdomen-12785316\/\" tabindex=\"-1\" ><div class=\"elementor-post__thumbnail\"><img loading=\"lazy\" decoding=\"async\" width=\"1800\" height=\"1197\" src=\"https:\/\/okdiario.com\/metabolic\/wp-content\/uploads\/2024\/05\/yogur-desayunos-1800x1197.jpg\" class=\"attachment-large size-large wp-image-12728628\" alt=\"Ni abdominales ni dietas milagro: el plan con la combinaci\u00f3n adecuada de alimentos que realmente reduce el abdomen\" srcset=\"https:\/\/okdiario.com\/metabolic\/wp-content\/uploads\/2024\/05\/yogur-desayunos-1800x1197.jpg 1800w, https:\/\/okdiario.com\/metabolic\/wp-content\/uploads\/2024\/05\/yogur-desayunos-150x100.jpg 150w, https:\/\/okdiario.com\/metabolic\/wp-content\/uploads\/2024\/05\/yogur-desayunos-300x200.jpg 300w, https:\/\/okdiario.com\/metabolic\/wp-content\/uploads\/2024\/05\/yogur-desayunos-768x511.jpg 768w, https:\/\/okdiario.com\/metabolic\/wp-content\/uploads\/2024\/05\/yogur-desayunos-1536x1022.jpg 1536w, https:\/\/okdiario.com\/metabolic\/wp-content\/uploads\/2024\/05\/yogur-desayunos-750x499.jpg 750w, https:\/\/okdiario.com\/metabolic\/wp-content\/uploads\/2024\/05\/yogur-desayunos-1140x758.jpg 1140w, https:\/\/okdiario.com\/metabolic\/wp-content\/uploads\/2024\/05\/yogur-desayunos-1024x681.jpg 1024w, https:\/\/okdiario.com\/metabolic\/wp-content\/uploads\/2024\/05\/yogur-desayunos.jpg 1920w\" sizes=\"(max-width: 1800px) 100vw, 1800px\" \/><\/div><\/a>\n\t\t\t\t<div class=\"elementor-post__badge\">Diet\u00e9tica<\/div>\n\t\t\t\t<div class=\"elementor-post__avatar\">\n\t\t\t\t\t<\/div>\n\t\t\t\t<div class=\"elementor-post__text\">\n\t\t\t\t<h2 class=\"elementor-post__title\">\n\t\t\t<a href=\"https:\/\/okdiario.com\/metabolic\/dietetica\/ni-abdominales-ni-dietas-milagro-el-plan-con-la-combinacion-adecuada-de-alimentos-que-realmente-reduce-el-abdomen-12785316\/\" >\n\t\t\t\tNi abdominales ni dietas milagro: el plan con la combinaci\u00f3n adecuada de alimentos que realmente reduce el abdomen\t\t\t<\/a>\n\t\t<\/h2>\n\t\t\t\t<\/div>\n\t\t\t\t<div class=\"elementor-post__meta-data\">\n\t\t\t\t\t<span class=\"elementor-post-date\">\n\t\t\t2026-08-19T08:16:25\t\t<\/span>\n\t\t\t\t<\/div>\n\t\t\t\t\t<\/div>\n\t\t<\/article>\n\t\t\t\t<article class=\"elementor-post elementor-grid-item post-12785309 post type-post status-publish format-standard has-post-thumbnail hentry category-dietetica category-alimentos tag-alimentacion tag-elsa-pataky tag-okd\">\n\t\t\t<div class=\"elementor-post__card\">\n\t\t\t\t<a class=\"elementor-post__thumbnail__link\" href=\"https:\/\/okdiario.com\/metabolic\/dietetica\/la-rutina-de-elsa-pataky-para-estar-en-forma-a-los-50-ayuno-intermitente-con-flexibilidad-batidos-con-avena-fruta-fresca-y-bayas-de-goji-12785309\/\" tabindex=\"-1\" ><div class=\"elementor-post__thumbnail\"><img loading=\"lazy\" decoding=\"async\" width=\"1800\" height=\"1013\" src=\"https:\/\/okdiario.com\/metabolic\/wp-content\/uploads\/2026\/04\/elsa-pataky-gtres.jpg\" class=\"attachment-large size-large wp-image-12780965\" alt=\"La rutina de Elsa Pataky para estar en forma a los 50: ayuno intermitente con flexibilidad, batidos con avena, fruta fresca y bayas de goji\" srcset=\"https:\/\/okdiario.com\/metabolic\/wp-content\/uploads\/2026\/04\/elsa-pataky-gtres.jpg 1800w, https:\/\/okdiario.com\/metabolic\/wp-content\/uploads\/2026\/04\/elsa-pataky-gtres-300x169.jpg 300w, https:\/\/okdiario.com\/metabolic\/wp-content\/uploads\/2026\/04\/elsa-pataky-gtres-150x84.jpg 150w, https:\/\/okdiario.com\/metabolic\/wp-content\/uploads\/2026\/04\/elsa-pataky-gtres-768x432.jpg 768w, https:\/\/okdiario.com\/metabolic\/wp-content\/uploads\/2026\/04\/elsa-pataky-gtres-1536x864.jpg 1536w, https:\/\/okdiario.com\/metabolic\/wp-content\/uploads\/2026\/04\/elsa-pataky-gtres-750x422.jpg 750w, https:\/\/okdiario.com\/metabolic\/wp-content\/uploads\/2026\/04\/elsa-pataky-gtres-1140x642.jpg 1140w\" sizes=\"(max-width: 1800px) 100vw, 1800px\" \/><\/div><\/a>\n\t\t\t\t<div class=\"elementor-post__badge\">Diet\u00e9tica<\/div>\n\t\t\t\t<div class=\"elementor-post__avatar\">\n\t\t\t\t\t<\/div>\n\t\t\t\t<div class=\"elementor-post__text\">\n\t\t\t\t<h2 class=\"elementor-post__title\">\n\t\t\t<a href=\"https:\/\/okdiario.com\/metabolic\/dietetica\/la-rutina-de-elsa-pataky-para-estar-en-forma-a-los-50-ayuno-intermitente-con-flexibilidad-batidos-con-avena-fruta-fresca-y-bayas-de-goji-12785309\/\" >\n\t\t\t\tLa rutina de Elsa Pataky para estar en forma a los 50: ayuno intermitente con flexibilidad, batidos con avena, fruta fresca y bayas de goji\t\t\t<\/a>\n\t\t<\/h2>\n\t\t\t\t<\/div>\n\t\t\t\t<div class=\"elementor-post__meta-data\">\n\t\t\t\t\t<span class=\"elementor-post-date\">\n\t\t\t2026-08-18T18:30:37\t\t<\/span>\n\t\t\t\t<\/div>\n\t\t\t\t\t<\/div>\n\t\t<\/article>\n\t\t\t\t<\/div>\n\t\t\n\t\t\t\t\t\t<\/div>\n\t\t\t\t<\/div>\n\t\t\t\t\t<\/div>\n\t\t\t\t<\/div>\n\t\t<div class=\"elementor-element elementor-element-7124953 e-flex e-con-boxed e-con e-parent\" data-id=\"7124953\" data-element_type=\"container\">\n\t\t\t\t\t<div class=\"e-con-inner\">\n\t\t<div class=\"elementor-element elementor-element-f247be3 e-con-full e-flex e-con e-child\" data-id=\"f247be3\" data-element_type=\"container\">\n\t\t\t\t<div class=\"elementor-element elementor-element-42c2358 elementor-widget__width-auto elementor-widget-mobile__width-inherit elementor-widget elementor-widget-heading\" data-id=\"42c2358\" data-element_type=\"widget\" data-widget_type=\"heading.default\">\n\t\t\t\t<div class=\"elementor-widget-container\">\n\t\t\t\t\t<h2 class=\"elementor-heading-title elementor-size-default\">Vitaminas<\/h2>\t\t\t\t<\/div>\n\t\t\t\t<\/div>\n\t\t\t\t<\/div>\n\t\t\t\t\t<\/div>\n\t\t\t\t<\/div>\n\t\t<div class=\"elementor-element elementor-element-1773a76 e-flex e-con-boxed e-con e-parent\" data-id=\"1773a76\" data-element_type=\"container\">\n\t\t\t\t\t<div class=\"e-con-inner\">\n\t\t\t\t<div class=\"elementor-element elementor-element-29e565f elementor-grid-3 elementor-grid-tablet-2 elementor-grid-mobile-1 elementor-posts--thumbnail-top elementor-posts--show-avatar elementor-posts__hover-gradient elementor-widget elementor-widget-posts\" data-id=\"29e565f\" data-element_type=\"widget\" data-settings=\"{&quot;cards_row_gap&quot;:{&quot;unit&quot;:&quot;px&quot;,&quot;size&quot;:2,&quot;sizes&quot;:[]},&quot;cards_columns&quot;:&quot;3&quot;,&quot;cards_columns_tablet&quot;:&quot;2&quot;,&quot;cards_columns_mobile&quot;:&quot;1&quot;,&quot;cards_row_gap_tablet&quot;:{&quot;unit&quot;:&quot;px&quot;,&quot;size&quot;:&quot;&quot;,&quot;sizes&quot;:[]},&quot;cards_row_gap_mobile&quot;:{&quot;unit&quot;:&quot;px&quot;,&quot;size&quot;:&quot;&quot;,&quot;sizes&quot;:[]}}\" data-widget_type=\"posts.cards\">\n\t\t\t\t<div class=\"elementor-widget-container\">\n\t\t\t\t\t\t\t<div class=\"elementor-posts-container elementor-posts elementor-posts--skin-cards elementor-grid\">\n\t\t\t\t<article class=\"elementor-post elementor-grid-item post-12784686 post type-post status-publish format-standard has-post-thumbnail hentry category-dietetica category-salud category-vitaminas tag-dormir tag-okd\">\n\t\t\t<div class=\"elementor-post__card\">\n\t\t\t\t<a class=\"elementor-post__thumbnail__link\" href=\"https:\/\/okdiario.com\/metabolic\/dietetica\/el-cardiologo-aurelio-rojas-lo-confirma-a-partir-de-los-40-muchas-mujeres-empiezan-a-dormir-peor-tienen-mas-estres-y-mas-fatiga-12784686\/\" tabindex=\"-1\" ><div class=\"elementor-post__thumbnail\"><img loading=\"lazy\" decoding=\"async\" width=\"1800\" height=\"1205\" src=\"https:\/\/okdiario.com\/metabolic\/wp-content\/uploads\/2024\/09\/dormir18-1800x1205.jpg\" class=\"attachment-large size-large wp-image-12743210\" alt=\"Calambres en las piernas por la noche: un m\u00e9dico explica qu\u00e9 puede faltar en tu rutina diaria\" srcset=\"https:\/\/okdiario.com\/metabolic\/wp-content\/uploads\/2024\/09\/dormir18-1800x1205.jpg 1800w, https:\/\/okdiario.com\/metabolic\/wp-content\/uploads\/2024\/09\/dormir18-150x100.jpg 150w, https:\/\/okdiario.com\/metabolic\/wp-content\/uploads\/2024\/09\/dormir18-300x201.jpg 300w, https:\/\/okdiario.com\/metabolic\/wp-content\/uploads\/2024\/09\/dormir18-768x514.jpg 768w, https:\/\/okdiario.com\/metabolic\/wp-content\/uploads\/2024\/09\/dormir18-1536x1028.jpg 1536w, https:\/\/okdiario.com\/metabolic\/wp-content\/uploads\/2024\/09\/dormir18-750x502.jpg 750w, https:\/\/okdiario.com\/metabolic\/wp-content\/uploads\/2024\/09\/dormir18-1140x763.jpg 1140w, https:\/\/okdiario.com\/metabolic\/wp-content\/uploads\/2024\/09\/dormir18-1024x685.jpg 1024w, https:\/\/okdiario.com\/metabolic\/wp-content\/uploads\/2024\/09\/dormir18.jpg 1920w\" sizes=\"(max-width: 1800px) 100vw, 1800px\" \/><\/div><\/a>\n\t\t\t\t<div class=\"elementor-post__badge\">Diet\u00e9tica<\/div>\n\t\t\t\t<div class=\"elementor-post__avatar\">\n\t\t\t\t\t<\/div>\n\t\t\t\t<div class=\"elementor-post__text\">\n\t\t\t\t<h2 class=\"elementor-post__title\">\n\t\t\t<a href=\"https:\/\/okdiario.com\/metabolic\/dietetica\/el-cardiologo-aurelio-rojas-lo-confirma-a-partir-de-los-40-muchas-mujeres-empiezan-a-dormir-peor-tienen-mas-estres-y-mas-fatiga-12784686\/\" >\n\t\t\t\tEl cardi\u00f3logo Aurelio Rojas lo confirma: \u00abA partir de los 40 muchas mujeres empiezan a dormir peor, tienen m\u00e1s estr\u00e9s y m\u00e1s fatiga\u00bb\t\t\t<\/a>\n\t\t<\/h2>\n\t\t\t\t<\/div>\n\t\t\t\t<div class=\"elementor-post__meta-data\">\n\t\t\t\t\t<span class=\"elementor-post-date\">\n\t\t\t2026-08-04T09:05:14\t\t<\/span>\n\t\t\t\t<\/div>\n\t\t\t\t\t<\/div>\n\t\t<\/article>\n\t\t\t\t<article class=\"elementor-post elementor-grid-item post-12784569 post type-post status-publish format-standard has-post-thumbnail hentry category-dietetica category-vitaminas tag-okd tag-suplementos\">\n\t\t\t<div class=\"elementor-post__card\">\n\t\t\t\t<a class=\"elementor-post__thumbnail__link\" href=\"https:\/\/okdiario.com\/metabolic\/dietetica\/la-ashwagandha-lleva-anos-ganando-fama-por-un-motivo-comprobado-el-problema-es-pensar-que-todo-el-mundo-puede-tomarla-12784569\/\" tabindex=\"-1\" ><div class=\"elementor-post__thumbnail\"><img loading=\"lazy\" decoding=\"async\" width=\"1800\" height=\"1200\" src=\"https:\/\/okdiario.com\/metabolic\/wp-content\/uploads\/2024\/06\/vitaminas9-1-1800x1200.jpg\" class=\"attachment-large size-large wp-image-12734043\" alt=\"La ashwagandha lleva a\u00f1os ganando fama por un motivo comprobado: el problema es pensar que todo el mundo puede tomarla\" srcset=\"https:\/\/okdiario.com\/metabolic\/wp-content\/uploads\/2024\/06\/vitaminas9-1-1800x1200.jpg 1800w, https:\/\/okdiario.com\/metabolic\/wp-content\/uploads\/2024\/06\/vitaminas9-1-150x100.jpg 150w, https:\/\/okdiario.com\/metabolic\/wp-content\/uploads\/2024\/06\/vitaminas9-1-300x200.jpg 300w, https:\/\/okdiario.com\/metabolic\/wp-content\/uploads\/2024\/06\/vitaminas9-1-768x512.jpg 768w, https:\/\/okdiario.com\/metabolic\/wp-content\/uploads\/2024\/06\/vitaminas9-1-1536x1024.jpg 1536w, https:\/\/okdiario.com\/metabolic\/wp-content\/uploads\/2024\/06\/vitaminas9-1-750x500.jpg 750w, https:\/\/okdiario.com\/metabolic\/wp-content\/uploads\/2024\/06\/vitaminas9-1-1140x760.jpg 1140w, https:\/\/okdiario.com\/metabolic\/wp-content\/uploads\/2024\/06\/vitaminas9-1-1024x683.jpg 1024w, https:\/\/okdiario.com\/metabolic\/wp-content\/uploads\/2024\/06\/vitaminas9-1.jpg 1920w\" sizes=\"(max-width: 1800px) 100vw, 1800px\" \/><\/div><\/a>\n\t\t\t\t<div class=\"elementor-post__badge\">Diet\u00e9tica<\/div>\n\t\t\t\t<div class=\"elementor-post__avatar\">\n\t\t\t\t\t<\/div>\n\t\t\t\t<div class=\"elementor-post__text\">\n\t\t\t\t<h2 class=\"elementor-post__title\">\n\t\t\t<a href=\"https:\/\/okdiario.com\/metabolic\/dietetica\/la-ashwagandha-lleva-anos-ganando-fama-por-un-motivo-comprobado-el-problema-es-pensar-que-todo-el-mundo-puede-tomarla-12784569\/\" >\n\t\t\t\tLa ashwagandha lleva a\u00f1os ganando fama por un motivo comprobado: el problema es pensar que todo el mundo puede tomarla\t\t\t<\/a>\n\t\t<\/h2>\n\t\t\t\t<\/div>\n\t\t\t\t<div class=\"elementor-post__meta-data\">\n\t\t\t\t\t<span class=\"elementor-post-date\">\n\t\t\t2026-07-21T12:53:11\t\t<\/span>\n\t\t\t\t<\/div>\n\t\t\t\t\t<\/div>\n\t\t<\/article>\n\t\t\t\t<article class=\"elementor-post elementor-grid-item post-12784557 post type-post status-publish format-standard has-post-thumbnail hentry category-deporte category-dietetica category-vitaminas tag-okd tag-suplementos\">\n\t\t\t<div class=\"elementor-post__card\">\n\t\t\t\t<a class=\"elementor-post__thumbnail__link\" href=\"https:\/\/okdiario.com\/metabolic\/deporte\/la-creatina-nacio-para-mejorar-el-rendimiento-fisico-lo-que-nadie-esperaba-era-encontrar-un-posible-efecto-sobre-la-depresion-12784557\/\" tabindex=\"-1\" ><div class=\"elementor-post__thumbnail\"><img loading=\"lazy\" decoding=\"async\" width=\"1800\" height=\"1201\" src=\"https:\/\/okdiario.com\/metabolic\/wp-content\/uploads\/2026\/05\/creatina-1800x1201.jpg\" class=\"attachment-large size-large wp-image-12782541\" alt=\"La creatina naci\u00f3 para mejorar el rendimiento f\u00edsico: lo que nadie esperaba era encontrar un\" srcset=\"https:\/\/okdiario.com\/metabolic\/wp-content\/uploads\/2026\/05\/creatina-1800x1201.jpg 1800w, https:\/\/okdiario.com\/metabolic\/wp-content\/uploads\/2026\/05\/creatina-300x200.jpg 300w, https:\/\/okdiario.com\/metabolic\/wp-content\/uploads\/2026\/05\/creatina-150x100.jpg 150w, https:\/\/okdiario.com\/metabolic\/wp-content\/uploads\/2026\/05\/creatina-768x512.jpg 768w, https:\/\/okdiario.com\/metabolic\/wp-content\/uploads\/2026\/05\/creatina-1536x1025.jpg 1536w, https:\/\/okdiario.com\/metabolic\/wp-content\/uploads\/2026\/05\/creatina-750x500.jpg 750w, https:\/\/okdiario.com\/metabolic\/wp-content\/uploads\/2026\/05\/creatina-1140x761.jpg 1140w, https:\/\/okdiario.com\/metabolic\/wp-content\/uploads\/2026\/05\/creatina.jpg 1920w\" sizes=\"(max-width: 1800px) 100vw, 1800px\" \/><\/div><\/a>\n\t\t\t\t<div class=\"elementor-post__badge\">Deporte<\/div>\n\t\t\t\t<div class=\"elementor-post__avatar\">\n\t\t\t\t\t<\/div>\n\t\t\t\t<div class=\"elementor-post__text\">\n\t\t\t\t<h2 class=\"elementor-post__title\">\n\t\t\t<a href=\"https:\/\/okdiario.com\/metabolic\/deporte\/la-creatina-nacio-para-mejorar-el-rendimiento-fisico-lo-que-nadie-esperaba-era-encontrar-un-posible-efecto-sobre-la-depresion-12784557\/\" >\n\t\t\t\tLa creatina naci\u00f3 para mejorar el rendimiento f\u00edsico: lo que nadie esperaba era encontrar un posible efecto sobre la depresi\u00f3n\t\t\t<\/a>\n\t\t<\/h2>\n\t\t\t\t<\/div>\n\t\t\t\t<div class=\"elementor-post__meta-data\">\n\t\t\t\t\t<span class=\"elementor-post-date\">\n\t\t\t2026-07-21T11:12:18\t\t<\/span>\n\t\t\t\t<\/div>\n\t\t\t\t\t<\/div>\n\t\t<\/article>\n\t\t\t\t<article class=\"elementor-post elementor-grid-item post-12784184 post type-post status-publish format-standard has-post-thumbnail hentry category-dietetica category-vitaminas tag-okd tag-suplementos\">\n\t\t\t<div class=\"elementor-post__card\">\n\t\t\t\t<a class=\"elementor-post__thumbnail__link\" href=\"https:\/\/okdiario.com\/metabolic\/dietetica\/aurelio-rojas-cardiologo-la-creatina-es-uno-de-los-mejores-suplementos-que-puedes-utilizar-sin-lugar-a-dudas-12784184\/\" tabindex=\"-1\" ><div class=\"elementor-post__thumbnail\"><img loading=\"lazy\" decoding=\"async\" width=\"1800\" height=\"1201\" src=\"https:\/\/okdiario.com\/metabolic\/wp-content\/uploads\/2026\/05\/creatina-1800x1201.jpg\" class=\"attachment-large size-large wp-image-12782541\" alt=\"La creatina naci\u00f3 para mejorar el rendimiento f\u00edsico: lo que nadie esperaba era encontrar un\" srcset=\"https:\/\/okdiario.com\/metabolic\/wp-content\/uploads\/2026\/05\/creatina-1800x1201.jpg 1800w, https:\/\/okdiario.com\/metabolic\/wp-content\/uploads\/2026\/05\/creatina-300x200.jpg 300w, https:\/\/okdiario.com\/metabolic\/wp-content\/uploads\/2026\/05\/creatina-150x100.jpg 150w, https:\/\/okdiario.com\/metabolic\/wp-content\/uploads\/2026\/05\/creatina-768x512.jpg 768w, https:\/\/okdiario.com\/metabolic\/wp-content\/uploads\/2026\/05\/creatina-1536x1025.jpg 1536w, https:\/\/okdiario.com\/metabolic\/wp-content\/uploads\/2026\/05\/creatina-750x500.jpg 750w, https:\/\/okdiario.com\/metabolic\/wp-content\/uploads\/2026\/05\/creatina-1140x761.jpg 1140w, https:\/\/okdiario.com\/metabolic\/wp-content\/uploads\/2026\/05\/creatina.jpg 1920w\" sizes=\"(max-width: 1800px) 100vw, 1800px\" \/><\/div><\/a>\n\t\t\t\t<div class=\"elementor-post__badge\">Diet\u00e9tica<\/div>\n\t\t\t\t<div class=\"elementor-post__avatar\">\n\t\t\t\t\t<\/div>\n\t\t\t\t<div class=\"elementor-post__text\">\n\t\t\t\t<h2 class=\"elementor-post__title\">\n\t\t\t<a href=\"https:\/\/okdiario.com\/metabolic\/dietetica\/aurelio-rojas-cardiologo-la-creatina-es-uno-de-los-mejores-suplementos-que-puedes-utilizar-sin-lugar-a-dudas-12784184\/\" >\n\t\t\t\tAurelio Rojas, cardi\u00f3logo: \u00abLa creatina es uno de los mejores suplementos que puedes utilizar sin lugar a dudas\u00bb\t\t\t<\/a>\n\t\t<\/h2>\n\t\t\t\t<\/div>\n\t\t\t\t<div class=\"elementor-post__meta-data\">\n\t\t\t\t\t<span class=\"elementor-post-date\">\n\t\t\t2026-07-07T09:29:05\t\t<\/span>\n\t\t\t\t<\/div>\n\t\t\t\t\t<\/div>\n\t\t<\/article>\n\t\t\t\t<article class=\"elementor-post elementor-grid-item post-12781263 post type-post status-publish format-standard has-post-thumbnail hentry category-dietetica category-salud category-vitaminas tag-envejecer tag-okd tag-tendencias\">\n\t\t\t<div class=\"elementor-post__card\">\n\t\t\t\t<a class=\"elementor-post__thumbnail__link\" href=\"https:\/\/okdiario.com\/metabolic\/dietetica\/un-nuevo-estudio-demuestra-que-este-habito-diario-puede-ralentizar-el-proceso-de-envejecimiento-12781263\/\" tabindex=\"-1\" ><div class=\"elementor-post__thumbnail\"><img loading=\"lazy\" decoding=\"async\" width=\"1280\" height=\"853\" src=\"https:\/\/okdiario.com\/metabolic\/wp-content\/uploads\/2026\/03\/menopausia.jpg\" class=\"attachment-large size-large wp-image-12780438\" alt=\"La psicolog\u00eda dice que las personas que llegan a mediana edad sin amigos cercanos no son antip\u00e1ticas: fueron demasiado generosas con gente que no se lo devolvi\u00f3\" srcset=\"https:\/\/okdiario.com\/metabolic\/wp-content\/uploads\/2026\/03\/menopausia.jpg 1280w, https:\/\/okdiario.com\/metabolic\/wp-content\/uploads\/2026\/03\/menopausia-300x200.jpg 300w, https:\/\/okdiario.com\/metabolic\/wp-content\/uploads\/2026\/03\/menopausia-150x100.jpg 150w, https:\/\/okdiario.com\/metabolic\/wp-content\/uploads\/2026\/03\/menopausia-768x512.jpg 768w, https:\/\/okdiario.com\/metabolic\/wp-content\/uploads\/2026\/03\/menopausia-750x500.jpg 750w, https:\/\/okdiario.com\/metabolic\/wp-content\/uploads\/2026\/03\/menopausia-1140x760.jpg 1140w\" sizes=\"(max-width: 1280px) 100vw, 1280px\" \/><\/div><\/a>\n\t\t\t\t<div class=\"elementor-post__badge\">Diet\u00e9tica<\/div>\n\t\t\t\t<div class=\"elementor-post__avatar\">\n\t\t\t\t\t<\/div>\n\t\t\t\t<div class=\"elementor-post__text\">\n\t\t\t\t<h2 class=\"elementor-post__title\">\n\t\t\t<a href=\"https:\/\/okdiario.com\/metabolic\/dietetica\/un-nuevo-estudio-demuestra-que-este-habito-diario-puede-ralentizar-el-proceso-de-envejecimiento-12781263\/\" >\n\t\t\t\tUn nuevo estudio demuestra que este h\u00e1bito diario puede ralentizar el proceso de envejecimiento\t\t\t<\/a>\n\t\t<\/h2>\n\t\t\t\t<\/div>\n\t\t\t\t<div class=\"elementor-post__meta-data\">\n\t\t\t\t\t<span class=\"elementor-post-date\">\n\t\t\t2026-04-16T09:53:42\t\t<\/span>\n\t\t\t\t<\/div>\n\t\t\t\t\t<\/div>\n\t\t<\/article>\n\t\t\t\t<article class=\"elementor-post elementor-grid-item post-12780435 post type-post status-publish format-standard has-post-thumbnail hentry category-dietetica category-alimentos category-vitaminas tag-okd tag-tendencias\">\n\t\t\t<div class=\"elementor-post__card\">\n\t\t\t\t<a class=\"elementor-post__thumbnail__link\" href=\"https:\/\/okdiario.com\/metabolic\/dietetica\/el-doctor-aurelio-rojas-coincide-el-magnesio-ayuda-mucho-en-la-menopausia-y-fortalece-los-huesos-12780435\/\" tabindex=\"-1\" ><div class=\"elementor-post__thumbnail\"><img loading=\"lazy\" decoding=\"async\" width=\"1280\" height=\"853\" src=\"https:\/\/okdiario.com\/metabolic\/wp-content\/uploads\/2026\/03\/menopausia.jpg\" class=\"attachment-large size-large wp-image-12780438\" alt=\"La psicolog\u00eda dice que las personas que llegan a mediana edad sin amigos cercanos no son antip\u00e1ticas: fueron demasiado generosas con gente que no se lo devolvi\u00f3\" srcset=\"https:\/\/okdiario.com\/metabolic\/wp-content\/uploads\/2026\/03\/menopausia.jpg 1280w, https:\/\/okdiario.com\/metabolic\/wp-content\/uploads\/2026\/03\/menopausia-300x200.jpg 300w, https:\/\/okdiario.com\/metabolic\/wp-content\/uploads\/2026\/03\/menopausia-150x100.jpg 150w, https:\/\/okdiario.com\/metabolic\/wp-content\/uploads\/2026\/03\/menopausia-768x512.jpg 768w, https:\/\/okdiario.com\/metabolic\/wp-content\/uploads\/2026\/03\/menopausia-750x500.jpg 750w, https:\/\/okdiario.com\/metabolic\/wp-content\/uploads\/2026\/03\/menopausia-1140x760.jpg 1140w\" sizes=\"(max-width: 1280px) 100vw, 1280px\" \/><\/div><\/a>\n\t\t\t\t<div class=\"elementor-post__badge\">Diet\u00e9tica<\/div>\n\t\t\t\t<div class=\"elementor-post__avatar\">\n\t\t\t\t\t<\/div>\n\t\t\t\t<div class=\"elementor-post__text\">\n\t\t\t\t<h2 class=\"elementor-post__title\">\n\t\t\t<a href=\"https:\/\/okdiario.com\/metabolic\/dietetica\/el-doctor-aurelio-rojas-coincide-el-magnesio-ayuda-mucho-en-la-menopausia-y-fortalece-los-huesos-12780435\/\" >\n\t\t\t\tEl doctor Aurelio Rojas, coincide: \u00abEl magnesio ayuda mucho en la menopausia y fortalece los huesos\u00bb\t\t\t<\/a>\n\t\t<\/h2>\n\t\t\t\t<\/div>\n\t\t\t\t<div class=\"elementor-post__meta-data\">\n\t\t\t\t\t<span class=\"elementor-post-date\">\n\t\t\t2026-03-26T09:01:24\t\t<\/span>\n\t\t\t\t<\/div>\n\t\t\t\t\t<\/div>\n\t\t<\/article>\n\t\t\t\t<\/div>\n\t\t\n\t\t\t\t\t\t<\/div>\n\t\t\t\t<\/div>\n\t\t\t\t\t<\/div>\n\t\t\t\t<\/div>\n\t\t<div class=\"elementor-element elementor-element-df179e2 e-flex e-con-boxed e-con e-parent\" data-id=\"df179e2\" data-element_type=\"container\">\n\t\t\t\t\t<div class=\"e-con-inner\">\n\t\t<div class=\"elementor-element elementor-element-298a82f e-con-full e-flex e-con e-child\" data-id=\"298a82f\" data-element_type=\"container\">\n\t\t\t\t<div class=\"elementor-element elementor-element-fae8fc1 elementor-widget__width-auto elementor-widget-mobile__width-inherit elementor-widget elementor-widget-heading\" data-id=\"fae8fc1\" data-element_type=\"widget\" data-widget_type=\"heading.default\">\n\t\t\t\t<div class=\"elementor-widget-container\">\n\t\t\t\t\t<h2 class=\"elementor-heading-title elementor-size-default\">Psicolog\u00eda<\/h2>\t\t\t\t<\/div>\n\t\t\t\t<\/div>\n\t\t\t\t<\/div>\n\t\t<div class=\"elementor-element elementor-element-b72bfcc e-con-full e-flex e-con e-child\" data-id=\"b72bfcc\" data-element_type=\"container\">\n\t\t\t\t<div class=\"elementor-element elementor-element-1c042ea elementor-widget__width-auto elementor-widget elementor-widget-heading\" data-id=\"1c042ea\" data-element_type=\"widget\" data-widget_type=\"heading.default\">\n\t\t\t\t<div class=\"elementor-widget-container\">\n\t\t\t\t\t<h3 class=\"elementor-heading-title elementor-size-default\"><a href=\"https:\/\/okdiario.com\/metabolic\/psicologia\/desarrollo-personal-y-autoayuda\/\">desarrollo personal y autoayuda<\/a><\/h3>\t\t\t\t<\/div>\n\t\t\t\t<\/div>\n\t\t\t\t<\/div>\n\t\t\t\t\t<\/div>\n\t\t\t\t<\/div>\n\t\t<div class=\"elementor-element elementor-element-0bc1f5d e-flex e-con-boxed e-con e-parent\" data-id=\"0bc1f5d\" data-element_type=\"container\">\n\t\t\t\t\t<div class=\"e-con-inner\">\n\t\t\t\t<div class=\"elementor-element elementor-element-38f370c elementor-grid-3 elementor-grid-tablet-2 elementor-grid-mobile-1 elementor-posts--thumbnail-top elementor-posts--show-avatar elementor-posts__hover-gradient elementor-widget elementor-widget-posts\" data-id=\"38f370c\" data-element_type=\"widget\" data-settings=\"{&quot;cards_row_gap&quot;:{&quot;unit&quot;:&quot;px&quot;,&quot;size&quot;:2,&quot;sizes&quot;:[]},&quot;cards_columns&quot;:&quot;3&quot;,&quot;cards_columns_tablet&quot;:&quot;2&quot;,&quot;cards_columns_mobile&quot;:&quot;1&quot;,&quot;cards_row_gap_tablet&quot;:{&quot;unit&quot;:&quot;px&quot;,&quot;size&quot;:&quot;&quot;,&quot;sizes&quot;:[]},&quot;cards_row_gap_mobile&quot;:{&quot;unit&quot;:&quot;px&quot;,&quot;size&quot;:&quot;&quot;,&quot;sizes&quot;:[]}}\" data-widget_type=\"posts.cards\">\n\t\t\t\t<div class=\"elementor-widget-container\">\n\t\t\t\t\t\t\t<div class=\"elementor-posts-container elementor-posts elementor-posts--skin-cards elementor-grid\">\n\t\t\t\t<article class=\"elementor-post elementor-grid-item post-12785763 post type-post status-publish format-standard has-post-thumbnail hentry category-psicologia category-emociones category-relaciones-y-sociedad tag-okd tag-psicologia\">\n\t\t\t<div class=\"elementor-post__card\">\n\t\t\t\t<a class=\"elementor-post__thumbnail__link\" href=\"https:\/\/okdiario.com\/metabolic\/psicologia\/la-psicologia-revela-que-las-personas-mas-felices-dicen-continuamente-estas-frases-para-proyectar-su-mentalidad-positiva-12785763\/\" tabindex=\"-1\" ><div class=\"elementor-post__thumbnail\"><img loading=\"lazy\" decoding=\"async\" width=\"1800\" height=\"1201\" src=\"https:\/\/okdiario.com\/metabolic\/wp-content\/uploads\/2025\/01\/felicidad3-1800x1201.jpg\" class=\"attachment-large size-large wp-image-12752159\" alt=\"La psicolog\u00eda revela que las personas m\u00e1s felices dicen continuamente estas frases para proyectar su mentalidad positiva\" srcset=\"https:\/\/okdiario.com\/metabolic\/wp-content\/uploads\/2025\/01\/felicidad3-1800x1201.jpg 1800w, https:\/\/okdiario.com\/metabolic\/wp-content\/uploads\/2025\/01\/felicidad3-300x200.jpg 300w, https:\/\/okdiario.com\/metabolic\/wp-content\/uploads\/2025\/01\/felicidad3-150x100.jpg 150w, https:\/\/okdiario.com\/metabolic\/wp-content\/uploads\/2025\/01\/felicidad3-768x512.jpg 768w, https:\/\/okdiario.com\/metabolic\/wp-content\/uploads\/2025\/01\/felicidad3-1536x1025.jpg 1536w, https:\/\/okdiario.com\/metabolic\/wp-content\/uploads\/2025\/01\/felicidad3-750x500.jpg 750w, https:\/\/okdiario.com\/metabolic\/wp-content\/uploads\/2025\/01\/felicidad3-1140x761.jpg 1140w, https:\/\/okdiario.com\/metabolic\/wp-content\/uploads\/2025\/01\/felicidad3.jpg 1920w\" sizes=\"(max-width: 1800px) 100vw, 1800px\" \/><\/div><\/a>\n\t\t\t\t<div class=\"elementor-post__badge\">Psicolog\u00eda<\/div>\n\t\t\t\t<div class=\"elementor-post__avatar\">\n\t\t\t\t\t<\/div>\n\t\t\t\t<div class=\"elementor-post__text\">\n\t\t\t\t<h2 class=\"elementor-post__title\">\n\t\t\t<a href=\"https:\/\/okdiario.com\/metabolic\/psicologia\/la-psicologia-revela-que-las-personas-mas-felices-dicen-continuamente-estas-frases-para-proyectar-su-mentalidad-positiva-12785763\/\" >\n\t\t\t\tLa psicolog\u00eda revela que las personas m\u00e1s felices dicen continuamente estas frases para proyectar su mentalidad positiva\t\t\t<\/a>\n\t\t<\/h2>\n\t\t\t\t<\/div>\n\t\t\t\t<div class=\"elementor-post__meta-data\">\n\t\t\t\t\t<span class=\"elementor-post-date\">\n\t\t\t2026-09-03T09:17:27\t\t<\/span>\n\t\t\t\t<\/div>\n\t\t\t\t\t<\/div>\n\t\t<\/article>\n\t\t\t\t<article class=\"elementor-post elementor-grid-item post-12785688 post type-post status-publish format-standard has-post-thumbnail hentry category-deporte category-psicologia category-salud tag-okd tag-psicologia\">\n\t\t\t<div class=\"elementor-post__card\">\n\t\t\t\t<a class=\"elementor-post__thumbnail__link\" href=\"https:\/\/okdiario.com\/metabolic\/deporte\/bruno-vellas-geriatra-una-persona-de-70-anos-hoy-posee-una-capacidad-intrinseca-comparable-a-la-de-una-persona-de-60-anos-hace-20-anos-12785688\/\" tabindex=\"-1\" ><div class=\"elementor-post__thumbnail\"><img loading=\"lazy\" decoding=\"async\" width=\"1800\" height=\"1200\" src=\"https:\/\/okdiario.com\/metabolic\/wp-content\/uploads\/2026\/07\/ejercicio-mayores-1800x1200.jpg\" class=\"attachment-large size-large wp-image-12784443\" alt=\"Bruno Vellas, geriatra: &quot;Una persona de 70 a\u00f1os hoy posee una capacidad intr\u00ednseca comparable a la de una persona de 60 a\u00f1os hace 20 a\u00f1os&quot;\" srcset=\"https:\/\/okdiario.com\/metabolic\/wp-content\/uploads\/2026\/07\/ejercicio-mayores-1800x1200.jpg 1800w, https:\/\/okdiario.com\/metabolic\/wp-content\/uploads\/2026\/07\/ejercicio-mayores-300x200.jpg 300w, https:\/\/okdiario.com\/metabolic\/wp-content\/uploads\/2026\/07\/ejercicio-mayores-150x100.jpg 150w, https:\/\/okdiario.com\/metabolic\/wp-content\/uploads\/2026\/07\/ejercicio-mayores-768x512.jpg 768w, https:\/\/okdiario.com\/metabolic\/wp-content\/uploads\/2026\/07\/ejercicio-mayores-1536x1024.jpg 1536w, https:\/\/okdiario.com\/metabolic\/wp-content\/uploads\/2026\/07\/ejercicio-mayores-750x500.jpg 750w, https:\/\/okdiario.com\/metabolic\/wp-content\/uploads\/2026\/07\/ejercicio-mayores-1140x760.jpg 1140w, https:\/\/okdiario.com\/metabolic\/wp-content\/uploads\/2026\/07\/ejercicio-mayores.jpg 1920w\" sizes=\"(max-width: 1800px) 100vw, 1800px\" \/><\/div><\/a>\n\t\t\t\t<div class=\"elementor-post__badge\">Deporte<\/div>\n\t\t\t\t<div class=\"elementor-post__avatar\">\n\t\t\t\t\t<\/div>\n\t\t\t\t<div class=\"elementor-post__text\">\n\t\t\t\t<h2 class=\"elementor-post__title\">\n\t\t\t<a href=\"https:\/\/okdiario.com\/metabolic\/deporte\/bruno-vellas-geriatra-una-persona-de-70-anos-hoy-posee-una-capacidad-intrinseca-comparable-a-la-de-una-persona-de-60-anos-hace-20-anos-12785688\/\" >\n\t\t\t\tBruno Vellas, geriatra: \u00abUna persona de 70 a\u00f1os hoy posee una capacidad intr\u00ednseca comparable a la de una persona de 60 a\u00f1os hace 20 a\u00f1os\u00bb\t\t\t<\/a>\n\t\t<\/h2>\n\t\t\t\t<\/div>\n\t\t\t\t<div class=\"elementor-post__meta-data\">\n\t\t\t\t\t<span class=\"elementor-post-date\">\n\t\t\t2026-09-01T09:02:38\t\t<\/span>\n\t\t\t\t<\/div>\n\t\t\t\t\t<\/div>\n\t\t<\/article>\n\t\t\t\t<article class=\"elementor-post elementor-grid-item post-12785685 post type-post status-publish format-standard has-post-thumbnail hentry category-psicologia category-emociones category-relaciones-y-sociedad tag-okd tag-psicologia\">\n\t\t\t<div class=\"elementor-post__card\">\n\t\t\t\t<a class=\"elementor-post__thumbnail__link\" href=\"https:\/\/okdiario.com\/metabolic\/psicologia\/la-psicologia-confirma-que-las-personas-que-siempre-piden-perdon-por-todo-en-el-trabajo-no-es-porque-sean-amables-mas-bien-tienen-problemas-de-inseguridad-12785685\/\" tabindex=\"-1\" ><div class=\"elementor-post__thumbnail\"><img loading=\"lazy\" decoding=\"async\" width=\"1800\" height=\"1350\" src=\"https:\/\/okdiario.com\/metabolic\/wp-content\/uploads\/2025\/11\/perdon-1800x1350.jpg\" class=\"attachment-large size-large wp-image-12772889\" alt=\"La psicolog\u00eda confirma que las personas que siempre piden perd\u00f3n por todo en el trabajo no es porque sean amables, m\u00e1s bien tienen problemas de inseguridad\" srcset=\"https:\/\/okdiario.com\/metabolic\/wp-content\/uploads\/2025\/11\/perdon-1800x1350.jpg 1800w, https:\/\/okdiario.com\/metabolic\/wp-content\/uploads\/2025\/11\/perdon-300x225.jpg 300w, https:\/\/okdiario.com\/metabolic\/wp-content\/uploads\/2025\/11\/perdon-150x113.jpg 150w, https:\/\/okdiario.com\/metabolic\/wp-content\/uploads\/2025\/11\/perdon-768x576.jpg 768w, https:\/\/okdiario.com\/metabolic\/wp-content\/uploads\/2025\/11\/perdon-1536x1152.jpg 1536w, https:\/\/okdiario.com\/metabolic\/wp-content\/uploads\/2025\/11\/perdon-750x563.jpg 750w, https:\/\/okdiario.com\/metabolic\/wp-content\/uploads\/2025\/11\/perdon-1140x855.jpg 1140w, https:\/\/okdiario.com\/metabolic\/wp-content\/uploads\/2025\/11\/perdon.jpg 1920w\" sizes=\"(max-width: 1800px) 100vw, 1800px\" \/><\/div><\/a>\n\t\t\t\t<div class=\"elementor-post__badge\">Psicolog\u00eda<\/div>\n\t\t\t\t<div class=\"elementor-post__avatar\">\n\t\t\t\t\t<\/div>\n\t\t\t\t<div class=\"elementor-post__text\">\n\t\t\t\t<h2 class=\"elementor-post__title\">\n\t\t\t<a href=\"https:\/\/okdiario.com\/metabolic\/psicologia\/la-psicologia-confirma-que-las-personas-que-siempre-piden-perdon-por-todo-en-el-trabajo-no-es-porque-sean-amables-mas-bien-tienen-problemas-de-inseguridad-12785685\/\" >\n\t\t\t\tLa psicolog\u00eda confirma que las personas que siempre piden perd\u00f3n por todo en el trabajo no es porque sean amables, m\u00e1s bien tienen problemas de inseguridad\t\t\t<\/a>\n\t\t<\/h2>\n\t\t\t\t<\/div>\n\t\t\t\t<div class=\"elementor-post__meta-data\">\n\t\t\t\t\t<span class=\"elementor-post-date\">\n\t\t\t2026-09-01T08:29:12\t\t<\/span>\n\t\t\t\t<\/div>\n\t\t\t\t\t<\/div>\n\t\t<\/article>\n\t\t\t\t<article class=\"elementor-post elementor-grid-item post-12785661 post type-post status-publish format-standard has-post-thumbnail hentry category-psicologia category-emociones tag-cerebro tag-okd tag-psicologia\">\n\t\t\t<div class=\"elementor-post__card\">\n\t\t\t\t<a class=\"elementor-post__thumbnail__link\" href=\"https:\/\/okdiario.com\/metabolic\/psicologia\/los-neurocientificos-coinciden-para-crear-motivacion-cuando-no-te-apetece-hacer-algo-hay-que-enganar-al-cerebro-la-musica-y-los-momentos-ya-vividos-ayudan-a-fabricar-energia-extra-12785661\/\" tabindex=\"-1\" ><div class=\"elementor-post__thumbnail\"><img loading=\"lazy\" decoding=\"async\" width=\"1800\" height=\"1368\" src=\"https:\/\/okdiario.com\/metabolic\/wp-content\/uploads\/2024\/05\/cerebro-1800x1368.jpeg\" class=\"attachment-large size-large wp-image-12730172\" alt=\"Los neurocient\u00edficos coinciden: &quot;Para crear motivaci\u00f3n cuando no te apetece hacer algo hay que enga\u00f1ar al cerebro, la m\u00fasica y los momentos ya vividos ayudan a fabricar energ\u00eda extra&quot;\" srcset=\"https:\/\/okdiario.com\/metabolic\/wp-content\/uploads\/2024\/05\/cerebro-1800x1368.jpeg 1800w, https:\/\/okdiario.com\/metabolic\/wp-content\/uploads\/2024\/05\/cerebro-150x114.jpeg 150w, https:\/\/okdiario.com\/metabolic\/wp-content\/uploads\/2024\/05\/cerebro-300x228.jpeg 300w, https:\/\/okdiario.com\/metabolic\/wp-content\/uploads\/2024\/05\/cerebro-768x584.jpeg 768w, https:\/\/okdiario.com\/metabolic\/wp-content\/uploads\/2024\/05\/cerebro-1536x1167.jpeg 1536w, https:\/\/okdiario.com\/metabolic\/wp-content\/uploads\/2024\/05\/cerebro-750x570.jpeg 750w, https:\/\/okdiario.com\/metabolic\/wp-content\/uploads\/2024\/05\/cerebro-1140x866.jpeg 1140w, https:\/\/okdiario.com\/metabolic\/wp-content\/uploads\/2024\/05\/cerebro-1024x778.jpeg 1024w, https:\/\/okdiario.com\/metabolic\/wp-content\/uploads\/2024\/05\/cerebro.jpeg 1920w\" sizes=\"(max-width: 1800px) 100vw, 1800px\" \/><\/div><\/a>\n\t\t\t\t<div class=\"elementor-post__badge\">Psicolog\u00eda<\/div>\n\t\t\t\t<div class=\"elementor-post__avatar\">\n\t\t\t\t\t<\/div>\n\t\t\t\t<div class=\"elementor-post__text\">\n\t\t\t\t<h2 class=\"elementor-post__title\">\n\t\t\t<a href=\"https:\/\/okdiario.com\/metabolic\/psicologia\/los-neurocientificos-coinciden-para-crear-motivacion-cuando-no-te-apetece-hacer-algo-hay-que-enganar-al-cerebro-la-musica-y-los-momentos-ya-vividos-ayudan-a-fabricar-energia-extra-12785661\/\" >\n\t\t\t\tLos neurocient\u00edficos coinciden: \u00abPara crear motivaci\u00f3n cuando no te apetece hacer algo hay que enga\u00f1ar al cerebro, la m\u00fasica y los momentos ya vividos ayudan a fabricar energ\u00eda extra\u00bb\t\t\t<\/a>\n\t\t<\/h2>\n\t\t\t\t<\/div>\n\t\t\t\t<div class=\"elementor-post__meta-data\">\n\t\t\t\t\t<span class=\"elementor-post-date\">\n\t\t\t2026-08-31T08:22:40\t\t<\/span>\n\t\t\t\t<\/div>\n\t\t\t\t\t<\/div>\n\t\t<\/article>\n\t\t\t\t<article class=\"elementor-post elementor-grid-item post-12785651 post type-post status-publish format-standard has-post-thumbnail hentry category-psicologia category-relaciones-y-sociedad tag-movil tag-okd tag-psicologia\">\n\t\t\t<div class=\"elementor-post__card\">\n\t\t\t\t<a class=\"elementor-post__thumbnail__link\" href=\"https:\/\/okdiario.com\/metabolic\/psicologia\/la-psicologia-dice-que-las-personas-que-dejan-el-movil-boca-abajo-no-es-para-ocultar-nada-en-realidad-es-una-tactica-para-evitar-distracciones-12785651\/\" tabindex=\"-1\" ><div class=\"elementor-post__thumbnail\"><img loading=\"lazy\" decoding=\"async\" width=\"1800\" height=\"1013\" src=\"https:\/\/okdiario.com\/metabolic\/wp-content\/uploads\/2025\/06\/moviles-en-el-restaurante.jpg\" class=\"attachment-large size-large wp-image-12763908\" alt=\"La psicolog\u00eda dice que las personas que dejan el m\u00f3vil boca abajo no es para ocultar nada, en realidad es una t\u00e1ctica para evitar distracciones\" srcset=\"https:\/\/okdiario.com\/metabolic\/wp-content\/uploads\/2025\/06\/moviles-en-el-restaurante.jpg 1800w, https:\/\/okdiario.com\/metabolic\/wp-content\/uploads\/2025\/06\/moviles-en-el-restaurante-300x169.jpg 300w, https:\/\/okdiario.com\/metabolic\/wp-content\/uploads\/2025\/06\/moviles-en-el-restaurante-150x84.jpg 150w, https:\/\/okdiario.com\/metabolic\/wp-content\/uploads\/2025\/06\/moviles-en-el-restaurante-768x432.jpg 768w, https:\/\/okdiario.com\/metabolic\/wp-content\/uploads\/2025\/06\/moviles-en-el-restaurante-1536x864.jpg 1536w, https:\/\/okdiario.com\/metabolic\/wp-content\/uploads\/2025\/06\/moviles-en-el-restaurante-750x422.jpg 750w, https:\/\/okdiario.com\/metabolic\/wp-content\/uploads\/2025\/06\/moviles-en-el-restaurante-1140x642.jpg 1140w\" sizes=\"(max-width: 1800px) 100vw, 1800px\" \/><\/div><\/a>\n\t\t\t\t<div class=\"elementor-post__badge\">Psicolog\u00eda<\/div>\n\t\t\t\t<div class=\"elementor-post__avatar\">\n\t\t\t\t\t<\/div>\n\t\t\t\t<div class=\"elementor-post__text\">\n\t\t\t\t<h2 class=\"elementor-post__title\">\n\t\t\t<a href=\"https:\/\/okdiario.com\/metabolic\/psicologia\/la-psicologia-dice-que-las-personas-que-dejan-el-movil-boca-abajo-no-es-para-ocultar-nada-en-realidad-es-una-tactica-para-evitar-distracciones-12785651\/\" >\n\t\t\t\tLa psicolog\u00eda dice que las personas que dejan el m\u00f3vil boca abajo no es para ocultar nada, en realidad es una t\u00e1ctica para evitar distracciones\t\t\t<\/a>\n\t\t<\/h2>\n\t\t\t\t<\/div>\n\t\t\t\t<div class=\"elementor-post__meta-data\">\n\t\t\t\t\t<span class=\"elementor-post-date\">\n\t\t\t2026-08-30T10:50:57\t\t<\/span>\n\t\t\t\t<\/div>\n\t\t\t\t\t<\/div>\n\t\t<\/article>\n\t\t\t\t<article class=\"elementor-post elementor-grid-item post-12785627 post type-post status-publish format-standard has-post-thumbnail hentry category-psicologia category-emociones category-relaciones-y-sociedad tag-mal tag-okd tag-psicologia\">\n\t\t\t<div class=\"elementor-post__card\">\n\t\t\t\t<a class=\"elementor-post__thumbnail__link\" href=\"https:\/\/okdiario.com\/metabolic\/psicologia\/la-psicologia-dice-que-las-personas-que-desean-el-mal-a-los-demas-no-son-malas-mas-bien-su-cerebro-actua-asi-como-mecanismo-de-defensa-12785627\/\" tabindex=\"-1\" ><div class=\"elementor-post__thumbnail\"><img loading=\"lazy\" decoding=\"async\" width=\"1800\" height=\"1200\" src=\"https:\/\/okdiario.com\/metabolic\/wp-content\/uploads\/2024\/12\/envidia2-1800x1200.jpg\" class=\"attachment-large size-large wp-image-12751482\" alt=\"La psicolog\u00eda dice que las personas que desean el mal a los dem\u00e1s no son malas, m\u00e1s bien su cerebro act\u00faa as\u00ed como mecanismo de defensa\" srcset=\"https:\/\/okdiario.com\/metabolic\/wp-content\/uploads\/2024\/12\/envidia2-1800x1200.jpg 1800w, https:\/\/okdiario.com\/metabolic\/wp-content\/uploads\/2024\/12\/envidia2-300x200.jpg 300w, https:\/\/okdiario.com\/metabolic\/wp-content\/uploads\/2024\/12\/envidia2-150x100.jpg 150w, https:\/\/okdiario.com\/metabolic\/wp-content\/uploads\/2024\/12\/envidia2-768x512.jpg 768w, https:\/\/okdiario.com\/metabolic\/wp-content\/uploads\/2024\/12\/envidia2-1536x1024.jpg 1536w, https:\/\/okdiario.com\/metabolic\/wp-content\/uploads\/2024\/12\/envidia2-750x500.jpg 750w, https:\/\/okdiario.com\/metabolic\/wp-content\/uploads\/2024\/12\/envidia2-1140x760.jpg 1140w, https:\/\/okdiario.com\/metabolic\/wp-content\/uploads\/2024\/12\/envidia2.jpg 1920w\" sizes=\"(max-width: 1800px) 100vw, 1800px\" \/><\/div><\/a>\n\t\t\t\t<div class=\"elementor-post__badge\">Psicolog\u00eda<\/div>\n\t\t\t\t<div class=\"elementor-post__avatar\">\n\t\t\t\t\t<\/div>\n\t\t\t\t<div class=\"elementor-post__text\">\n\t\t\t\t<h2 class=\"elementor-post__title\">\n\t\t\t<a href=\"https:\/\/okdiario.com\/metabolic\/psicologia\/la-psicologia-dice-que-las-personas-que-desean-el-mal-a-los-demas-no-son-malas-mas-bien-su-cerebro-actua-asi-como-mecanismo-de-defensa-12785627\/\" >\n\t\t\t\tLa psicolog\u00eda dice que las personas que desean el mal a los dem\u00e1s no son malas, m\u00e1s bien su cerebro act\u00faa as\u00ed como mecanismo de defensa\t\t\t<\/a>\n\t\t<\/h2>\n\t\t\t\t<\/div>\n\t\t\t\t<div class=\"elementor-post__meta-data\">\n\t\t\t\t\t<span class=\"elementor-post-date\">\n\t\t\t2026-08-29T08:59:58\t\t<\/span>\n\t\t\t\t<\/div>\n\t\t\t\t\t<\/div>\n\t\t<\/article>\n\t\t\t\t<\/div>\n\t\t\n\t\t\t\t\t\t<\/div>\n\t\t\t\t<\/div>\n\t\t\t\t\t<\/div>\n\t\t\t\t<\/div>\n\t\t<div class=\"elementor-element elementor-element-9e2ba75 e-flex e-con-boxed e-con e-parent\" data-id=\"9e2ba75\" data-element_type=\"container\">\n\t\t\t\t\t<div class=\"e-con-inner\">\n\t\t<div class=\"elementor-element elementor-element-e248b24 e-con-full e-flex e-con e-child\" data-id=\"e248b24\" data-element_type=\"container\">\n\t\t\t\t<div class=\"elementor-element elementor-element-43b7e47 elementor-widget__width-auto elementor-widget-mobile__width-inherit elementor-widget elementor-widget-heading\" data-id=\"43b7e47\" data-element_type=\"widget\" data-widget_type=\"heading.default\">\n\t\t\t\t<div class=\"elementor-widget-container\">\n\t\t\t\t\t<h2 class=\"elementor-heading-title elementor-size-default\">Suplementos Deportivos<\/h2>\t\t\t\t<\/div>\n\t\t\t\t<\/div>\n\t\t\t\t<\/div>\n\t\t<div class=\"elementor-element elementor-element-b1d13c2 e-con-full e-flex e-con e-child\" data-id=\"b1d13c2\" data-element_type=\"container\">\n\t\t\t\t<\/div>\n\t\t\t\t\t<\/div>\n\t\t\t\t<\/div>\n\t\t<div class=\"elementor-element elementor-element-e9b3dcf e-flex e-con-boxed e-con e-parent\" data-id=\"e9b3dcf\" data-element_type=\"container\">\n\t\t\t\t\t<div class=\"e-con-inner\">\n\t\t\t\t<div class=\"elementor-element elementor-element-1bc74fe elementor-grid-3 elementor-grid-tablet-2 elementor-grid-mobile-1 elementor-posts--thumbnail-top elementor-posts--show-avatar elementor-posts__hover-gradient elementor-widget elementor-widget-posts\" data-id=\"1bc74fe\" data-element_type=\"widget\" data-settings=\"{&quot;cards_row_gap&quot;:{&quot;unit&quot;:&quot;px&quot;,&quot;size&quot;:2,&quot;sizes&quot;:[]},&quot;cards_columns&quot;:&quot;3&quot;,&quot;cards_columns_tablet&quot;:&quot;2&quot;,&quot;cards_columns_mobile&quot;:&quot;1&quot;,&quot;cards_row_gap_tablet&quot;:{&quot;unit&quot;:&quot;px&quot;,&quot;size&quot;:&quot;&quot;,&quot;sizes&quot;:[]},&quot;cards_row_gap_mobile&quot;:{&quot;unit&quot;:&quot;px&quot;,&quot;size&quot;:&quot;&quot;,&quot;sizes&quot;:[]}}\" data-widget_type=\"posts.cards\">\n\t\t\t\t<div class=\"elementor-widget-container\">\n\t\t\t\t\t\t\t<div class=\"elementor-posts-container elementor-posts elementor-posts--skin-cards elementor-grid\">\n\t\t\t\t<article class=\"elementor-post elementor-grid-item post-12782540 post type-post status-publish format-standard has-post-thumbnail hentry category-deporte category-dietetica category-entrenamiento category-suplementos tag-okd tag-tendencias\">\n\t\t\t<div class=\"elementor-post__card\">\n\t\t\t\t<a class=\"elementor-post__thumbnail__link\" href=\"https:\/\/okdiario.com\/metabolic\/deporte\/los-expertos-instan-a-tomar-creatina-aunque-no-hagas-ejercicio-ayuda-a-sobrellevar-mejor-el-estres-12782540\/\" tabindex=\"-1\" ><div class=\"elementor-post__thumbnail\"><img loading=\"lazy\" decoding=\"async\" width=\"1800\" height=\"1201\" src=\"https:\/\/okdiario.com\/metabolic\/wp-content\/uploads\/2026\/05\/creatina-1800x1201.jpg\" class=\"attachment-large size-large wp-image-12782541\" alt=\"La creatina naci\u00f3 para mejorar el rendimiento f\u00edsico: lo que nadie esperaba era encontrar un\" srcset=\"https:\/\/okdiario.com\/metabolic\/wp-content\/uploads\/2026\/05\/creatina-1800x1201.jpg 1800w, https:\/\/okdiario.com\/metabolic\/wp-content\/uploads\/2026\/05\/creatina-300x200.jpg 300w, https:\/\/okdiario.com\/metabolic\/wp-content\/uploads\/2026\/05\/creatina-150x100.jpg 150w, https:\/\/okdiario.com\/metabolic\/wp-content\/uploads\/2026\/05\/creatina-768x512.jpg 768w, https:\/\/okdiario.com\/metabolic\/wp-content\/uploads\/2026\/05\/creatina-1536x1025.jpg 1536w, https:\/\/okdiario.com\/metabolic\/wp-content\/uploads\/2026\/05\/creatina-750x500.jpg 750w, https:\/\/okdiario.com\/metabolic\/wp-content\/uploads\/2026\/05\/creatina-1140x761.jpg 1140w, https:\/\/okdiario.com\/metabolic\/wp-content\/uploads\/2026\/05\/creatina.jpg 1920w\" sizes=\"(max-width: 1800px) 100vw, 1800px\" \/><\/div><\/a>\n\t\t\t\t<div class=\"elementor-post__badge\">Deporte<\/div>\n\t\t\t\t<div class=\"elementor-post__avatar\">\n\t\t\t\t\t<\/div>\n\t\t\t\t<div class=\"elementor-post__text\">\n\t\t\t\t<h2 class=\"elementor-post__title\">\n\t\t\t<a href=\"https:\/\/okdiario.com\/metabolic\/deporte\/los-expertos-instan-a-tomar-creatina-aunque-no-hagas-ejercicio-ayuda-a-sobrellevar-mejor-el-estres-12782540\/\" >\n\t\t\t\tLos expertos instan a tomar creatina, aunque no hagas ejercicio: \u00abAyuda a sobrellevar mejor el estr\u00e9s\u00bb\t\t\t<\/a>\n\t\t<\/h2>\n\t\t\t\t<\/div>\n\t\t\t\t<div class=\"elementor-post__meta-data\">\n\t\t\t\t\t<span class=\"elementor-post-date\">\n\t\t\t2026-05-18T10:29:50\t\t<\/span>\n\t\t\t\t<\/div>\n\t\t\t\t\t<\/div>\n\t\t<\/article>\n\t\t\t\t<article class=\"elementor-post elementor-grid-item post-12762098 post type-post status-publish format-standard has-post-thumbnail hentry category-suplementos category-deporte tag-tendencias\">\n\t\t\t<div class=\"elementor-post__card\">\n\t\t\t\t<a class=\"elementor-post__thumbnail__link\" href=\"https:\/\/okdiario.com\/metabolic\/deporte\/suplementos\/este-es-el-momento-clave-en-el-que-tienes-que-dejar-de-tomar-creatina-lo-dice-un-experto-en-running-12762098\/\" tabindex=\"-1\" ><div class=\"elementor-post__thumbnail\"><img loading=\"lazy\" decoding=\"async\" width=\"1800\" height=\"1200\" src=\"https:\/\/okdiario.com\/metabolic\/wp-content\/uploads\/2024\/05\/deporte-aire-libre-1800x1200.jpg\" class=\"attachment-large size-large wp-image-12729537\" alt=\"El error que muchas mujeres cometen al entrenar piernas: hace que los resultados tarden m\u00e1s tiempo en hacerse visible\" srcset=\"https:\/\/okdiario.com\/metabolic\/wp-content\/uploads\/2024\/05\/deporte-aire-libre-1800x1200.jpg 1800w, https:\/\/okdiario.com\/metabolic\/wp-content\/uploads\/2024\/05\/deporte-aire-libre-150x100.jpg 150w, https:\/\/okdiario.com\/metabolic\/wp-content\/uploads\/2024\/05\/deporte-aire-libre-300x200.jpg 300w, https:\/\/okdiario.com\/metabolic\/wp-content\/uploads\/2024\/05\/deporte-aire-libre-768x512.jpg 768w, https:\/\/okdiario.com\/metabolic\/wp-content\/uploads\/2024\/05\/deporte-aire-libre-1536x1024.jpg 1536w, https:\/\/okdiario.com\/metabolic\/wp-content\/uploads\/2024\/05\/deporte-aire-libre-750x500.jpg 750w, https:\/\/okdiario.com\/metabolic\/wp-content\/uploads\/2024\/05\/deporte-aire-libre-1140x760.jpg 1140w, https:\/\/okdiario.com\/metabolic\/wp-content\/uploads\/2024\/05\/deporte-aire-libre-1024x683.jpg 1024w, https:\/\/okdiario.com\/metabolic\/wp-content\/uploads\/2024\/05\/deporte-aire-libre.jpg 1920w\" sizes=\"(max-width: 1800px) 100vw, 1800px\" \/><\/div><\/a>\n\t\t\t\t<div class=\"elementor-post__badge\">Suplementos deportivos<\/div>\n\t\t\t\t<div class=\"elementor-post__avatar\">\n\t\t\t\t\t<\/div>\n\t\t\t\t<div class=\"elementor-post__text\">\n\t\t\t\t<h2 class=\"elementor-post__title\">\n\t\t\t<a href=\"https:\/\/okdiario.com\/metabolic\/deporte\/suplementos\/este-es-el-momento-clave-en-el-que-tienes-que-dejar-de-tomar-creatina-lo-dice-un-experto-en-running-12762098\/\" >\n\t\t\t\tEste es el momento clave en el que tienes que dejar de tomar creatina: lo dice un experto en running\t\t\t<\/a>\n\t\t<\/h2>\n\t\t\t\t<\/div>\n\t\t\t\t<div class=\"elementor-post__meta-data\">\n\t\t\t\t\t<span class=\"elementor-post-date\">\n\t\t\t2025-06-02T08:00:30\t\t<\/span>\n\t\t\t\t<\/div>\n\t\t\t\t\t<\/div>\n\t\t<\/article>\n\t\t\t\t<article class=\"elementor-post elementor-grid-item post-12759639 post type-post status-publish format-standard has-post-thumbnail hentry category-suplementos tag-tendencias\">\n\t\t\t<div class=\"elementor-post__card\">\n\t\t\t\t<a class=\"elementor-post__thumbnail__link\" href=\"https:\/\/okdiario.com\/metabolic\/deporte\/suplementos\/arnold-schwarzenegger-lanza-un-aviso-sobre-la-creatina-que-pocos-esperaban-12759639\/\" tabindex=\"-1\" ><div class=\"elementor-post__thumbnail\"><img loading=\"lazy\" decoding=\"async\" width=\"1800\" height=\"1100\" src=\"https:\/\/okdiario.com\/metabolic\/wp-content\/uploads\/2025\/03\/suplementos.jpg\" class=\"attachment-large size-large wp-image-12756506\" alt=\"Sirve para adelgazar y es lo m\u00e1s eficaz contra el cansancio: el magnesio que debes tomar cada d\u00eda\" srcset=\"https:\/\/okdiario.com\/metabolic\/wp-content\/uploads\/2025\/03\/suplementos.jpg 1800w, https:\/\/okdiario.com\/metabolic\/wp-content\/uploads\/2025\/03\/suplementos-300x183.jpg 300w, https:\/\/okdiario.com\/metabolic\/wp-content\/uploads\/2025\/03\/suplementos-150x92.jpg 150w, https:\/\/okdiario.com\/metabolic\/wp-content\/uploads\/2025\/03\/suplementos-768x469.jpg 768w, https:\/\/okdiario.com\/metabolic\/wp-content\/uploads\/2025\/03\/suplementos-1536x939.jpg 1536w, https:\/\/okdiario.com\/metabolic\/wp-content\/uploads\/2025\/03\/suplementos-750x458.jpg 750w, https:\/\/okdiario.com\/metabolic\/wp-content\/uploads\/2025\/03\/suplementos-1140x697.jpg 1140w\" sizes=\"(max-width: 1800px) 100vw, 1800px\" \/><\/div><\/a>\n\t\t\t\t<div class=\"elementor-post__badge\">Suplementos deportivos<\/div>\n\t\t\t\t<div class=\"elementor-post__avatar\">\n\t\t\t\t\t<\/div>\n\t\t\t\t<div class=\"elementor-post__text\">\n\t\t\t\t<h2 class=\"elementor-post__title\">\n\t\t\t<a href=\"https:\/\/okdiario.com\/metabolic\/deporte\/suplementos\/arnold-schwarzenegger-lanza-un-aviso-sobre-la-creatina-que-pocos-esperaban-12759639\/\" >\n\t\t\t\tArnold Schwarzenegger lanza un aviso sobre la creatina que pocos esperaban\t\t\t<\/a>\n\t\t<\/h2>\n\t\t\t\t<\/div>\n\t\t\t\t<div class=\"elementor-post__meta-data\">\n\t\t\t\t\t<span class=\"elementor-post-date\">\n\t\t\t2025-05-06T11:35:25\t\t<\/span>\n\t\t\t\t<\/div>\n\t\t\t\t\t<\/div>\n\t\t<\/article>\n\t\t\t\t<article class=\"elementor-post elementor-grid-item post-12743505 post type-post status-publish format-standard has-post-thumbnail hentry category-suplementos\">\n\t\t\t<div class=\"elementor-post__card\">\n\t\t\t\t<a class=\"elementor-post__thumbnail__link\" href=\"https:\/\/okdiario.com\/metabolic\/deporte\/suplementos\/batidos-de-proteinas-12743505\/\" tabindex=\"-1\" ><div class=\"elementor-post__thumbnail\"><img loading=\"lazy\" decoding=\"async\" width=\"1024\" height=\"576\" src=\"https:\/\/okdiario.com\/metabolic\/wp-content\/uploads\/2024\/05\/Deseas-ganar-masa-muscular-Estos-son-los-5-batidos-de-proteinas-naturales-que-necesitas-1024x576.jpg\" class=\"attachment-large size-large wp-image-12728508\" alt=\"batidos de prote\u00ednas naturales\" srcset=\"https:\/\/okdiario.com\/metabolic\/wp-content\/uploads\/2024\/05\/Deseas-ganar-masa-muscular-Estos-son-los-5-batidos-de-proteinas-naturales-que-necesitas-1024x576.jpg 1024w, https:\/\/okdiario.com\/metabolic\/wp-content\/uploads\/2024\/05\/Deseas-ganar-masa-muscular-Estos-son-los-5-batidos-de-proteinas-naturales-que-necesitas-150x84.jpg 150w, https:\/\/okdiario.com\/metabolic\/wp-content\/uploads\/2024\/05\/Deseas-ganar-masa-muscular-Estos-son-los-5-batidos-de-proteinas-naturales-que-necesitas-300x169.jpg 300w, https:\/\/okdiario.com\/metabolic\/wp-content\/uploads\/2024\/05\/Deseas-ganar-masa-muscular-Estos-son-los-5-batidos-de-proteinas-naturales-que-necesitas-768x432.jpg 768w, https:\/\/okdiario.com\/metabolic\/wp-content\/uploads\/2024\/05\/Deseas-ganar-masa-muscular-Estos-son-los-5-batidos-de-proteinas-naturales-que-necesitas-1536x864.jpg 1536w, https:\/\/okdiario.com\/metabolic\/wp-content\/uploads\/2024\/05\/Deseas-ganar-masa-muscular-Estos-son-los-5-batidos-de-proteinas-naturales-que-necesitas-750x422.jpg 750w, https:\/\/okdiario.com\/metabolic\/wp-content\/uploads\/2024\/05\/Deseas-ganar-masa-muscular-Estos-son-los-5-batidos-de-proteinas-naturales-que-necesitas-1140x642.jpg 1140w, https:\/\/okdiario.com\/metabolic\/wp-content\/uploads\/2024\/05\/Deseas-ganar-masa-muscular-Estos-son-los-5-batidos-de-proteinas-naturales-que-necesitas.jpg 1800w\" sizes=\"(max-width: 1024px) 100vw, 1024px\" \/><\/div><\/a>\n\t\t\t\t<div class=\"elementor-post__badge\">Suplementos deportivos<\/div>\n\t\t\t\t<div class=\"elementor-post__avatar\">\n\t\t\t\t\t<\/div>\n\t\t\t\t<div class=\"elementor-post__text\">\n\t\t\t\t<h2 class=\"elementor-post__title\">\n\t\t\t<a href=\"https:\/\/okdiario.com\/metabolic\/deporte\/suplementos\/batidos-de-proteinas-12743505\/\" >\n\t\t\t\tBatidos de prote\u00ednas: tipos, cu\u00e1ndo tomarlos y precauciones\t\t\t<\/a>\n\t\t<\/h2>\n\t\t\t\t<\/div>\n\t\t\t\t<div class=\"elementor-post__meta-data\">\n\t\t\t\t\t<span class=\"elementor-post-date\">\n\t\t\t2024-09-19T16:52:24\t\t<\/span>\n\t\t\t\t<\/div>\n\t\t\t\t\t<\/div>\n\t\t<\/article>\n\t\t\t\t<article class=\"elementor-post elementor-grid-item post-12742859 post type-post status-publish format-standard has-post-thumbnail hentry category-suplementos\">\n\t\t\t<div class=\"elementor-post__card\">\n\t\t\t\t<a class=\"elementor-post__thumbnail__link\" href=\"https:\/\/okdiario.com\/metabolic\/deporte\/suplementos\/lo-que-los-espanoles-beben-a-diario-y-una-nutricionista-de-la-ciudad-mas-longeva-jamas-tomaria-12742859\/\" tabindex=\"-1\" ><div class=\"elementor-post__thumbnail\"><img loading=\"lazy\" decoding=\"async\" width=\"1024\" height=\"611\" src=\"https:\/\/okdiario.com\/metabolic\/wp-content\/uploads\/2024\/09\/bebidas-latas-1024x611.jpg\" class=\"attachment-large size-large wp-image-12742862\" alt=\"\u00bfEs la Coca-Cola Zero realmente mejor que la cola normal?\" srcset=\"https:\/\/okdiario.com\/metabolic\/wp-content\/uploads\/2024\/09\/bebidas-latas-1024x611.jpg 1024w, https:\/\/okdiario.com\/metabolic\/wp-content\/uploads\/2024\/09\/bebidas-latas-150x90.jpg 150w, https:\/\/okdiario.com\/metabolic\/wp-content\/uploads\/2024\/09\/bebidas-latas-300x179.jpg 300w, https:\/\/okdiario.com\/metabolic\/wp-content\/uploads\/2024\/09\/bebidas-latas-768x458.jpg 768w, https:\/\/okdiario.com\/metabolic\/wp-content\/uploads\/2024\/09\/bebidas-latas-1536x916.jpg 1536w, https:\/\/okdiario.com\/metabolic\/wp-content\/uploads\/2024\/09\/bebidas-latas-750x448.jpg 750w, https:\/\/okdiario.com\/metabolic\/wp-content\/uploads\/2024\/09\/bebidas-latas-1140x680.jpg 1140w, https:\/\/okdiario.com\/metabolic\/wp-content\/uploads\/2024\/09\/bebidas-latas.jpg 1800w\" sizes=\"(max-width: 1024px) 100vw, 1024px\" \/><\/div><\/a>\n\t\t\t\t<div class=\"elementor-post__badge\">Suplementos deportivos<\/div>\n\t\t\t\t<div class=\"elementor-post__avatar\">\n\t\t\t\t\t<\/div>\n\t\t\t\t<div class=\"elementor-post__text\">\n\t\t\t\t<h2 class=\"elementor-post__title\">\n\t\t\t<a href=\"https:\/\/okdiario.com\/metabolic\/deporte\/suplementos\/lo-que-los-espanoles-beben-a-diario-y-una-nutricionista-de-la-ciudad-mas-longeva-jamas-tomaria-12742859\/\" >\n\t\t\t\tLo que los espa\u00f1oles beben a diario y una nutricionista de la ciudad m\u00e1s longeva jam\u00e1s tomar\u00eda\t\t\t<\/a>\n\t\t<\/h2>\n\t\t\t\t<\/div>\n\t\t\t\t<div class=\"elementor-post__meta-data\">\n\t\t\t\t\t<span class=\"elementor-post-date\">\n\t\t\t2024-09-13T17:00:07\t\t<\/span>\n\t\t\t\t<\/div>\n\t\t\t\t\t<\/div>\n\t\t<\/article>\n\t\t\t\t<article class=\"elementor-post elementor-grid-item post-12739923 post type-post status-publish format-standard has-post-thumbnail hentry category-suplementos\">\n\t\t\t<div class=\"elementor-post__card\">\n\t\t\t\t<a class=\"elementor-post__thumbnail__link\" href=\"https:\/\/okdiario.com\/metabolic\/deporte\/suplementos\/beta-alanina-12739923\/\" tabindex=\"-1\" ><div class=\"elementor-post__thumbnail\"><img loading=\"lazy\" decoding=\"async\" width=\"1024\" height=\"695\" src=\"https:\/\/okdiario.com\/metabolic\/wp-content\/uploads\/2024\/08\/musculatura-1024x695.jpg\" class=\"attachment-large size-large wp-image-12748266\" alt=\"Beta alanina, l-carnitina\" srcset=\"https:\/\/okdiario.com\/metabolic\/wp-content\/uploads\/2024\/08\/musculatura-1024x695.jpg 1024w, https:\/\/okdiario.com\/metabolic\/wp-content\/uploads\/2024\/08\/musculatura-150x102.jpg 150w, https:\/\/okdiario.com\/metabolic\/wp-content\/uploads\/2024\/08\/musculatura-300x204.jpg 300w, https:\/\/okdiario.com\/metabolic\/wp-content\/uploads\/2024\/08\/musculatura-768x521.jpg 768w, https:\/\/okdiario.com\/metabolic\/wp-content\/uploads\/2024\/08\/musculatura-1536x1043.jpg 1536w, https:\/\/okdiario.com\/metabolic\/wp-content\/uploads\/2024\/08\/musculatura-750x509.jpg 750w, https:\/\/okdiario.com\/metabolic\/wp-content\/uploads\/2024\/08\/musculatura-1140x774.jpg 1140w, https:\/\/okdiario.com\/metabolic\/wp-content\/uploads\/2024\/08\/musculatura.jpg 1800w\" sizes=\"(max-width: 1024px) 100vw, 1024px\" \/><\/div><\/a>\n\t\t\t\t<div class=\"elementor-post__badge\">Suplementos deportivos<\/div>\n\t\t\t\t<div class=\"elementor-post__avatar\">\n\t\t\t\t\t<\/div>\n\t\t\t\t<div class=\"elementor-post__text\">\n\t\t\t\t<h2 class=\"elementor-post__title\">\n\t\t\t<a href=\"https:\/\/okdiario.com\/metabolic\/deporte\/suplementos\/beta-alanina-12739923\/\" >\n\t\t\t\tBeta alanina: par\u00e1 que sirve, beneficios y propiedades\t\t\t<\/a>\n\t\t<\/h2>\n\t\t\t\t<\/div>\n\t\t\t\t<div class=\"elementor-post__meta-data\">\n\t\t\t\t\t<span class=\"elementor-post-date\">\n\t\t\t2024-08-20T19:00:34\t\t<\/span>\n\t\t\t\t<\/div>\n\t\t\t\t\t<\/div>\n\t\t<\/article>\n\t\t\t\t<\/div>\n\t\t\n\t\t\t\t\t\t<\/div>\n\t\t\t\t<\/div>\n\t\t\t\t\t<\/div>\n\t\t\t\t<\/div>\n\t\t<div class=\"elementor-element elementor-element-588c7de e-flex e-con-boxed e-con e-parent\" data-id=\"588c7de\" data-element_type=\"container\">\n\t\t\t\t\t<div class=\"e-con-inner\">\n\t\t<div class=\"elementor-element elementor-element-3fe4952 e-con-full e-flex e-con e-child\" data-id=\"3fe4952\" data-element_type=\"container\">\n\t\t\t\t<div class=\"elementor-element elementor-element-e536fb0 elementor-widget__width-auto elementor-widget-mobile__width-inherit elementor-widget elementor-widget-heading\" data-id=\"e536fb0\" data-element_type=\"widget\" data-widget_type=\"heading.default\">\n\t\t\t\t<div class=\"elementor-widget-container\">\n\t\t\t\t\t<h2 class=\"elementor-heading-title elementor-size-default\">Entrenamientos<\/h2>\t\t\t\t<\/div>\n\t\t\t\t<\/div>\n\t\t\t\t<\/div>\n\t\t<div class=\"elementor-element elementor-element-8d7a60a e-con-full e-flex e-con e-child\" data-id=\"8d7a60a\" data-element_type=\"container\">\n\t\t\t\t<\/div>\n\t\t\t\t\t<\/div>\n\t\t\t\t<\/div>\n\t\t<div class=\"elementor-element elementor-element-3574f12 e-flex e-con-boxed e-con e-parent\" data-id=\"3574f12\" data-element_type=\"container\">\n\t\t\t\t\t<div class=\"e-con-inner\">\n\t\t\t\t<div class=\"elementor-element elementor-element-fa41401 elementor-grid-3 elementor-grid-tablet-2 elementor-grid-mobile-1 elementor-posts--thumbnail-top elementor-posts--show-avatar elementor-posts__hover-gradient elementor-widget elementor-widget-posts\" data-id=\"fa41401\" data-element_type=\"widget\" data-settings=\"{&quot;cards_row_gap&quot;:{&quot;unit&quot;:&quot;px&quot;,&quot;size&quot;:2,&quot;sizes&quot;:[]},&quot;cards_columns&quot;:&quot;3&quot;,&quot;cards_columns_tablet&quot;:&quot;2&quot;,&quot;cards_columns_mobile&quot;:&quot;1&quot;,&quot;cards_row_gap_tablet&quot;:{&quot;unit&quot;:&quot;px&quot;,&quot;size&quot;:&quot;&quot;,&quot;sizes&quot;:[]},&quot;cards_row_gap_mobile&quot;:{&quot;unit&quot;:&quot;px&quot;,&quot;size&quot;:&quot;&quot;,&quot;sizes&quot;:[]}}\" data-widget_type=\"posts.cards\">\n\t\t\t\t<div class=\"elementor-widget-container\">\n\t\t\t\t\t\t\t<div class=\"elementor-posts-container elementor-posts elementor-posts--skin-cards elementor-grid\">\n\t\t\t\t<article class=\"elementor-post elementor-grid-item post-12785076 post type-post status-publish format-standard has-post-thumbnail hentry category-entrenamiento\">\n\t\t\t<div class=\"elementor-post__card\">\n\t\t\t\t<a class=\"elementor-post__thumbnail__link\" href=\"https:\/\/okdiario.com\/metabolic\/deporte\/entrenamiento\/el-yoga-facial-esta-bien-pero-los-profesionales-coinciden-existe-un-mejor-ejercicio-para-eliminar-el-cuello-de-pavo-de-una-vez-por-toda-12785076\/\" tabindex=\"-1\" ><div class=\"elementor-post__thumbnail\"><img loading=\"lazy\" decoding=\"async\" width=\"1800\" height=\"1013\" src=\"https:\/\/okdiario.com\/metabolic\/wp-content\/uploads\/2026\/08\/mujer-deporte-ejercicio-1.jpg\" class=\"attachment-large size-large wp-image-12785084\" alt=\"Mujer, deporte, cuello, ejercicio\" srcset=\"https:\/\/okdiario.com\/metabolic\/wp-content\/uploads\/2026\/08\/mujer-deporte-ejercicio-1.jpg 1800w, https:\/\/okdiario.com\/metabolic\/wp-content\/uploads\/2026\/08\/mujer-deporte-ejercicio-1-300x169.jpg 300w, https:\/\/okdiario.com\/metabolic\/wp-content\/uploads\/2026\/08\/mujer-deporte-ejercicio-1-150x84.jpg 150w, https:\/\/okdiario.com\/metabolic\/wp-content\/uploads\/2026\/08\/mujer-deporte-ejercicio-1-768x432.jpg 768w, https:\/\/okdiario.com\/metabolic\/wp-content\/uploads\/2026\/08\/mujer-deporte-ejercicio-1-1536x864.jpg 1536w, https:\/\/okdiario.com\/metabolic\/wp-content\/uploads\/2026\/08\/mujer-deporte-ejercicio-1-750x422.jpg 750w, https:\/\/okdiario.com\/metabolic\/wp-content\/uploads\/2026\/08\/mujer-deporte-ejercicio-1-1140x642.jpg 1140w\" sizes=\"(max-width: 1800px) 100vw, 1800px\" \/><\/div><\/a>\n\t\t\t\t<div class=\"elementor-post__badge\">Entrenamiento<\/div>\n\t\t\t\t<div class=\"elementor-post__avatar\">\n\t\t\t\t\t<\/div>\n\t\t\t\t<div class=\"elementor-post__text\">\n\t\t\t\t<h2 class=\"elementor-post__title\">\n\t\t\t<a href=\"https:\/\/okdiario.com\/metabolic\/deporte\/entrenamiento\/el-yoga-facial-esta-bien-pero-los-profesionales-coinciden-existe-un-mejor-ejercicio-para-eliminar-el-cuello-de-pavo-de-una-vez-por-toda-12785076\/\" >\n\t\t\t\tEl yoga facial est\u00e1 bien, pero los profesionales coinciden: existe un mejor ejercicio para eliminar el cuello de pavo de una vez por toda\t\t\t<\/a>\n\t\t<\/h2>\n\t\t\t\t<\/div>\n\t\t\t\t<div class=\"elementor-post__meta-data\">\n\t\t\t\t\t<span class=\"elementor-post-date\">\n\t\t\t2026-09-05T08:45:56\t\t<\/span>\n\t\t\t\t<\/div>\n\t\t\t\t\t<\/div>\n\t\t<\/article>\n\t\t\t\t<article class=\"elementor-post elementor-grid-item post-12785789 post type-post status-publish format-standard has-post-thumbnail hentry category-deporte category-entrenamiento tag-ejercicio tag-okd tag-pilates\">\n\t\t\t<div class=\"elementor-post__card\">\n\t\t\t\t<a class=\"elementor-post__thumbnail__link\" href=\"https:\/\/okdiario.com\/metabolic\/deporte\/como-remodelar-tu-abdomen-despues-de-las-vacaciones-de-verano-ejercicios-para-hacer-apoyandote-contra-la-pared-en-casa-12785789\/\" tabindex=\"-1\" ><div class=\"elementor-post__thumbnail\"><img fetchpriority=\"high\" decoding=\"async\" width=\"1800\" height=\"1200\" src=\"https:\/\/okdiario.com\/metabolic\/wp-content\/uploads\/2026\/09\/pilates-pared-1800x1200.jpg\" class=\"attachment-large size-large wp-image-12785792\" alt=\"C\u00f3mo remodelar tu abdomen despu\u00e9s de las vacaciones de verano: ejercicios para hacer apoy\u00e1ndote contra la pared en casa\" srcset=\"https:\/\/okdiario.com\/metabolic\/wp-content\/uploads\/2026\/09\/pilates-pared-1800x1200.jpg 1800w, https:\/\/okdiario.com\/metabolic\/wp-content\/uploads\/2026\/09\/pilates-pared-300x200.jpg 300w, https:\/\/okdiario.com\/metabolic\/wp-content\/uploads\/2026\/09\/pilates-pared-150x100.jpg 150w, https:\/\/okdiario.com\/metabolic\/wp-content\/uploads\/2026\/09\/pilates-pared-768x512.jpg 768w, https:\/\/okdiario.com\/metabolic\/wp-content\/uploads\/2026\/09\/pilates-pared-1536x1024.jpg 1536w, https:\/\/okdiario.com\/metabolic\/wp-content\/uploads\/2026\/09\/pilates-pared-750x500.jpg 750w, https:\/\/okdiario.com\/metabolic\/wp-content\/uploads\/2026\/09\/pilates-pared-1140x760.jpg 1140w, https:\/\/okdiario.com\/metabolic\/wp-content\/uploads\/2026\/09\/pilates-pared.jpg 1920w\" sizes=\"(max-width: 1800px) 100vw, 1800px\" \/><\/div><\/a>\n\t\t\t\t<div class=\"elementor-post__badge\">Deporte<\/div>\n\t\t\t\t<div class=\"elementor-post__avatar\">\n\t\t\t\t\t<\/div>\n\t\t\t\t<div class=\"elementor-post__text\">\n\t\t\t\t<h2 class=\"elementor-post__title\">\n\t\t\t<a href=\"https:\/\/okdiario.com\/metabolic\/deporte\/como-remodelar-tu-abdomen-despues-de-las-vacaciones-de-verano-ejercicios-para-hacer-apoyandote-contra-la-pared-en-casa-12785789\/\" >\n\t\t\t\tC\u00f3mo remodelar tu abdomen despu\u00e9s de las vacaciones de verano: ejercicios para hacer apoy\u00e1ndote contra la pared en casa\t\t\t<\/a>\n\t\t<\/h2>\n\t\t\t\t<\/div>\n\t\t\t\t<div class=\"elementor-post__meta-data\">\n\t\t\t\t\t<span class=\"elementor-post-date\">\n\t\t\t2026-09-04T16:26:10\t\t<\/span>\n\t\t\t\t<\/div>\n\t\t\t\t\t<\/div>\n\t\t<\/article>\n\t\t\t\t<article class=\"elementor-post elementor-grid-item post-12785594 post type-post status-publish format-standard has-post-thumbnail hentry category-entrenamiento\">\n\t\t\t<div class=\"elementor-post__card\">\n\t\t\t\t<a class=\"elementor-post__thumbnail__link\" href=\"https:\/\/okdiario.com\/metabolic\/deporte\/entrenamiento\/felipe-isidro-experto-en-educacion-fisica-y-entrenador-personal-uno-no-tiene-que-hacer-lo-que-le-apetece-sino-lo-que-le-conviene-12785594\/\" tabindex=\"-1\" ><div class=\"elementor-post__thumbnail\"><img loading=\"lazy\" decoding=\"async\" width=\"1800\" height=\"1013\" src=\"https:\/\/okdiario.com\/metabolic\/wp-content\/uploads\/2026\/08\/mujer-deporte-ejercicio-3.jpg\" class=\"attachment-large size-large wp-image-12785600\" alt=\"Mujer, entrenar, deporte, ejercicio\" srcset=\"https:\/\/okdiario.com\/metabolic\/wp-content\/uploads\/2026\/08\/mujer-deporte-ejercicio-3.jpg 1800w, https:\/\/okdiario.com\/metabolic\/wp-content\/uploads\/2026\/08\/mujer-deporte-ejercicio-3-300x169.jpg 300w, https:\/\/okdiario.com\/metabolic\/wp-content\/uploads\/2026\/08\/mujer-deporte-ejercicio-3-150x84.jpg 150w, https:\/\/okdiario.com\/metabolic\/wp-content\/uploads\/2026\/08\/mujer-deporte-ejercicio-3-768x432.jpg 768w, https:\/\/okdiario.com\/metabolic\/wp-content\/uploads\/2026\/08\/mujer-deporte-ejercicio-3-1536x864.jpg 1536w, https:\/\/okdiario.com\/metabolic\/wp-content\/uploads\/2026\/08\/mujer-deporte-ejercicio-3-750x422.jpg 750w, https:\/\/okdiario.com\/metabolic\/wp-content\/uploads\/2026\/08\/mujer-deporte-ejercicio-3-1140x642.jpg 1140w\" sizes=\"(max-width: 1800px) 100vw, 1800px\" \/><\/div><\/a>\n\t\t\t\t<div class=\"elementor-post__badge\">Entrenamiento<\/div>\n\t\t\t\t<div class=\"elementor-post__avatar\">\n\t\t\t\t\t<\/div>\n\t\t\t\t<div class=\"elementor-post__text\">\n\t\t\t\t<h2 class=\"elementor-post__title\">\n\t\t\t<a href=\"https:\/\/okdiario.com\/metabolic\/deporte\/entrenamiento\/felipe-isidro-experto-en-educacion-fisica-y-entrenador-personal-uno-no-tiene-que-hacer-lo-que-le-apetece-sino-lo-que-le-conviene-12785594\/\" >\n\t\t\t\tFelipe Isidro, experto en educaci\u00f3n f\u00edsica y entrenador personal: \u00abUno no tiene que hacer lo que le apetece, sino lo que le conviene\u00bb\t\t\t<\/a>\n\t\t<\/h2>\n\t\t\t\t<\/div>\n\t\t\t\t<div class=\"elementor-post__meta-data\">\n\t\t\t\t\t<span class=\"elementor-post-date\">\n\t\t\t2026-09-04T08:45:59\t\t<\/span>\n\t\t\t\t<\/div>\n\t\t\t\t\t<\/div>\n\t\t<\/article>\n\t\t\t\t<article class=\"elementor-post elementor-grid-item post-12785478 post type-post status-publish format-standard has-post-thumbnail hentry category-entrenamiento\">\n\t\t\t<div class=\"elementor-post__card\">\n\t\t\t\t<a class=\"elementor-post__thumbnail__link\" href=\"https:\/\/okdiario.com\/metabolic\/deporte\/entrenamiento\/lucia-martinez-experta-en-bienestar-fisico-si-quieres-llegar-a-los-70-anos-siendo-independiente-debes-poder-levantarte-del-suelo-sin-usar-las-manos-12785478\/\" tabindex=\"-1\" ><div class=\"elementor-post__thumbnail\"><img decoding=\"async\" width=\"1800\" height=\"1013\" src=\"https:\/\/okdiario.com\/metabolic\/wp-content\/uploads\/2026\/08\/hombre-estiramiento-salud.jpg\" class=\"attachment-large size-large wp-image-12785484\" alt=\"Hombre, estiramiento, deporte\" srcset=\"https:\/\/okdiario.com\/metabolic\/wp-content\/uploads\/2026\/08\/hombre-estiramiento-salud.jpg 1800w, https:\/\/okdiario.com\/metabolic\/wp-content\/uploads\/2026\/08\/hombre-estiramiento-salud-300x169.jpg 300w, https:\/\/okdiario.com\/metabolic\/wp-content\/uploads\/2026\/08\/hombre-estiramiento-salud-150x84.jpg 150w, https:\/\/okdiario.com\/metabolic\/wp-content\/uploads\/2026\/08\/hombre-estiramiento-salud-768x432.jpg 768w, https:\/\/okdiario.com\/metabolic\/wp-content\/uploads\/2026\/08\/hombre-estiramiento-salud-1536x864.jpg 1536w, https:\/\/okdiario.com\/metabolic\/wp-content\/uploads\/2026\/08\/hombre-estiramiento-salud-750x422.jpg 750w, https:\/\/okdiario.com\/metabolic\/wp-content\/uploads\/2026\/08\/hombre-estiramiento-salud-1140x642.jpg 1140w\" sizes=\"(max-width: 1800px) 100vw, 1800px\" \/><\/div><\/a>\n\t\t\t\t<div class=\"elementor-post__badge\">Entrenamiento<\/div>\n\t\t\t\t<div class=\"elementor-post__avatar\">\n\t\t\t\t\t<\/div>\n\t\t\t\t<div class=\"elementor-post__text\">\n\t\t\t\t<h2 class=\"elementor-post__title\">\n\t\t\t<a href=\"https:\/\/okdiario.com\/metabolic\/deporte\/entrenamiento\/lucia-martinez-experta-en-bienestar-fisico-si-quieres-llegar-a-los-70-anos-siendo-independiente-debes-poder-levantarte-del-suelo-sin-usar-las-manos-12785478\/\" >\n\t\t\t\tLuc\u00eda Mart\u00ednez, experta en bienestar f\u00edsico: \u00abSi quieres llegar a los 70 a\u00f1os siendo independiente, debes poder levantarte del suelo sin usar las manos\u00bb\t\t\t<\/a>\n\t\t<\/h2>\n\t\t\t\t<\/div>\n\t\t\t\t<div class=\"elementor-post__meta-data\">\n\t\t\t\t\t<span class=\"elementor-post-date\">\n\t\t\t2026-09-03T08:45:01\t\t<\/span>\n\t\t\t\t<\/div>\n\t\t\t\t\t<\/div>\n\t\t<\/article>\n\t\t\t\t<article class=\"elementor-post elementor-grid-item post-12785750 post type-post status-publish format-standard has-post-thumbnail hentry category-deporte category-entrenamiento tag-caminar tag-okd\">\n\t\t\t<div class=\"elementor-post__card\">\n\t\t\t\t<a class=\"elementor-post__thumbnail__link\" href=\"https:\/\/okdiario.com\/metabolic\/deporte\/rafael-hidalgo-entrenador-personal-si-una-persona-mayor-de-70-anos-camina-entre-20-y-30-minutos-aproximadamente-5-dias-a-la-semana-ya-esta-cosechando-los-beneficios-12785750\/\" tabindex=\"-1\" ><div class=\"elementor-post__thumbnail\"><img decoding=\"async\" width=\"1800\" height=\"1200\" src=\"https:\/\/okdiario.com\/metabolic\/wp-content\/uploads\/2026\/05\/caminar-1800x1200.jpg\" class=\"attachment-large size-large wp-image-12782667\" alt=\"Rafael Hidalgo, entrenador personal: &quot;Si una persona mayor de 70 a\u00f1os camina entre 20 y 30 minutos, aproximadamente 5 d\u00edas a la semana, ya est\u00e1 cosechando los beneficios&quot;\" srcset=\"https:\/\/okdiario.com\/metabolic\/wp-content\/uploads\/2026\/05\/caminar-1800x1200.jpg 1800w, https:\/\/okdiario.com\/metabolic\/wp-content\/uploads\/2026\/05\/caminar-300x200.jpg 300w, https:\/\/okdiario.com\/metabolic\/wp-content\/uploads\/2026\/05\/caminar-150x100.jpg 150w, https:\/\/okdiario.com\/metabolic\/wp-content\/uploads\/2026\/05\/caminar-768x512.jpg 768w, https:\/\/okdiario.com\/metabolic\/wp-content\/uploads\/2026\/05\/caminar-1536x1024.jpg 1536w, https:\/\/okdiario.com\/metabolic\/wp-content\/uploads\/2026\/05\/caminar-750x500.jpg 750w, https:\/\/okdiario.com\/metabolic\/wp-content\/uploads\/2026\/05\/caminar-1140x760.jpg 1140w, https:\/\/okdiario.com\/metabolic\/wp-content\/uploads\/2026\/05\/caminar.jpg 1920w\" sizes=\"(max-width: 1800px) 100vw, 1800px\" \/><\/div><\/a>\n\t\t\t\t<div class=\"elementor-post__badge\">Deporte<\/div>\n\t\t\t\t<div class=\"elementor-post__avatar\">\n\t\t\t\t\t<\/div>\n\t\t\t\t<div class=\"elementor-post__text\">\n\t\t\t\t<h2 class=\"elementor-post__title\">\n\t\t\t<a href=\"https:\/\/okdiario.com\/metabolic\/deporte\/rafael-hidalgo-entrenador-personal-si-una-persona-mayor-de-70-anos-camina-entre-20-y-30-minutos-aproximadamente-5-dias-a-la-semana-ya-esta-cosechando-los-beneficios-12785750\/\" >\n\t\t\t\tRafael Hidalgo, entrenador personal: \u00abSi una persona mayor de 70 a\u00f1os camina entre 20 y 30 minutos, aproximadamente 5 d\u00edas a la semana, ya est\u00e1 cosechando los beneficios\u00bb\t\t\t<\/a>\n\t\t<\/h2>\n\t\t\t\t<\/div>\n\t\t\t\t<div class=\"elementor-post__meta-data\">\n\t\t\t\t\t<span class=\"elementor-post-date\">\n\t\t\t2026-09-02T20:40:49\t\t<\/span>\n\t\t\t\t<\/div>\n\t\t\t\t\t<\/div>\n\t\t<\/article>\n\t\t\t\t<article class=\"elementor-post elementor-grid-item post-12785741 post type-post status-publish format-standard has-post-thumbnail hentry category-deporte category-entrenamiento tag-ejercicio tag-okd tag-suelo-pelvico\">\n\t\t\t<div class=\"elementor-post__card\">\n\t\t\t\t<a class=\"elementor-post__thumbnail__link\" href=\"https:\/\/okdiario.com\/metabolic\/deporte\/el-ejercicio-perfecto-para-el-suelo-pelvico-que-los-expertos-llevan-anos-recomendando-puedes-hacerlo-desde-casa-en-cinco-minutos-12785741\/\" tabindex=\"-1\" ><div class=\"elementor-post__thumbnail\"><img loading=\"lazy\" decoding=\"async\" width=\"1024\" height=\"626\" src=\"https:\/\/okdiario.com\/metabolic\/wp-content\/uploads\/2024\/07\/sentadillas-1-1024x626.jpg\" class=\"attachment-large size-large wp-image-12736854\" alt=\"El ejercicio perfecto para el suelo p\u00e9lvico que los expertos llevan a\u00f1os recomendando: puedes hacerlo desde casa en cinco minutos\" srcset=\"https:\/\/okdiario.com\/metabolic\/wp-content\/uploads\/2024\/07\/sentadillas-1-1024x626.jpg 1024w, https:\/\/okdiario.com\/metabolic\/wp-content\/uploads\/2024\/07\/sentadillas-1-768x469.jpg 768w, https:\/\/okdiario.com\/metabolic\/wp-content\/uploads\/2024\/07\/sentadillas-1-1536x939.jpg 1536w, https:\/\/okdiario.com\/metabolic\/wp-content\/uploads\/2024\/07\/sentadillas-1-750x458.jpg 750w, https:\/\/okdiario.com\/metabolic\/wp-content\/uploads\/2024\/07\/sentadillas-1-1140x697.jpg 1140w, https:\/\/okdiario.com\/metabolic\/wp-content\/uploads\/2024\/07\/sentadillas-1-300x183.jpg 300w, https:\/\/okdiario.com\/metabolic\/wp-content\/uploads\/2024\/07\/sentadillas-1.jpg 1800w\" sizes=\"(max-width: 1024px) 100vw, 1024px\" \/><\/div><\/a>\n\t\t\t\t<div class=\"elementor-post__badge\">Deporte<\/div>\n\t\t\t\t<div class=\"elementor-post__avatar\">\n\t\t\t\t\t<\/div>\n\t\t\t\t<div class=\"elementor-post__text\">\n\t\t\t\t<h2 class=\"elementor-post__title\">\n\t\t\t<a href=\"https:\/\/okdiario.com\/metabolic\/deporte\/el-ejercicio-perfecto-para-el-suelo-pelvico-que-los-expertos-llevan-anos-recomendando-puedes-hacerlo-desde-casa-en-cinco-minutos-12785741\/\" >\n\t\t\t\tEl ejercicio perfecto para el suelo p\u00e9lvico que los expertos llevan a\u00f1os recomendando: puedes hacerlo desde casa en cinco minutos\t\t\t<\/a>\n\t\t<\/h2>\n\t\t\t\t<\/div>\n\t\t\t\t<div class=\"elementor-post__meta-data\">\n\t\t\t\t\t<span class=\"elementor-post-date\">\n\t\t\t2026-09-02T14:47:19\t\t<\/span>\n\t\t\t\t<\/div>\n\t\t\t\t\t<\/div>\n\t\t<\/article>\n\t\t\t\t<\/div>\n\t\t\n\t\t\t\t\t\t<\/div>\n\t\t\t\t<\/div>\n\t\t\t\t\t<\/div>\n\t\t\t\t<\/div>\n\t\t<div class=\"elementor-element elementor-element-023ed08 e-flex e-con-boxed e-con e-parent\" data-id=\"023ed08\" data-element_type=\"container\">\n\t\t\t\t\t<div class=\"e-con-inner\">\n\t\t<div class=\"elementor-element elementor-element-0da4ec7 e-con-full e-flex e-con e-child\" data-id=\"0da4ec7\" data-element_type=\"container\">\n\t\t\t\t<div class=\"elementor-element elementor-element-6b9800c elementor-widget__width-auto elementor-widget-mobile__width-inherit elementor-widget elementor-widget-heading\" data-id=\"6b9800c\" data-element_type=\"widget\" data-widget_type=\"heading.default\">\n\t\t\t\t<div class=\"elementor-widget-container\">\n\t\t\t\t\t<h2 class=\"elementor-heading-title elementor-size-default\">fitoterapia<\/h2>\t\t\t\t<\/div>\n\t\t\t\t<\/div>\n\t\t\t\t<\/div>\n\t\t<div class=\"elementor-element elementor-element-240b828 e-con-full e-flex e-con e-child\" data-id=\"240b828\" data-element_type=\"container\">\n\t\t\t\t<\/div>\n\t\t\t\t\t<\/div>\n\t\t\t\t<\/div>\n\t\t<div class=\"elementor-element elementor-element-af3a6ba e-flex e-con-boxed e-con e-parent\" data-id=\"af3a6ba\" data-element_type=\"container\">\n\t\t\t\t\t<div class=\"e-con-inner\">\n\t\t\t\t<div class=\"elementor-element elementor-element-1fa4eab elementor-grid-3 elementor-grid-tablet-2 elementor-grid-mobile-1 elementor-posts--thumbnail-top elementor-posts--show-avatar elementor-posts__hover-gradient elementor-widget elementor-widget-posts\" data-id=\"1fa4eab\" data-element_type=\"widget\" data-settings=\"{&quot;cards_row_gap&quot;:{&quot;unit&quot;:&quot;px&quot;,&quot;size&quot;:2,&quot;sizes&quot;:[]},&quot;cards_columns&quot;:&quot;3&quot;,&quot;cards_columns_tablet&quot;:&quot;2&quot;,&quot;cards_columns_mobile&quot;:&quot;1&quot;,&quot;cards_row_gap_tablet&quot;:{&quot;unit&quot;:&quot;px&quot;,&quot;size&quot;:&quot;&quot;,&quot;sizes&quot;:[]},&quot;cards_row_gap_mobile&quot;:{&quot;unit&quot;:&quot;px&quot;,&quot;size&quot;:&quot;&quot;,&quot;sizes&quot;:[]}}\" data-widget_type=\"posts.cards\">\n\t\t\t\t<div class=\"elementor-widget-container\">\n\t\t\t\t\t\t\t<div class=\"elementor-posts-container elementor-posts elementor-posts--skin-cards elementor-grid\">\n\t\t\t\t<article class=\"elementor-post elementor-grid-item post-12737583 post type-post status-publish format-standard has-post-thumbnail hentry category-fitoterapia\">\n\t\t\t<div class=\"elementor-post__card\">\n\t\t\t\t<a class=\"elementor-post__thumbnail__link\" href=\"https:\/\/okdiario.com\/metabolic\/salud\/fitoterapia\/la-planta-baja-el-nivel-de-azucar-en-sangre-mejora-el-animo-y-la-memoria-12737583\/\" tabindex=\"-1\" ><div class=\"elementor-post__thumbnail\"><img loading=\"lazy\" decoding=\"async\" width=\"1024\" height=\"626\" src=\"https:\/\/okdiario.com\/metabolic\/wp-content\/uploads\/2024\/08\/salvia2-1024x626.jpg\" class=\"attachment-large size-large wp-image-12737586\" alt=\"LAyuda a controlar el az\u00facar en sangre: la planta que casi nadie conoce y tiene beneficios incalculables\" srcset=\"https:\/\/okdiario.com\/metabolic\/wp-content\/uploads\/2024\/08\/salvia2-1024x626.jpg 1024w, https:\/\/okdiario.com\/metabolic\/wp-content\/uploads\/2024\/08\/salvia2-150x92.jpg 150w, https:\/\/okdiario.com\/metabolic\/wp-content\/uploads\/2024\/08\/salvia2-300x183.jpg 300w, https:\/\/okdiario.com\/metabolic\/wp-content\/uploads\/2024\/08\/salvia2-768x469.jpg 768w, https:\/\/okdiario.com\/metabolic\/wp-content\/uploads\/2024\/08\/salvia2-1536x939.jpg 1536w, https:\/\/okdiario.com\/metabolic\/wp-content\/uploads\/2024\/08\/salvia2-750x458.jpg 750w, https:\/\/okdiario.com\/metabolic\/wp-content\/uploads\/2024\/08\/salvia2-1140x697.jpg 1140w, https:\/\/okdiario.com\/metabolic\/wp-content\/uploads\/2024\/08\/salvia2.jpg 1800w\" sizes=\"(max-width: 1024px) 100vw, 1024px\" \/><\/div><\/a>\n\t\t\t\t<div class=\"elementor-post__badge\">Fitoterapia<\/div>\n\t\t\t\t<div class=\"elementor-post__avatar\">\n\t\t\t\t\t<\/div>\n\t\t\t\t<div class=\"elementor-post__text\">\n\t\t\t\t<h2 class=\"elementor-post__title\">\n\t\t\t<a href=\"https:\/\/okdiario.com\/metabolic\/salud\/fitoterapia\/la-planta-baja-el-nivel-de-azucar-en-sangre-mejora-el-animo-y-la-memoria-12737583\/\" >\n\t\t\t\tLa planta que baja el nivel de az\u00facar en sangre, mejora el \u00e1nimo y la memoria\t\t\t<\/a>\n\t\t<\/h2>\n\t\t\t\t<\/div>\n\t\t\t\t<div class=\"elementor-post__meta-data\">\n\t\t\t\t\t<span class=\"elementor-post-date\">\n\t\t\t2026-03-24T11:00:19\t\t<\/span>\n\t\t\t\t<\/div>\n\t\t\t\t\t<\/div>\n\t\t<\/article>\n\t\t\t\t<article class=\"elementor-post elementor-grid-item post-12753245 post type-post status-publish format-standard has-post-thumbnail hentry category-fitoterapia tag-tendencias\">\n\t\t\t<div class=\"elementor-post__card\">\n\t\t\t\t<a class=\"elementor-post__thumbnail__link\" href=\"https:\/\/okdiario.com\/metabolic\/salud\/fitoterapia\/el-truco-de-las-abuelas-para-acabar-con-los-ataques-de-tos-por-las-noches-funciona-12753245\/\" tabindex=\"-1\" ><div class=\"elementor-post__thumbnail\"><img loading=\"lazy\" decoding=\"async\" width=\"1800\" height=\"1203\" src=\"https:\/\/okdiario.com\/metabolic\/wp-content\/uploads\/2024\/08\/zumo-de-naranja2-1800x1203.jpg\" class=\"attachment-large size-large wp-image-12740567\" alt=\"Un m\u00e9dico experto avisa que el zumo de naranja tiene alcohol y afirma que es &quot;pura qu\u00edmica&quot;\" srcset=\"https:\/\/okdiario.com\/metabolic\/wp-content\/uploads\/2024\/08\/zumo-de-naranja2-1800x1203.jpg 1800w, https:\/\/okdiario.com\/metabolic\/wp-content\/uploads\/2024\/08\/zumo-de-naranja2-150x100.jpg 150w, https:\/\/okdiario.com\/metabolic\/wp-content\/uploads\/2024\/08\/zumo-de-naranja2-300x200.jpg 300w, https:\/\/okdiario.com\/metabolic\/wp-content\/uploads\/2024\/08\/zumo-de-naranja2-768x513.jpg 768w, https:\/\/okdiario.com\/metabolic\/wp-content\/uploads\/2024\/08\/zumo-de-naranja2-1536x1026.jpg 1536w, https:\/\/okdiario.com\/metabolic\/wp-content\/uploads\/2024\/08\/zumo-de-naranja2-750x501.jpg 750w, https:\/\/okdiario.com\/metabolic\/wp-content\/uploads\/2024\/08\/zumo-de-naranja2-1140x762.jpg 1140w, https:\/\/okdiario.com\/metabolic\/wp-content\/uploads\/2024\/08\/zumo-de-naranja2-1024x684.jpg 1024w, https:\/\/okdiario.com\/metabolic\/wp-content\/uploads\/2024\/08\/zumo-de-naranja2.jpg 1920w\" sizes=\"(max-width: 1800px) 100vw, 1800px\" \/><\/div><\/a>\n\t\t\t\t<div class=\"elementor-post__badge\">Fitoterapia<\/div>\n\t\t\t\t<div class=\"elementor-post__avatar\">\n\t\t\t\t\t<\/div>\n\t\t\t\t<div class=\"elementor-post__text\">\n\t\t\t\t<h2 class=\"elementor-post__title\">\n\t\t\t<a href=\"https:\/\/okdiario.com\/metabolic\/salud\/fitoterapia\/el-truco-de-las-abuelas-para-acabar-con-los-ataques-de-tos-por-las-noches-funciona-12753245\/\" >\n\t\t\t\tEl truco de las abuelas para acabar con los ataques de tos por las noches: funciona\t\t\t<\/a>\n\t\t<\/h2>\n\t\t\t\t<\/div>\n\t\t\t\t<div class=\"elementor-post__meta-data\">\n\t\t\t\t\t<span class=\"elementor-post-date\">\n\t\t\t2025-01-20T17:08:30\t\t<\/span>\n\t\t\t\t<\/div>\n\t\t\t\t\t<\/div>\n\t\t<\/article>\n\t\t\t\t<article class=\"elementor-post elementor-grid-item post-12751773 post type-post status-publish format-standard has-post-thumbnail hentry category-fitoterapia\">\n\t\t\t<div class=\"elementor-post__card\">\n\t\t\t\t<a class=\"elementor-post__thumbnail__link\" href=\"https:\/\/okdiario.com\/metabolic\/salud\/fitoterapia\/la-razon-por-la-que-deberias-evitar-usar-cucharas-de-metal-al-echar-miel-riesgo-para-tu-salud-12751773\/\" tabindex=\"-1\" ><div class=\"elementor-post__thumbnail\"><img loading=\"lazy\" decoding=\"async\" width=\"1800\" height=\"1200\" src=\"https:\/\/okdiario.com\/metabolic\/wp-content\/uploads\/2024\/05\/miel4-1800x1200.jpg\" class=\"attachment-large size-large wp-image-12731237\" alt=\"La raz\u00f3n por la que deber\u00edas evitar usar cucharas de metal al echar miel: riesgo para tu salud\" srcset=\"https:\/\/okdiario.com\/metabolic\/wp-content\/uploads\/2024\/05\/miel4-1800x1200.jpg 1800w, https:\/\/okdiario.com\/metabolic\/wp-content\/uploads\/2024\/05\/miel4-150x100.jpg 150w, https:\/\/okdiario.com\/metabolic\/wp-content\/uploads\/2024\/05\/miel4-300x200.jpg 300w, https:\/\/okdiario.com\/metabolic\/wp-content\/uploads\/2024\/05\/miel4-768x512.jpg 768w, https:\/\/okdiario.com\/metabolic\/wp-content\/uploads\/2024\/05\/miel4-1536x1024.jpg 1536w, https:\/\/okdiario.com\/metabolic\/wp-content\/uploads\/2024\/05\/miel4-750x500.jpg 750w, https:\/\/okdiario.com\/metabolic\/wp-content\/uploads\/2024\/05\/miel4-1140x760.jpg 1140w, https:\/\/okdiario.com\/metabolic\/wp-content\/uploads\/2024\/05\/miel4-1024x683.jpg 1024w, https:\/\/okdiario.com\/metabolic\/wp-content\/uploads\/2024\/05\/miel4.jpg 1920w\" sizes=\"(max-width: 1800px) 100vw, 1800px\" \/><\/div><\/a>\n\t\t\t\t<div class=\"elementor-post__badge\">Fitoterapia<\/div>\n\t\t\t\t<div class=\"elementor-post__avatar\">\n\t\t\t\t\t<\/div>\n\t\t\t\t<div class=\"elementor-post__text\">\n\t\t\t\t<h2 class=\"elementor-post__title\">\n\t\t\t<a href=\"https:\/\/okdiario.com\/metabolic\/salud\/fitoterapia\/la-razon-por-la-que-deberias-evitar-usar-cucharas-de-metal-al-echar-miel-riesgo-para-tu-salud-12751773\/\" >\n\t\t\t\tLa raz\u00f3n por la que deber\u00edas evitar usar cucharas de metal al echar miel: riesgo para tu salud\t\t\t<\/a>\n\t\t<\/h2>\n\t\t\t\t<\/div>\n\t\t\t\t<div class=\"elementor-post__meta-data\">\n\t\t\t\t\t<span class=\"elementor-post-date\">\n\t\t\t2024-12-30T15:00:41\t\t<\/span>\n\t\t\t\t<\/div>\n\t\t\t\t\t<\/div>\n\t\t<\/article>\n\t\t\t\t<article class=\"elementor-post elementor-grid-item post-12749430 post type-post status-publish format-standard has-post-thumbnail hentry category-fitoterapia category-sin-categoria\">\n\t\t\t<div class=\"elementor-post__card\">\n\t\t\t\t<a class=\"elementor-post__thumbnail__link\" href=\"https:\/\/okdiario.com\/metabolic\/sin-categoria\/lo-que-no-te-han-contado-del-aloe-vera-lo-que-pasa-si-te-lo-echas-todos-los-dias-12749430\/\" tabindex=\"-1\" ><div class=\"elementor-post__thumbnail\"><img loading=\"lazy\" decoding=\"async\" width=\"1024\" height=\"576\" src=\"https:\/\/okdiario.com\/metabolic\/wp-content\/uploads\/2024\/07\/aloe-vera-1024x576.jpg\" class=\"attachment-large size-large wp-image-12734990\" alt=\"Lo que no te han contado del Aloe Vera: lo que pasa si te lo echas todos los d\u00edas\" srcset=\"https:\/\/okdiario.com\/metabolic\/wp-content\/uploads\/2024\/07\/aloe-vera-1024x576.jpg 1024w, https:\/\/okdiario.com\/metabolic\/wp-content\/uploads\/2024\/07\/aloe-vera-150x84.jpg 150w, https:\/\/okdiario.com\/metabolic\/wp-content\/uploads\/2024\/07\/aloe-vera-300x169.jpg 300w, https:\/\/okdiario.com\/metabolic\/wp-content\/uploads\/2024\/07\/aloe-vera-768x432.jpg 768w, https:\/\/okdiario.com\/metabolic\/wp-content\/uploads\/2024\/07\/aloe-vera-1536x864.jpg 1536w, https:\/\/okdiario.com\/metabolic\/wp-content\/uploads\/2024\/07\/aloe-vera-750x422.jpg 750w, https:\/\/okdiario.com\/metabolic\/wp-content\/uploads\/2024\/07\/aloe-vera-1140x642.jpg 1140w, https:\/\/okdiario.com\/metabolic\/wp-content\/uploads\/2024\/07\/aloe-vera.jpg 1800w\" sizes=\"(max-width: 1024px) 100vw, 1024px\" \/><\/div><\/a>\n\t\t\t\t<div class=\"elementor-post__badge\">Fitoterapia<\/div>\n\t\t\t\t<div class=\"elementor-post__avatar\">\n\t\t\t\t\t<\/div>\n\t\t\t\t<div class=\"elementor-post__text\">\n\t\t\t\t<h2 class=\"elementor-post__title\">\n\t\t\t<a href=\"https:\/\/okdiario.com\/metabolic\/sin-categoria\/lo-que-no-te-han-contado-del-aloe-vera-lo-que-pasa-si-te-lo-echas-todos-los-dias-12749430\/\" >\n\t\t\t\tLo que no te han contado del Aloe Vera: lo que pasa si te lo echas todos los d\u00edas\t\t\t<\/a>\n\t\t<\/h2>\n\t\t\t\t<\/div>\n\t\t\t\t<div class=\"elementor-post__meta-data\">\n\t\t\t\t\t<span class=\"elementor-post-date\">\n\t\t\t2024-11-27T13:15:39\t\t<\/span>\n\t\t\t\t<\/div>\n\t\t\t\t\t<\/div>\n\t\t<\/article>\n\t\t\t\t<article class=\"elementor-post elementor-grid-item post-12745257 post type-post status-publish format-standard has-post-thumbnail hentry category-fitoterapia\">\n\t\t\t<div class=\"elementor-post__card\">\n\t\t\t\t<a class=\"elementor-post__thumbnail__link\" href=\"https:\/\/okdiario.com\/metabolic\/salud\/fitoterapia\/esta-hierba-acaba-con-los-dolores-de-la-artrosis-el-mejor-productor-de-colageno-12745257\/\" tabindex=\"-1\" ><div class=\"elementor-post__thumbnail\"><img loading=\"lazy\" decoding=\"async\" width=\"1800\" height=\"1350\" src=\"https:\/\/okdiario.com\/metabolic\/wp-content\/uploads\/2024\/09\/oregano-1800x1350.jpg\" class=\"attachment-large size-large wp-image-12743732\" alt=\"\u00bfCu\u00e1nto duran unas especias abiertas en la despensa? As\u00ed puedes saber r\u00e1pidamente si est\u00e1n caducadas\" srcset=\"https:\/\/okdiario.com\/metabolic\/wp-content\/uploads\/2024\/09\/oregano-1800x1350.jpg 1800w, https:\/\/okdiario.com\/metabolic\/wp-content\/uploads\/2024\/09\/oregano-150x113.jpg 150w, https:\/\/okdiario.com\/metabolic\/wp-content\/uploads\/2024\/09\/oregano-300x225.jpg 300w, https:\/\/okdiario.com\/metabolic\/wp-content\/uploads\/2024\/09\/oregano-768x576.jpg 768w, https:\/\/okdiario.com\/metabolic\/wp-content\/uploads\/2024\/09\/oregano-1536x1152.jpg 1536w, https:\/\/okdiario.com\/metabolic\/wp-content\/uploads\/2024\/09\/oregano-750x563.jpg 750w, https:\/\/okdiario.com\/metabolic\/wp-content\/uploads\/2024\/09\/oregano-1140x855.jpg 1140w, https:\/\/okdiario.com\/metabolic\/wp-content\/uploads\/2024\/09\/oregano-1024x768.jpg 1024w, https:\/\/okdiario.com\/metabolic\/wp-content\/uploads\/2024\/09\/oregano.jpg 1920w\" sizes=\"(max-width: 1800px) 100vw, 1800px\" \/><\/div><\/a>\n\t\t\t\t<div class=\"elementor-post__badge\">Fitoterapia<\/div>\n\t\t\t\t<div class=\"elementor-post__avatar\">\n\t\t\t\t\t<\/div>\n\t\t\t\t<div class=\"elementor-post__text\">\n\t\t\t\t<h2 class=\"elementor-post__title\">\n\t\t\t<a href=\"https:\/\/okdiario.com\/metabolic\/salud\/fitoterapia\/esta-hierba-acaba-con-los-dolores-de-la-artrosis-el-mejor-productor-de-colageno-12745257\/\" >\n\t\t\t\tEsta hierba acaba con los dolores de la artrosis: el mejor productor de col\u00e1geno\t\t\t<\/a>\n\t\t<\/h2>\n\t\t\t\t<\/div>\n\t\t\t\t<div class=\"elementor-post__meta-data\">\n\t\t\t\t\t<span class=\"elementor-post-date\">\n\t\t\t2024-10-06T11:00:51\t\t<\/span>\n\t\t\t\t<\/div>\n\t\t\t\t\t<\/div>\n\t\t<\/article>\n\t\t\t\t<article class=\"elementor-post elementor-grid-item post-12732809 post type-post status-publish format-standard has-post-thumbnail hentry category-fitoterapia category-cara category-cuerpo\">\n\t\t\t<div class=\"elementor-post__card\">\n\t\t\t\t<a class=\"elementor-post__thumbnail__link\" href=\"https:\/\/okdiario.com\/metabolic\/salud\/fitoterapia\/resveratrol-12732809\/\" tabindex=\"-1\" ><div class=\"elementor-post__thumbnail\"><img loading=\"lazy\" decoding=\"async\" width=\"1800\" height=\"1200\" src=\"https:\/\/okdiario.com\/metabolic\/wp-content\/uploads\/2024\/03\/uvas-grande-1800x1200.jpg\" class=\"attachment-large size-large wp-image-33\" alt=\"Uvas: propiedades, beneficios y valor nutricional de las uvas\" srcset=\"https:\/\/okdiario.com\/metabolic\/wp-content\/uploads\/2024\/03\/uvas-grande-1800x1200.jpg 1800w, https:\/\/okdiario.com\/metabolic\/wp-content\/uploads\/2024\/03\/uvas-grande-150x100.jpg 150w, https:\/\/okdiario.com\/metabolic\/wp-content\/uploads\/2024\/03\/uvas-grande-300x200.jpg 300w, https:\/\/okdiario.com\/metabolic\/wp-content\/uploads\/2024\/03\/uvas-grande-768x512.jpg 768w, https:\/\/okdiario.com\/metabolic\/wp-content\/uploads\/2024\/03\/uvas-grande-1536x1024.jpg 1536w, https:\/\/okdiario.com\/metabolic\/wp-content\/uploads\/2024\/03\/uvas-grande-750x500.jpg 750w, https:\/\/okdiario.com\/metabolic\/wp-content\/uploads\/2024\/03\/uvas-grande-1140x760.jpg 1140w, https:\/\/okdiario.com\/metabolic\/wp-content\/uploads\/2024\/03\/uvas-grande-1024x683.jpg 1024w, https:\/\/okdiario.com\/metabolic\/wp-content\/uploads\/2024\/03\/uvas-grande.jpg 1920w\" sizes=\"(max-width: 1800px) 100vw, 1800px\" \/><\/div><\/a>\n\t\t\t\t<div class=\"elementor-post__badge\">Fitoterapia<\/div>\n\t\t\t\t<div class=\"elementor-post__avatar\">\n\t\t\t\t\t<\/div>\n\t\t\t\t<div class=\"elementor-post__text\">\n\t\t\t\t<h2 class=\"elementor-post__title\">\n\t\t\t<a href=\"https:\/\/okdiario.com\/metabolic\/salud\/fitoterapia\/resveratrol-12732809\/\" >\n\t\t\t\tResveratrol: propiedades, beneficios y contraindicaciones\t\t\t<\/a>\n\t\t<\/h2>\n\t\t\t\t<\/div>\n\t\t\t\t<div class=\"elementor-post__meta-data\">\n\t\t\t\t\t<span class=\"elementor-post-date\">\n\t\t\t2024-08-17T12:00:22\t\t<\/span>\n\t\t\t\t<\/div>\n\t\t\t\t\t<\/div>\n\t\t<\/article>\n\t\t\t\t<\/div>\n\t\t\n\t\t\t\t\t\t<\/div>\n\t\t\t\t<\/div>\n\t\t\t\t\t<\/div>\n\t\t\t\t<\/div>\n\t\t\t\t<\/div>\n\t\t","protected":false},"excerpt":{"rendered":"<p>Cosm\u00e9tica y belleza Cuerpo Cara Pelo Alimentos Funcionales Alimentos vitaminas Alimentos Vitaminas Psicolog\u00eda desarrollo personal y autoayuda Suplementos Deportivos Entrenamientos fitoterapia<\/p>\n","protected":false},"author":5,"featured_media":0,"parent":0,"menu_order":0,"comment_status":"closed","ping_status":"closed","template":"elementor_header_footer","meta":{"inline_featured_image":false,"jnews_page_loop":{"enable_page_loop":"0","first_title":"Latest Post","second_title":"","header_type":"heading_6","header_background":"","header_text_color":"","layout":"right-sidebar","sidebar":"default-sidebar","second_sidebar":"default-sidebar","sticky_sidebar":"1","module":"3","boxed":"0","boxed_shadow":"0","box_shadow":"0","excerpt_length":"20","content_date":"default","date_custom":"Y\/m\/d","content_pagination":"nav_1","pagination_align":"center","show_navtext":"0","show_pageinfo":"0","post_offset":"0","posts_per_page":"5","include_post":"","exclude_post":"","include_category":"","exclude_category":"","include_author":"","include_tag":"","exclude_tag":"","sort_by":"latest","post_sticky":"0"},"jnews_single_page":{"layout":"no-sidebar","sidebar":"default-sidebar","second_sidebar":"default-sidebar","sticky_sidebar":"1","show_post_featured":"1","show_post_meta":"0","share_position":"top","share_color":"share-monocrhome","show_post_title":"1","show_post_breadcrumbs":"1"},"jnews_social_meta":{"fb_title":"","fb_description":"","fb_image":"","twitter_title":"","twitter_description":"","twitter_image":""},"footnotes":""},"class_list":["post-883","page","type-page","status-publish","hentry"],"rankMath":{"parentDomain":"okdiario.com","noFollowDomains":[],"noFollowExcludeDomains":[],"noFollowExternalLinks":false,"featuredImageNotice":"La imagen destacada debe tener al menos 200 por 200 p\u00edxeles para que Facebook y otros sitios de redes sociales puedan escogerla.","pluginReviewed":true,"postSettings":{"linkSuggestions":true,"useFocusKeyword":false},"frontEndScore":false,"postName":"resveratrol","permalinkFormat":"https:\/\/okdiario.com\/metabolic\/salud\/fitoterapia\/%postname%-12732809\/","showLockModifiedDate":true,"assessor":{"focusKeywordLink":"https:\/\/okdiario.com\/metabolic\/wp-admin\/edit.php?focus_keyword=%focus_keyword%&post_type=%post_type%","hasTOCPlugin":true,"primaryTaxonomy":{"title":"Categor\u00eda","name":"category","singularLabel":"Categor\u00eda","restBase":"categories"},"serpData":{"title":"","description":"El resveratrol\u00a0es un polifenol natural, es apreciado por sus propiedades antiinflamatorias y protectoras de las c\u00e9lulas.","focusKeywords":"Resveratrol","pillarContent":false,"canonicalUrl":"","breadcrumbTitle":"","advancedRobots":{"max-snippet":"-1","max-video-preview":"-1","max-image-preview":"large"},"facebookTitle":"","facebookDescription":"","facebookImage":"","facebookImageID":"","facebookHasOverlay":false,"facebookImageOverlay":"","facebookAuthor":"","twitterCardType":"","twitterUseFacebook":true,"twitterTitle":"","twitterDescription":"","twitterImage":"","twitterImageID":"","twitterHasOverlay":false,"twitterImageOverlay":"","twitterPlayerUrl":"","twitterPlayerSize":"","twitterPlayerStream":"","twitterPlayerStreamCtype":"","twitterAppDescription":"","twitterAppIphoneName":"","twitterAppIphoneID":"","twitterAppIphoneUrl":"","twitterAppIpadName":"","twitterAppIpadID":"","twitterAppIpadUrl":"","twitterAppGoogleplayName":"","twitterAppGoogleplayID":"","twitterAppGoogleplayUrl":"","twitterAppCountry":"","robots":{"index":true},"twitterAuthor":"nombre de usuario","primaryTerm":8,"authorName":"Rosa Manzanero Navarro","titleTemplate":"%title% %sep% %sitename%","descriptionTemplate":"%excerpt%","showScoreFrontend":true,"lockModifiedDate":false},"powerWords":["incre\u00edble","asombroso","maravilloso","\u00fanico","hermoso","felicidad","brillante","cautivador","carism\u00e1tico","impactante","claro","completamente","confidencial","confianza","significativo","creativo","definitivamente","delicioso","demostrar","apres\u00farate","decidido","digno","din\u00e1mico","impresionante","esencial","inspirador","innovador","intenso","eficaz","m\u00e1gico","magn\u00edfico","hist\u00f3rico","importante","incre\u00edble","indispensable","inolvidable","irresistible","legendario","luminoso","lujo","m\u00e1gico","magn\u00edfico","majestuoso","memorable","maravilloso","milagroso","motivador","necesario","nuevo","oficial","perfecto","apasionado","persuasivo","fenomenal","placer","popular","poder","prestigioso","prodigioso","profundo","pr\u00f3spero","poderoso","calidad","radiante","r\u00e1pido","exitoso","revolucionario","satisfecho","seguridad","sensacional","sereno","suntuoso","espl\u00e9ndido","sublime","sorprendente","talentoso","terror\u00edfico","\u00fanico","valor","vibrante","victorioso","vivo","verdaderamente","celoso","aut\u00e9ntico","aventurero","espectacular","exclusivo","garantizado","extraordinario","fabuloso","fascinante","formidable","genial","grandioso","gratuito","h\u00e1bil","ilimitado","impecable","infalible","infinitamente","influyente","ingenioso","inolvidable","irremplazable","l\u00edder","maestro","notable","novedoso","pionero","poderoso","reconocido","revolucionario","sorprendente","superior","triunfante","ultra","valiente","valioso","vanguardista","vigoroso","visionario","voluntad","vital","triunfo","glorioso","imparable","inigualable","inteligente","invencible","libertad","orgullo","paz","progreso","renovado","sabidur\u00eda","satisfacci\u00f3n","seguro","serenidad","superaci\u00f3n","talento","transcendente","transformador","valent\u00eda","victoria"],"diacritics":{"A":"[\\u0041\\u24B6\\uFF21\\u00C0\\u00C1\\u00C2\\u1EA6\\u1EA4\\u1EAA\\u1EA8\\u00C3\\u0100\\u0102\\u1EB0\\u1EAE\\u1EB4\\u1EB2\\u0226\\u01E0\\u00C4\\u01DE\\u1EA2\\u00C5\\u01FA\\u01CD\\u0200\\u0202\\u1EA0\\u1EAC\\u1EB6\\u1E00\\u0104\\u023A\\u2C6F]","AA":"[\\uA732]","AE":"[\\u00C6\\u01FC\\u01E2]","AO":"[\\uA734]","AU":"[\\uA736]","AV":"[\\uA738\\uA73A]","AY":"[\\uA73C]","B":"[\\u0042\\u24B7\\uFF22\\u1E02\\u1E04\\u1E06\\u0243\\u0182\\u0181]","C":"[\\u0043\\u24B8\\uFF23\\u0106\\u0108\\u010A\\u010C\\u00C7\\u1E08\\u0187\\u023B\\uA73E]","D":"[\\u0044\\u24B9\\uFF24\\u1E0A\\u010E\\u1E0C\\u1E10\\u1E12\\u1E0E\\u0110\\u018B\\u018A\\u0189\\uA779]","DZ":"[\\u01F1\\u01C4]","Dz":"[\\u01F2\\u01C5]","E":"[\\u0045\\u24BA\\uFF25\\u00C8\\u00C9\\u00CA\\u1EC0\\u1EBE\\u1EC4\\u1EC2\\u1EBC\\u0112\\u1E14\\u1E16\\u0114\\u0116\\u00CB\\u1EBA\\u011A\\u0204\\u0206\\u1EB8\\u1EC6\\u0228\\u1E1C\\u0118\\u1E18\\u1E1A\\u0190\\u018E]","F":"[\\u0046\\u24BB\\uFF26\\u1E1E\\u0191\\uA77B]","G":"[\\u0047\\u24BC\\uFF27\\u01F4\\u011C\\u1E20\\u011E\\u0120\\u01E6\\u0122\\u01E4\\u0193\\uA7A0\\uA77D\\uA77E]","H":"[\\u0048\\u24BD\\uFF28\\u0124\\u1E22\\u1E26\\u021E\\u1E24\\u1E28\\u1E2A\\u0126\\u2C67\\u2C75\\uA78D]","I":"[\\u0049\\u24BE\\uFF29\\u00CC\\u00CD\\u00CE\\u0128\\u012A\\u012C\\u0130\\u00CF\\u1E2E\\u1EC8\\u01CF\\u0208\\u020A\\u1ECA\\u012E\\u1E2C\\u0197]","J":"[\\u004A\\u24BF\\uFF2A\\u0134\\u0248]","K":"[\\u004B\\u24C0\\uFF2B\\u1E30\\u01E8\\u1E32\\u0136\\u1E34\\u0198\\u2C69\\uA740\\uA742\\uA744\\uA7A2]","L":"[\\u004C\\u24C1\\uFF2C\\u013F\\u0139\\u013D\\u1E36\\u1E38\\u013B\\u1E3C\\u1E3A\\u0141\\u023D\\u2C62\\u2C60\\uA748\\uA746\\uA780]","LJ":"[\\u01C7]","Lj":"[\\u01C8]","M":"[\\u004D\\u24C2\\uFF2D\\u1E3E\\u1E40\\u1E42\\u2C6E\\u019C]","N":"[\\u004E\\u24C3\\uFF2E\\u01F8\\u0143\\u00D1\\u1E44\\u0147\\u1E46\\u0145\\u1E4A\\u1E48\\u0220\\u019D\\uA790\\uA7A4]","NJ":"[\\u01CA]","Nj":"[\\u01CB]","O":"[\\u004F\\u24C4\\uFF2F\\u00D2\\u00D3\\u00D4\\u1ED2\\u1ED0\\u1ED6\\u1ED4\\u00D5\\u1E4C\\u022C\\u1E4E\\u014C\\u1E50\\u1E52\\u014E\\u022E\\u0230\\u00D6\\u022A\\u1ECE\\u0150\\u01D1\\u020C\\u020E\\u01A0\\u1EDC\\u1EDA\\u1EE0\\u1EDE\\u1EE2\\u1ECC\\u1ED8\\u01EA\\u01EC\\u00D8\\u01FE\\u0186\\u019F\\uA74A\\uA74C]","OI":"[\\u01A2]","OO":"[\\uA74E]","OU":"[\\u0222]","P":"[\\u0050\\u24C5\\uFF30\\u1E54\\u1E56\\u01A4\\u2C63\\uA750\\uA752\\uA754]","Q":"[\\u0051\\u24C6\\uFF31\\uA756\\uA758\\u024A]","R":"[\\u0052\\u24C7\\uFF32\\u0154\\u1E58\\u0158\\u0210\\u0212\\u1E5A\\u1E5C\\u0156\\u1E5E\\u024C\\u2C64\\uA75A\\uA7A6\\uA782]","S":"[\\u0053\\u24C8\\uFF33\\u1E9E\\u015A\\u1E64\\u015C\\u1E60\\u0160\\u1E66\\u1E62\\u1E68\\u0218\\u015E\\u2C7E\\uA7A8\\uA784]","T":"[\\u0054\\u24C9\\uFF34\\u1E6A\\u0164\\u1E6C\\u021A\\u0162\\u1E70\\u1E6E\\u0166\\u01AC\\u01AE\\u023E\\uA786]","TZ":"[\\uA728]","U":"[\\u0055\\u24CA\\uFF35\\u00D9\\u00DA\\u00DB\\u0168\\u1E78\\u016A\\u1E7A\\u016C\\u00DC\\u01DB\\u01D7\\u01D5\\u01D9\\u1EE6\\u016E\\u0170\\u01D3\\u0214\\u0216\\u01AF\\u1EEA\\u1EE8\\u1EEE\\u1EEC\\u1EF0\\u1EE4\\u1E72\\u0172\\u1E76\\u1E74\\u0244]","V":"[\\u0056\\u24CB\\uFF36\\u1E7C\\u1E7E\\u01B2\\uA75E\\u0245]","VY":"[\\uA760]","W":"[\\u0057\\u24CC\\uFF37\\u1E80\\u1E82\\u0174\\u1E86\\u1E84\\u1E88\\u2C72]","X":"[\\u0058\\u24CD\\uFF38\\u1E8A\\u1E8C]","Y":"[\\u0059\\u24CE\\uFF39\\u1EF2\\u00DD\\u0176\\u1EF8\\u0232\\u1E8E\\u0178\\u1EF6\\u1EF4\\u01B3\\u024E\\u1EFE]","Z":"[\\u005A\\u24CF\\uFF3A\\u0179\\u1E90\\u017B\\u017D\\u1E92\\u1E94\\u01B5\\u0224\\u2C7F\\u2C6B\\uA762]","a":"[\\u0061\\u24D0\\uFF41\\u1E9A\\u00E0\\u00E1\\u00E2\\u1EA7\\u1EA5\\u1EAB\\u1EA9\\u00E3\\u0101\\u0103\\u1EB1\\u1EAF\\u1EB5\\u1EB3\\u0227\\u01E1\\u00E4\\u01DF\\u1EA3\\u00E5\\u01FB\\u01CE\\u0201\\u0203\\u1EA1\\u1EAD\\u1EB7\\u1E01\\u0105\\u2C65\\u0250]","aa":"[\\uA733]","ae":"[\\u00E6\\u01FD\\u01E3]","ao":"[\\uA735]","au":"[\\uA737]","av":"[\\uA739\\uA73B]","ay":"[\\uA73D]","b":"[\\u0062\\u24D1\\uFF42\\u1E03\\u1E05\\u1E07\\u0180\\u0183\\u0253]","c":"[\\u0063\\u24D2\\uFF43\\u0107\\u0109\\u010B\\u010D\\u00E7\\u1E09\\u0188\\u023C\\uA73F\\u2184]","d":"[\\u0064\\u24D3\\uFF44\\u1E0B\\u010F\\u1E0D\\u1E11\\u1E13\\u1E0F\\u0111\\u018C\\u0256\\u0257\\uA77A]","dz":"[\\u01F3\\u01C6]","e":"[\\u0065\\u24D4\\uFF45\\u00E8\\u00E9\\u00EA\\u1EC1\\u1EBF\\u1EC5\\u1EC3\\u1EBD\\u0113\\u1E15\\u1E17\\u0115\\u0117\\u00EB\\u1EBB\\u011B\\u0205\\u0207\\u1EB9\\u1EC7\\u0229\\u1E1D\\u0119\\u1E19\\u1E1B\\u0247\\u025B\\u01DD]","f":"[\\u0066\\u24D5\\uFF46\\u1E1F\\u0192\\uA77C]","g":"[\\u0067\\u24D6\\uFF47\\u01F5\\u011D\\u1E21\\u011F\\u0121\\u01E7\\u0123\\u01E5\\u0260\\uA7A1\\u1D79\\uA77F]","h":"[\\u0068\\u24D7\\uFF48\\u0125\\u1E23\\u1E27\\u021F\\u1E25\\u1E29\\u1E2B\\u1E96\\u0127\\u2C68\\u2C76\\u0265]","hv":"[\\u0195]","i":"[\\u0069\\u24D8\\uFF49\\u00EC\\u00ED\\u00EE\\u0129\\u012B\\u012D\\u00EF\\u1E2F\\u1EC9\\u01D0\\u0209\\u020B\\u1ECB\\u012F\\u1E2D\\u0268\\u0131]","j":"[\\u006A\\u24D9\\uFF4A\\u0135\\u01F0\\u0249]","k":"[\\u006B\\u24DA\\uFF4B\\u1E31\\u01E9\\u1E33\\u0137\\u1E35\\u0199\\u2C6A\\uA741\\uA743\\uA745\\uA7A3]","l":"[\\u006C\\u24DB\\uFF4C\\u0140\\u013A\\u013E\\u1E37\\u1E39\\u013C\\u1E3D\\u1E3B\\u017F\\u0142\\u019A\\u026B\\u2C61\\uA749\\uA781\\uA747]","lj":"[\\u01C9]","m":"[\\u006D\\u24DC\\uFF4D\\u1E3F\\u1E41\\u1E43\\u0271\\u026F]","n":"[\\u006E\\u24DD\\uFF4E\\u01F9\\u0144\\u00F1\\u1E45\\u0148\\u1E47\\u0146\\u1E4B\\u1E49\\u019E\\u0272\\u0149\\uA791\\uA7A5]","nj":"[\\u01CC]","o":"[\\u006F\\u24DE\\uFF4F\\u00F2\\u00F3\\u00F4\\u1ED3\\u1ED1\\u1ED7\\u1ED5\\u00F5\\u1E4D\\u022D\\u1E4F\\u014D\\u1E51\\u1E53\\u014F\\u022F\\u0231\\u00F6\\u022B\\u1ECF\\u0151\\u01D2\\u020D\\u020F\\u01A1\\u1EDD\\u1EDB\\u1EE1\\u1EDF\\u1EE3\\u1ECD\\u1ED9\\u01EB\\u01ED\\u00F8\\u01FF\\u0254\\uA74B\\uA74D\\u0275]","oi":"[\\u01A3]","ou":"[\\u0223]","oo":"[\\uA74F]","p":"[\\u0070\\u24DF\\uFF50\\u1E55\\u1E57\\u01A5\\u1D7D\\uA751\\uA753\\uA755]","q":"[\\u0071\\u24E0\\uFF51\\u024B\\uA757\\uA759]","r":"[\\u0072\\u24E1\\uFF52\\u0155\\u1E59\\u0159\\u0211\\u0213\\u1E5B\\u1E5D\\u0157\\u1E5F\\u024D\\u027D\\uA75B\\uA7A7\\uA783]","s":"[\\u0073\\u24E2\\uFF53\\u015B\\u1E65\\u015D\\u1E61\\u0161\\u1E67\\u1E63\\u1E69\\u0219\\u015F\\u023F\\uA7A9\\uA785\\u1E9B]","ss":"[\\u00DF]","t":"[\\u0074\\u24E3\\uFF54\\u1E6B\\u1E97\\u0165\\u1E6D\\u021B\\u0163\\u1E71\\u1E6F\\u0167\\u01AD\\u0288\\u2C66\\uA787]","tz":"[\\uA729]","u":"[\\u0075\\u24E4\\uFF55\\u00F9\\u00FA\\u00FB\\u0169\\u1E79\\u016B\\u1E7B\\u016D\\u00FC\\u01DC\\u01D8\\u01D6\\u01DA\\u1EE7\\u016F\\u0171\\u01D4\\u0215\\u0217\\u01B0\\u1EEB\\u1EE9\\u1EEF\\u1EED\\u1EF1\\u1EE5\\u1E73\\u0173\\u1E77\\u1E75\\u0289]","v":"[\\u0076\\u24E5\\uFF56\\u1E7D\\u1E7F\\u028B\\uA75F\\u028C]","vy":"[\\uA761]","w":"[\\u0077\\u24E6\\uFF57\\u1E81\\u1E83\\u0175\\u1E87\\u1E85\\u1E98\\u1E89\\u2C73]","x":"[\\u0078\\u24E7\\uFF58\\u1E8B\\u1E8D]","y":"[\\u0079\\u24E8\\uFF59\\u1EF3\\u00FD\\u0177\\u1EF9\\u0233\\u1E8F\\u00FF\\u1EF7\\u1E99\\u1EF5\\u01B4\\u024F\\u1EFF]","z":"[\\u007A\\u24E9\\uFF5A\\u017A\\u1E91\\u017C\\u017E\\u1E93\\u1E95\\u01B6\\u0225\\u0240\\u2C6C\\uA763]"},"researchesTests":["contentHasTOC","contentHasShortParagraphs","contentHasAssets","keywordInTitle","keywordInMetaDescription","keywordInPermalink","keywordIn10Percent","keywordInContent","keywordInSubheadings","keywordInImageAlt","keywordDensity","keywordNotUsed","lengthContent","lengthPermalink","linksHasInternal","linksHasExternals","linksNotAllExternals","titleStartWithKeyword","titleSentiment","titleHasPowerWords","titleHasNumber","hasContentAI"],"hasRedirection":true,"hasBreadcrumb":true},"homeUrl":"https:\/\/okdiario.com\/metabolic","objectID":12732809,"objectType":"post","locale":"es","localeFull":"es_ES","overlayImages":{"play":{"name":"Icono de reproducci\u00f3n","url":"https:\/\/okdiario.com\/metabolic\/wp-content\/plugins\/seo-by-rank-math\/assets\/admin\/img\/icon-play.png","path":"\/var\/www\/vhosts\/metabolic__okdiario.com\/httpdocs\/wp-content\/plugins\/seo-by-rank-math\/assets\/admin\/img\/icon-play.png","position":"middle_center"},"gif":{"name":"Icono GIF","url":"https:\/\/okdiario.com\/metabolic\/wp-content\/plugins\/seo-by-rank-math\/assets\/admin\/img\/icon-gif.png","path":"\/var\/www\/vhosts\/metabolic__okdiario.com\/httpdocs\/wp-content\/plugins\/seo-by-rank-math\/assets\/admin\/img\/icon-gif.png","position":"middle_center"}},"defautOgImage":"https:\/\/okdiario.com\/metabolic\/wp-content\/plugins\/seo-by-rank-math\/assets\/admin\/img\/social-placeholder.jpg","customPermalinks":true,"isUserRegistered":true,"autoSuggestKeywords":true,"connectSiteUrl":"https:\/\/rankmath.com\/auth?site=https%3A%2F%2Fokdiario.com%2Fmetabolic&r=https%3A%2F%2Fokdiario.com%2Fmetabolic%2Fwp-json%2Fwp%2Fv2%2Fpages%2F883%3Fnonce%3Dd33117b120&pro=1","maxTags":100,"trendsIcon":"<svg viewBox=\"0 0 610 610\"><path d=\"M18.85,446,174.32,290.48l58.08,58.08L76.93,504a14.54,14.54,0,0,1-20.55,0L18.83,466.48a14.54,14.54,0,0,1,0-20.55Z\" style=\"fill:#4285f4\"\/><path d=\"M242.65,242.66,377.59,377.6l-47.75,47.75a14.54,14.54,0,0,1-20.55,0L174.37,290.43l47.75-47.75A14.52,14.52,0,0,1,242.65,242.66Z\" style=\"fill:#ea4335\"\/><polygon points=\"319.53 319.53 479.26 159.8 537.34 217.88 377.61 377.62 319.53 319.53\" style=\"fill:#fabb05\"\/><path d=\"M594.26,262.73V118.61h0a16.94,16.94,0,0,0-16.94-16.94H433.2a16.94,16.94,0,0,0-12,28.92L565.34,274.71h0a16.94,16.94,0,0,0,28.92-12Z\" style=\"fill:#34a853\"\/><rect width=\"610\" height=\"610\" style=\"fill:none\"\/><\/svg>","showScore":true,"siteFavIcon":"https:\/\/okdiario.com\/metabolic\/wp-content\/uploads\/2024\/03\/cropped-favicon-metabolic-32x32.png","canUser":{"general":false,"advanced":false,"snippet":false,"social":false,"analysis":false,"analytics":false,"content_ai":false},"showKeywordIntent":true,"isPro":true,"is_front_page":false,"trendsUpgradeLink":"https:\/\/rankmath.com\/pricing\/?utm_source=Plugin&utm_medium=CE%20General%20Tab%20Trends&utm_campaign=WP","trendsUpgradeLabel":"Actualizar","trendsPreviewImage":"https:\/\/okdiario.com\/metabolic\/wp-content\/plugins\/seo-by-rank-math\/assets\/admin\/img\/trends-preview.jpg","currentEditor":false,"homepageData":{"assessor":{"powerWords":["incre\u00edble","asombroso","maravilloso","\u00fanico","hermoso","felicidad","brillante","cautivador","carism\u00e1tico","impactante","claro","completamente","confidencial","confianza","significativo","creativo","definitivamente","delicioso","demostrar","apres\u00farate","decidido","digno","din\u00e1mico","impresionante","esencial","inspirador","innovador","intenso","eficaz","m\u00e1gico","magn\u00edfico","hist\u00f3rico","importante","incre\u00edble","indispensable","inolvidable","irresistible","legendario","luminoso","lujo","m\u00e1gico","magn\u00edfico","majestuoso","memorable","maravilloso","milagroso","motivador","necesario","nuevo","oficial","perfecto","apasionado","persuasivo","fenomenal","placer","popular","poder","prestigioso","prodigioso","profundo","pr\u00f3spero","poderoso","calidad","radiante","r\u00e1pido","exitoso","revolucionario","satisfecho","seguridad","sensacional","sereno","suntuoso","espl\u00e9ndido","sublime","sorprendente","talentoso","terror\u00edfico","\u00fanico","valor","vibrante","victorioso","vivo","verdaderamente","celoso","aut\u00e9ntico","aventurero","espectacular","exclusivo","garantizado","extraordinario","fabuloso","fascinante","formidable","genial","grandioso","gratuito","h\u00e1bil","ilimitado","impecable","infalible","infinitamente","influyente","ingenioso","inolvidable","irremplazable","l\u00edder","maestro","notable","novedoso","pionero","poderoso","reconocido","revolucionario","sorprendente","superior","triunfante","ultra","valiente","valioso","vanguardista","vigoroso","visionario","voluntad","vital","triunfo","glorioso","imparable","inigualable","inteligente","invencible","libertad","orgullo","paz","progreso","renovado","sabidur\u00eda","satisfacci\u00f3n","seguro","serenidad","superaci\u00f3n","talento","transcendente","transformador","valent\u00eda","victoria"],"diacritics":true,"researchesTests":["contentHasTOC","contentHasShortParagraphs","contentHasAssets","keywordInTitle","keywordInMetaDescription","keywordInPermalink","keywordIn10Percent","keywordInContent","keywordInSubheadings","keywordInImageAlt","keywordDensity","keywordNotUsed","lengthContent","lengthPermalink","linksHasInternal","linksHasExternals","linksNotAllExternals","titleStartWithKeyword","titleSentiment","titleHasPowerWords","titleHasNumber","hasContentAI"],"hasBreadcrumb":true,"serpData":{"title":"%sitename% %page% %sep% %sitedesc%","description":"","titleTemplate":"%sitename% %page% %sep% %sitedesc%","descriptionTemplate":"","focusKeywords":"","breadcrumbTitle":"Metabolic","robots":{"index":true},"advancedRobots":{"max-snippet":"-1","max-video-preview":"-1","max-image-preview":"large"},"facebookTitle":"","facebookDescription":"","facebookImage":"","facebookImageID":""}}},"searchIntents":[],"isAnalyticsConnected":false,"tocTitle":"Table of Contents","tocExcludeHeadings":[],"listStyle":"ul"},"_links":{"self":[{"href":"https:\/\/okdiario.com\/metabolic\/wp-json\/wp\/v2\/pages\/883","targetHints":{"allow":["GET"]}}],"collection":[{"href":"https:\/\/okdiario.com\/metabolic\/wp-json\/wp\/v2\/pages"}],"about":[{"href":"https:\/\/okdiario.com\/metabolic\/wp-json\/wp\/v2\/types\/page"}],"author":[{"embeddable":true,"href":"https:\/\/okdiario.com\/metabolic\/wp-json\/wp\/v2\/users\/5"}],"replies":[{"embeddable":true,"href":"https:\/\/okdiario.com\/metabolic\/wp-json\/wp\/v2\/comments?post=883"}],"version-history":[{"count":58,"href":"https:\/\/okdiario.com\/metabolic\/wp-json\/wp\/v2\/pages\/883\/revisions"}],"predecessor-version":[{"id":12757445,"href":"https:\/\/okdiario.com\/metabolic\/wp-json\/wp\/v2\/pages\/883\/revisions\/12757445"}],"wp:attachment":[{"href":"https:\/\/okdiario.com\/metabolic\/wp-json\/wp\/v2\/media?parent=883"}],"curies":[{"name":"wp","href":"https:\/\/api.w.org\/{rel}","templated":true}]}}